{"id":11014,"date":"2023-08-29T07:19:19","date_gmt":"2023-08-29T06:19:19","guid":{"rendered":"https:\/\/agoraveszprem.hu\/?page_id=11014"},"modified":"2025-03-25T07:23:57","modified_gmt":"2025-03-25T06:23:57","slug":"ekf-nemzetisegi-fesztival","status":"publish","type":"page","link":"https:\/\/agoraveszprem.hu\/eng\/ekf-nemzetisegi-fesztival\/","title":{"rendered":"EKF - Nationality Festival"},"content":{"rendered":"<p>[et_pb_section fb_built=&#8221;1&#8243; custom_padding_last_edited=&#8221;on|desktop&#8221; next_background_color=&#8221;#ffffff&#8221; admin_label=&#8221;Header&#8221; _builder_version=&#8221;4.16&#8243; background_enable_color=&#8221;off&#8221; use_background_color_gradient=&#8221;on&#8221; background_color_gradient_direction=&#8221;130deg&#8221; background_color_gradient_stops=&#8221;#ffffff 0%|#F2F2FA 100%&#8221; background_color_gradient_start=&#8221;#ffffff&#8221; background_color_gradient_end=&#8221;#F2F2FA&#8221; background_enable_image=&#8221;off&#8221; background_size=&#8221;initial&#8221; background_position=&#8221;top_left&#8221; transform_origin=&#8221;-10%|46%&#8221; custom_padding=&#8221;0vw||0vw||false|false&#8221; custom_padding_tablet=&#8221;100px||100px||true&#8221; custom_padding_phone=&#8221;||||true&#8221; top_divider_style=&#8221;ramp2&#8243; top_divider_color=&#8221;RGBA(0,0,0,0)&#8221; top_divider_height=&#8221;22px&#8221; top_divider_flip=&#8221;vertical&#8221; bottom_divider_style=&#8221;ramp2&#8243; bottom_divider_height=&#8221;250px&#8221; bottom_divider_flip=&#8221;horizontal&#8221; bottom_divider_height_tablet=&#8221;150px&#8221; bottom_divider_height_phone=&#8221;110px&#8221; bottom_divider_height_last_edited=&#8221;on|phone&#8221; saved_tabs=&#8221;all&#8221; global_colors_info=&#8221;{}&#8221;][et_pb_row _builder_version=&#8221;4.16&#8243; transform_scale=&#8221;82%|82%&#8221; global_colors_info=&#8221;{}&#8221;][et_pb_column type=&#8221;4_4&#8243; _builder_version=&#8221;4.16&#8243; custom_padding=&#8221;|||&#8221; global_colors_info=&#8221;{}&#8221; custom_padding__hover=&#8221;|||&#8221;][et_pb_text _builder_version=&#8221;4.23&#8243; text_font=&#8221;IBM Plex Sans||||||||&#8221; text_text_color=&#8221;#f3e487&#8243; header_font=&#8221;IBM Plex Sans|700|||||||&#8221; header_text_align=&#8221;center&#8221; header_text_color=&#8221;#f3e487&#8243; header_font_size=&#8221;80px&#8221; header_line_height=&#8221;1.2em&#8221; header_3_font=&#8221;Roboto|700||on|||||&#8221; header_3_text_align=&#8221;center&#8221; header_3_text_color=&#8221;#ffffff&#8221; header_3_font_size=&#8221;24px&#8221; header_3_letter_spacing=&#8221;10px&#8221; header_3_line_height=&#8221;2em&#8221; text_orientation=&#8221;center&#8221; background_layout=&#8221;dark&#8221; module_alignment=&#8221;center&#8221; custom_margin=&#8221;||15px|||&#8221; text_font_size_last_edited=&#8221;off|desktop&#8221; header_font_size_tablet=&#8221;40px&#8221; header_font_size_phone=&#8221;32px&#8221; header_font_size_last_edited=&#8221;on|phone&#8221; header_3_font_size_tablet=&#8221;16px&#8221; header_3_font_size_phone=&#8221;14px&#8221; header_3_font_size_last_edited=&#8221;on|phone&#8221; header_3_letter_spacing_tablet=&#8221;5px&#8221; header_3_letter_spacing_phone=&#8221;&#8221; header_3_letter_spacing_last_edited=&#8221;on|tablet&#8221; inline_fonts=&#8221;Abhaya Libre,IBM Plex Sans,IBM Plex Sans Condensed&#8221; global_colors_info=&#8221;{}&#8221;]<\/p>\n<h1><span style=\"font-family: 'IBM Plex Sans'; font-weight: normal; color: #0a1e5a;\">EKF &#8211; Nemzetis\u00e9gi Fesztiv\u00e1l<\/span><\/h1>\n<p>[\/et_pb_text][\/et_pb_column][\/et_pb_row][et_pb_row _builder_version=&#8221;4.18.0&#8243; _module_preset=&#8221;default&#8221; custom_margin=&#8221;-3px|auto||auto||&#8221; global_colors_info=&#8221;{}&#8221;][et_pb_column type=&#8221;4_4&#8243; _builder_version=&#8221;4.18.0&#8243; _module_preset=&#8221;default&#8221; global_colors_info=&#8221;{}&#8221;][et_pb_text _builder_version=&#8221;4.24.3&#8243; _module_preset=&#8221;default&#8221; text_font=&#8221;IBM Plex Sans Condensed||||||||&#8221; text_text_color=&#8221;#2d427d&#8221; min_height=&#8221;105.8px&#8221; custom_margin=&#8221;-21px|||||&#8221; custom_padding=&#8221;24px|0px|26px|||&#8221; global_colors_info=&#8221;{}&#8221;]<\/p>\n<p><strong><\/strong><br \/><strong><\/strong><\/p>\n<h1><span style=\"color: #2d427d;\">A vizu\u00e1lis \u00e9s k\u00e9pi kult\u00fara hat\u00e1sa \u00e9s jelent\u0151s\u00e9ge <\/span><\/h1>\n<h1><span style=\"color: #2d427d;\">\u2013 OC-MUV\/4-2022\/871692<\/span><\/h1>\n<p>[\/et_pb_text][\/et_pb_column][\/et_pb_row][et_pb_row _builder_version=&#8221;4.18.0&#8243; _module_preset=&#8221;default&#8221; custom_margin=&#8221;-3px|auto||auto||&#8221; global_colors_info=&#8221;{}&#8221;][et_pb_column type=&#8221;4_4&#8243; _builder_version=&#8221;4.18.0&#8243; _module_preset=&#8221;default&#8221; global_colors_info=&#8221;{}&#8221;][et_pb_text _builder_version=&#8221;4.27.4&#8243; _module_preset=&#8221;default&#8221; text_font=&#8221;IBM Plex Sans Condensed||||||||&#8221; text_text_color=&#8221;#2d427d&#8221; custom_margin=&#8221;-21px|||||&#8221; custom_padding=&#8221;0px|0px|26px|||&#8221; hover_enabled=&#8221;0&#8243; global_colors_info=&#8221;{}&#8221; text_orientation=&#8221;center&#8221; sticky_enabled=&#8221;0&#8243;]<\/p>\n<p><strong><\/strong><br \/><strong><\/strong><\/p>\n<h1><span style=\"color: #2d427d;\"><strong><b>Cinema Mystica Immerz\u00edv Digit\u00e1lis Ki\u00e1ll\u00edt\u00e1s<\/b><\/strong><\/span><\/h1>\n<p>[\/et_pb_text][et_pb_image src=&#8221;https:\/\/agoraveszprem.hu\/wp-content\/uploads\/2025\/03\/Cinema-Mystica-kiallitas-plakat-scaled.jpg&#8221; _builder_version=&#8221;4.27.4&#8243; _module_preset=&#8221;default&#8221; alt=&#8221;Cinema Mystica ki\u00e1ll\u00edt\u00e1s&#8221; title_text=&#8221;Cinema Mystica ki\u00e1ll\u00edt\u00e1s plak\u00e1t&#8221; hover_enabled=&#8221;0&#8243; sticky_enabled=&#8221;0&#8243; align=&#8221;center&#8221;][\/et_pb_image][\/et_pb_column][\/et_pb_row][et_pb_row _builder_version=&#8221;4.16&#8243; transform_scale=&#8221;120%|120%&#8221; global_colors_info=&#8221;{}&#8221;][et_pb_column type=&#8221;4_4&#8243; _builder_version=&#8221;4.16&#8243; custom_padding=&#8221;|||&#8221; global_colors_info=&#8221;{}&#8221; custom_padding__hover=&#8221;|||&#8221;][et_pb_divider color=&#8221;#0a1e5a&#8221; divider_style=&#8221;dotted&#8221; divider_weight=&#8221;2px&#8221; _builder_version=&#8221;4.16&#8243; min_height=&#8221;20.8px&#8221; custom_margin=&#8221;19px|||||&#8221; custom_padding=&#8221;17px|||||&#8221; global_colors_info=&#8221;{}&#8221;][\/et_pb_divider][\/et_pb_column][\/et_pb_row][et_pb_row _builder_version=&#8221;4.24.3&#8243; _module_preset=&#8221;default&#8221; custom_margin=&#8221;-3px|auto||auto||&#8221; global_colors_info=&#8221;{}&#8221;][et_pb_column type=&#8221;4_4&#8243; _builder_version=&#8221;4.18.0&#8243; _module_preset=&#8221;default&#8221; global_colors_info=&#8221;{}&#8221;][et_pb_text _builder_version=&#8221;4.24.3&#8243; _module_preset=&#8221;default&#8221; text_font=&#8221;IBM Plex Sans Condensed||||||||&#8221; text_text_color=&#8221;#2d427d&#8221; custom_margin=&#8221;-21px|||||&#8221; custom_padding=&#8221;0px|0px|26px|||&#8221; global_colors_info=&#8221;{}&#8221;]<\/p>\n<p><strong><\/strong><br \/><strong><\/strong><\/p>\n<h1><span style=\"color: #2d427d;\"><strong><b>Vizu\u00e1lis vil\u00e1gunk el\u0151ad\u00e1ssorozat<\/b><\/strong><\/span><\/h1>\n<p>[\/et_pb_text][\/et_pb_column][\/et_pb_row][et_pb_row column_structure=&#8221;1_3,1_3,1_3&#8243; _builder_version=&#8221;4.23&#8243; _module_preset=&#8221;default&#8221; global_colors_info=&#8221;{}&#8221;][et_pb_column type=&#8221;1_3&#8243; _builder_version=&#8221;4.16&#8243; _module_preset=&#8221;default&#8221; global_colors_info=&#8221;{}&#8221;][et_pb_image src=&#8221;https:\/\/agoraveszprem.hu\/wp-content\/uploads\/2023\/08\/plakat-vizualis-vilagunk-02.20-scaled.jpg&#8221; alt=&#8221;plak\u00e1t vizu\u00e1lis vil\u00e1gunk 02.20.&#8221; title_text=&#8221;plak\u00e1t vizu\u00e1lis vil\u00e1gunk 02.20.&#8221; _builder_version=&#8221;4.24.3&#8243; _module_preset=&#8221;default&#8221; animation_style=&#8221;slide&#8221; animation_duration=&#8221;1300ms&#8221; box_shadow_style=&#8221;preset2&#8243; global_colors_info=&#8221;{}&#8221;][\/et_pb_image][\/et_pb_column][et_pb_column type=&#8221;1_3&#8243; _builder_version=&#8221;4.16&#8243; _module_preset=&#8221;default&#8221; global_colors_info=&#8221;{}&#8221;][et_pb_image src=&#8221;https:\/\/agoraveszprem.hu\/wp-content\/uploads\/2023\/08\/plakat-vizualis-vilagunk-03.20.jpg&#8221; alt=&#8221;plak\u00e1t vizu\u00e1lis vil\u00e1gunk 03.20.&#8221; title_text=&#8221;plak\u00e1t vizu\u00e1lis vil\u00e1gunk 03.20.&#8221; _builder_version=&#8221;4.24.3&#8243; _module_preset=&#8221;default&#8221; animation_style=&#8221;fade&#8221; animation_duration=&#8221;1250ms&#8221; global_colors_info=&#8221;{}&#8221;][\/et_pb_image][\/et_pb_column][et_pb_column type=&#8221;1_3&#8243; _builder_version=&#8221;4.16&#8243; _module_preset=&#8221;default&#8221; global_colors_info=&#8221;{}&#8221;][et_pb_image src=&#8221;https:\/\/agoraveszprem.hu\/wp-content\/uploads\/2023\/08\/plakat-vizualis-vilagunk-0417.jpg&#8221; alt=&#8221;plak\u00e1t vizu\u00e1lis vil\u00e1gunk 0417&#8243; title_text=&#8221;plak\u00e1t vizu\u00e1lis vil\u00e1gunk 0417&#8243; _builder_version=&#8221;4.24.3&#8243; _module_preset=&#8221;default&#8221; animation_style=&#8221;slide&#8221; animation_duration=&#8221;1400ms&#8221; box_shadow_style=&#8221;preset2&#8243; global_colors_info=&#8221;{}&#8221;][\/et_pb_image][\/et_pb_column][\/et_pb_row][et_pb_row column_structure=&#8221;1_3,1_3,1_3&#8243; _builder_version=&#8221;4.16&#8243; _module_preset=&#8221;default&#8221; custom_padding=&#8221;31px||21px|||&#8221; global_colors_info=&#8221;{}&#8221;][et_pb_column type=&#8221;1_3&#8243; _builder_version=&#8221;4.16&#8243; _module_preset=&#8221;default&#8221; global_colors_info=&#8221;{}&#8221;][et_pb_image src=&#8221;https:\/\/agoraveszprem.hu\/wp-content\/uploads\/2023\/08\/plakat-vizualis-vilagunk-0508.jpg&#8221; alt=&#8221;plak\u00e1t vizu\u00e1lis vil\u00e1gunk 0508&#8243; title_text=&#8221;plak\u00e1t vizu\u00e1lis vil\u00e1gunk 0508&#8243; _builder_version=&#8221;4.24.3&#8243; _module_preset=&#8221;default&#8221; box_shadow_style=&#8221;preset2&#8243; global_colors_info=&#8221;{}&#8221;][\/et_pb_image][\/et_pb_column][et_pb_column type=&#8221;1_3&#8243; _builder_version=&#8221;4.16&#8243; _module_preset=&#8221;default&#8221; global_colors_info=&#8221;{}&#8221;][et_pb_image src=&#8221;https:\/\/agoraveszprem.hu\/wp-content\/uploads\/2023\/09\/Muanyag-egbolt-0925.jpg&#8221; alt=&#8221;M\u0171anyag \u00e9gbolt 0925&#8243; title_text=&#8221;M\u0171anyag \u00e9gbolt 0925&#8243; _builder_version=&#8221;4.24.3&#8243; _module_preset=&#8221;default&#8221; global_colors_info=&#8221;{}&#8221;][\/et_pb_image][\/et_pb_column][et_pb_column type=&#8221;1_3&#8243; _builder_version=&#8221;4.16&#8243; _module_preset=&#8221;default&#8221; global_colors_info=&#8221;{}&#8221;][et_pb_image src=&#8221;https:\/\/agoraveszprem.hu\/wp-content\/uploads\/2023\/10\/A-sziget-szellemei-1030.jpg&#8221; alt=&#8221;A sziget szellemei 1030&#8243; title_text=&#8221;A sziget szellemei 1030&#8243; _builder_version=&#8221;4.24.3&#8243; _module_preset=&#8221;default&#8221; global_colors_info=&#8221;{}&#8221;][\/et_pb_image][\/et_pb_column][\/et_pb_row][et_pb_row column_structure=&#8221;1_3,1_3,1_3&#8243; _builder_version=&#8221;4.23.1&#8243; _module_preset=&#8221;default&#8221; min_height=&#8221;426.9px&#8221; global_colors_info=&#8221;{}&#8221;][et_pb_column type=&#8221;1_3&#8243; _builder_version=&#8221;4.23.1&#8243; _module_preset=&#8221;default&#8221; global_colors_info=&#8221;{}&#8221;][\/et_pb_column][et_pb_column type=&#8221;1_3&#8243; _builder_version=&#8221;4.23.1&#8243; _module_preset=&#8221;default&#8221; global_colors_info=&#8221;{}&#8221;][et_pb_image src=&#8221;https:\/\/agoraveszprem.hu\/wp-content\/uploads\/2023\/11\/Kojot-1120-scaled.jpg&#8221; alt=&#8221;Kojot 1120&#8243; title_text=&#8221;Kojot 1120&#8243; _builder_version=&#8221;4.24.3&#8243; _module_preset=&#8221;default&#8221; global_colors_info=&#8221;{}&#8221;][\/et_pb_image][\/et_pb_column][et_pb_column type=&#8221;1_3&#8243; _builder_version=&#8221;4.23.1&#8243; _module_preset=&#8221;default&#8221; global_colors_info=&#8221;{}&#8221;][\/et_pb_column][\/et_pb_row][et_pb_row _builder_version=&#8221;4.16&#8243; transform_scale=&#8221;120%|120%&#8221; global_colors_info=&#8221;{}&#8221;][et_pb_column type=&#8221;4_4&#8243; _builder_version=&#8221;4.16&#8243; custom_padding=&#8221;|||&#8221; global_colors_info=&#8221;{}&#8221; custom_padding__hover=&#8221;|||&#8221;][et_pb_divider color=&#8221;#0a1e5a&#8221; divider_style=&#8221;dotted&#8221; divider_weight=&#8221;2px&#8221; _builder_version=&#8221;4.16&#8243; min_height=&#8221;20.8px&#8221; custom_margin=&#8221;19px|||||&#8221; custom_padding=&#8221;17px|||||&#8221; global_colors_info=&#8221;{}&#8221;][\/et_pb_divider][\/et_pb_column][\/et_pb_row][et_pb_row _builder_version=&#8221;4.18.0&#8243; _module_preset=&#8221;default&#8221; custom_margin=&#8221;-3px|auto||auto||&#8221; global_colors_info=&#8221;{}&#8221;][et_pb_column type=&#8221;4_4&#8243; _builder_version=&#8221;4.18.0&#8243; _module_preset=&#8221;default&#8221; global_colors_info=&#8221;{}&#8221;][et_pb_text _builder_version=&#8221;4.24.3&#8243; _module_preset=&#8221;default&#8221; text_font=&#8221;IBM Plex Sans Condensed||||||||&#8221; text_text_color=&#8221;#2d427d&#8221; custom_margin=&#8221;-21px|||||&#8221; custom_padding=&#8221;0px|0px|26px|||&#8221; global_colors_info=&#8221;{}&#8221;]<\/p>\n<p><strong><\/strong><br \/><strong><\/strong><\/p>\n<h1><span style=\"color: #2d427d;\"><strong><b>Nemzetis\u00e9gi fesztiv\u00e1l<\/b><\/strong><\/span><\/h1>\n<p>[\/et_pb_text][\/et_pb_column][\/et_pb_row][et_pb_row column_structure=&#8221;1_3,1_3,1_3&#8243; _builder_version=&#8221;4.16&#8243; _module_preset=&#8221;default&#8221; global_colors_info=&#8221;{}&#8221;][et_pb_column type=&#8221;1_3&#8243; _builder_version=&#8221;4.16&#8243; _module_preset=&#8221;default&#8221; global_colors_info=&#8221;{}&#8221;][et_pb_image src=&#8221;https:\/\/agoraveszprem.hu\/wp-content\/uploads\/2023\/09\/Nemzetisegi_molino_1_oldal-page-001-scaled.jpg&#8221; alt=&#8221;Nemzetis\u00e9gi molino 1 oldal page001&#8243; title_text=&#8221;Nemzetis\u00e9gi molino 1 oldal page001&#8243; _builder_version=&#8221;4.24.3&#8243; _module_preset=&#8221;default&#8221; global_colors_info=&#8221;{}&#8221;][\/et_pb_image][\/et_pb_column][et_pb_column type=&#8221;1_3&#8243; _builder_version=&#8221;4.16&#8243; _module_preset=&#8221;default&#8221; global_colors_info=&#8221;{}&#8221;][et_pb_image src=&#8221;https:\/\/agoraveszprem.hu\/wp-content\/uploads\/2023\/08\/Nemzetisegi-A3.jpg&#8221; alt=&#8221;Nemzetis\u00e9gi A3&#8243; title_text=&#8221;Nemzetis\u00e9gi A3&#8243; _builder_version=&#8221;4.24.3&#8243; _module_preset=&#8221;default&#8221; animation_style=&#8221;fade&#8221; animation_duration=&#8221;1250ms&#8221; global_colors_info=&#8221;{}&#8221;][\/et_pb_image][\/et_pb_column][et_pb_column type=&#8221;1_3&#8243; _builder_version=&#8221;4.16&#8243; _module_preset=&#8221;default&#8221; global_colors_info=&#8221;{}&#8221;][et_pb_image src=&#8221;https:\/\/agoraveszprem.hu\/wp-content\/uploads\/2023\/09\/nemzetisegi_molino_2-page-001-scaled.jpg&#8221; alt=&#8221;nemzetis\u00e9gi molino 2 &#8211; page-001&#8243; title_text=&#8221;nemzetis\u00e9gi molino 2 &#8211; page-001&#8243; _builder_version=&#8221;4.24.3&#8243; _module_preset=&#8221;default&#8221; global_colors_info=&#8221;{}&#8221;][\/et_pb_image][\/et_pb_column][\/et_pb_row][et_pb_row _builder_version=&#8221;4.16&#8243; transform_scale=&#8221;120%|120%&#8221; global_colors_info=&#8221;{}&#8221;][et_pb_column type=&#8221;4_4&#8243; _builder_version=&#8221;4.16&#8243; custom_padding=&#8221;|||&#8221; global_colors_info=&#8221;{}&#8221; custom_padding__hover=&#8221;|||&#8221;][et_pb_divider color=&#8221;#0a1e5a&#8221; divider_style=&#8221;dotted&#8221; divider_weight=&#8221;2px&#8221; _builder_version=&#8221;4.16&#8243; min_height=&#8221;20.8px&#8221; custom_margin=&#8221;19px|||||&#8221; custom_padding=&#8221;17px|||||&#8221; global_colors_info=&#8221;{}&#8221;][\/et_pb_divider][\/et_pb_column][\/et_pb_row][\/et_pb_section][et_pb_section fb_built=&#8221;1&#8243; fullwidth=&#8221;on&#8221; _builder_version=&#8221;4.16&#8243; _module_preset=&#8221;default&#8221; custom_margin=&#8221;-22px|||||&#8221; global_colors_info=&#8221;{}&#8221;][et_pb_fullwidth_image src=&#8221;https:\/\/agoraveszprem.hu\/wp-content\/uploads\/2021\/06\/Panorama.jpg&#8221; alt=&#8221;Panorama ag\u00f3ra&#8221; title_text=&#8221;Panorama ag\u00f3ra&#8221; _builder_version=&#8221;4.24.3&#8243; _module_preset=&#8221;default&#8221; min_height=&#8221;554px&#8221; custom_margin=&#8221;25px|||||&#8221; custom_padding=&#8221;2px||0px|||&#8221; global_colors_info=&#8221;{}&#8221;][\/et_pb_fullwidth_image][\/et_pb_section]<\/p>\n","protected":false},"excerpt":{"rendered":"<p>ECF - Nationality Festival The Impact and Importance of Visual and Visual Culture - OC-MUV\/4-2022\/871692 Cinema Mystica Perpetual Digital Exhibition Visual World Our World Lecture Series Nationality Festival<\/p>","protected":false},"author":1,"featured_media":0,"parent":0,"menu_order":0,"comment_status":"closed","ping_status":"closed","template":"","meta":{"_et_pb_use_builder":"on","_et_pb_old_content":"","_et_gb_content_width":"","footnotes":""},"class_list":["post-11014","page","type-page","status-publish","hentry"],"_links":{"self":[{"href":"https:\/\/agoraveszprem.hu\/eng\/wp-json\/wp\/v2\/pages\/11014","targetHints":{"allow":["GET"]}}],"collection":[{"href":"https:\/\/agoraveszprem.hu\/eng\/wp-json\/wp\/v2\/pages"}],"about":[{"href":"https:\/\/agoraveszprem.hu\/eng\/wp-json\/wp\/v2\/types\/page"}],"author":[{"embeddable":true,"href":"https:\/\/agoraveszprem.hu\/eng\/wp-json\/wp\/v2\/users\/1"}],"replies":[{"embeddable":true,"href":"https:\/\/agoraveszprem.hu\/eng\/wp-json\/wp\/v2\/comments?post=11014"}],"version-history":[{"count":16,"href":"https:\/\/agoraveszprem.hu\/eng\/wp-json\/wp\/v2\/pages\/11014\/revisions"}],"predecessor-version":[{"id":30499,"href":"https:\/\/agoraveszprem.hu\/eng\/wp-json\/wp\/v2\/pages\/11014\/revisions\/30499"}],"wp:attachment":[{"href":"https:\/\/agoraveszprem.hu\/eng\/wp-json\/wp\/v2\/media?parent=11014"}],"curies":[{"name":"wp","href":"https:\/\/api.w.org\/{rel}","templated":true}]}}