{"id":2503,"date":"2019-07-16T11:06:07","date_gmt":"2019-07-16T10:06:07","guid":{"rendered":"https:\/\/agoraveszprem.hu\/?page_id=2503"},"modified":"2025-05-14T06:25:27","modified_gmt":"2025-05-14T05:25:27","slug":"kozerdeku-adatok","status":"publish","type":"page","link":"https:\/\/agoraveszprem.hu\/eng\/kozerdeku-adatok\/","title":{"rendered":"Data of public interest"},"content":{"rendered":"<p>[et_pb_section fb_built=&#8221;1&#8243; custom_padding_last_edited=&#8221;on|desktop&#8221; next_background_color=&#8221;#ffffff&#8221; admin_label=&#8221;Header&#8221; _builder_version=&#8221;4.16&#8243; use_background_color_gradient=&#8221;on&#8221; background_color_gradient_direction=&#8221;130deg&#8221; background_color_gradient_stops=&#8221;#ffffff 0%|#F2F2FA 100%&#8221; background_color_gradient_start=&#8221;#ffffff&#8221; background_color_gradient_end=&#8221;#F2F2FA&#8221; background_image=&#8221;https:\/\/agoraveszprem.hu\/wp-content\/uploads\/2019\/05\/marketing-bg8-1.png&#8221; background_size=&#8221;contain&#8221; background_position=&#8221;top_left&#8221; custom_padding=&#8221;0vw||0vw||false|false&#8221; custom_padding_tablet=&#8221;100px||100px||true&#8221; custom_padding_phone=&#8221;||||true&#8221; top_divider_style=&#8221;ramp2&#8243; top_divider_color=&#8221;#d7a562&#8243; top_divider_height=&#8221;22px&#8221; top_divider_flip=&#8221;vertical&#8221; bottom_divider_style=&#8221;ramp2&#8243; bottom_divider_height=&#8221;250px&#8221; bottom_divider_flip=&#8221;horizontal&#8221; bottom_divider_height_tablet=&#8221;150px&#8221; bottom_divider_height_phone=&#8221;110px&#8221; bottom_divider_height_last_edited=&#8221;on|phone&#8221; saved_tabs=&#8221;all&#8221; global_colors_info=&#8221;{}&#8221;][et_pb_row _builder_version=&#8221;4.16&#8243; global_colors_info=&#8221;{}&#8221;][et_pb_column type=&#8221;4_4&#8243; _builder_version=&#8221;4.16&#8243; custom_padding=&#8221;|||&#8221; global_colors_info=&#8221;{}&#8221; custom_padding__hover=&#8221;|||&#8221;][et_pb_text _builder_version=&#8221;4.24.2&#8243; text_font=&#8221;Roboto||||||||&#8221; header_font=&#8221;Roboto|700|||||||&#8221; header_text_align=&#8221;center&#8221; header_font_size=&#8221;80px&#8221; header_line_height=&#8221;1.2em&#8221; header_3_font=&#8221;Roboto|700||on|||||&#8221; header_3_text_align=&#8221;center&#8221; header_3_text_color=&#8221;#ffffff&#8221; header_3_font_size=&#8221;24px&#8221; header_3_letter_spacing=&#8221;10px&#8221; header_3_line_height=&#8221;2em&#8221; text_orientation=&#8221;center&#8221; background_layout=&#8221;dark&#8221; module_alignment=&#8221;center&#8221; text_font_size_last_edited=&#8221;off|desktop&#8221; header_font_size_tablet=&#8221;40px&#8221; header_font_size_phone=&#8221;32px&#8221; header_font_size_last_edited=&#8221;on|phone&#8221; header_3_font_size_tablet=&#8221;16px&#8221; header_3_font_size_phone=&#8221;14px&#8221; header_3_font_size_last_edited=&#8221;on|phone&#8221; header_3_letter_spacing_tablet=&#8221;5px&#8221; header_3_letter_spacing_phone=&#8221;&#8221; header_3_letter_spacing_last_edited=&#8221;on|tablet&#8221; inline_fonts=&#8221;Abhaya Libre&#8221; global_colors_info=&#8221;{}&#8221;]<\/p>\n<h1><span style=\"font-family: 'Abhaya Libre'; font-weight: normal; color: #976d35;\">K\u00f6z\u00e9rdek\u0171 adatok<\/span><\/h1>\n<p>[\/et_pb_text][\/et_pb_column][\/et_pb_row][et_pb_row _builder_version=&#8221;4.16&#8243; global_colors_info=&#8221;{}&#8221;][et_pb_column type=&#8221;4_4&#8243; _builder_version=&#8221;4.16&#8243; custom_padding=&#8221;|||&#8221; global_colors_info=&#8221;{}&#8221; custom_padding__hover=&#8221;|||&#8221;][et_pb_divider divider_style=&#8221;dashed&#8221; divider_position=&#8221;center&#8221; _builder_version=&#8221;4.16&#8243; custom_padding=&#8221;|||0px||&#8221; global_colors_info=&#8221;{}&#8221;][\/et_pb_divider][\/et_pb_column][\/et_pb_row][et_pb_row _builder_version=&#8221;4.16&#8243; custom_padding=&#8221;0px|||||&#8221; global_colors_info=&#8221;{}&#8221;][et_pb_column type=&#8221;4_4&#8243; _builder_version=&#8221;4.16&#8243; custom_padding=&#8221;|||&#8221; global_colors_info=&#8221;{}&#8221; custom_padding__hover=&#8221;|||&#8221;][et_pb_text _builder_version=&#8221;4.27.4&#8243; custom_padding=&#8221;||2px|||&#8221; hover_enabled=&#8221;0&#8243; inline_fonts=&#8221;Montserrat,GILL Sans&#8221; global_colors_info=&#8221;{}&#8221; sticky_enabled=&#8221;0&#8243;]&nbsp;<\/p>\n<blockquote>\n<h5><strong><span>\u00a0Alapadatok:<\/span><\/strong><\/h5>\n<\/blockquote>\n<p><span style=\"font-family: Montserrat; font-weight: normal;\">Int\u00e9zm\u00e9ny n\u00e9v: <i>Ag\u00f3ra Veszpr\u00e9m Kultur\u00e1lis K\u00f6zpont<\/i><\/span><\/p>\n<p><span style=\"font-family: Montserrat; font-weight: normal;\">R\u00f6vid\u00edtett n\u00e9v: <i>Ag\u00f3ra Veszpr\u00e9m<\/i><\/span><\/p>\n<p><span style=\"font-family: Montserrat; font-weight: normal;\">K\u00f6zponti \u00e9s levelez\u00e9si c\u00edm: <i>8200 Veszpr\u00e9m, T\u00e1bor\u00e1ll\u00e1s Park 1.<\/i><\/span><\/p>\n<p><span style=\"font-family: Montserrat; font-weight: normal;\">K\u00f6zponti telefonsz\u00e1mok: <i>+36 88 429 111; +36 88 442 457; +36 88 561 271<\/i><\/span><\/p>\n<p><span style=\"font-family: Montserrat; font-weight: normal;\">K\u00f6zponti e-mail c\u00edm: <i><a href=\"mailto:info@agoraveszprem.hu\">info@agoraveszprem.hu<\/a><\/i><\/span><\/p>\n<p><span style=\"font-family: Montserrat; font-weight: normal;\">K\u00f6zponti webc\u00edm: <i>www.agoraveszprem.hu<\/i><\/span><\/p>\n<p><span style=\"font-family: Montserrat; font-weight: normal;\">Int\u00e9zm\u00e9nyvezet\u0151 neve: <i>Neveda Am\u00e1lia<\/i><\/span><\/p>\n<p><span style=\"font-family: Montserrat; font-weight: normal;\">Int\u00e9zm\u00e9ny fenntart\u00f3ja: <i>Veszpr\u00e9m Megyei Jog\u00fa V\u00e1ros \u00d6nkorm\u00e1nyzata<\/i><\/span><\/p>\n<p><span style=\"font-family: Montserrat; font-weight: normal;\">Fel\u00fcgyeleti szerv: <i>Veszpr\u00e9m Megyei Jog\u00fa V\u00e1ros \u00d6nkorm\u00e1nyzata &#8211; 8200 Veszpr\u00e9m, \u00d3v\u00e1ros t\u00e9r 9<\/i><\/span><\/p>\n<p><span style=\"font-family: Montserrat; font-weight: normal;\">Int\u00e9zm\u00e9ny jellege: <i>K\u00f6zm\u0171vel\u0151d\u00e9si int\u00e9zm\u00e9ny<\/i><\/span><\/p>\n<p><span style=\"font-family: Montserrat; font-weight: normal;\">Int\u00e9zm\u00e9ny kor\u00e1bbi neve: <i>Ag\u00f3ra Veszpr\u00e9m V\u00e1rosi M\u0171vel\u0151d\u00e9si K\u00f6zpont (V\u00e1ltoz\u00e1s: 2018.11.15-t\u0151l)<\/i><\/span><\/p>\n<blockquote>\n<h5><strong><span style=\"font-family: inherit;\">K\u00f6z\u00e9rdek\u0171 adatokkal \u00e9s adatv\u00e9delemmel kapcsolatos bejelent\u00e9sek kezel\u00e9se:<\/span><\/strong><\/h5>\n<p><span style=\"font-family: Montserrat; font-weight: normal;\">Szalay &#8211; Vank\u00f3 Hajnal: <a href=\"mailto:adatvedelem@agoraveszprem.hu\">adatvedelem@agoraveszprem.hu<\/a><\/span><\/p>\n<p><span style=\"font-family: inherit; font-weight: normal;\"><a href=\"https:\/\/agoraveszprem.hu\/adatkezelesi-tajekoztato\/\">&#8211; Adatkezel\u00e9si t\u00e1j\u00e9koztat\u00f3<\/a><\/span><\/p><\/blockquote>\n<blockquote>\n<h5><strong><span style=\"font-family: inherit;\">Veszpr\u00e9m k\u00f6z\u00e9rdek\u0171 adatok port\u00e1l:<\/span><\/strong><\/h5>\n<p><span style=\"font-family: inherit; font-weight: normal;\"><a href=\"https:\/\/veszpremvaros.hu\/varosi-muvelodesi-kozpont\/\">&#8211; Ag\u00f3ra Veszpr\u00e9m k\u00f6z\u00e9rdek\u0171 adatok<\/a><\/span><\/p><\/blockquote>\n<blockquote>\n<h5><strong><span style=\"font-family: inherit;\"><i>Let\u00f6lthet\u0151 dokumentumok &#8211; Szab\u00e1lyzatok:<\/i><\/span><\/strong><\/h5>\n<p><span style=\"font-family: inherit; font-weight: normal;\"><a href=\"https:\/\/agoraveszprem.hu\/wp-content\/uploads\/2024\/08\/SZMSZ2022.pdf\" target=\"_blank\" rel=\"noopener noreferrer\">&#8211; Szervezeti \u00e9s M\u0171k\u00f6d\u00e9si Szab\u00e1lyzat<\/a><\/span><\/p>\n<p><span style=\"font-family: inherit; font-weight: normal;\"><a href=\"https:\/\/agoraveszprem.hu\/wp-content\/uploads\/2024\/03\/kozerdeku-adatszolgaltatas-szabalyzata.pdf\" target=\"_blank\" rel=\"noopener noreferrer\">&#8211; K\u00f6z\u00e9rdek\u0171 Adatszolg\u00e1ltat\u00e1s Szab\u00e1lyzat<\/a><\/span><\/p>\n<p><span style=\"font-family: inherit; font-weight: normal;\"><a href=\"https:\/\/agoraveszprem.hu\/wp-content\/uploads\/2025\/04\/Alapito-okirat.pdf\" target=\"_blank\" rel=\"noopener noreferrer\">&#8211; Alap\u00edt\u00f3 Okirat<\/a><\/span><\/p>\n<p><a href=\"https:\/\/agoraveszprem.hu\/AGORA\/hazirend.pdf\" target=\"_blank\" rel=\"noopener noreferrer\"><span style=\"font-family: inherit; font-weight: normal;\">&#8211; H\u00e1zirend<\/span><\/a><\/p><\/blockquote>\n<blockquote>\n<h5><strong><span style=\"font-family: inherit;\">Let\u00f6lthet\u0151 dokumentumok &#8211; Szakmai besz\u00e1mol\u00f3k, munkatervek:<\/span><\/strong><\/h5>\n<p><span style=\"font-family: inherit; font-weight: normal;\"><a href=\"https:\/\/agoraveszprem.hu\/wp-content\/uploads\/2020\/03\/BESZ\u00c1MOL\u00d3-2020-min.pdf\" target=\"_blank\" rel=\"noopener noreferrer\">&#8211; Szakmai besz\u00e1mol\u00f3 2019<\/a><\/span><\/p>\n<p><span style=\"font-family: inherit; font-weight: normal;\"><a href=\"https:\/\/agoraveszprem.hu\/wp-content\/uploads\/2021\/05\/beszamlolo2020.pdf\" target=\"_blank\" rel=\"noopener noreferrer\">&#8211; Szakmai besz\u00e1mol\u00f3 2020<\/a><\/span><\/p>\n<p><span style=\"font-family: inherit; font-weight: normal;\"><a href=\"https:\/\/agoraveszprem.hu\/wp-content\/uploads\/2022\/10\/beszamolo2021.pdf\" target=\"_blank\" rel=\"noopener noreferrer\">&#8211; Szakmai besz\u00e1mol\u00f3 2021<\/a><\/span><\/p>\n<p><span style=\"font-family: inherit; font-weight: normal;\"><a href=\"https:\/\/agoraveszprem.hu\/wp-content\/uploads\/2023\/05\/beszamolo2022.pdf\" target=\"_blank\" rel=\"noopener noreferrer\">&#8211; Szakmai besz\u00e1mol\u00f3 2022<\/a><\/span><br \/>\n<span style=\"font-family: inherit; font-weight: normal;\"><a href=\"https:\/\/agoraveszprem.hu\/wp-content\/uploads\/2024\/06\/beszamolo2023.pdf\" target=\"_blank\" rel=\"noopener noreferrer\">&#8211; Szakmai besz\u00e1mol\u00f3 2023<\/a><\/span><\/p>\n<p><span style=\"font-family: inherit;\"><\/span><a href=\"https:\/\/agoraveszprem.hu\/wp-content\/uploads\/2025\/03\/beszamolo2024.pdf\" target=\"_blank\" rel=\"noopener noreferrer\" style=\"font-family: inherit;\">&#8211; Szakmai besz\u00e1mol\u00f3 2024<\/a><\/p><\/blockquote>\n<blockquote>\n<h5><strong><span style=\"font-family: inherit;\">Let\u00f6lthet\u0151 dokumentumok &#8211; Statisztik\u00e1k:<\/span><\/strong><\/h5>\n<p><span style=\"font-family: inherit; font-weight: normal;\"><a href=\"https:\/\/agoraveszprem.hu\/AGORA\/stat2018.pdf\" target=\"_blank\" rel=\"noopener noreferrer\">&#8211; Statisztika 2018<\/a><\/span><\/p>\n<p><span style=\"font-family: inherit; font-weight: normal;\"><a href=\"https:\/\/agoraveszprem.hu\/wp-content\/uploads\/2020\/07\/statisztika2019.pdf\" target=\"_blank\" rel=\"noopener noreferrer\">&#8211; Statisztika 2019<\/a><\/span><\/p>\n<p><span style=\"font-family: inherit; font-weight: normal;\"><a href=\"https:\/\/agoraveszprem.hu\/wp-content\/uploads\/2021\/05\/Statisztika2020.pdf\" target=\"_blank\" rel=\"noopener noreferrer\">&#8211; Statisztika 2020<\/a><\/span><\/p>\n<p><span style=\"font-family: inherit; font-weight: normal;\"><a href=\"https:\/\/agoraveszprem.hu\/wp-content\/uploads\/2022\/10\/statisztika-2021.pdf\" target=\"_blank\" rel=\"noopener noreferrer\">&#8211; Statisztika 2021<\/a><\/span><\/p>\n<p><span style=\"font-family: inherit; font-weight: normal;\"><a href=\"https:\/\/agoraveszprem.hu\/wp-content\/uploads\/2023\/05\/statisztika-2022.pdf\" target=\"_blank\" rel=\"noopener noreferrer\">&#8211; Statisztika 2022 &#8211; Ag\u00f3ra Veszpr\u00e9m Kultur\u00e1lis K\u00f6zpont<\/a><\/span><\/p>\n<p><span style=\"font-family: inherit; font-weight: normal;\"><a href=\"https:\/\/agoraveszprem.hu\/wp-content\/uploads\/2023\/05\/statisztika-2022kadarta.pdf\" target=\"_blank\" rel=\"noopener noreferrer\">&#8211; Statisztika 2022 &#8211; K\u00e1d\u00e1rtai K\u00f6z\u00f6ss\u00e9gi H\u00e1z<\/a><\/span><\/p>\n<p><span style=\"font-family: inherit; font-weight: normal;\"><a href=\"https:\/\/agoraveszprem.hu\/wp-content\/uploads\/2023\/05\/statisztika-2022ratot.pdf\" target=\"_blank\" rel=\"noopener noreferrer\">&#8211; Statisztika 2022 &#8211; Gyulafir\u00e1t\u00f3ti M\u0171vel\u0151d\u00e9si H\u00e1z<\/a><\/span><\/p>\n<p><span style=\"font-family: inherit; font-weight: normal;\"><a href=\"https:\/\/agoraveszprem.hu\/wp-content\/uploads\/2024\/08\/Statisztikaiurlap2023-Agora.pdf\" target=\"_blank\" rel=\"noopener noreferrer\">&#8211; Statisztika 2023 &#8211; Ag\u00f3ra Veszpr\u00e9m Kultur\u00e1lis K\u00f6zpont<\/a><\/span><\/p>\n<p><span style=\"font-family: inherit; font-weight: normal;\"><a href=\"https:\/\/agoraveszprem.hu\/wp-content\/uploads\/2024\/08\/Statisztikaiurlap2023-Kadarta.pdf\" target=\"_blank\" rel=\"noopener noreferrer\">&#8211; Statisztika 2023 &#8211; K\u00e1d\u00e1rtai K\u00f6z\u00f6ss\u00e9gi H\u00e1z<\/a><\/span><\/p>\n<p><span style=\"font-family: inherit; font-weight: normal;\"><a href=\"https:\/\/agoraveszprem.hu\/wp-content\/uploads\/2024\/08\/Statisztikaiurlap2023-Gyulafiratot.pdf\" target=\"_blank\" rel=\"noopener noreferrer\">&#8211; Statisztika 2023 &#8211; Gyulafir\u00e1t\u00f3ti M\u0171vel\u0151d\u00e9si H\u00e1z<\/a><\/span><\/p>\n<p><span style=\"font-family: inherit; font-weight: normal;\"><a href=\"https:\/\/agoraveszprem.hu\/wp-content\/uploads\/2025\/04\/Statisztika2024-Agora.pdf\" target=\"_blank\" rel=\"noopener noreferrer\">&#8211; Statisztika 2024 &#8211; Ag\u00f3ra Veszpr\u00e9m Kultur\u00e1lis K\u00f6zpont<\/a><\/span><\/p>\n<p><span style=\"font-family: inherit; font-weight: normal;\"><a href=\"https:\/\/agoraveszprem.hu\/wp-content\/uploads\/2025\/04\/Statisztika2024-Kadarta.pdf\" target=\"_blank\" rel=\"noopener noreferrer\">&#8211; Statisztika 2024 &#8211; K\u00e1d\u00e1rtai K\u00f6z\u00f6ss\u00e9gi H\u00e1z<\/a><\/span><\/p>\n<p><span style=\"font-family: inherit; font-weight: normal;\"><a href=\"https:\/\/agoraveszprem.hu\/wp-content\/uploads\/2025\/04\/Statisztika2024-Gyulafiratot.pdf\" target=\"_blank\" rel=\"noopener noreferrer\">&#8211; Statisztika 2024 &#8211; Gyulafir\u00e1t\u00f3ti M\u0171vel\u0151d\u00e9si H\u00e1z<\/a><\/span><\/p>\n<p><span style=\"font-family: inherit; font-weight: normal;\"><a href=\"https:\/\/agoraveszprem.hu\/wp-content\/uploads\/2025\/04\/Statisztika2024-osszesitettmunkaugypenzugy.pdf\" target=\"_blank\" rel=\"noopener noreferrer\">&#8211; Statisztika 2024 &#8211; \u00d6sszes\u00edtett<\/a><\/span><\/p>\n<p><strong><span style=\"font-family: inherit;\">Let\u00f6lthet\u0151 dokumentumok &#8211; K\u00f6lts\u00e9gvet\u00e9s:<\/span><\/strong><\/p>\n<p><span style=\"font-family: inherit; font-weight: normal;\"><a href=\"https:\/\/agoraveszprem.hu\/wp-content\/uploads\/2020\/07\/2018-Elemi-k\u00f6lts\u00e9gvet\u00e9s.pdf\" target=\"_blank\" rel=\"noopener noreferrer\">&#8211; Elemi k\u00f6lts\u00e9gvet\u00e9s 2018<\/a><\/span><\/p>\n<p><span style=\"font-family: inherit; font-weight: normal;\"><a href=\"https:\/\/agoraveszprem.hu\/wp-content\/uploads\/2020\/07\/2019-Elemi-k\u00f6lts\u00e9gvet\u00e9s.pdf\" target=\"_blank\" rel=\"noopener noreferrer\">&#8211; Elemi k\u00f6lts\u00e9gvet\u00e9s 2019<\/a><\/span><\/p>\n<p><span style=\"font-family: inherit; font-weight: normal;\"><a href=\"https:\/\/agoraveszprem.hu\/wp-content\/uploads\/2020\/07\/2020-Elemi-k\u00f6lts\u00e9gvet\u00e9s.pdf\" target=\"_blank\" rel=\"noopener noreferrer\">&#8211; Elemi k\u00f6lts\u00e9gvet\u00e9s 2020<\/a><\/span><\/p>\n<p><span style=\"font-family: inherit; font-weight: normal;\"><a href=\"https:\/\/agoraveszprem.hu\/wp-content\/uploads\/2023\/10\/Agora-elemi-koltsegvet.-2021.-ev.pdf\" target=\"_blank\" rel=\"noopener noreferrer\">&#8211; Elemi k\u00f6lts\u00e9gvet\u00e9s 2021<\/a><\/span><\/p>\n<p><span style=\"font-family: inherit; font-weight: normal;\"><a href=\"https:\/\/agoraveszprem.hu\/wp-content\/uploads\/2023\/10\/Agora-elemi-koltsegvetes-2022.pdf\" target=\"_blank\" rel=\"noopener noreferrer\">&#8211; Elemi k\u00f6lts\u00e9gvet\u00e9s 2022<\/a><\/span><\/p>\n<p>&nbsp;<\/p>\n<p><span style=\"font-family: inherit; font-weight: normal;\"><a href=\"https:\/\/agoraveszprem.hu\/AGORA\/koltbesz2018.pdf\" target=\"_blank\" rel=\"noopener noreferrer\">&#8211; K\u00f6lts\u00e9gvet\u00e9si besz\u00e1mol\u00f3 2018<\/a><\/span><\/p>\n<p><span style=\"font-family: inherit; font-weight: normal;\"><a href=\"https:\/\/agoraveszprem.hu\/wp-content\/uploads\/2020\/07\/K\u00f6lts\u00e9gvet\u00e9si-besz\u00e1mol\u00f3-2019.pdf\" target=\"_blank\" rel=\"noopener noreferrer\">&#8211; K\u00f6lts\u00e9gvet\u00e9si besz\u00e1mol\u00f3 2019<\/a><\/span><\/p>\n<p><span style=\"font-family: inherit; font-weight: normal;\"><a href=\"https:\/\/agoraveszprem.hu\/wp-content\/uploads\/2023\/10\/Agora-eves-beszamolo-2020.-1.pdf\" target=\"_blank\" rel=\"noopener noreferrer\">&#8211; K\u00f6lts\u00e9gvet\u00e9si besz\u00e1mol\u00f3 2020<\/a><\/span><\/p>\n<p><span style=\"font-family: inherit; font-weight: normal;\"><a href=\"https:\/\/agoraveszprem.hu\/wp-content\/uploads\/2023\/10\/Agora-eves-beszamolo-2021.-1.pdf\" target=\"_blank\" rel=\"noopener noreferrer\">&#8211; K\u00f6lts\u00e9gvet\u00e9si besz\u00e1mol\u00f3 2021<\/a><\/span><\/p>\n<p><span style=\"font-family: inherit; font-weight: normal;\"><a href=\"https:\/\/agoraveszprem.hu\/wp-content\/uploads\/2023\/10\/Agora-eves-beszamolo-2022.-1.pdf\" target=\"_blank\" rel=\"noopener noreferrer\">&#8211; K\u00f6lts\u00e9gvet\u00e9si besz\u00e1mol\u00f3 2022<\/a><\/span><\/p>\n<p><span style=\"font-family: inherit; font-weight: normal;\"><a href=\"https:\/\/agoraveszprem.hu\/wp-content\/uploads\/2025\/04\/Agora-2023.-evi-beszamolo.pdf\" target=\"_blank\" rel=\"noopener noreferrer\">&#8211; K\u00f6lts\u00e9gvet\u00e9si besz\u00e1mol\u00f3 2023<\/a><\/span><\/p>\n<p><span style=\"font-family: inherit; font-weight: normal;\"><a href=\"https:\/\/agoraveszprem.hu\/wp-content\/uploads\/2025\/05\/Agora-2024.-evi-beszamolo.pdf\" target=\"_blank\" rel=\"noopener noreferrer\">&#8211; K\u00f6lts\u00e9gvet\u00e9si besz\u00e1mol\u00f3 2024<\/a><\/span><\/p>\n<p><span style=\"font-family: inherit; font-weight: normal;\"><\/span><\/p>\n<p><span style=\"font-family: inherit; font-weight: normal;\"><\/span><\/p><\/blockquote>\n<blockquote>\n<h5><strong><span style=\"font-family: inherit;\">Let\u00f6lthet\u0151 dokumentumok &#8211; Jelent\u00e9sek:<\/span><\/strong><\/h5>\n<p><span style=\"font-family: inherit; font-weight: normal;\"><a href=\"https:\/\/agoraveszprem.hu\/wp-content\/uploads\/2020\/07\/Ellen\u0151rz\u00e9si-jelent\u00e9s-2019.pdf\" target=\"_blank\" rel=\"noopener noreferrer\">&#8211; Ellen\u0151rz\u00e9si jelent\u00e9s 2019<\/a><\/span><\/p>\n<p><span style=\"font-family: inherit; font-weight: normal;\"><a href=\"https:\/\/agoraveszprem.hu\/wp-content\/uploads\/2020\/07\/Ellen\u0151rz\u00e9si-jelent\u00e9s_bels\u0151-kontrollrendszer2019.pdf\" target=\"_blank\" rel=\"noopener noreferrer\">&#8211; Ellen\u0151rz\u00e9si jelent\u00e9s bels\u0151 kontrollrendszer 2019<\/a><\/span><\/p>\n<p><span style=\"font-family: inherit; font-weight: normal;\"><a href=\"https:\/\/agoraveszprem.hu\/wp-content\/uploads\/2022\/10\/Ellenoorzesi-jeletnes-2020.pdf\" target=\"_blank\" rel=\"noopener noreferrer\">&#8211; Ellen\u0151rz\u00e9si jelent\u00e9s 2020<\/a><\/span><\/p>\n<p><span style=\"font-family: inherit; font-weight: normal;\"><a href=\"https:\/\/agoraveszprem.hu\/wp-content\/uploads\/2022\/10\/Ellenorzesi-jeletnes-2021.pdf\" target=\"_blank\" rel=\"noopener noreferrer\">&#8211; Ellen\u0151rz\u00e9si jelent\u00e9s 2021<\/a><\/span><\/p>\n<p><span style=\"font-family: inherit; font-weight: normal;\"><a href=\"https:\/\/agoraveszprem.hu\/wp-content\/uploads\/2023\/10\/Ellenorzesi-jelentes-2022.pdf\" target=\"_blank\" rel=\"noopener noreferrer\">&#8211; Ellen\u0151rz\u00e9si jelent\u00e9s 2022<\/a><\/span><\/p>\n<p><span style=\"font-family: inherit; font-weight: normal;\"><a href=\"https:\/\/agoraveszprem.hu\/wp-content\/uploads\/2023\/10\/Ellenorzesi-jelentes-2023.pdf\" target=\"_blank\" rel=\"noopener noreferrer\">&#8211; Ellen\u0151rz\u00e9si jelent\u00e9s 2023<\/a><\/span><\/p>\n<p><span style=\"font-family: inherit; font-weight: normal;\"><a href=\"https:\/\/agoraveszprem.hu\/wp-content\/uploads\/2025\/04\/Ellenorzesi-jelentes-2024.pdf\" target=\"_blank\" rel=\"noopener noreferrer\">&#8211; Ellen\u0151rz\u00e9si jelent\u00e9s 2024<\/a><\/span><\/p>\n<p><span style=\"font-family: inherit; font-weight: normal;\"><\/span><\/p>\n<p><span style=\"font-family: inherit; font-weight: normal;\"><\/span><\/p>\n<p><span style=\"font-family: inherit; font-weight: normal;\"><\/span><\/p>\n<p><span style=\"font-family: inherit; font-weight: normal;\"><\/span><\/p>\n<p><span style=\"font-family: inherit; font-weight: normal;\"><\/span><\/p>\n<p><span style=\"font-family: inherit; font-weight: normal;\"><\/span><\/p>\n<p><span style=\"font-family: inherit; font-weight: normal;\"><\/span><br \/>\n<strong><span style=\"font-family: inherit;\">Let\u00f6lthet\u0151 dokumentumok &#8211; K\u00f6zbeszerz\u00e9sek:<\/span><\/strong><\/p>\n<p><span style=\"font-family: inherit; font-weight: normal;\"><a href=\"https:\/\/agoraveszprem.hu\/wp-content\/uploads\/2024\/07\/Kozbeszerzesi-terv.pdf\" target=\"_blank\" rel=\"noopener noreferrer\">&#8211; K\u00f6zbeszerz\u00e9si terv 2024:<\/a><\/span><\/p><\/blockquote>\n<p>[\/et_pb_text][\/et_pb_column][\/et_pb_row][\/et_pb_section]<\/p>\n","protected":false},"excerpt":{"rendered":"<p>K\u00f6z\u00e9rdek\u0171 adatok&nbsp; \u00a0Alapadatok: Int\u00e9zm\u00e9ny n\u00e9v: Ag\u00f3ra Veszpr\u00e9m Kultur\u00e1lis K\u00f6zpont R\u00f6vid\u00edtett n\u00e9v: Ag\u00f3ra Veszpr\u00e9m K\u00f6zponti \u00e9s levelez\u00e9si c\u00edm: 8200 Veszpr\u00e9m, T\u00e1bor\u00e1ll\u00e1s Park 1. K\u00f6zponti telefonsz\u00e1mok: +36 88 429 111; +36 88 442 457; +36 88 561 271 K\u00f6zponti e-mail c\u00edm: info@agoraveszprem.hu K\u00f6zponti webc\u00edm: www.agoraveszprem.hu Int\u00e9zm\u00e9nyvezet\u0151 neve: Neveda Am\u00e1lia Int\u00e9zm\u00e9ny fenntart\u00f3ja: Veszpr\u00e9m Megyei Jog\u00fa V\u00e1ros \u00d6nkorm\u00e1nyzata Fel\u00fcgyeleti [&hellip;]<\/p>\n","protected":false},"author":1,"featured_media":0,"parent":0,"menu_order":0,"comment_status":"closed","ping_status":"closed","template":"","meta":{"_et_pb_use_builder":"on","_et_pb_old_content":"","_et_gb_content_width":"","footnotes":""},"class_list":["post-2503","page","type-page","status-publish","hentry"],"_links":{"self":[{"href":"https:\/\/agoraveszprem.hu\/eng\/wp-json\/wp\/v2\/pages\/2503","targetHints":{"allow":["GET"]}}],"collection":[{"href":"https:\/\/agoraveszprem.hu\/eng\/wp-json\/wp\/v2\/pages"}],"about":[{"href":"https:\/\/agoraveszprem.hu\/eng\/wp-json\/wp\/v2\/types\/page"}],"author":[{"embeddable":true,"href":"https:\/\/agoraveszprem.hu\/eng\/wp-json\/wp\/v2\/users\/1"}],"replies":[{"embeddable":true,"href":"https:\/\/agoraveszprem.hu\/eng\/wp-json\/wp\/v2\/comments?post=2503"}],"version-history":[{"count":58,"href":"https:\/\/agoraveszprem.hu\/eng\/wp-json\/wp\/v2\/pages\/2503\/revisions"}],"predecessor-version":[{"id":32033,"href":"https:\/\/agoraveszprem.hu\/eng\/wp-json\/wp\/v2\/pages\/2503\/revisions\/32033"}],"wp:attachment":[{"href":"https:\/\/agoraveszprem.hu\/eng\/wp-json\/wp\/v2\/media?parent=2503"}],"curies":[{"name":"wp","href":"https:\/\/api.w.org\/{rel}","templated":true}]}}