{"id":404,"date":"2019-03-18T17:41:06","date_gmt":"2019-03-18T16:41:06","guid":{"rendered":"https:\/\/agoraveszprem.hu\/?page_id=404"},"modified":"2024-05-23T13:53:08","modified_gmt":"2024-05-23T12:53:08","slug":"agora-veszprem-kulturalis-kozpont","status":"publish","type":"page","link":"https:\/\/agoraveszprem.hu\/eng\/agora-veszprem-kulturalis-kozpont\/","title":{"rendered":"Ag\u00f3ra Veszpr\u00e9m Cultural Centre"},"content":{"rendered":"<p>[et_pb_section fb_built=&#8221;1&#8243; custom_padding_last_edited=&#8221;on|desktop&#8221; next_background_color=&#8221;#ffffff&#8221; admin_label=&#8221;Header&#8221; _builder_version=&#8221;4.16&#8243; use_background_color_gradient=&#8221;on&#8221; background_color_gradient_direction=&#8221;130deg&#8221; background_color_gradient_stops=&#8221;#ffffff 0%|#F2F2FA 100%&#8221; background_color_gradient_start=&#8221;#ffffff&#8221; background_color_gradient_end=&#8221;#F2F2FA&#8221; background_image=&#8221;https:\/\/agoraveszprem.hu\/wp-content\/uploads\/2019\/05\/marketing-bg8-1.png&#8221; background_size=&#8221;contain&#8221; background_position=&#8221;top_left&#8221; custom_padding=&#8221;0vw||1vw||false|false&#8221; custom_padding_tablet=&#8221;100px||100px||true&#8221; custom_padding_phone=&#8221;||||true&#8221; top_divider_style=&#8221;ramp2&#8243; top_divider_color=&#8221;#d7a562&#8243; top_divider_height=&#8221;22px&#8221; top_divider_flip=&#8221;vertical&#8221; bottom_divider_style=&#8221;ramp2&#8243; bottom_divider_height=&#8221;250px&#8221; bottom_divider_flip=&#8221;horizontal&#8221; bottom_divider_height_tablet=&#8221;150px&#8221; bottom_divider_height_phone=&#8221;110px&#8221; bottom_divider_height_last_edited=&#8221;on|phone&#8221; saved_tabs=&#8221;all&#8221; global_colors_info=&#8221;{}&#8221;][et_pb_row _builder_version=&#8221;4.16&#8243; global_colors_info=&#8221;{}&#8221;][et_pb_column type=&#8221;4_4&#8243; _builder_version=&#8221;4.16&#8243; custom_padding=&#8221;|||&#8221; global_colors_info=&#8221;{}&#8221; custom_padding__hover=&#8221;|||&#8221;][et_pb_text _builder_version=&#8221;4.24.3&#8243; text_font=&#8221;Roboto||||||||&#8221; header_font=&#8221;Roboto|700|||||||&#8221; header_text_align=&#8221;center&#8221; header_font_size=&#8221;80px&#8221; header_line_height=&#8221;1.2em&#8221; header_3_font=&#8221;Roboto|700||on|||||&#8221; header_3_text_align=&#8221;center&#8221; header_3_text_color=&#8221;#ffffff&#8221; header_3_font_size=&#8221;24px&#8221; header_3_letter_spacing=&#8221;10px&#8221; header_3_line_height=&#8221;2em&#8221; text_orientation=&#8221;center&#8221; background_layout=&#8221;dark&#8221; module_alignment=&#8221;center&#8221; custom_margin=&#8221;||15px|||&#8221; text_font_size_last_edited=&#8221;off|desktop&#8221; header_font_size_tablet=&#8221;40px&#8221; header_font_size_phone=&#8221;32px&#8221; header_font_size_last_edited=&#8221;on|phone&#8221; header_3_font_size_tablet=&#8221;16px&#8221; header_3_font_size_phone=&#8221;14px&#8221; header_3_font_size_last_edited=&#8221;on|phone&#8221; header_3_letter_spacing_tablet=&#8221;5px&#8221; header_3_letter_spacing_phone=&#8221;&#8221; header_3_letter_spacing_last_edited=&#8221;on|tablet&#8221; inline_fonts=&#8221;Abhaya Libre&#8221; global_colors_info=&#8221;{}&#8221;]<\/p>\n<h1><span color=\"#976d35\" face=\"Abhaya Libre\" style=\"color: #976d35; font-family: 'Abhaya Libre';\"><span style=\"font-weight: 400;\">Ag\u00f3ra Veszpr\u00e9m<\/span><\/span><\/h1>\n<p>[\/et_pb_text][et_pb_divider color=&#8221;#d7a562&#8243; divider_style=&#8221;dotted&#8221; divider_weight=&#8221;2px&#8221; _builder_version=&#8221;4.16&#8243; min_height=&#8221;24px&#8221; height=&#8221;0px&#8221; custom_margin=&#8221;-44px|||||&#8221; custom_padding=&#8221;15px|||||&#8221; global_colors_info=&#8221;{}&#8221;][\/et_pb_divider][\/et_pb_column][\/et_pb_row][et_pb_row _builder_version=&#8221;4.24.3&#8243; global_colors_info=&#8221;{}&#8221;][et_pb_column type=&#8221;4_4&#8243; _builder_version=&#8221;4.16&#8243; custom_padding=&#8221;|||&#8221; global_colors_info=&#8221;{}&#8221; custom_padding__hover=&#8221;|||&#8221;][et_pb_text _builder_version=&#8221;4.24.3&#8243; text_font=&#8221;Roboto||||||||&#8221; header_font=&#8221;Roboto|700|||||||&#8221; header_text_align=&#8221;center&#8221; header_font_size=&#8221;80px&#8221; header_line_height=&#8221;1.2em&#8221; header_3_font=&#8221;Roboto|700||on|||||&#8221; header_3_text_align=&#8221;center&#8221; header_3_text_color=&#8221;#ffffff&#8221; header_3_font_size=&#8221;24px&#8221; header_3_letter_spacing=&#8221;10px&#8221; header_3_line_height=&#8221;2em&#8221; text_orientation=&#8221;center&#8221; background_layout=&#8221;dark&#8221; module_alignment=&#8221;center&#8221; custom_margin=&#8221;||15px|||&#8221; text_font_size_last_edited=&#8221;off|desktop&#8221; header_font_size_tablet=&#8221;40px&#8221; header_font_size_phone=&#8221;32px&#8221; header_font_size_last_edited=&#8221;on|phone&#8221; header_3_font_size_tablet=&#8221;16px&#8221; header_3_font_size_phone=&#8221;14px&#8221; header_3_font_size_last_edited=&#8221;on|phone&#8221; header_3_letter_spacing_tablet=&#8221;5px&#8221; header_3_letter_spacing_phone=&#8221;&#8221; header_3_letter_spacing_last_edited=&#8221;on|tablet&#8221; inline_fonts=&#8221;Abhaya Libre&#8221; global_colors_info=&#8221;{}&#8221;]<\/p>\n<blockquote>\n<h2 style=\"text-align: left;\"><span color=\"#976d35\" face=\"Abhaya Libre\" style=\"color: #976d35; font-family: 'Abhaya Libre';\"><b>Az int\u00e9zm\u00e9ny bemutat\u00e1sa<\/b><\/span><\/h2>\n<\/blockquote>\n<p>[\/et_pb_text][\/et_pb_column][\/et_pb_row][et_pb_row column_structure=&#8221;1_2,1_2&#8243; _builder_version=&#8221;4.16&#8243; custom_padding=&#8221;||0px|||&#8221; global_colors_info=&#8221;{}&#8221;][et_pb_column type=&#8221;1_2&#8243; _builder_version=&#8221;4.16&#8243; custom_padding=&#8221;|||&#8221; global_colors_info=&#8221;{}&#8221; custom_padding__hover=&#8221;|||&#8221;][et_pb_image src=&#8221;https:\/\/agoraveszprem.hu\/wp-content\/uploads\/2019\/06\/agora-front.jpg&#8221; alt=&#8221;Ag\u00f3ra Veszpr\u00e9m bej\u00e1rat&#8221; title_text=&#8221;agora front&#8221; _builder_version=&#8221;4.24.3&#8243; border_width_all=&#8221;2px&#8221; border_color_all=&#8221;#9e2a87&#8243; box_shadow_style=&#8221;preset2&#8243; global_colors_info=&#8221;{}&#8221;][\/et_pb_image][\/et_pb_column][et_pb_column type=&#8221;1_2&#8243; _builder_version=&#8221;4.16&#8243; custom_padding=&#8221;|||&#8221; global_colors_info=&#8221;{}&#8221; custom_padding__hover=&#8221;|||&#8221;][et_pb_text _builder_version=&#8221;4.25.1&#8243; custom_padding=&#8221;1px||31px|||&#8221; global_colors_info=&#8221;{}&#8221;]<\/p>\n<p><em><b>AG\u00d3RA Veszpr\u00e9m Kultur\u00e1lis K\u00f6zpont<br \/>8200 Veszpr\u00e9m, T\u00e1bor\u00e1ll\u00e1s park 1.<\/b><\/em><\/p>\n<p>Telefon: +36 88\/429-111, +36 88\/429-693<br \/>Mobil:+36 20 9924-753; +36 20 9924-852<\/p>\n<p><em><b>K\u00f6zponti e-mail c\u00edm: info@agoraveszprem.hu<br \/><\/b><\/em><\/p>\n<p><strong><em>Web: <\/em><\/strong><a href=\"http:\/\/www.agoraveszprem.hu\">www.agoraveszprem.hu<\/a><\/p>\n<p><strong><em>Facebook:\u00a0<\/em><\/strong> <a href=\"https:\/\/www.facebook.com\/agoraveszprem\">https:\/\/www.facebook.com\/agoraveszprem<\/a><\/p>\n<p><strong><em>Instagram<\/em><\/strong>: <a href=\"https:\/\/www.instagram.com\/agoraveszprem\/\">https:\/\/www.instagram.com\/agoraveszprem\/<\/a><\/p>\n<p>&nbsp;<\/p>\n<p>&nbsp;<\/p>\n<p><em> <strong><\/strong><\/em><\/p>\n<p>&nbsp;<\/p>\n<p>[\/et_pb_text][\/et_pb_column][\/et_pb_row][et_pb_row _builder_version=&#8221;4.16&#8243; global_colors_info=&#8221;{}&#8221;][et_pb_column type=&#8221;4_4&#8243; _builder_version=&#8221;4.16&#8243; custom_padding=&#8221;|||&#8221; global_colors_info=&#8221;{}&#8221; custom_padding__hover=&#8221;|||&#8221;][et_pb_text _builder_version=&#8221;4.16&#8243; custom_margin=&#8221;-57px|||||&#8221; global_colors_info=&#8221;{}&#8221;]<\/p>\n<p style=\"text-align: justify;\"><em>&#8222;Istv\u00e1n, Gizella \u0151si v\u00e1rt\u00e1n, m\u00f6g\u00f6tt\u00fck v\u00f6lgyh\u00edd: k\u0151sziv\u00e1rv\u00e1ny. Bakony szel\u00e9b\u0151l &#8211; \u00e1lmodni se mern\u00e9d &#8211; arany harangsz\u00f3 h\u00edmez, misekelm\u00e9t. Itt a domb a v\u00f6lgybe, v\u00f6lgy a dombra, kis utc\u00e1k sz\u00f6knek k\u0151vadonba. T\u00e1gas terek sik\u00e1torok felett, f\u00f6ldszintbe f\u00fal hegym\u00e1sz\u00f3 emelet. F\u0171zsuttog\u00e1s a locska S\u00e9den.&#8221; \u2013 Kem\u00e9ny G\u00e9za: Veszpr\u00e9mi anziksz<\/em><span style=\"font-size: 16px;\">.<\/span><\/p>\n<p>&nbsp;<\/p>\n<p>[\/et_pb_text][\/et_pb_column][\/et_pb_row][et_pb_row _builder_version=&#8221;4.16&#8243; global_colors_info=&#8221;{}&#8221;][et_pb_column type=&#8221;4_4&#8243; _builder_version=&#8221;4.16&#8243; custom_padding=&#8221;|||&#8221; global_colors_info=&#8221;{}&#8221; custom_padding__hover=&#8221;|||&#8221;][et_pb_text _builder_version=&#8221;4.25.1&#8243; global_colors_info=&#8221;{}&#8221;]<\/p>\n<p>Veszpr\u00e9m a Dun\u00e1nt\u00fal k\u00f6zep\u00e9n a Bakony \u00e9s a Balaton-felvid\u00e9k tal\u00e1lkoz\u00e1s\u00e1n\u00e1l fekv\u0151 fest\u0151i sz\u00e9ps\u00e9g\u0171, dimbes-dombos t\u00f6rt\u00e9nelmi v\u00e1ros. Az ezer\u00e9ves telep\u00fcl\u00e9s bar\u00e1ts\u00e1gos hangulata h\u0171en t\u00fckr\u00f6z\u0151dik a kultur\u00e1lis \u00e9let\u00e9ben. 2023-ban a t\u00e9rs\u00e9g telep\u00fcl\u00e9seivel kar\u00f6ltve b\u00fcszk\u00e9n viselte az Eur\u00f3pa Kultur\u00e1lis F\u0151v\u00e1rosa c\u00edmet. A Kir\u00e1lyn\u00e9k v\u00e1rosa sz\u00e1mtalan kultur\u00e1lis programlehet\u0151s\u00e9get k\u00edn\u00e1l az \u00e9v b\u00e1rmely id\u0151szak\u00e1ban. Egyed\u00fcl\u00e1ll\u00f3 term\u00e9szeti adotts\u00e1gai, sz\u00e1mtalan l\u00e1tnival\u00f3ja, soksz\u00edn\u0171 gasztron\u00f3miai \u00e9s fesztiv\u00e1lk\u00edn\u00e1lata r\u00e9v\u00e9n kifejezetten vonz\u00f3 turisztikai c\u00e9lpont.<\/p>\n<p>Az Ag\u00f3ra Veszpr\u00e9m szerepe ennek a 60 000 f\u0151t sz\u00e1ml\u00e1l\u00f3 v\u00e1rosnak \u00e9s k\u00f6rny\u00e9k\u00e9nek kultur\u00e1lis programokkal val\u00f3 ell\u00e1t\u00e1s\u00e1ban \u00e9s a k\u00f6zm\u0171vel\u0151d\u00e9s\u00e9ben kiemelked\u0151 fontoss\u00e1g\u00fa. Az int\u00e9zm\u00e9ny nem csak v\u00e1rosi, hanem t\u00e9rs\u00e9gi, region\u00e1lis hat\u00f3k\u00f6rrel v\u00e9gzi tev\u00e9kenys\u00e9g\u00e9t. Feladatai a k\u00f6zm\u0171vel\u0151d\u00e9si alapszolg\u00e1ltat\u00e1sok biztos\u00edt\u00e1s\u00e1n t\u00fal a t\u00e1rgyi \u00e9s szellemi kult\u00fara \u00e9rt\u00e9keinek meg\u0151rz\u00e9se \u00e9s k\u00f6zvet\u00edt\u00e9se, kultur\u00e1lis rendezv\u00e9nyek, szakmai konferenci\u00e1k, ki\u00e1ll\u00edt\u00e1sok szervez\u00e9se, a lakoss\u00e1g \u00e9letmin\u0151s\u00e9g\u00e9nek jav\u00edt\u00e1sa, az \u00e1ltal\u00e1nos m\u0171velts\u00e9g fejleszt\u00e9se, \u00edzl\u00e9sform\u00e1l\u00e1s \u00e9s a gener\u00e1ci\u00f3k k\u00f6z\u00f6tti egy\u00fcttm\u0171k\u00f6d\u00e9s t\u00e1mogat\u00e1sa. Min\u0151s\u00e9gbiztos\u00edt\u00e1si tev\u00e9kenys\u00e9ge kiemelked\u0151. 2019-ben \u00e9s 2023-ban is elnyerte az egyik legrangosabb \u00e1llami elismer\u00e9st, a Min\u0151s\u00edtett K\u00f6zm\u0171vel\u0151d\u00e9si Int\u00e9zm\u00e9ny C\u00edmet.<\/p>\n<p>Az\u00a0<strong>\u201eAg\u00f3ra Veszpr\u00e9m\u201d<\/strong>\u00a0c\u00edm\u0171 projekt keret\u00e9ben 2015-ben az Eur\u00f3pai Uni\u00f3 \u00e9s a Magyar \u00c1llam \u00e1ltal ny\u00fajtott t\u00e1mogat\u00e1s seg\u00edts\u00e9g\u00e9vel m\u00e1ra egy gy\u00f6ny\u00f6r\u0171, korszer\u0171, multifunkcion\u00e1lis kultur\u00e1lis k\u00f6zpont \u00e1ll a lakoss\u00e1g szolg\u00e1lat\u00e1ba, ami egy \u00faj sz\u00ednes pontja a v\u00e1ros kultur\u00e1lis \u00e9let\u00e9nek. Az Ag\u00f3ra Veszpr\u00e9m k\u00e9t v\u00e1rosr\u00e9szi int\u00e9zm\u00e9nyt is m\u0171k\u00f6dtet, ezek a\u00a0<strong>Gyulafir\u00e1t\u00f3ti M\u0171vel\u0151d\u00e9si H\u00e1z<\/strong>\u00a0\u00e9s a\u00a0<strong>K\u00e1d\u00e1rtai K\u00f6z\u00f6ss\u00e9gi h\u00e1z<\/strong>.<\/p>\n<p>[\/et_pb_text][\/et_pb_column][\/et_pb_row][et_pb_row column_structure=&#8221;2_5,3_5&#8243; _builder_version=&#8221;4.16&#8243; min_height=&#8221;468px&#8221; custom_margin=&#8221;0px|auto||auto||&#8221; global_colors_info=&#8221;{}&#8221;][et_pb_column type=&#8221;2_5&#8243; _builder_version=&#8221;4.16&#8243; custom_padding=&#8221;|||&#8221; global_colors_info=&#8221;{}&#8221; custom_padding__hover=&#8221;|||&#8221;][et_pb_text _builder_version=&#8221;4.25.1&#8243; custom_margin=&#8221;4px|||||&#8221; global_colors_info=&#8221;{}&#8221;]<\/p>\n<p>&nbsp;<\/p>\n<p>Az Ag\u00f3ra \u00e9p\u00fclet\u00e9ben egy 293 f\u0151t befogad\u00f3, korszer\u0171, klimatiz\u00e1lt, professzion\u00e1lis f\u00e9ny \u00e9s hangtechnik\u00e1val ell\u00e1tott sz\u00ednh\u00e1zterem v\u00e1rja az \u00e9rdekl\u0151d\u0151ket. Az \u00e9p\u00fclet teljes eg\u00e9sz\u00e9ben akad\u00e1lymentes\u00edtett \u00edgy a mozg\u00e1sukban korl\u00e1tozottak \u00e9s id\u0151sebb koroszt\u00e1ly is k\u00e9nyelmesen tudja l\u00e1togatni a foglalkoz\u00e1sokat \u00e9s az el\u0151ad\u00e1sokat. A szintek k\u00f6z\u00f6tt lift is a vend\u00e9gek rendelkez\u00e9s\u00e9re \u00e1ll.<\/p>\n<p>[\/et_pb_text][\/et_pb_column][et_pb_column type=&#8221;3_5&#8243; _builder_version=&#8221;4.16&#8243; custom_padding=&#8221;|||&#8221; global_colors_info=&#8221;{}&#8221; custom_padding__hover=&#8221;|||&#8221;][et_pb_image src=&#8221;https:\/\/agoraveszprem.hu\/wp-content\/uploads\/2024\/05\/Foto-2.jpg&#8221; alt=&#8221;Ag\u00f3ra Veszpr\u00e9m sz\u00ednh\u00e1zterem&#8221; title_text=&#8221;Ag\u00f3ra Veszpr\u00e9m sz\u00ednh\u00e1zterem&#8221; _builder_version=&#8221;4.25.1&#8243; custom_margin=&#8221;11px|||||&#8221; custom_padding=&#8221;||6px|||&#8221; border_width_all=&#8221;2px&#8221; border_color_all=&#8221;#9e2a87&#8243; box_shadow_style=&#8221;preset2&#8243; global_colors_info=&#8221;{}&#8221;][\/et_pb_image][\/et_pb_column][\/et_pb_row][et_pb_row column_structure=&#8221;3_5,2_5&#8243; _builder_version=&#8221;4.16&#8243; custom_margin=&#8221;-408px|auto||auto||&#8221; custom_padding=&#8221;13px||41px|||&#8221; global_colors_info=&#8221;{}&#8221; min_height=&#8221;839.9px&#8221;][et_pb_column type=&#8221;3_5&#8243; _builder_version=&#8221;4.16&#8243; custom_padding=&#8221;|||&#8221; global_colors_info=&#8221;{}&#8221; custom_padding__hover=&#8221;|||&#8221;][et_pb_image src=&#8221;https:\/\/agoraveszprem.hu\/wp-content\/uploads\/2024\/05\/foto-3-lift.jpg&#8221; alt=&#8221;Ag\u00f3ra emelet, lift&#8221; title_text=&#8221;Ag\u00f3ra emelet, lift&#8221; _builder_version=&#8221;4.25.1&#8243; min_height=&#8221;456px&#8221; custom_padding=&#8221;9px|||||&#8221; border_width_all=&#8221;2px&#8221; border_color_all=&#8221;#9e2a87&#8243; box_shadow_style=&#8221;preset2&#8243; global_colors_info=&#8221;{}&#8221;][\/et_pb_image][\/et_pb_column][et_pb_column type=&#8221;2_5&#8243; _builder_version=&#8221;4.16&#8243; custom_padding=&#8221;|||&#8221; global_colors_info=&#8221;{}&#8221; custom_padding__hover=&#8221;|||&#8221;][et_pb_text _builder_version=&#8221;4.25.1&#8243; global_colors_info=&#8221;{}&#8221;]<\/p>\n<p>&nbsp;<\/p>\n<p>Az \u00e9p\u00fcletben t\u00f6bb mint 70 klub egyes\u00fclet, k\u00f6r, csoport m\u0171k\u00f6dik az int\u00e9zm\u00e9nyhez k\u00f6t\u0151d\u0151en \u00e9s t\u00e1mogat\u00e1s\u00e1val. Az int\u00e9zm\u00e9ny sz\u00e9les teret ad a civil kezdem\u00e9nyez\u00e9seknek, seg\u00edti a civil k\u00f6z\u00f6ss\u00e9gek munk\u00e1j\u00e1t \u00e9s a lakoss\u00e1g legk\u00fcl\u00f6nf\u00e9l\u00e9bb r\u00e9tegeit, koroszt\u00e1lyait \u00e9rdekl\u0151 tev\u00e9kenys\u00e9get folytat. A t\u00e1rsadalom-, a term\u00e9szettudom\u00e1nyi \u00e9s a m\u0171v\u00e9szeti ismeretterjeszt\u00e9sen k\u00edv\u00fcl egyre t\u00f6bb komplex programot val\u00f3s\u00edt meg. A m\u0171v\u00e9szeti nevel\u00e9s ter\u00e9n is figyelemrem\u00e9lt\u00f3 szisztematikus munk\u00e1t fejt ki.<\/p>\n<p>[\/et_pb_text][\/et_pb_column][\/et_pb_row][et_pb_row column_structure=&#8221;1_2,1_2&#8243; _builder_version=&#8221;4.16&#8243; global_colors_info=&#8221;{}&#8221; custom_padding=&#8221;||30px|||&#8221;][et_pb_column type=&#8221;1_2&#8243; _builder_version=&#8221;4.16&#8243; custom_padding=&#8221;|||&#8221; global_colors_info=&#8221;{}&#8221; custom_padding__hover=&#8221;|||&#8221;][et_pb_text _builder_version=&#8221;4.25.1&#8243; custom_margin=&#8221;8px|||||&#8221; global_colors_info=&#8221;{}&#8221;]<\/p>\n<p>Termeink kiv\u00e1l\u00f3an alkalmasak a k\u00fcl\u00f6nf\u00e9le k\u00e9pz\u0151-, ipar-, n\u00e9p- \u00e9s fot\u00f3m\u0171v\u00e9szeti ki\u00e1ll\u00edt\u00e1sok megrendez\u00e9s\u00e9re. Kit\u0171n\u0151 term\u00e9szetes \u00e9s mesters\u00e9ges f\u00e9nyhat\u00e1s, valamint korszer\u0171 ki\u00e1ll\u00edt\u00f3 eszk\u00f6z\u00f6k biztos\u00edtj\u00e1k az \u00e9rdekl\u0151d\u0151k k\u00e9nyelmes t\u00e1rlatl\u00e1togat\u00e1s\u00e1t.<\/p>\n<p>Az int\u00e9zm\u00e9nyben kialak\u00edtott k\u00fcl\u00f6nf\u00e9le befogad\u00f3 m\u00e9ret\u0171 \u00e9s felszerelts\u00e9g\u0171 k\u00f6z\u00f6ss\u00e9gi termeink ig\u00e9ny szerint berendezhet\u0151k \u00e9s technik\u00e1val ell\u00e1that\u00f3k. Helyis\u00e9geink koncertek, el\u0151ad\u00e1sok, \u00f6sszej\u00f6vetelek, tan\u00e1cskoz\u00e1sok, klubfoglalkoz\u00e1sok, sport \u00e9s t\u00e1ncfoglalkoz\u00e1sok, gyermek- \u00e9s csal\u00e1di rendezv\u00e9nyek, sajt\u00f3t\u00e1j\u00e9koztat\u00f3k, tanfolyamok, b\u00e1lok, ki\u00e1ll\u00edt\u00e1sok, v\u00e1s\u00e1rok \u00e9s egy\u00e9b kisebb \u00e9s nagyobb rendezv\u00e9nyek lebonyol\u00edt\u00e1s\u00e1ra t\u00f6k\u00e9letesen megfelelnek.<\/p>\n<p>Nagyobb l\u00e9tsz\u00e1m eset\u00e9ben termeink k\u00f6nnyed\u00e9n egybenyithat\u00f3k, illetve elv\u00e1laszthat\u00f3k.<\/p>\n<p style=\"text-align: justify;\">[\/et_pb_text][\/et_pb_column][et_pb_column type=&#8221;1_2&#8243; _builder_version=&#8221;4.16&#8243; custom_padding=&#8221;|||&#8221; global_colors_info=&#8221;{}&#8221; custom_padding__hover=&#8221;|||&#8221;][et_pb_image src=&#8221;https:\/\/agoraveszprem.hu\/wp-content\/uploads\/2024\/05\/Foto-6.jpg&#8221; alt=&#8221;ki\u00e1ll\u00edt\u00f3t\u00e9r&#8221; title_text=&#8221;ki\u00e1ll\u00edt\u00f3t\u00e9r&#8221; _builder_version=&#8221;4.25.1&#8243; _module_preset=&#8221;default&#8221; border_width_all=&#8221;2px&#8221; border_color_all=&#8221;#9E2A87&#8243; global_colors_info=&#8221;{}&#8221;][\/et_pb_image][\/et_pb_column][\/et_pb_row][et_pb_row column_structure=&#8221;1_2,1_2&#8243; _builder_version=&#8221;4.25.1&#8243; _module_preset=&#8221;default&#8221; custom_padding=&#8221;||44px|||&#8221; global_colors_info=&#8221;{}&#8221;][et_pb_column type=&#8221;1_2&#8243; _builder_version=&#8221;4.25.1&#8243; _module_preset=&#8221;default&#8221; global_colors_info=&#8221;{}&#8221;][et_pb_image src=&#8221;https:\/\/agoraveszprem.hu\/wp-content\/uploads\/2024\/05\/foto-4.jpg&#8221; alt=&#8221;Terem&#8221; title_text=&#8221;Terem&#8221; _builder_version=&#8221;4.25.1&#8243; _module_preset=&#8221;default&#8221; border_width_all=&#8221;2px&#8221; border_color_all=&#8221;#9E2A87&#8243; global_colors_info=&#8221;{}&#8221;][\/et_pb_image][\/et_pb_column][et_pb_column type=&#8221;1_2&#8243; _builder_version=&#8221;4.25.1&#8243; _module_preset=&#8221;default&#8221; global_colors_info=&#8221;{}&#8221;][et_pb_text _builder_version=&#8221;4.25.1&#8243; _module_preset=&#8221;default&#8221; global_colors_info=&#8221;{}&#8221;]<\/p>\n<p>&nbsp;<\/p>\n<p>&nbsp;<\/p>\n<p>Az Ag\u00f3ra \u00e9p\u00fclete egy egys\u00e9ges, sz\u00ednes design alapj\u00e1n k\u00e9sz\u00fclt mely v\u00e9gigvonul az \u00e9p\u00fclet k\u00fcls\u0151 \u00e9s bels\u0151 terein \u00e9s amit harmonikusan eg\u00e9sz\u00edti ki modern berendez\u00e9se. Ezt a harm\u00f3ni\u00e1t t\u00fckr\u00f6zi a helyis\u00e9g el\u0151tereinek, a f\u00f6ldszinti \u00e9s az emeleti el\u0151csarnoknak b\u00fatorzata, melyek a korszer\u0171 k\u00e1v\u00e9z\u00f3val egy\u00fctt vend\u00e9geink k\u00e9nyelmes v\u00e1rakoz\u00e1s\u00e1r\u00f3l, pihen\u00e9s\u00e9r\u0151l gondoskodik.<\/p>\n<p style=\"text-align: justify;\">\n<p>[\/et_pb_text][\/et_pb_column][\/et_pb_row][et_pb_row column_structure=&#8221;1_2,1_2&#8243; _builder_version=&#8221;4.25.1&#8243; _module_preset=&#8221;default&#8221; custom_padding=&#8221;||10px|||&#8221; global_colors_info=&#8221;{}&#8221;][et_pb_column type=&#8221;1_2&#8243; _builder_version=&#8221;4.25.1&#8243; _module_preset=&#8221;default&#8221; global_colors_info=&#8221;{}&#8221;][et_pb_image src=&#8221;https:\/\/agoraveszprem.hu\/wp-content\/uploads\/2024\/05\/foto-7.jpg&#8221; alt=&#8221;k\u00e1v\u00e9z\u00f3&#8221; title_text=&#8221;k\u00e1v\u00e9z\u00f3&#8221; _builder_version=&#8221;4.25.1&#8243; _module_preset=&#8221;default&#8221; border_width_all=&#8221;2px&#8221; border_color_all=&#8221;#9E2A87&#8243; global_colors_info=&#8221;{}&#8221;][\/et_pb_image][\/et_pb_column][et_pb_column type=&#8221;1_2&#8243; _builder_version=&#8221;4.25.1&#8243; _module_preset=&#8221;default&#8221; global_colors_info=&#8221;{}&#8221;][et_pb_image src=&#8221;https:\/\/agoraveszprem.hu\/wp-content\/uploads\/2024\/05\/foto-8.jpg&#8221; alt=&#8221;porta&#8221; title_text=&#8221;porta&#8221; _builder_version=&#8221;4.25.1&#8243; _module_preset=&#8221;default&#8221; border_width_all=&#8221;2px&#8221; border_color_all=&#8221;#9E2A87&#8243; global_colors_info=&#8221;{}&#8221;][\/et_pb_image][\/et_pb_column][\/et_pb_row][et_pb_row _builder_version=&#8221;4.25.1&#8243; _module_preset=&#8221;default&#8221; custom_padding=&#8221;15px|||||&#8221; global_colors_info=&#8221;{}&#8221;][et_pb_column type=&#8221;4_4&#8243; _builder_version=&#8221;4.25.1&#8243; _module_preset=&#8221;default&#8221; global_colors_info=&#8221;{}&#8221;][et_pb_text _builder_version=&#8221;4.25.1&#8243; _module_preset=&#8221;default&#8221; custom_padding=&#8221;||16px|||&#8221; global_colors_info=&#8221;{}&#8221;]<\/p>\n<p>Veszpr\u00e9m a k\u00fcl\u00f6nb\u00f6z\u0151 m\u0171v\u00e9szeti \u00e1gak ter\u00fclet\u00e9n elismert alkot\u00f3 \u2013 \u00e9s el\u0151ad\u00f3 k\u00f6z\u00f6ss\u00e9gekkel, illetve kiemelt m\u0171v\u00e9szeti egy\u00fcttesekkel rendelkezik. K\u00f6z\u00fcl\u00fck a Bakony Fot\u00f3klub, a TIT V\u00e1ci Mih\u00e1ly Irodalmi Sz\u00ednpad, a Gizella N\u0151ikar, a Gerence Hagyom\u00e1ny\u0151rz\u0151 T\u00e1ncegy\u00fcttes, a Veszpr\u00e9mi Liszt Ferenc K\u00f3rust\u00e1rsas\u00e1g, melyeknek pr\u00f3ba- \u00e9s el\u0151ad\u00e1si lehet\u0151s\u00e9get is int\u00e9zm\u00e9ny\u00fcnk biztos\u00edt.<\/p>\n<p>Az Ag\u00f3ra nagy hangs\u00faly fektet a magyar n\u00e9pzene n\u00e9pszer\u0171s\u00edt\u00e9s\u00e9re a k\u00fcl\u00f6nb\u00f6z\u0151 t\u00e1jegys\u00e9gek zenei kult\u00far\u00e1j\u00e1nak bemutat\u00e1s\u00e1ra. \u00c9vente t\u00f6bb rangos folkl\u00f3r program ker\u00fcl megrendez\u00e9sre, amiket rendszeresen t\u00e1nch\u00e1zzal eg\u00e9sz\u00edt\u00fcnk ki.<\/p>\n<p>Nyaranta sz\u00e1mos szabadt\u00e9ri rendezv\u00e9nnyel kedvesked\u00fcnk a v\u00e1ros lak\u00f3inak \u00e9s az idel\u00e1togat\u00f3 turist\u00e1knak. N\u00e9pszer\u0171ek \u00e9s mindig nagy \u00e9rdekl\u0151d\u00e9sre tartanak sz\u00e1mot az els\u0151sorban sz\u00f3rakoztat\u00f3 m\u0171fajokat felvonultat\u00f3 programjaink. A ny\u00e1r folyam\u00e1n rendezz\u00fck meg a K\u00e1lvin J\u00e1nos parkban a <strong>\u201ePrevenci\u00f3s Nap\u201d<\/strong>, a T\u00e1bor\u00e1ll\u00e1s parkban a <strong>\u201eCsal\u00e1di Nap\u201d <\/strong>esem\u00e9nyeinket, melyek kifejezetten k\u00f6zkedveltek \u00e9s t\u00f6bb sz\u00e1z l\u00e1togat\u00f3 sz\u00ednvonalas kikapcsol\u00f3d\u00e1s\u00e1r\u00f3l gondoskodnak. H\u00e1rom helysz\u00ednen h\u00e1rom k\u00fcl\u00f6nb\u00f6z\u0151 t\u00e9m\u00e1ban szervezz\u00fck meg az EKF programsorozat keret\u00e9ben \u00fatj\u00e1ra ind\u00edtott <strong>\u201eMini Piknik\u201d <\/strong>esem\u00e9nyeket. A csal\u00e1d- \u00e9s a gasztron\u00f3mia, a cirkuszm\u0171v\u00e9szet \u00e9s a sport jegy\u00e9ben, a lak\u00f3telep frekvent\u00e1lt terein val\u00f3sulnak meg a n\u00e9pszer\u0171 piknikek. Augusztus utols\u00f3 napjaiban a fel\u00faj\u00edtott T\u00e1bor\u00e1ll\u00e1s parkban h\u00edvjuk \u00e9letre a <strong>\u201eGyere a parkba! \u2013 ny\u00e1rb\u00facs\u00faztat\u00f3 est\u00e9k\u201d<\/strong>\u00a0c\u00edm\u0171 t\u00f6bbnapos programunkat, ahol gyerekek \u00e9s feln\u0151ttek egyar\u00e1nt megtal\u00e1lj\u00e1k a kellemes sz\u00f3rakoz\u00e1si lehet\u0151s\u00e9get. V\u00e9g\u00fcl a m\u00e9lt\u00e1n n\u00e9pszer\u0171 <strong>\u201eFilmek a falakon<\/strong>\u201d est\u00e9kkel z\u00e1rjuk a nyarat, ahol f\u00e9nyfest\u00e9s keret\u00e9ben, a Stromfeld u. 5. h\u00e1z fal\u00e1ra vet\u00edt\u00fcnk popul\u00e1ris filmeket.<\/p>\n<p>[\/et_pb_text][\/et_pb_column][\/et_pb_row][et_pb_row _builder_version=&#8221;4.25.1&#8243; _module_preset=&#8221;default&#8221; width=&#8221;68%&#8221; global_colors_info=&#8221;{}&#8221;][et_pb_column type=&#8221;4_4&#8243; _builder_version=&#8221;4.25.1&#8243; _module_preset=&#8221;default&#8221; global_colors_info=&#8221;{}&#8221;][et_pb_image src=&#8221;https:\/\/agoraveszprem.hu\/wp-content\/uploads\/2024\/05\/foto-9.jpg&#8221; alt=&#8221;Ag\u00f3ra homlokzat, f\u00e9nyfest\u00e9ssel&#8221; title_text=&#8221;Ag\u00f3ra homlokzat, f\u00e9nyfest\u00e9ssel&#8221; _builder_version=&#8221;4.25.1&#8243; _module_preset=&#8221;default&#8221; border_width_all=&#8221;2px&#8221; border_color_all=&#8221;#9E2A87&#8243; global_colors_info=&#8221;{}&#8221;][\/et_pb_image][\/et_pb_column][\/et_pb_row][\/et_pb_section][et_pb_section fb_built=&#8221;1&#8243; custom_padding_last_edited=&#8221;on|desktop&#8221; prev_background_color=&#8221;#ffffff&#8221; admin_label=&#8221;Footer&#8221; _builder_version=&#8221;4.16&#8243; use_background_color_gradient=&#8221;on&#8221; background_color_gradient_direction=&#8221;130deg&#8221; background_color_gradient_stops=&#8221;#9e2a87 0%|#cccccc 100%&#8221; background_color_gradient_start=&#8221;#9e2a87&#8243; background_color_gradient_end=&#8221;#cccccc&#8221; background_image=&#8221;https:\/\/agoraveszprem.hu\/wp-content\/uploads\/2019\/05\/AGORA-bg2.fw_-2-2.png&#8221; parallax=&#8221;on&#8221; custom_padding=&#8221;16vw||7vw||false|false&#8221; custom_padding_tablet=&#8221;100px||100px||true&#8221; custom_padding_phone=&#8221;||||true&#8221; top_divider_style=&#8221;ramp2&#8243; top_divider_height=&#8221;250px&#8221; top_divider_flip=&#8221;vertical&#8221; top_divider_height_tablet=&#8221;150px&#8221; top_divider_height_phone=&#8221;110px&#8221; top_divider_height_last_edited=&#8221;on|phone&#8221; saved_tabs=&#8221;all&#8221; global_colors_info=&#8221;{}&#8221;][et_pb_row _builder_version=&#8221;4.16&#8243; background_size=&#8221;initial&#8221; background_position=&#8221;top_left&#8221; background_repeat=&#8221;repeat&#8221; width=&#8221;83.4%&#8221; module_alignment=&#8221;center&#8221; custom_margin=&#8221;|||||&#8221; animation_style=&#8221;slide&#8221; global_colors_info=&#8221;{}&#8221;][et_pb_column type=&#8221;4_4&#8243; _builder_version=&#8221;4.16&#8243; custom_padding=&#8221;|||&#8221; global_colors_info=&#8221;{}&#8221; custom_padding__hover=&#8221;|||&#8221;][et_pb_text _builder_version=&#8221;4.24.2&#8243; text_font=&#8221;||||||||&#8221; header_font=&#8221;||||||||&#8221; header_2_font=&#8221;Playfair Display|700|||||||&#8221; header_2_text_align=&#8221;center&#8221; header_2_text_color=&#8221;#2b2b2b&#8221; header_2_line_height=&#8221;1.5em&#8221; background_size=&#8221;initial&#8221; background_position=&#8221;top_left&#8221; background_repeat=&#8221;repeat&#8221; text_orientation=&#8221;center&#8221; module_alignment=&#8221;center&#8221; min_height=&#8221;66px&#8221; custom_margin=&#8221;||10px|&#8221; custom_padding=&#8221;12px||0px|||&#8221; locked=&#8221;off&#8221; inline_fonts=&#8221;Abhaya Libre,GILL Sans&#8221; global_colors_info=&#8221;{}&#8221;]<\/p>\n<h2 class=\"akadalymentes_cimsor\"><span style=\"font-family: 'GILL Sans'; color: #ffffff;\">K\u00e9rd\u00e9se, \u00e9szrev\u00e9tele van? Vegye fel vel\u00fcnk a kapcsolatot!<\/span><\/h2>\n<p>[\/et_pb_text][et_pb_divider color=&#8221;#f7d584&#8243; divider_style=&#8221;dashed&#8221; divider_weight=&#8221;3px&#8221; disabled_on=&#8221;on|on|off&#8221; _builder_version=&#8221;4.16&#8243; max_width=&#8221;80px&#8221; module_alignment=&#8221;center&#8221; height=&#8221;10px&#8221; custom_margin=&#8221;||20px|&#8221; animation_style=&#8221;slide&#8221; animation_direction=&#8221;bottom&#8221; saved_tabs=&#8221;all&#8221; locked=&#8221;off&#8221; global_colors_info=&#8221;{}&#8221;][\/et_pb_divider][et_pb_text _builder_version=&#8221;4.24.2&#8243; _module_preset=&#8221;default&#8221; background_layout=&#8221;dark&#8221; custom_css_free_form=&#8221;input.wpcf7-submit {||    color: #ffffff !important;||}&#8221; global_colors_info=&#8221;{}&#8221;]<\/p>\n\n<div class=\"wpcf7 no-js\" id=\"wpcf7-f718-o1\" lang=\"hu-HU\" dir=\"ltr\" data-wpcf7-id=\"718\">\n<div class=\"screen-reader-response\"><p role=\"status\" aria-live=\"polite\" aria-atomic=\"true\"><\/p> <ul><\/ul><\/div>\n<form action=\"\/eng\/wp-json\/wp\/v2\/pages\/404#wpcf7-f718-o1\" method=\"post\" class=\"wpcf7-form init\" aria-label=\"Kapcsolatfelv\u00e9teli \u0171rlap\" novalidate=\"novalidate\" data-status=\"init\">\n<fieldset class=\"hidden-fields-container\"><input type=\"hidden\" name=\"_wpcf7\" value=\"718\" \/><input type=\"hidden\" name=\"_wpcf7_version\" value=\"6.1.7\" \/><input type=\"hidden\" name=\"_wpcf7_locale\" value=\"hu_HU\" \/><input type=\"hidden\" name=\"_wpcf7_unit_tag\" value=\"wpcf7-f718-o1\" \/><input type=\"hidden\" name=\"_wpcf7_container_post\" value=\"0\" \/><input type=\"hidden\" name=\"_wpcf7_posted_data_hash\" value=\"\" \/><input type=\"hidden\" name=\"_wpcf7_recaptcha_response\" value=\"\" \/>\n<\/fieldset>\n<div class=\"wpcf7-response-output\" aria-hidden=\"true\"><\/div>\n<fieldset>\n\t<p><label for=\"cfname\"> N\u00e9v (k\u00f6telez\u0151)<br \/>\n<span class=\"wpcf7-form-control-wrap\" data-name=\"your-name\"><input size=\"40\" maxlength=\"400\" class=\"wpcf7-form-control wpcf7-text wpcf7-validates-as-required\" id=\"cfname\" aria-required=\"true\" aria-invalid=\"false\" value=\"\" type=\"text\" name=\"your-name\" \/><\/span> <\/label>\n\t<\/p>\n\t<p><label for=\"cfemail\"> Email c\u00edm (k\u00f6telez\u0151)<br \/>\n<span class=\"wpcf7-form-control-wrap\" data-name=\"your-email\"><input size=\"40\" maxlength=\"400\" class=\"wpcf7-form-control wpcf7-email wpcf7-validates-as-required wpcf7-text wpcf7-validates-as-email\" id=\"cfemail\" aria-required=\"true\" aria-invalid=\"false\" value=\"\" type=\"email\" name=\"your-email\" \/><\/span> <\/label>\n\t<\/p>\n\t<p><label for=\"targy\"> T\u00e1rgy<br \/>\n<span class=\"wpcf7-form-control-wrap\" data-name=\"your-subject\"><input size=\"40\" maxlength=\"400\" class=\"wpcf7-form-control wpcf7-text\" id=\"targy\" aria-invalid=\"false\" value=\"\" type=\"text\" name=\"your-subject\" \/><\/span> <\/label>\n\t<\/p>\n\t<p><label for=\"uzenet\"> \u00dczenet<br \/>\n<span class=\"wpcf7-form-control-wrap\" data-name=\"your-message\"><textarea cols=\"40\" rows=\"10\" maxlength=\"2000\" class=\"wpcf7-form-control wpcf7-textarea\" id=\"uzenet\" aria-invalid=\"false\" name=\"your-message\"><\/textarea><\/span> <\/label>\n\t<\/p>\n\t<p><label for=\"gdpr\">K\u00e9rj\u00fck adja a hozz\u00e1j\u00e1rul\u00e1s\u00e1t.<\/label><br \/>\n<span class=\"wpcf7-form-control-wrap\" data-name=\"hozzajarulas\"><span class=\"wpcf7-form-control wpcf7-acceptance\"><span class=\"wpcf7-list-item\"><label><input type=\"checkbox\" name=\"hozzajarulas\" value=\"1\" id=\"gdpr\" aria-invalid=\"false\" \/><span class=\"wpcf7-list-item-label\">Elolvastam \u00e9s elfogadom az <a href=\"https:\/\/agoraveszprem.hu\/adatkezelesi-tajekoztato\/\" target=\"_blank\">Adatkezel\u00e9si t\u00e1j\u00e9koztat\u00f3ban<\/a> foglaltakat.<\/span><\/label><\/span><\/span><\/span>\n\t<\/p>\n<\/fieldset>\n<p><input class=\"wpcf7-form-control wpcf7-submit has-spinner\" type=\"submit\" value=\"K\u00fcld\u00e9s\" \/>\n<\/p>\n<\/form>\n<\/div>\n\n<p>[\/et_pb_text][\/et_pb_column][\/et_pb_row][et_pb_row _builder_version=&#8221;4.16&#8243; global_colors_info=&#8221;{}&#8221;][et_pb_column type=&#8221;4_4&#8243; _builder_version=&#8221;4.16&#8243; custom_padding=&#8221;|||&#8221; global_colors_info=&#8221;{}&#8221; custom_padding__hover=&#8221;|||&#8221;][et_pb_social_media_follow _builder_version=&#8221;4.16&#8243; text_orientation=&#8221;center&#8221; custom_padding=&#8221;14px|||||&#8221; border_radii=&#8221;on|34px|34px|34px|34px&#8221; global_colors_info=&#8221;{}&#8221;][et_pb_social_media_follow_network social_network=&#8221;facebook&#8221; url=&#8221;https:\/\/www.facebook.com\/vmkveszprem?fref=ts&#8221; _builder_version=&#8221;4.16&#8243; background_color=&#8221;#fcb6ab&#8221; global_colors_info=&#8221;{}&#8221; follow_button=&#8221;off&#8221; url_new_window=&#8221;on&#8221;]facebook[\/et_pb_social_media_follow_network][et_pb_social_media_follow_network social_network=&#8221;instagram&#8221; url=&#8221;https:\/\/www.instagram.com\/explore\/locations\/1020400020\/agora-veszprem-kulturalis-kozpont&#8221; _builder_version=&#8221;4.16&#8243; background_color=&#8221;#fcb6ab&#8221; global_colors_info=&#8221;{}&#8221; follow_button=&#8221;off&#8221; url_new_window=&#8221;on&#8221;]instagram[\/et_pb_social_media_follow_network][\/et_pb_social_media_follow][\/et_pb_column][\/et_pb_row][\/et_pb_section]<\/p>\n","protected":false},"excerpt":{"rendered":"<p>Ag\u00f3ra Veszpr\u00e9m Az int\u00e9zm\u00e9ny bemutat\u00e1sa AG\u00d3RA Veszpr\u00e9m Kultur\u00e1lis K\u00f6zpont8200 Veszpr\u00e9m, T\u00e1bor\u00e1ll\u00e1s park 1. Telefon: +36 88\/429-111, +36 88\/429-693Mobil:+36 20 9924-753; +36 20 9924-852 K\u00f6zponti e-mail c\u00edm: info@agoraveszprem.hu Web: www.agoraveszprem.hu Facebook:\u00a0 https:\/\/www.facebook.com\/agoraveszprem Instagram: https:\/\/www.instagram.com\/agoraveszprem\/ &nbsp; &nbsp; &nbsp;&#8222;Istv\u00e1n, Gizella \u0151si v\u00e1rt\u00e1n, m\u00f6g\u00f6tt\u00fck v\u00f6lgyh\u00edd: k\u0151sziv\u00e1rv\u00e1ny. Bakony szel\u00e9b\u0151l &#8211; \u00e1lmodni se mern\u00e9d &#8211; arany harangsz\u00f3 h\u00edmez, misekelm\u00e9t. Itt a [&hellip;]<\/p>\n","protected":false},"author":1,"featured_media":0,"parent":0,"menu_order":2,"comment_status":"closed","ping_status":"closed","template":"","meta":{"_et_pb_use_builder":"on","_et_pb_old_content":"","_et_gb_content_width":"","footnotes":""},"class_list":["post-404","page","type-page","status-publish","hentry"],"_links":{"self":[{"href":"https:\/\/agoraveszprem.hu\/eng\/wp-json\/wp\/v2\/pages\/404","targetHints":{"allow":["GET"]}}],"collection":[{"href":"https:\/\/agoraveszprem.hu\/eng\/wp-json\/wp\/v2\/pages"}],"about":[{"href":"https:\/\/agoraveszprem.hu\/eng\/wp-json\/wp\/v2\/types\/page"}],"author":[{"embeddable":true,"href":"https:\/\/agoraveszprem.hu\/eng\/wp-json\/wp\/v2\/users\/1"}],"replies":[{"embeddable":true,"href":"https:\/\/agoraveszprem.hu\/eng\/wp-json\/wp\/v2\/comments?post=404"}],"version-history":[{"count":33,"href":"https:\/\/agoraveszprem.hu\/eng\/wp-json\/wp\/v2\/pages\/404\/revisions"}],"predecessor-version":[{"id":18441,"href":"https:\/\/agoraveszprem.hu\/eng\/wp-json\/wp\/v2\/pages\/404\/revisions\/18441"}],"wp:attachment":[{"href":"https:\/\/agoraveszprem.hu\/eng\/wp-json\/wp\/v2\/media?parent=404"}],"curies":[{"name":"wp","href":"https:\/\/api.w.org\/{rel}","templated":true}]}}