{"id":4943,"date":"2021-05-20T08:43:46","date_gmt":"2021-05-20T07:43:46","guid":{"rendered":"https:\/\/agoraveszprem.hu\/uzlet\/"},"modified":"2024-01-29T15:23:16","modified_gmt":"2024-01-29T15:23:16","slug":"online-jegyvasarlas","status":"publish","type":"page","link":"https:\/\/agoraveszprem.hu\/eng\/online-jegyvasarlas\/","title":{"rendered":"Buy tickets online"},"content":{"rendered":"<p>[et_pb_section fb_built=&#8221;1&#8243; custom_padding_last_edited=&#8221;on|desktop&#8221; next_background_color=&#8221;#ffffff&#8221; admin_label=&#8221;Header&#8221; _builder_version=&#8221;4.16&#8243; use_background_color_gradient=&#8221;on&#8221; background_color_gradient_direction=&#8221;130deg&#8221; background_color_gradient_stops=&#8221;#ffffff 0%|#F2F2FA 100%&#8221; background_color_gradient_start=&#8221;#ffffff&#8221; background_color_gradient_end=&#8221;#F2F2FA&#8221; background_image=&#8221;https:\/\/agoraveszprem.hu\/wp-content\/uploads\/2019\/05\/marketing-bg8-1.png&#8221; parallax=&#8221;on&#8221; custom_padding=&#8221;0vw||0vw||false|false&#8221; custom_padding_tablet=&#8221;100px||100px||true&#8221; custom_padding_phone=&#8221;||||true&#8221; top_divider_style=&#8221;ramp2&#8243; top_divider_color=&#8221;#d7a562&#8243; top_divider_height=&#8221;22px&#8221; bottom_divider_style=&#8221;ramp2&#8243; bottom_divider_height=&#8221;250px&#8221; bottom_divider_flip=&#8221;horizontal&#8221; bottom_divider_height_tablet=&#8221;150px&#8221; bottom_divider_height_phone=&#8221;110px&#8221; bottom_divider_height_last_edited=&#8221;on|phone&#8221; saved_tabs=&#8221;all&#8221; global_colors_info=&#8221;{}&#8221; theme_builder_area=&#8221;post_content&#8221;][et_pb_row _builder_version=&#8221;4.16&#8243; global_colors_info=&#8221;{}&#8221; theme_builder_area=&#8221;post_content&#8221;][et_pb_column type=&#8221;4_4&#8243; _builder_version=&#8221;4.16&#8243; custom_padding=&#8221;|||&#8221; global_colors_info=&#8221;{}&#8221; custom_padding__hover=&#8221;|||&#8221; theme_builder_area=&#8221;post_content&#8221;][et_pb_text _builder_version=&#8221;4.23.1&#8243; text_font=&#8221;Roboto||||||||&#8221; header_font=&#8221;Roboto|700|||||||&#8221; header_text_align=&#8221;center&#8221; header_font_size=&#8221;80px&#8221; header_line_height=&#8221;1.2em&#8221; header_3_font=&#8221;Roboto|700||on|||||&#8221; header_3_text_align=&#8221;center&#8221; header_3_text_color=&#8221;#ffffff&#8221; header_3_font_size=&#8221;24px&#8221; header_3_letter_spacing=&#8221;10px&#8221; header_3_line_height=&#8221;2em&#8221; text_orientation=&#8221;center&#8221; background_layout=&#8221;dark&#8221; module_alignment=&#8221;center&#8221; custom_margin=&#8221;||-17px|||&#8221; text_font_size_last_edited=&#8221;off|desktop&#8221; header_font_size_tablet=&#8221;40px&#8221; header_font_size_phone=&#8221;32px&#8221; header_font_size_last_edited=&#8221;on|phone&#8221; header_3_font_size_tablet=&#8221;16px&#8221; header_3_font_size_phone=&#8221;14px&#8221; header_3_font_size_last_edited=&#8221;on|phone&#8221; header_3_letter_spacing_tablet=&#8221;5px&#8221; header_3_letter_spacing_phone=&#8221;&#8221; header_3_letter_spacing_last_edited=&#8221;on|tablet&#8221; inline_fonts=&#8221;Abhaya Libre&#8221; global_colors_info=&#8221;{}&#8221; theme_builder_area=&#8221;post_content&#8221;]<\/p>\n<h1><span style=\"font-family: 'Abhaya Libre'; font-weight: normal; color: #d7a562;\">Jegyv\u00e1s\u00e1rl\u00e1s<\/span><\/h1>\n<p>[\/et_pb_text][et_pb_divider color=&#8221;#d7a562&#8243; divider_style=&#8221;dotted&#8221; divider_weight=&#8221;2px&#8221; _builder_version=&#8221;4.16&#8243; min_height=&#8221;24px&#8221; height=&#8221;0px&#8221; custom_margin=&#8221;-16px||0px|||&#8221; custom_padding=&#8221;6px|||||&#8221; global_colors_info=&#8221;{}&#8221; theme_builder_area=&#8221;post_content&#8221;][\/et_pb_divider][et_pb_text _builder_version=&#8221;4.23.1&#8243; text_font=&#8221;Roboto||||||||&#8221; header_font=&#8221;Roboto|700|||||||&#8221; header_text_align=&#8221;center&#8221; header_font_size=&#8221;80px&#8221; header_line_height=&#8221;1.2em&#8221; header_3_font=&#8221;Roboto|700||on|||||&#8221; header_3_text_align=&#8221;center&#8221; header_3_text_color=&#8221;#ffffff&#8221; header_3_font_size=&#8221;24px&#8221; header_3_letter_spacing=&#8221;10px&#8221; header_3_line_height=&#8221;2em&#8221; text_orientation=&#8221;center&#8221; background_layout=&#8221;dark&#8221; module_alignment=&#8221;center&#8221; custom_margin=&#8221;||15px|||&#8221; text_font_size_last_edited=&#8221;off|desktop&#8221; header_font_size_tablet=&#8221;40px&#8221; header_font_size_phone=&#8221;32px&#8221; header_font_size_last_edited=&#8221;on|phone&#8221; header_3_font_size_tablet=&#8221;16px&#8221; header_3_font_size_phone=&#8221;14px&#8221; header_3_font_size_last_edited=&#8221;on|phone&#8221; header_3_letter_spacing_tablet=&#8221;5px&#8221; header_3_letter_spacing_phone=&#8221;&#8221; header_3_letter_spacing_last_edited=&#8221;on|tablet&#8221; inline_fonts=&#8221;Abhaya Libre&#8221; global_colors_info=&#8221;{}&#8221; theme_builder_area=&#8221;post_content&#8221;]<\/p>\n<blockquote>\n<h2 style=\"text-align: left;\"><\/h2>\n<h2 style=\"text-align: left;\"><span style=\"font-family: 'Abhaya Libre'; font-weight: normal; color: #d7a562;\"><strong><b><em>Kedves Vend\u00e9g\u00fcnk!<\/em><\/b><\/strong><\/span><\/h2>\n<h2 style=\"text-align: left;\"><span style=\"font-family: 'Abhaya Libre'; font-weight: normal; color: #d7a562;\"><strong><b><em>V\u00e1s\u00e1rolja meg egyszer\u0171en \u00e9s k\u00e9nyelmesen rendezv\u00e9nyeinkre a jegyeit.\u00a0<\/em><\/b><\/strong><\/span><\/h2>\n<\/blockquote>\n<p>[\/et_pb_text][et_pb_code _builder_version=&#8221;4.16&#8243; _module_preset=&#8221;default&#8221; global_colors_info=&#8221;{}&#8221; theme_builder_area=&#8221;post_content&#8221;][\/et_pb_code][et_pb_code _builder_version=&#8221;4.16&#8243; _module_preset=&#8221;default&#8221; global_colors_info=&#8221;{}&#8221; theme_builder_area=&#8221;post_content&#8221;]<div class=\"woocommerce columns-4 \"><ul class=\"products columns-4\">\n<li class=\"product type-product post-49682 status-publish first instock product_cat-eticket has-post-thumbnail virtual taxable purchasable product-type-simple\">\n\t<a href=\"https:\/\/agoraveszprem.hu\/eng\/product\/berlet-oszi-gyermekprogramok-az-agoraban\/\" class=\"woocommerce-LoopProduct-link woocommerce-loop-product__link\"><span class=\"et_shop_image\"><img loading=\"lazy\" decoding=\"async\" width=\"300\" height=\"300\" src=\"https:\/\/agoraveszprem.hu\/wp-content\/uploads\/2026\/06\/Agora-Eticket-BERLET-300x300.jpg\" class=\"attachment-woocommerce_thumbnail size-woocommerce_thumbnail\" alt=\"B\u00c9RLET\/\/ \u0150szi Gyermekprogramok az Ag\u00f3r\u00e1ban\" \/><span class=\"et_overlay\"><\/span><\/span><h2 class=\"woocommerce-loop-product__title\">B\u00c9RLET\/\/ \u0150szi Gyermekprogramok az Ag\u00f3r\u00e1ban<\/h2>\n\t<span class=\"price\"><span class=\"woocommerce-Price-amount amount\"><bdi>12000&nbsp;<span class=\"woocommerce-Price-currencySymbol\" translate=\"no\">&#70;&#116;<\/span><\/bdi><\/span><\/span>\n<\/a><\/li>\n<li class=\"product type-product post-49838 status-publish instock product_cat-eticket has-post-thumbnail virtual taxable purchasable product-type-simple\">\n\t<a href=\"https:\/\/agoraveszprem.hu\/eng\/product\/claude-magnier-oscar-2026-09-25-pentek-19-ora\/\" class=\"woocommerce-LoopProduct-link woocommerce-loop-product__link\"><span class=\"et_shop_image\"><img loading=\"lazy\" decoding=\"async\" width=\"300\" height=\"300\" src=\"https:\/\/agoraveszprem.hu\/wp-content\/uploads\/2025\/05\/Agora-Eticket-RENDEZVENY-300x300.jpg\" class=\"attachment-woocommerce_thumbnail size-woocommerce_thumbnail\" alt=\"Claude Magnier: OSCAR 2026. 09. 25. p\u00e9ntek 19 \u00f3ra\" \/><span class=\"et_overlay\"><\/span><\/span><h2 class=\"woocommerce-loop-product__title\">Claude Magnier: OSCAR 2026. 09. 25. p\u00e9ntek 19 \u00f3ra<\/h2>\n\t<span class=\"price\"><span class=\"woocommerce-Price-amount amount\"><bdi>1500&nbsp;<span class=\"woocommerce-Price-currencySymbol\" translate=\"no\">&#70;&#116;<\/span><\/bdi><\/span><\/span>\n<\/a><\/li>\n<li class=\"product type-product post-50317 status-publish instock product_cat-eticket has-post-thumbnail virtual taxable purchasable product-type-simple\">\n\t<a href=\"https:\/\/agoraveszprem.hu\/eng\/product\/filmklub-miket-nem-beszelek-2026-09-07\/\" class=\"woocommerce-LoopProduct-link woocommerce-loop-product__link\"><span class=\"et_shop_image\"><img loading=\"lazy\" decoding=\"async\" width=\"300\" height=\"300\" src=\"https:\/\/agoraveszprem.hu\/wp-content\/uploads\/2025\/05\/Agora-Eticket-FILMKLUB-300x300.jpg\" class=\"attachment-woocommerce_thumbnail size-woocommerce_thumbnail\" alt=\"Filmklub: Miket nem besz\u00e9lek 2026. 09. 07. h\u00e9tf\u0151 18 \u00f3ra\" \/><span class=\"et_overlay\"><\/span><\/span><h2 class=\"woocommerce-loop-product__title\">Filmklub: Miket nem besz\u00e9lek 2026. 09. 07. h\u00e9tf\u0151 18 \u00f3ra<\/h2>\n\t<span class=\"price\"><span class=\"woocommerce-Price-amount amount\"><bdi>2000&nbsp;<span class=\"woocommerce-Price-currencySymbol\" translate=\"no\">&#70;&#116;<\/span><\/bdi><\/span><\/span>\n<\/a><\/li>\n<li class=\"product type-product post-50326 status-publish last instock product_cat-eticket has-post-thumbnail virtual taxable purchasable product-type-simple\">\n\t<a href=\"https:\/\/agoraveszprem.hu\/eng\/product\/filmklub-negy-anya-negy-fia-2026-09-14\/\" class=\"woocommerce-LoopProduct-link woocommerce-loop-product__link\"><span class=\"et_shop_image\"><img loading=\"lazy\" decoding=\"async\" width=\"300\" height=\"300\" src=\"https:\/\/agoraveszprem.hu\/wp-content\/uploads\/2025\/05\/Agora-Eticket-FILMKLUB-300x300.jpg\" class=\"attachment-woocommerce_thumbnail size-woocommerce_thumbnail\" alt=\"Filmklub: N\u00e9gy anya n\u00e9gy fia 2026. 09. 14. h\u00e9tf\u0151 18 \u00f3ra\" \/><span class=\"et_overlay\"><\/span><\/span><h2 class=\"woocommerce-loop-product__title\">Filmklub: N\u00e9gy anya n\u00e9gy fia 2026. 09. 14. h\u00e9tf\u0151 18 \u00f3ra<\/h2>\n\t<span class=\"price\"><span class=\"woocommerce-Price-amount amount\"><bdi>2000&nbsp;<span class=\"woocommerce-Price-currencySymbol\" translate=\"no\">&#70;&#116;<\/span><\/bdi><\/span><\/span>\n<\/a><\/li>\n<li class=\"product type-product post-50329 status-publish first instock product_cat-eticket has-post-thumbnail virtual taxable purchasable product-type-simple\">\n\t<a href=\"https:\/\/agoraveszprem.hu\/eng\/product\/filmklub-szerelmem-marokko-2026-09-21\/\" class=\"woocommerce-LoopProduct-link woocommerce-loop-product__link\"><span class=\"et_shop_image\"><img loading=\"lazy\" decoding=\"async\" width=\"300\" height=\"300\" src=\"https:\/\/agoraveszprem.hu\/wp-content\/uploads\/2025\/05\/Agora-Eticket-FILMKLUB-300x300.jpg\" class=\"attachment-woocommerce_thumbnail size-woocommerce_thumbnail\" alt=\"Filmklub: Szerelmem, Marokk\u00f3 2026. 09. 21. h\u00e9tf\u0151 18 \u00f3ra\" \/><span class=\"et_overlay\"><\/span><\/span><h2 class=\"woocommerce-loop-product__title\">Filmklub: Szerelmem, Marokk\u00f3 2026. 09. 21. h\u00e9tf\u0151 18 \u00f3ra<\/h2>\n\t<span class=\"price\"><span class=\"woocommerce-Price-amount amount\"><bdi>2000&nbsp;<span class=\"woocommerce-Price-currencySymbol\" translate=\"no\">&#70;&#116;<\/span><\/bdi><\/span><\/span>\n<\/a><\/li>\n<li class=\"product type-product post-50332 status-publish instock product_cat-eticket has-post-thumbnail virtual taxable purchasable product-type-simple\">\n\t<a href=\"https:\/\/agoraveszprem.hu\/eng\/product\/filmklub-ujra-nagyvasznon-adam-almai-2026-09-28\/\" class=\"woocommerce-LoopProduct-link woocommerce-loop-product__link\"><span class=\"et_shop_image\"><img loading=\"lazy\" decoding=\"async\" width=\"300\" height=\"300\" src=\"https:\/\/agoraveszprem.hu\/wp-content\/uploads\/2025\/05\/Agora-Eticket-FILMKLUB-300x300.jpg\" class=\"attachment-woocommerce_thumbnail size-woocommerce_thumbnail\" alt=\"Filmklub: \u00dajra nagyv\u00e1sznon \u2013 \u00c1d\u00e1m alm\u00e1i 2026. 09. 28. h\u00e9tf\u0151 18 \u00f3ra\" \/><span class=\"et_overlay\"><\/span><\/span><h2 class=\"woocommerce-loop-product__title\">Filmklub: \u00dajra nagyv\u00e1sznon \u2013 \u00c1d\u00e1m alm\u00e1i 2026. 09. 28. h\u00e9tf\u0151 18 \u00f3ra<\/h2>\n\t<span class=\"price\"><span class=\"woocommerce-Price-amount amount\"><bdi>2000&nbsp;<span class=\"woocommerce-Price-currencySymbol\" translate=\"no\">&#70;&#116;<\/span><\/bdi><\/span><\/span>\n<\/a><\/li>\n<li class=\"product type-product post-49368 status-publish instock product_cat-eticket has-post-thumbnail virtual taxable purchasable product-type-simple\">\n\t<a href=\"https:\/\/agoraveszprem.hu\/eng\/product\/fust-pokorny-lia-est-2026-10-29\/\" class=\"woocommerce-LoopProduct-link woocommerce-loop-product__link\"><span class=\"et_shop_image\"><img loading=\"lazy\" decoding=\"async\" width=\"300\" height=\"300\" src=\"https:\/\/agoraveszprem.hu\/wp-content\/uploads\/2025\/05\/Agora-Eticket-RENDEZVENY-300x300.jpg\" class=\"attachment-woocommerce_thumbnail size-woocommerce_thumbnail\" alt=\"F\u00dcST \u2013 Pokorny Lia k\u00f6nnyed zen\u00e9s estje 2026. 10. 29. cs\u00fct\u00f6rt\u00f6k 19 \u00f3ra\" \/><span class=\"et_overlay\"><\/span><\/span><h2 class=\"woocommerce-loop-product__title\">F\u00dcST \u2013 Pokorny Lia k\u00f6nnyed zen\u00e9s estje 2026. 10. 29. cs\u00fct\u00f6rt\u00f6k 19 \u00f3ra<\/h2>\n\t<span class=\"price\"><span class=\"woocommerce-Price-amount amount\"><bdi>5900&nbsp;<span class=\"woocommerce-Price-currencySymbol\" translate=\"no\">&#70;&#116;<\/span><\/bdi><\/span><\/span>\n<\/a><\/li>\n<li class=\"product type-product post-50335 status-publish last instock product_cat-eticket has-post-thumbnail virtual taxable purchasable product-type-simple\">\n\t<a href=\"https:\/\/agoraveszprem.hu\/eng\/product\/kolyokmozi-duzzogi-hal-kalandjai-2026-09-19\/\" class=\"woocommerce-LoopProduct-link woocommerce-loop-product__link\"><span class=\"et_shop_image\"><img loading=\"lazy\" decoding=\"async\" width=\"300\" height=\"300\" src=\"https:\/\/agoraveszprem.hu\/wp-content\/uploads\/2025\/05\/Agora-Eticket-KOLYOKMOZI-300x300.jpg\" class=\"attachment-woocommerce_thumbnail size-woocommerce_thumbnail\" alt=\"K\u00f6ly\u00f6kmozi: Duzzogi hal kalandjai 2026. 09. 19. szombat 16 \u00f3ra\" \/><span class=\"et_overlay\"><\/span><\/span><h2 class=\"woocommerce-loop-product__title\">K\u00f6ly\u00f6kmozi: Duzzogi hal kalandjai 2026. 09. 19. szombat 16 \u00f3ra<\/h2>\n\t<span class=\"price\"><span class=\"woocommerce-Price-amount amount\"><bdi>1500&nbsp;<span class=\"woocommerce-Price-currencySymbol\" translate=\"no\">&#70;&#116;<\/span><\/bdi><\/span><\/span>\n<\/a><\/li>\n<li class=\"product type-product post-49745 status-publish first instock product_cat-eticket has-post-thumbnail virtual taxable purchasable product-type-simple\">\n\t<a href=\"https:\/\/agoraveszprem.hu\/eng\/product\/kovaszos-pizza-kurzus-2026-09-26\/\" class=\"woocommerce-LoopProduct-link woocommerce-loop-product__link\"><span class=\"et_shop_image\"><img loading=\"lazy\" decoding=\"async\" width=\"300\" height=\"300\" src=\"https:\/\/agoraveszprem.hu\/wp-content\/uploads\/2025\/05\/Agora-Eticket-WORKSHOP-300x300.jpg\" class=\"attachment-woocommerce_thumbnail size-woocommerce_thumbnail\" alt=\"Kov\u00e1szos n\u00e1polyi pizza kurzus 2026. 09. 26. szombat 15 \u00f3ra\" \/><span class=\"et_overlay\"><\/span><\/span><h2 class=\"woocommerce-loop-product__title\">Kov\u00e1szos n\u00e1polyi pizza kurzus 2026. 09. 26. szombat 15 \u00f3ra<\/h2>\n\t<span class=\"price\"><span class=\"woocommerce-Price-amount amount\"><bdi>17900&nbsp;<span class=\"woocommerce-Price-currencySymbol\" translate=\"no\">&#70;&#116;<\/span><\/bdi><\/span><\/span>\n<\/a><\/li>\n<li class=\"product type-product post-49666 status-publish instock product_cat-eticket has-post-thumbnail virtual taxable purchasable product-type-simple\">\n\t<a href=\"https:\/\/agoraveszprem.hu\/eng\/product\/lazar-tesok-2026-10-15\/\" class=\"woocommerce-LoopProduct-link woocommerce-loop-product__link\"><span class=\"et_shop_image\"><img loading=\"lazy\" decoding=\"async\" width=\"300\" height=\"300\" src=\"https:\/\/agoraveszprem.hu\/wp-content\/uploads\/2025\/05\/Agora-Eticket-RENDEZVENY-300x300.jpg\" class=\"attachment-woocommerce_thumbnail size-woocommerce_thumbnail\" alt=\"L\u00c1Z\u00c1R TES\u00d3K 2026. 10. 15. cs\u00fct\u00f6rt\u00f6k 19 \u00f3ra\" \/><span class=\"et_overlay\"><\/span><\/span><h2 class=\"woocommerce-loop-product__title\">L\u00c1Z\u00c1R TES\u00d3K 2026. 10. 15. cs\u00fct\u00f6rt\u00f6k 19 \u00f3ra<\/h2>\n\t<span class=\"price\"><span class=\"woocommerce-Price-amount amount\"><bdi>3900&nbsp;<span class=\"woocommerce-Price-currencySymbol\" translate=\"no\">&#70;&#116;<\/span><\/bdi><\/span><\/span>\n<\/a><\/li>\n<li class=\"product type-product post-50349 status-publish instock product_cat-eticket has-post-thumbnail virtual taxable purchasable product-type-simple\">\n\t<a href=\"https:\/\/agoraveszprem.hu\/eng\/product\/mittersisters-armi-taskakeszito-workshop-2026-11-07\/\" class=\"woocommerce-LoopProduct-link woocommerce-loop-product__link\"><span class=\"et_shop_image\"><img loading=\"lazy\" decoding=\"async\" width=\"300\" height=\"300\" src=\"https:\/\/agoraveszprem.hu\/wp-content\/uploads\/2025\/05\/Agora-Eticket-WORKSHOP-300x300.jpg\" class=\"attachment-woocommerce_thumbnail size-woocommerce_thumbnail\" alt=\"Mittersisters ARMI t\u00e1skak\u00e9sz\u00edt\u0151 workshop 2026. 11. 07. szombat 15 \u00f3ra\" \/><span class=\"et_overlay\"><\/span><\/span><h2 class=\"woocommerce-loop-product__title\">Mittersisters ARMI t\u00e1skak\u00e9sz\u00edt\u0151 workshop 2026. 11. 07. szombat 15 \u00f3ra<\/h2>\n\t<span class=\"price\"><span class=\"woocommerce-Price-amount amount\"><bdi>58000&nbsp;<span class=\"woocommerce-Price-currencySymbol\" translate=\"no\">&#70;&#116;<\/span><\/bdi><\/span><\/span>\n<\/a><\/li>\n<li class=\"product type-product post-50296 status-publish last instock product_cat-eticket has-post-thumbnail virtual taxable purchasable product-type-simple\">\n\t<a href=\"https:\/\/agoraveszprem.hu\/eng\/product\/sokszorosito-grafikai-tanfolyam-2026-10-07-tol\/\" class=\"woocommerce-LoopProduct-link woocommerce-loop-product__link\"><span class=\"et_shop_image\"><img loading=\"lazy\" decoding=\"async\" width=\"300\" height=\"300\" src=\"https:\/\/agoraveszprem.hu\/wp-content\/uploads\/2025\/05\/Agora-Eticket-TANFOLYAM-300x300.jpg\" class=\"attachment-woocommerce_thumbnail size-woocommerce_thumbnail\" alt=\"Sokszoros\u00edt\u00f3 grafikai tanfolyam 2026. 10. 07-t\u0151l szerd\u00e1nk\u00e9nt 17 \u00f3r\u00e1t\u00f3l\" \/><span class=\"et_overlay\"><\/span><\/span><h2 class=\"woocommerce-loop-product__title\">Sokszoros\u00edt\u00f3 grafikai tanfolyam 2026. 10. 07-t\u0151l szerd\u00e1nk\u00e9nt 17 \u00f3r\u00e1t\u00f3l<\/h2>\n\t<span class=\"price\"><span class=\"woocommerce-Price-amount amount\"><bdi>42000&nbsp;<span class=\"woocommerce-Price-currencySymbol\" translate=\"no\">&#70;&#116;<\/span><\/bdi><\/span><\/span>\n<\/a><\/li>\n<li class=\"product type-product post-50338 status-publish first instock product_cat-eticket has-post-thumbnail virtual taxable purchasable product-type-simple\">\n\t<a href=\"https:\/\/agoraveszprem.hu\/eng\/product\/utolso-elotti-vacsora-2026-11-08\/\" class=\"woocommerce-LoopProduct-link woocommerce-loop-product__link\"><span class=\"et_shop_image\"><img loading=\"lazy\" decoding=\"async\" width=\"300\" height=\"300\" src=\"https:\/\/agoraveszprem.hu\/wp-content\/uploads\/2025\/05\/Agora-Eticket-RENDEZVENY-300x300.jpg\" class=\"attachment-woocommerce_thumbnail size-woocommerce_thumbnail\" alt=\"Utols\u00f3 el\u0151tti vacsora 2026. 11. 08. vas\u00e1rnap 18 \u00f3ra\" \/><span class=\"et_overlay\"><\/span><\/span><h2 class=\"woocommerce-loop-product__title\">Utols\u00f3 el\u0151tti vacsora 2026. 11. 08. vas\u00e1rnap 18 \u00f3ra<\/h2>\n\t<span class=\"price\"><span class=\"woocommerce-Price-amount amount\"><bdi>35000&nbsp;<span class=\"woocommerce-Price-currencySymbol\" translate=\"no\">&#70;&#116;<\/span><\/bdi><\/span><\/span>\n<\/a><\/li>\n<li class=\"product type-product post-46578 status-publish instock product_cat-eticket has-post-thumbnail virtual taxable purchasable product-type-simple\">\n\t<a href=\"https:\/\/agoraveszprem.hu\/eng\/product\/vecsei-h-m-pilinszky-est-2026-09-24\/\" class=\"woocommerce-LoopProduct-link woocommerce-loop-product__link\"><span class=\"et_shop_image\"><img loading=\"lazy\" decoding=\"async\" width=\"300\" height=\"300\" src=\"https:\/\/agoraveszprem.hu\/wp-content\/uploads\/2025\/05\/Agora-Eticket-RENDEZVENY-300x300.jpg\" class=\"attachment-woocommerce_thumbnail size-woocommerce_thumbnail\" alt=\"Vecsei H. Mikl\u00f3s \u00e9s a QJ\u00daB - Pilinszky est 2026. 09. 24. cs\u00fct\u00f6rt\u00f6k 19 \u00f3ra\" \/><span class=\"et_overlay\"><\/span><\/span><h2 class=\"woocommerce-loop-product__title\">Vecsei H. Mikl\u00f3s \u00e9s a QJ\u00daB &#8211; Pilinszky est 2026. 09. 24. cs\u00fct\u00f6rt\u00f6k 19 \u00f3ra<\/h2>\n\t<span class=\"price\"><span class=\"woocommerce-Price-amount amount\"><bdi>6500&nbsp;<span class=\"woocommerce-Price-currencySymbol\" translate=\"no\">&#70;&#116;<\/span><\/bdi><\/span><\/span>\n<\/a><\/li>\n<li class=\"product type-product post-49662 status-publish instock product_cat-eticket has-post-thumbnail virtual taxable purchasable product-type-simple\">\n\t<a href=\"https:\/\/agoraveszprem.hu\/eng\/product\/zoldoltozet-fenntarthato-divatnap-2026-09-05\/\" class=\"woocommerce-LoopProduct-link woocommerce-loop-product__link\"><span class=\"et_shop_image\"><img loading=\"lazy\" decoding=\"async\" width=\"300\" height=\"300\" src=\"https:\/\/agoraveszprem.hu\/wp-content\/uploads\/2025\/05\/Agora-Eticket-RENDEZVENY-300x300.jpg\" class=\"attachment-woocommerce_thumbnail size-woocommerce_thumbnail\" alt=\"Z\u00f6ld\u00d6lt\u00f6zet \u2013 Fenntarthat\u00f3 Divatnap 2026. 09. 05. szombat 15 \u00f3ra\" \/><span class=\"et_overlay\"><\/span><\/span><h2 class=\"woocommerce-loop-product__title\">Z\u00f6ld\u00d6lt\u00f6zet \u2013 Fenntarthat\u00f3 Divatnap 2026. 09. 05. szombat 15 \u00f3ra<\/h2>\n\t<span class=\"price\"><span class=\"woocommerce-Price-amount amount\"><bdi>3900&nbsp;<span class=\"woocommerce-Price-currencySymbol\" translate=\"no\">&#70;&#116;<\/span><\/bdi><\/span><\/span>\n<\/a><\/li>\n<\/ul>\n<\/div>[\/et_pb_code][\/et_pb_column][\/et_pb_row][et_pb_row _builder_version=&#8221;4.16&#8243; module_alignment=&#8221;center&#8221; custom_margin=&#8221;|auto|1px|249px||&#8221; global_colors_info=&#8221;{}&#8221; theme_builder_area=&#8221;post_content&#8221;][et_pb_column type=&#8221;4_4&#8243; _builder_version=&#8221;4.16&#8243; custom_padding=&#8221;|||&#8221; global_colors_info=&#8221;{}&#8221; custom_padding__hover=&#8221;|||&#8221; theme_builder_area=&#8221;post_content&#8221;][et_pb_divider divider_style=&#8221;dashed&#8221; divider_position=&#8221;center&#8221; _builder_version=&#8221;4.16&#8243; custom_margin=&#8221;-20px|||||&#8221; custom_padding=&#8221;|||0px||&#8221; global_colors_info=&#8221;{}&#8221; theme_builder_area=&#8221;post_content&#8221;][\/et_pb_divider][\/et_pb_column][\/et_pb_row][et_pb_row column_structure=&#8221;1_2,1_2&#8243; _builder_version=&#8221;4.16&#8243; global_colors_info=&#8221;{}&#8221; theme_builder_area=&#8221;post_content&#8221;][et_pb_column type=&#8221;1_2&#8243; _builder_version=&#8221;4.16&#8243; global_colors_info=&#8221;{}&#8221; theme_builder_area=&#8221;post_content&#8221;][et_pb_image src=&#8221;https:\/\/agoraveszprem.hu\/wp-content\/uploads\/2019\/07\/agora_jegypenztar.jpeg&#8221; _builder_version=&#8221;4.16&#8243; animation_style=&#8221;flip&#8221; animation_direction=&#8221;right&#8221; animation_duration=&#8221;1300ms&#8221; animation_starting_opacity=&#8221;20%&#8221; border_width_all=&#8221;2px&#8221; border_color_all=&#8221;#9e2a87&#8243; box_shadow_style=&#8221;preset2&#8243; global_colors_info=&#8221;{}&#8221; theme_builder_area=&#8221;post_content&#8221;][\/et_pb_image][\/et_pb_column][et_pb_column type=&#8221;1_2&#8243; _builder_version=&#8221;4.16&#8243; global_colors_info=&#8221;{}&#8221; theme_builder_area=&#8221;post_content&#8221;][et_pb_text _builder_version=&#8221;4.16&#8243; animation_style=&#8221;flip&#8221; animation_direction=&#8221;left&#8221; animation_duration=&#8221;1300ms&#8221; animation_starting_opacity=&#8221;20%&#8221; global_colors_info=&#8221;{}&#8221; theme_builder_area=&#8221;post_content&#8221;]<\/p>\n<ul>\n<li><span color=\"#666666\" style=\"color: #666666;\"><b><i>Szem\u00e9lyes jegyv\u00e1s\u00e1rl\u00e1s:<\/i><\/b><\/span><\/li>\n<\/ul>\n<p><span>Az Ag\u00f3ra Veszpr\u00e9m Kultur\u00e1lis K\u00f6zpont saj\u00e1t szervez\u00e9s\u0171 programjaira a jegyp\u00e9nzt\u00e1rn\u00e1l \/Veszpr\u00e9m, T\u00e1bor \u00e1ll\u00e1s park 1.\/\u00a0 v\u00e1s\u00e1rolhat\u00f3k jegyek \u00e9s b\u00e9rletek.<\/span><\/p>\n<ul>\n<li><span color=\"#666666\" style=\"color: #666666;\"><b><i>Fizet\u00e9si felt\u00e9telek:<\/i><\/b><\/span><\/li>\n<\/ul>\n<p>A jegyek \u00e9s b\u00e9rletek k\u00e9szp\u00e9nzzel vagy bankk\u00e1rty\u00e1val v\u00e1s\u00e1rolhat\u00f3ak meg. Rendezv\u00e9nyeinkre online is v\u00e1s\u00e1rolhat jegyet a Simplepay bank\u00e1rty\u00e1s fizet\u00e9si rendszerrel.<\/p>\n<p><span color=\"#666666\" style=\"color: #666666;\"><b><i>Tov\u00e1bbi inform\u00e1ci\u00f3t a\u00a0+3688 429-111 telefonsz\u00e1mon\u00a0k\u00e9rhet.<\/i><\/b><\/span><\/p>\n<p>[\/et_pb_text][\/et_pb_column][\/et_pb_row][et_pb_row _builder_version=&#8221;4.16&#8243; _module_preset=&#8221;default&#8221; global_colors_info=&#8221;{}&#8221; theme_builder_area=&#8221;post_content&#8221;][et_pb_column type=&#8221;4_4&#8243; _builder_version=&#8221;4.16&#8243; _module_preset=&#8221;default&#8221; global_colors_info=&#8221;{}&#8221; theme_builder_area=&#8221;post_content&#8221;][et_pb_divider divider_style=&#8221;dashed&#8221; divider_position=&#8221;center&#8221; _builder_version=&#8221;4.16&#8243; custom_padding=&#8221;|||0px||&#8221; global_colors_info=&#8221;{}&#8221; theme_builder_area=&#8221;post_content&#8221;][\/et_pb_divider][\/et_pb_column][\/et_pb_row][\/et_pb_section][et_pb_section fb_built=&#8221;1&#8243; custom_padding_last_edited=&#8221;on|desktop&#8221; prev_background_color=&#8221;#ffffff&#8221; admin_label=&#8221;Footer&#8221; _builder_version=&#8221;4.16&#8243; use_background_color_gradient=&#8221;on&#8221; background_color_gradient_direction=&#8221;130deg&#8221; background_color_gradient_stops=&#8221;#9e2a87 0%|#cccccc 100%&#8221; background_color_gradient_start=&#8221;#9e2a87&#8243; background_color_gradient_end=&#8221;#cccccc&#8221; background_image=&#8221;https:\/\/agoraveszprem.hu\/wp-content\/uploads\/2019\/05\/AGORA-bg2.fw_-2-2.png&#8221; parallax=&#8221;on&#8221; custom_padding=&#8221;16vw||7vw||false|false&#8221; custom_padding_tablet=&#8221;100px||100px||true&#8221; custom_padding_phone=&#8221;||||true&#8221; top_divider_style=&#8221;ramp2&#8243; top_divider_height=&#8221;250px&#8221; top_divider_flip=&#8221;vertical&#8221; top_divider_height_tablet=&#8221;150px&#8221; top_divider_height_phone=&#8221;110px&#8221; top_divider_height_last_edited=&#8221;on|phone&#8221; saved_tabs=&#8221;all&#8221; global_colors_info=&#8221;{}&#8221; theme_builder_area=&#8221;post_content&#8221;][et_pb_row module_class=&#8221; et_pb_row_fullwidth&#8221; _builder_version=&#8221;4.16&#8243; width=&#8221;89%&#8221; width_tablet=&#8221;80%&#8221; width_phone=&#8221;&#8221; width_last_edited=&#8221;on|desktop&#8221; max_width=&#8221;89%&#8221; max_width_tablet=&#8221;80%&#8221; max_width_phone=&#8221;&#8221; max_width_last_edited=&#8221;on|desktop&#8221; custom_margin_phone=&#8221;|||&#8221; custom_margin_last_edited=&#8221;off|desktop&#8221; custom_padding=&#8221;|||&#8221; make_fullwidth=&#8221;on&#8221; global_colors_info=&#8221;{}&#8221; theme_builder_area=&#8221;post_content&#8221;][et_pb_column type=&#8221;4_4&#8243; _builder_version=&#8221;4.16&#8243; custom_padding=&#8221;|||&#8221; global_colors_info=&#8221;{}&#8221; custom_padding__hover=&#8221;|||&#8221; theme_builder_area=&#8221;post_content&#8221;][et_pb_text _builder_version=&#8221;4.16&#8243; text_font=&#8221;||||||||&#8221; header_font=&#8221;||||||||&#8221; header_2_font=&#8221;Roboto|700|||||||&#8221; header_2_font_size=&#8221;50px&#8221; header_2_line_height=&#8221;1.4em&#8221; header_3_font=&#8221;Roboto|700||on|||||&#8221; header_3_text_align=&#8221;center&#8221; header_3_text_color=&#8221;#ffffff&#8221; header_3_font_size=&#8221;24px&#8221; header_3_letter_spacing=&#8221;5px&#8221; header_3_line_height=&#8221;2em&#8221; text_orientation=&#8221;center&#8221; background_layout=&#8221;dark&#8221; max_width=&#8221;850px&#8221; module_alignment=&#8221;center&#8221; custom_margin=&#8221;||13px|||&#8221; custom_padding=&#8221;|||&#8221; text_font_size_last_edited=&#8221;off|desktop&#8221; header_2_font_size_tablet=&#8221;40px&#8221; header_2_font_size_phone=&#8221;32px&#8221; header_2_font_size_last_edited=&#8221;on|desktop&#8221; header_3_font_size_tablet=&#8221;16px&#8221; header_3_font_size_phone=&#8221;14px&#8221; header_3_font_size_last_edited=&#8221;on|phone&#8221; inline_fonts=&#8221;GILL Sans&#8221; global_colors_info=&#8221;{}&#8221; theme_builder_area=&#8221;post_content&#8221;]<\/p>\n<h2>Ag\u00f3ra jegyp\u00e9nzt\u00e1r nyitva tart\u00e1sa:<\/h2>\n<h3><strong><span style=\"font-family: inherit;\">h\u00e9tf\u0151: 14.00-18.00 \u00f3r\u00e1ig,\u00a0<\/span><\/strong><\/h3>\n<h3><span style=\"font-size: 24px;\"><strong><span style=\"font-family: inherit;\">kedd-p\u00e9ntek: 11.00-16.00 \u00f3r\u00e1ig,\u00a0<\/span><\/strong><\/span><\/h3>\n<h3><strong><span style=\"font-family: inherit;\">illetve az el\u0151ad\u00e1sok el\u0151tt egy \u00f3r\u00e1val<\/span><\/strong><b>.<\/b><\/h3>\n<h4><span style=\"font-family: 'GILL Sans'; font-weight: normal;\"><b>Telefon: +3688 429-111<br \/><a href=\"mailto:jegypenztar@veszpremvmk.hu\">jegypenztar@agoraveszprem.hu<\/a><\/b><\/span><\/h4>\n<p><b><\/b><\/p>\n<p>[\/et_pb_text][et_pb_button button_url=&#8221;https:\/\/agoraveszprem.hu\/kapcsolat\/&#8221; button_text=&#8221;\u00cdrjon nek\u00fcnk!&#8221; button_alignment=&#8221;center&#8221; _builder_version=&#8221;4.16&#8243; custom_button=&#8221;on&#8221; button_text_size=&#8221;18px&#8221; button_bg_use_color_gradient=&#8221;on&#8221; button_bg_color_gradient_direction=&#8221;90deg&#8221; button_bg_color_gradient_stops=&#8221;#f7828e 0%|#fcb6ab 100%&#8221; button_bg_color_gradient_start=&#8221;#f7828e&#8221; button_bg_color_gradient_end=&#8221;#fcb6ab&#8221; button_border_width=&#8221;0px&#8221; button_border_color=&#8221;rgba(0,0,0,0)&#8221; button_border_radius=&#8221;4px&#8221; button_letter_spacing=&#8221;5px&#8221; button_font=&#8221;Roboto|700||on|||||&#8221; background_layout=&#8221;dark&#8221; custom_margin=&#8221;|||&#8221; custom_padding=&#8221;16px|34px|16px|34px|true|true&#8221; animation_style=&#8221;flip&#8221; animation_duration=&#8221;1500ms&#8221; box_shadow_style=&#8221;preset2&#8243; box_shadow_color=&#8221;rgba(247,130,142,0.4)&#8221; button_letter_spacing_hover=&#8221;5.5px&#8221; global_colors_info=&#8221;{}&#8221; button_text_size__hover_enabled=&#8221;off&#8221; button_one_text_size__hover_enabled=&#8221;off&#8221; button_two_text_size__hover_enabled=&#8221;off&#8221; button_text_color__hover_enabled=&#8221;off&#8221; button_one_text_color__hover_enabled=&#8221;off&#8221; button_two_text_color__hover_enabled=&#8221;off&#8221; button_border_width__hover_enabled=&#8221;off&#8221; button_one_border_width__hover_enabled=&#8221;off&#8221; button_two_border_width__hover_enabled=&#8221;off&#8221; button_border_color__hover_enabled=&#8221;off&#8221; button_one_border_color__hover_enabled=&#8221;off&#8221; button_two_border_color__hover_enabled=&#8221;off&#8221; button_border_radius__hover_enabled=&#8221;off&#8221; button_one_border_radius__hover_enabled=&#8221;off&#8221; button_two_border_radius__hover_enabled=&#8221;off&#8221; button_letter_spacing__hover_enabled=&#8221;on&#8221; button_letter_spacing__hover=&#8221;5.5px&#8221; button_one_letter_spacing__hover_enabled=&#8221;off&#8221; button_two_letter_spacing__hover_enabled=&#8221;off&#8221; button_bg_color__hover_enabled=&#8221;off&#8221; button_one_bg_color__hover_enabled=&#8221;off&#8221; button_two_bg_color__hover_enabled=&#8221;off&#8221; theme_builder_area=&#8221;post_content&#8221;][\/et_pb_button][\/et_pb_column][\/et_pb_row][et_pb_row _builder_version=&#8221;4.16&#8243; global_colors_info=&#8221;{}&#8221; theme_builder_area=&#8221;post_content&#8221;][et_pb_column type=&#8221;4_4&#8243; _builder_version=&#8221;4.16&#8243; custom_padding=&#8221;|||&#8221; global_colors_info=&#8221;{}&#8221; custom_padding__hover=&#8221;|||&#8221; theme_builder_area=&#8221;post_content&#8221;][et_pb_social_media_follow _builder_version=&#8221;4.16&#8243; text_orientation=&#8221;center&#8221; custom_padding=&#8221;14px|||||&#8221; border_radii=&#8221;on|34px|34px|34px|34px&#8221; box_shadow_style=&#8221;preset2&#8243; global_colors_info=&#8221;{}&#8221; theme_builder_area=&#8221;post_content&#8221;][et_pb_social_media_follow_network social_network=&#8221;facebook&#8221; url=&#8221;https:\/\/www.facebook.com\/vmkveszprem?fref=ts&#8221; _builder_version=&#8221;4.16&#8243; background_color=&#8221;#fcb6ab&#8221; global_colors_info=&#8221;{}&#8221; theme_builder_area=&#8221;post_content&#8221; follow_button=&#8221;off&#8221; url_new_window=&#8221;on&#8221;]facebook[\/et_pb_social_media_follow_network][et_pb_social_media_follow_network social_network=&#8221;instagram&#8221; url=&#8221;https:\/\/www.instagram.com\/agoraveszprem\/&#8221; _builder_version=&#8221;4.16&#8243; background_color=&#8221;#fcb6ab&#8221; global_colors_info=&#8221;{}&#8221; theme_builder_area=&#8221;post_content&#8221; follow_button=&#8221;off&#8221; url_new_window=&#8221;on&#8221;]instagram[\/et_pb_social_media_follow_network][\/et_pb_social_media_follow][\/et_pb_column][\/et_pb_row][\/et_pb_section]<\/p>\n","protected":false},"excerpt":{"rendered":"<p>Jegyv\u00e1s\u00e1rl\u00e1s Kedves Vend\u00e9g\u00fcnk! V\u00e1s\u00e1rolja meg egyszer\u0171en \u00e9s k\u00e9nyelmesen rendezv\u00e9nyeinkre a jegyeit.\u00a0 <div class=\"woocommerce columns-4 \"><ul class=\"products columns-4\">\n<li class=\"product type-product post-49682 status-publish first instock product_cat-eticket has-post-thumbnail virtual taxable purchasable product-type-simple\">\n\t<a href=\"https:\/\/agoraveszprem.hu\/eng\/product\/berlet-oszi-gyermekprogramok-az-agoraban\/\" class=\"woocommerce-LoopProduct-link woocommerce-loop-product__link\"><span class=\"et_shop_image\"><img width=\"300\" height=\"300\" src=\"https:\/\/agoraveszprem.hu\/wp-content\/uploads\/2026\/06\/Agora-Eticket-BERLET-300x300.jpg\" class=\"attachment-woocommerce_thumbnail size-woocommerce_thumbnail\" alt=\"B\u00c9RLET\/\/ \u0150szi Gyermekprogramok az Ag\u00f3r\u00e1ban\" decoding=\"async\" loading=\"lazy\" \/><span class=\"et_overlay\"><\/span><\/span><h2 class=\"woocommerce-loop-product__title\">B\u00c9RLET\/\/ \u0150szi Gyermekprogramok az Ag\u00f3r\u00e1ban<\/h2>\n\t<span class=\"price\"><span class=\"woocommerce-Price-amount amount\"><bdi>12000&nbsp;<span class=\"woocommerce-Price-currencySymbol\" translate=\"no\">&#70;&#116;<\/span><\/bdi><\/span><\/span>\n<\/a><\/li>\n<li class=\"product type-product post-49838 status-publish instock product_cat-eticket has-post-thumbnail virtual taxable purchasable product-type-simple\">\n\t<a href=\"https:\/\/agoraveszprem.hu\/eng\/product\/claude-magnier-oscar-2026-09-25-pentek-19-ora\/\" class=\"woocommerce-LoopProduct-link woocommerce-loop-product__link\"><span class=\"et_shop_image\"><img width=\"300\" height=\"300\" src=\"https:\/\/agoraveszprem.hu\/wp-content\/uploads\/2025\/05\/Agora-Eticket-RENDEZVENY-300x300.jpg\" class=\"attachment-woocommerce_thumbnail size-woocommerce_thumbnail\" alt=\"Claude Magnier: OSCAR 2026. 09. 25. p\u00e9ntek 19 \u00f3ra\" decoding=\"async\" loading=\"lazy\" \/><span class=\"et_overlay\"><\/span><\/span><h2 class=\"woocommerce-loop-product__title\">Claude Magnier: OSCAR 2026. 09. 25. p\u00e9ntek 19 \u00f3ra<\/h2>\n\t<span class=\"price\"><span class=\"woocommerce-Price-amount amount\"><bdi>1500&nbsp;<span class=\"woocommerce-Price-currencySymbol\" translate=\"no\">&#70;&#116;<\/span><\/bdi><\/span><\/span>\n<\/a><\/li>\n<li class=\"product type-product post-50317 status-publish instock product_cat-eticket has-post-thumbnail virtual taxable purchasable product-type-simple\">\n\t<a href=\"https:\/\/agoraveszprem.hu\/eng\/product\/filmklub-miket-nem-beszelek-2026-09-07\/\" class=\"woocommerce-LoopProduct-link woocommerce-loop-product__link\"><span class=\"et_shop_image\"><img width=\"300\" height=\"300\" src=\"https:\/\/agoraveszprem.hu\/wp-content\/uploads\/2025\/05\/Agora-Eticket-FILMKLUB-300x300.jpg\" class=\"attachment-woocommerce_thumbnail size-woocommerce_thumbnail\" alt=\"Filmklub: Miket nem besz\u00e9lek 2026. 09. 07. h\u00e9tf\u0151 18 \u00f3ra\" decoding=\"async\" loading=\"lazy\" \/><span class=\"et_overlay\"><\/span><\/span><h2 class=\"woocommerce-loop-product__title\">Filmklub: Miket nem besz\u00e9lek 2026. 09. 07. h\u00e9tf\u0151 18 \u00f3ra<\/h2>\n\t<span class=\"price\"><span class=\"woocommerce-Price-amount amount\"><bdi>2000&nbsp;<span class=\"woocommerce-Price-currencySymbol\" translate=\"no\">&#70;&#116;<\/span><\/bdi><\/span><\/span>\n<\/a><\/li>\n<li class=\"product type-product post-50326 status-publish last instock product_cat-eticket has-post-thumbnail virtual taxable purchasable product-type-simple\">\n\t<a href=\"https:\/\/agoraveszprem.hu\/eng\/product\/filmklub-negy-anya-negy-fia-2026-09-14\/\" class=\"woocommerce-LoopProduct-link woocommerce-loop-product__link\"><span class=\"et_shop_image\"><img width=\"300\" height=\"300\" src=\"https:\/\/agoraveszprem.hu\/wp-content\/uploads\/2025\/05\/Agora-Eticket-FILMKLUB-300x300.jpg\" class=\"attachment-woocommerce_thumbnail size-woocommerce_thumbnail\" alt=\"Filmklub: N\u00e9gy anya n\u00e9gy fia 2026. 09. 14. h\u00e9tf\u0151 18 \u00f3ra\" decoding=\"async\" loading=\"lazy\" \/><span class=\"et_overlay\"><\/span><\/span><h2 class=\"woocommerce-loop-product__title\">Filmklub: N\u00e9gy anya n\u00e9gy fia 2026. 09. 14. h\u00e9tf\u0151 18 \u00f3ra<\/h2>\n\t<span class=\"price\"><span class=\"woocommerce-Price-amount amount\"><bdi>2000&nbsp;<span class=\"woocommerce-Price-currencySymbol\" translate=\"no\">&#70;&#116;<\/span><\/bdi><\/span><\/span>\n<\/a><\/li>\n<li class=\"product type-product post-50329 status-publish first instock product_cat-eticket has-post-thumbnail virtual taxable purchasable product-type-simple\">\n\t<a href=\"https:\/\/agoraveszprem.hu\/eng\/product\/filmklub-szerelmem-marokko-2026-09-21\/\" class=\"woocommerce-LoopProduct-link woocommerce-loop-product__link\"><span class=\"et_shop_image\"><img width=\"300\" height=\"300\" src=\"https:\/\/agoraveszprem.hu\/wp-content\/uploads\/2025\/05\/Agora-Eticket-FILMKLUB-300x300.jpg\" class=\"attachment-woocommerce_thumbnail size-woocommerce_thumbnail\" alt=\"Filmklub: Szerelmem, Marokk\u00f3 2026. 09. 21. h\u00e9tf\u0151 18 \u00f3ra\" decoding=\"async\" loading=\"lazy\" \/><span class=\"et_overlay\"><\/span><\/span><h2 class=\"woocommerce-loop-product__title\">Filmklub: Szerelmem, Marokk\u00f3 2026. 09. 21. h\u00e9tf\u0151 18 \u00f3ra<\/h2>\n\t<span class=\"price\"><span class=\"woocommerce-Price-amount amount\"><bdi>2000&nbsp;<span class=\"woocommerce-Price-currencySymbol\" translate=\"no\">&#70;&#116;<\/span><\/bdi><\/span><\/span>\n<\/a><\/li>\n<li class=\"product type-product post-50332 status-publish instock product_cat-eticket has-post-thumbnail virtual taxable purchasable product-type-simple\">\n\t<a href=\"https:\/\/agoraveszprem.hu\/eng\/product\/filmklub-ujra-nagyvasznon-adam-almai-2026-09-28\/\" class=\"woocommerce-LoopProduct-link woocommerce-loop-product__link\"><span class=\"et_shop_image\"><img width=\"300\" height=\"300\" src=\"https:\/\/agoraveszprem.hu\/wp-content\/uploads\/2025\/05\/Agora-Eticket-FILMKLUB-300x300.jpg\" class=\"attachment-woocommerce_thumbnail size-woocommerce_thumbnail\" alt=\"Filmklub: \u00dajra nagyv\u00e1sznon \u2013 \u00c1d\u00e1m alm\u00e1i 2026. 09. 28. h\u00e9tf\u0151 18 \u00f3ra\" decoding=\"async\" loading=\"lazy\" \/><span class=\"et_overlay\"><\/span><\/span><h2 class=\"woocommerce-loop-product__title\">Filmklub: \u00dajra nagyv\u00e1sznon \u2013 \u00c1d\u00e1m alm\u00e1i 2026. 09. 28. h\u00e9tf\u0151 18 \u00f3ra<\/h2>\n\t<span class=\"price\"><span class=\"woocommerce-Price-amount amount\"><bdi>2000&nbsp;<span class=\"woocommerce-Price-currencySymbol\" translate=\"no\">&#70;&#116;<\/span><\/bdi><\/span><\/span>\n<\/a><\/li>\n<li class=\"product type-product post-49368 status-publish instock product_cat-eticket has-post-thumbnail virtual taxable purchasable product-type-simple\">\n\t<a href=\"https:\/\/agoraveszprem.hu\/eng\/product\/fust-pokorny-lia-est-2026-10-29\/\" class=\"woocommerce-LoopProduct-link woocommerce-loop-product__link\"><span class=\"et_shop_image\"><img width=\"300\" height=\"300\" src=\"https:\/\/agoraveszprem.hu\/wp-content\/uploads\/2025\/05\/Agora-Eticket-RENDEZVENY-300x300.jpg\" class=\"attachment-woocommerce_thumbnail size-woocommerce_thumbnail\" alt=\"F\u00dcST \u2013 Pokorny Lia k\u00f6nnyed zen\u00e9s estje 2026. 10. 29. cs\u00fct\u00f6rt\u00f6k 19 \u00f3ra\" decoding=\"async\" loading=\"lazy\" \/><span class=\"et_overlay\"><\/span><\/span><h2 class=\"woocommerce-loop-product__title\">F\u00dcST \u2013 Pokorny Lia k\u00f6nnyed zen\u00e9s estje 2026. 10. 29. cs\u00fct\u00f6rt\u00f6k 19 \u00f3ra<\/h2>\n\t<span class=\"price\"><span class=\"woocommerce-Price-amount amount\"><bdi>5900&nbsp;<span class=\"woocommerce-Price-currencySymbol\" translate=\"no\">&#70;&#116;<\/span><\/bdi><\/span><\/span>\n<\/a><\/li>\n<li class=\"product type-product post-50335 status-publish last instock product_cat-eticket has-post-thumbnail virtual taxable purchasable product-type-simple\">\n\t<a href=\"https:\/\/agoraveszprem.hu\/eng\/product\/kolyokmozi-duzzogi-hal-kalandjai-2026-09-19\/\" class=\"woocommerce-LoopProduct-link woocommerce-loop-product__link\"><span class=\"et_shop_image\"><img width=\"300\" height=\"300\" src=\"https:\/\/agoraveszprem.hu\/wp-content\/uploads\/2025\/05\/Agora-Eticket-KOLYOKMOZI-300x300.jpg\" class=\"attachment-woocommerce_thumbnail size-woocommerce_thumbnail\" alt=\"K\u00f6ly\u00f6kmozi: Duzzogi hal kalandjai 2026. 09. 19. szombat 16 \u00f3ra\" decoding=\"async\" loading=\"lazy\" \/><span class=\"et_overlay\"><\/span><\/span><h2 class=\"woocommerce-loop-product__title\">K\u00f6ly\u00f6kmozi: Duzzogi hal kalandjai 2026. 09. 19. szombat 16 \u00f3ra<\/h2>\n\t<span class=\"price\"><span class=\"woocommerce-Price-amount amount\"><bdi>1500&nbsp;<span class=\"woocommerce-Price-currencySymbol\" translate=\"no\">&#70;&#116;<\/span><\/bdi><\/span><\/span>\n<\/a><\/li>\n<li class=\"product type-product post-49745 status-publish first instock product_cat-eticket has-post-thumbnail virtual taxable purchasable product-type-simple\">\n\t<a href=\"https:\/\/agoraveszprem.hu\/eng\/product\/kovaszos-pizza-kurzus-2026-09-26\/\" class=\"woocommerce-LoopProduct-link woocommerce-loop-product__link\"><span class=\"et_shop_image\"><img width=\"300\" height=\"300\" src=\"https:\/\/agoraveszprem.hu\/wp-content\/uploads\/2025\/05\/Agora-Eticket-WORKSHOP-300x300.jpg\" class=\"attachment-woocommerce_thumbnail size-woocommerce_thumbnail\" alt=\"Kov\u00e1szos n\u00e1polyi pizza kurzus 2026. 09. 26. szombat 15 \u00f3ra\" decoding=\"async\" loading=\"lazy\" \/><span class=\"et_overlay\"><\/span><\/span><h2 class=\"woocommerce-loop-product__title\">Kov\u00e1szos n\u00e1polyi pizza kurzus 2026. 09. 26. szombat 15 \u00f3ra<\/h2>\n\t<span class=\"price\"><span class=\"woocommerce-Price-amount amount\"><bdi>17900&nbsp;<span class=\"woocommerce-Price-currencySymbol\" translate=\"no\">&#70;&#116;<\/span><\/bdi><\/span><\/span>\n<\/a><\/li>\n<li class=\"product type-product post-49666 status-publish instock product_cat-eticket has-post-thumbnail virtual taxable purchasable product-type-simple\">\n\t<a href=\"https:\/\/agoraveszprem.hu\/eng\/product\/lazar-tesok-2026-10-15\/\" class=\"woocommerce-LoopProduct-link woocommerce-loop-product__link\"><span class=\"et_shop_image\"><img width=\"300\" height=\"300\" src=\"https:\/\/agoraveszprem.hu\/wp-content\/uploads\/2025\/05\/Agora-Eticket-RENDEZVENY-300x300.jpg\" class=\"attachment-woocommerce_thumbnail size-woocommerce_thumbnail\" alt=\"L\u00c1Z\u00c1R TES\u00d3K 2026. 10. 15. cs\u00fct\u00f6rt\u00f6k 19 \u00f3ra\" decoding=\"async\" loading=\"lazy\" \/><span class=\"et_overlay\"><\/span><\/span><h2 class=\"woocommerce-loop-product__title\">L\u00c1Z\u00c1R TES\u00d3K 2026. 10. 15. cs\u00fct\u00f6rt\u00f6k 19 \u00f3ra<\/h2>\n\t<span class=\"price\"><span class=\"woocommerce-Price-amount amount\"><bdi>3900&nbsp;<span class=\"woocommerce-Price-currencySymbol\" translate=\"no\">&#70;&#116;<\/span><\/bdi><\/span><\/span>\n<\/a><\/li>\n<li class=\"product type-product post-50349 status-publish instock product_cat-eticket has-post-thumbnail virtual taxable purchasable product-type-simple\">\n\t<a href=\"https:\/\/agoraveszprem.hu\/eng\/product\/mittersisters-armi-taskakeszito-workshop-2026-11-07\/\" class=\"woocommerce-LoopProduct-link woocommerce-loop-product__link\"><span class=\"et_shop_image\"><img width=\"300\" height=\"300\" src=\"https:\/\/agoraveszprem.hu\/wp-content\/uploads\/2025\/05\/Agora-Eticket-WORKSHOP-300x300.jpg\" class=\"attachment-woocommerce_thumbnail size-woocommerce_thumbnail\" alt=\"Mittersisters ARMI t\u00e1skak\u00e9sz\u00edt\u0151 workshop 2026. 11. 07. szombat 15 \u00f3ra\" decoding=\"async\" loading=\"lazy\" \/><span class=\"et_overlay\"><\/span><\/span><h2 class=\"woocommerce-loop-product__title\">Mittersisters ARMI t\u00e1skak\u00e9sz\u00edt\u0151 workshop 2026. 11. 07. szombat 15 \u00f3ra<\/h2>\n\t<span class=\"price\"><span class=\"woocommerce-Price-amount amount\"><bdi>58000&nbsp;<span class=\"woocommerce-Price-currencySymbol\" translate=\"no\">&#70;&#116;<\/span><\/bdi><\/span><\/span>\n<\/a><\/li>\n<li class=\"product type-product post-50296 status-publish last instock product_cat-eticket has-post-thumbnail virtual taxable purchasable product-type-simple\">\n\t<a href=\"https:\/\/agoraveszprem.hu\/eng\/product\/sokszorosito-grafikai-tanfolyam-2026-10-07-tol\/\" class=\"woocommerce-LoopProduct-link woocommerce-loop-product__link\"><span class=\"et_shop_image\"><img width=\"300\" height=\"300\" src=\"https:\/\/agoraveszprem.hu\/wp-content\/uploads\/2025\/05\/Agora-Eticket-TANFOLYAM-300x300.jpg\" class=\"attachment-woocommerce_thumbnail size-woocommerce_thumbnail\" alt=\"Sokszoros\u00edt\u00f3 grafikai tanfolyam 2026. 10. 07-t\u0151l szerd\u00e1nk\u00e9nt 17 \u00f3r\u00e1t\u00f3l\" decoding=\"async\" loading=\"lazy\" \/><span class=\"et_overlay\"><\/span><\/span><h2 class=\"woocommerce-loop-product__title\">Sokszoros\u00edt\u00f3 grafikai tanfolyam 2026. 10. 07-t\u0151l szerd\u00e1nk\u00e9nt 17 \u00f3r\u00e1t\u00f3l<\/h2>\n\t<span class=\"price\"><span class=\"woocommerce-Price-amount amount\"><bdi>42000&nbsp;<span class=\"woocommerce-Price-currencySymbol\" translate=\"no\">&#70;&#116;<\/span><\/bdi><\/span><\/span>\n<\/a><\/li>\n<li class=\"product type-product post-50338 status-publish first instock product_cat-eticket has-post-thumbnail virtual taxable purchasable product-type-simple\">\n\t<a href=\"https:\/\/agoraveszprem.hu\/eng\/product\/utolso-elotti-vacsora-2026-11-08\/\" class=\"woocommerce-LoopProduct-link woocommerce-loop-product__link\"><span class=\"et_shop_image\"><img width=\"300\" height=\"300\" src=\"https:\/\/agoraveszprem.hu\/wp-content\/uploads\/2025\/05\/Agora-Eticket-RENDEZVENY-300x300.jpg\" class=\"attachment-woocommerce_thumbnail size-woocommerce_thumbnail\" alt=\"Utols\u00f3 el\u0151tti vacsora 2026. 11. 08. vas\u00e1rnap 18 \u00f3ra\" decoding=\"async\" loading=\"lazy\" \/><span class=\"et_overlay\"><\/span><\/span><h2 class=\"woocommerce-loop-product__title\">Utols\u00f3 el\u0151tti vacsora 2026. 11. 08. vas\u00e1rnap 18 \u00f3ra<\/h2>\n\t<span class=\"price\"><span class=\"woocommerce-Price-amount amount\"><bdi>35000&nbsp;<span class=\"woocommerce-Price-currencySymbol\" translate=\"no\">&#70;&#116;<\/span><\/bdi><\/span><\/span>\n<\/a><\/li>\n<li class=\"product type-product post-46578 status-publish instock product_cat-eticket has-post-thumbnail virtual taxable purchasable product-type-simple\">\n\t<a href=\"https:\/\/agoraveszprem.hu\/eng\/product\/vecsei-h-m-pilinszky-est-2026-09-24\/\" class=\"woocommerce-LoopProduct-link woocommerce-loop-product__link\"><span class=\"et_shop_image\"><img width=\"300\" height=\"300\" src=\"https:\/\/agoraveszprem.hu\/wp-content\/uploads\/2025\/05\/Agora-Eticket-RENDEZVENY-300x300.jpg\" class=\"attachment-woocommerce_thumbnail size-woocommerce_thumbnail\" alt=\"Vecsei H. Mikl\u00f3s \u00e9s a QJ\u00daB - Pilinszky est 2026. 09. 24. cs\u00fct\u00f6rt\u00f6k 19 \u00f3ra\" decoding=\"async\" loading=\"lazy\" \/><span class=\"et_overlay\"><\/span><\/span><h2 class=\"woocommerce-loop-product__title\">Vecsei H. Mikl\u00f3s \u00e9s a QJ\u00daB &#8211; Pilinszky est 2026. 09. 24. cs\u00fct\u00f6rt\u00f6k 19 \u00f3ra<\/h2>\n\t<span class=\"price\"><span class=\"woocommerce-Price-amount amount\"><bdi>6500&nbsp;<span class=\"woocommerce-Price-currencySymbol\" translate=\"no\">&#70;&#116;<\/span><\/bdi><\/span><\/span>\n<\/a><\/li>\n<li class=\"product type-product post-49662 status-publish instock product_cat-eticket has-post-thumbnail virtual taxable purchasable product-type-simple\">\n\t<a href=\"https:\/\/agoraveszprem.hu\/eng\/product\/zoldoltozet-fenntarthato-divatnap-2026-09-05\/\" class=\"woocommerce-LoopProduct-link woocommerce-loop-product__link\"><span class=\"et_shop_image\"><img width=\"300\" height=\"300\" src=\"https:\/\/agoraveszprem.hu\/wp-content\/uploads\/2025\/05\/Agora-Eticket-RENDEZVENY-300x300.jpg\" class=\"attachment-woocommerce_thumbnail size-woocommerce_thumbnail\" alt=\"Z\u00f6ld\u00d6lt\u00f6zet \u2013 Fenntarthat\u00f3 Divatnap 2026. 09. 05. szombat 15 \u00f3ra\" decoding=\"async\" loading=\"lazy\" \/><span class=\"et_overlay\"><\/span><\/span><h2 class=\"woocommerce-loop-product__title\">Z\u00f6ld\u00d6lt\u00f6zet \u2013 Fenntarthat\u00f3 Divatnap 2026. 09. 05. szombat 15 \u00f3ra<\/h2>\n\t<span class=\"price\"><span class=\"woocommerce-Price-amount amount\"><bdi>3900&nbsp;<span class=\"woocommerce-Price-currencySymbol\" translate=\"no\">&#70;&#116;<\/span><\/bdi><\/span><\/span>\n<\/a><\/li>\n<\/ul>\n<\/div> Szem\u00e9lyes jegyv\u00e1s\u00e1rl\u00e1s: Az Ag\u00f3ra Veszpr\u00e9m Kultur\u00e1lis K\u00f6zpont saj\u00e1t szervez\u00e9s\u0171 programjaira a jegyp\u00e9nzt\u00e1rn\u00e1l \/Veszpr\u00e9m, T\u00e1bor \u00e1ll\u00e1s park 1.\/\u00a0 v\u00e1s\u00e1rolhat\u00f3k jegyek \u00e9s b\u00e9rletek. Fizet\u00e9si felt\u00e9telek: A jegyek \u00e9s b\u00e9rletek k\u00e9szp\u00e9nzzel vagy bankk\u00e1rty\u00e1val v\u00e1s\u00e1rolhat\u00f3ak meg. Rendezv\u00e9nyeinkre online is v\u00e1s\u00e1rolhat jegyet a Simplepay bank\u00e1rty\u00e1s fizet\u00e9si rendszerrel. Tov\u00e1bbi [&hellip;]<\/p>\n","protected":false},"author":1,"featured_media":0,"parent":0,"menu_order":0,"comment_status":"closed","ping_status":"closed","template":"","meta":{"_et_pb_use_builder":"on","_et_pb_old_content":"","_et_gb_content_width":"1080","footnotes":""},"class_list":["post-4943","page","type-page","status-publish","hentry"],"_links":{"self":[{"href":"https:\/\/agoraveszprem.hu\/eng\/wp-json\/wp\/v2\/pages\/4943","targetHints":{"allow":["GET"]}}],"collection":[{"href":"https:\/\/agoraveszprem.hu\/eng\/wp-json\/wp\/v2\/pages"}],"about":[{"href":"https:\/\/agoraveszprem.hu\/eng\/wp-json\/wp\/v2\/types\/page"}],"author":[{"embeddable":true,"href":"https:\/\/agoraveszprem.hu\/eng\/wp-json\/wp\/v2\/users\/1"}],"replies":[{"embeddable":true,"href":"https:\/\/agoraveszprem.hu\/eng\/wp-json\/wp\/v2\/comments?post=4943"}],"version-history":[{"count":3,"href":"https:\/\/agoraveszprem.hu\/eng\/wp-json\/wp\/v2\/pages\/4943\/revisions"}],"predecessor-version":[{"id":14604,"href":"https:\/\/agoraveszprem.hu\/eng\/wp-json\/wp\/v2\/pages\/4943\/revisions\/14604"}],"wp:attachment":[{"href":"https:\/\/agoraveszprem.hu\/eng\/wp-json\/wp\/v2\/media?parent=4943"}],"curies":[{"name":"wp","href":"https:\/\/api.w.org\/{rel}","templated":true}]}}