{"id":5143,"date":"2021-06-16T05:39:45","date_gmt":"2021-06-16T04:39:45","guid":{"rendered":"https:\/\/agoraveszprem.hu\/?page_id=5143"},"modified":"2024-04-08T10:52:08","modified_gmt":"2024-04-08T09:52:08","slug":"kozossegi-tervezes-jutasi-uti-lakotelepen","status":"publish","type":"page","link":"https:\/\/agoraveszprem.hu\/eng\/kozossegi-tervezes-jutasi-uti-lakotelepen\/","title":{"rendered":"Community planning in the Jutasi Road housing estate"},"content":{"rendered":"<p>[et_pb_section fb_built=&#8221;1&#8243; custom_padding_last_edited=&#8221;on|desktop&#8221; next_background_color=&#8221;#ffffff&#8221; admin_label=&#8221;Header&#8221; _builder_version=&#8221;4.16&#8243; background_enable_color=&#8221;off&#8221; use_background_color_gradient=&#8221;on&#8221; background_color_gradient_direction=&#8221;130deg&#8221; background_color_gradient_stops=&#8221;#ffffff 0%|#F2F2FA 100%&#8221; background_color_gradient_start=&#8221;#ffffff&#8221; background_color_gradient_end=&#8221;#F2F2FA&#8221; background_enable_image=&#8221;off&#8221; background_size=&#8221;initial&#8221; background_position=&#8221;top_left&#8221; transform_origin=&#8221;-10%|46%&#8221; custom_padding=&#8221;0vw||13vw||false|false&#8221; custom_padding_tablet=&#8221;100px||100px||true&#8221; custom_padding_phone=&#8221;||||true&#8221; top_divider_style=&#8221;ramp2&#8243; top_divider_color=&#8221;RGBA(0,0,0,0)&#8221; top_divider_height=&#8221;22px&#8221; top_divider_flip=&#8221;vertical&#8221; bottom_divider_style=&#8221;ramp2&#8243; bottom_divider_height=&#8221;250px&#8221; bottom_divider_flip=&#8221;horizontal&#8221; bottom_divider_height_tablet=&#8221;150px&#8221; bottom_divider_height_phone=&#8221;110px&#8221; bottom_divider_height_last_edited=&#8221;on|phone&#8221; saved_tabs=&#8221;all&#8221; global_colors_info=&#8221;{}&#8221;][et_pb_row _builder_version=&#8221;4.16&#8243; transform_scale=&#8221;82%|82%&#8221; global_colors_info=&#8221;{}&#8221;][et_pb_column type=&#8221;4_4&#8243; _builder_version=&#8221;4.16&#8243; custom_padding=&#8221;|||&#8221; global_colors_info=&#8221;{}&#8221; custom_padding__hover=&#8221;|||&#8221;][et_pb_text _builder_version=&#8221;4.16&#8243; text_font=&#8221;IBM Plex Sans||||||||&#8221; text_text_color=&#8221;#f3e487&#8243; header_font=&#8221;IBM Plex Sans|700|||||||&#8221; header_text_align=&#8221;center&#8221; header_text_color=&#8221;#f3e487&#8243; header_font_size=&#8221;80px&#8221; header_line_height=&#8221;1.2em&#8221; header_3_font=&#8221;Roboto|700||on|||||&#8221; header_3_text_align=&#8221;center&#8221; header_3_text_color=&#8221;#ffffff&#8221; header_3_font_size=&#8221;24px&#8221; header_3_letter_spacing=&#8221;10px&#8221; header_3_line_height=&#8221;2em&#8221; text_orientation=&#8221;center&#8221; background_layout=&#8221;dark&#8221; module_alignment=&#8221;center&#8221; custom_margin=&#8221;||15px|||&#8221; custom_padding=&#8221;|||0px||&#8221; text_font_size_last_edited=&#8221;off|desktop&#8221; header_font_size_tablet=&#8221;40px&#8221; header_font_size_phone=&#8221;32px&#8221; header_font_size_last_edited=&#8221;on|phone&#8221; header_3_font_size_tablet=&#8221;16px&#8221; header_3_font_size_phone=&#8221;14px&#8221; header_3_font_size_last_edited=&#8221;on|phone&#8221; header_3_letter_spacing_tablet=&#8221;5px&#8221; header_3_letter_spacing_phone=&#8221;&#8221; header_3_letter_spacing_last_edited=&#8221;on|tablet&#8221; inline_fonts=&#8221;Abhaya Libre,IBM Plex Sans,IBM Plex Sans Condensed&#8221; global_colors_info=&#8221;{}&#8221;]<\/p>\n<h1><span style=\"font-family: 'IBM Plex Sans'; font-weight: normal; color: #0a1e5a;\">K\u00f6z\u00f6ss\u00e9gi tervez\u00e9s \u00e9s fejleszt\u00e9s a Jutasi \u00fati lak\u00f3telepen <\/span><\/h1>\n<p>[\/et_pb_text][\/et_pb_column][\/et_pb_row][et_pb_row _builder_version=&#8221;4.18.0&#8243; _module_preset=&#8221;default&#8221; custom_margin=&#8221;-3px|auto||auto||&#8221; global_colors_info=&#8221;{}&#8221;][et_pb_column type=&#8221;4_4&#8243; _builder_version=&#8221;4.18.0&#8243; _module_preset=&#8221;default&#8221; global_colors_info=&#8221;{}&#8221;][et_pb_text _builder_version=&#8221;4.24.3&#8243; _module_preset=&#8221;default&#8221; text_font=&#8221;IBM Plex Sans Condensed||||||||&#8221; text_text_color=&#8221;#2d427d&#8221; custom_margin=&#8221;-21px|||||&#8221; custom_padding=&#8221;32px|0px|26px|||&#8221; global_colors_info=&#8221;{}&#8221;]<\/p>\n<h3><span style=\"color: #2d427d;\"><strong>OC-MUV\/4-2022\/413439 \u2013<br \/>III. Jutasi Piknik \u00e9s Olimpia \u2013 K\u00f6z\u00f6ss\u00e9gfejleszt\u00e9s a lak\u00f3telepen<\/strong><\/span><\/h3>\n<p>[\/et_pb_text][\/et_pb_column][\/et_pb_row][et_pb_row _builder_version=&#8221;4.24.0&#8243; _module_preset=&#8221;default&#8221; global_colors_info=&#8221;{}&#8221;][et_pb_column type=&#8221;4_4&#8243; _builder_version=&#8221;4.24.0&#8243; _module_preset=&#8221;default&#8221; global_colors_info=&#8221;{}&#8221;][\/et_pb_column][\/et_pb_row][et_pb_row column_structure=&#8221;1_3,1_3,1_3&#8243; _builder_version=&#8221;4.17.4&#8243; _module_preset=&#8221;default&#8221; global_colors_info=&#8221;{}&#8221;][et_pb_column type=&#8221;1_3&#8243; _builder_version=&#8221;4.17.4&#8243; _module_preset=&#8221;default&#8221; global_colors_info=&#8221;{}&#8221;][et_pb_image src=&#8221;https:\/\/agoraveszprem.hu\/wp-content\/uploads\/2023\/10\/Szabadegyetem-eloadas-12-resz-1024.jpg&#8221; title_text=&#8221;Szabadegyetem el\u0151ad\u00e1s 12 r\u00e9sz 1024&#8243; _builder_version=&#8221;4.24.3&#8243; _module_preset=&#8221;default&#8221; hover_enabled=&#8221;0&#8243; global_colors_info=&#8221;{}&#8221; alt=&#8221;Szabadegyetem el\u0151ad\u00e1s 12 r\u00e9sz 1024&#8243; sticky_enabled=&#8221;0&#8243;][\/et_pb_image][\/et_pb_column][et_pb_column type=&#8221;1_3&#8243; _builder_version=&#8221;4.17.4&#8243; _module_preset=&#8221;default&#8221; global_colors_info=&#8221;{}&#8221;][et_pb_image src=&#8221;https:\/\/agoraveszprem.hu\/wp-content\/uploads\/2023\/10\/Szabadegyetem-eloadas-11-resz-1010.jpg&#8221; title_text=&#8221;Szabadegyetem el\u0151ad\u00e1s 11 r\u00e9sz 1010&#8243; _builder_version=&#8221;4.24.3&#8243; _module_preset=&#8221;default&#8221; hover_enabled=&#8221;0&#8243; global_colors_info=&#8221;{}&#8221; alt=&#8221;Szabadegyetem el\u0151ad\u00e1s 11 r\u00e9sz 1010&#8243; sticky_enabled=&#8221;0&#8243;][\/et_pb_image][\/et_pb_column][et_pb_column type=&#8221;1_3&#8243; _builder_version=&#8221;4.17.4&#8243; _module_preset=&#8221;default&#8221; global_colors_info=&#8221;{}&#8221;][et_pb_image src=&#8221;https:\/\/agoraveszprem.hu\/wp-content\/uploads\/2023\/10\/Foto-palyazat-2023-dijatado.jpg&#8221; title_text=&#8221;Fot\u00f3 p\u00e1ly\u00e1zat 2023 d\u00edj\u00e1tad\u00f3&#8221; _builder_version=&#8221;4.24.3&#8243; _module_preset=&#8221;default&#8221; hover_enabled=&#8221;0&#8243; global_colors_info=&#8221;{}&#8221; alt=&#8221;Fot\u00f3 p\u00e1ly\u00e1zat 2023 d\u00edj\u00e1tad\u00f3&#8221; sticky_enabled=&#8221;0&#8243;][\/et_pb_image][\/et_pb_column][\/et_pb_row][et_pb_row _builder_version=&#8221;4.16&#8243; transform_scale=&#8221;120%|120%&#8221; global_colors_info=&#8221;{}&#8221;][et_pb_column type=&#8221;4_4&#8243; _builder_version=&#8221;4.16&#8243; custom_padding=&#8221;|||&#8221; global_colors_info=&#8221;{}&#8221; custom_padding__hover=&#8221;|||&#8221;][et_pb_divider color=&#8221;#0a1e5a&#8221; divider_style=&#8221;dotted&#8221; divider_weight=&#8221;2px&#8221; _builder_version=&#8221;4.16&#8243; min_height=&#8221;67.8px&#8221; custom_margin=&#8221;-44px|||||&#8221; custom_padding=&#8221;95px|||||&#8221; global_colors_info=&#8221;{}&#8221;][\/et_pb_divider][\/et_pb_column][\/et_pb_row][et_pb_row column_structure=&#8221;1_3,1_3,1_3&#8243; _builder_version=&#8221;4.17.4&#8243; _module_preset=&#8221;default&#8221; global_colors_info=&#8221;{}&#8221;][et_pb_column type=&#8221;1_3&#8243; _builder_version=&#8221;4.17.4&#8243; _module_preset=&#8221;default&#8221; global_colors_info=&#8221;{}&#8221;][et_pb_image src=&#8221;https:\/\/agoraveszprem.hu\/wp-content\/uploads\/2023\/08\/1.jpg&#8221; title_text=&#8221;tud\u00e1sforr\u00e1s szabadegyetem&#8221; _builder_version=&#8221;4.24.3&#8243; _module_preset=&#8221;default&#8221; hover_enabled=&#8221;0&#8243; global_colors_info=&#8221;{}&#8221; alt=&#8221;tud\u00e1sforr\u00e1s szabadegyetem&#8221; sticky_enabled=&#8221;0&#8243;][\/et_pb_image][\/et_pb_column][et_pb_column type=&#8221;1_3&#8243; _builder_version=&#8221;4.17.4&#8243; _module_preset=&#8221;default&#8221; global_colors_info=&#8221;{}&#8221;][et_pb_image src=&#8221;https:\/\/agoraveszprem.hu\/wp-content\/uploads\/2023\/08\/Szabadegyetem-eloadas-10-resz-0919.jpg&#8221; title_text=&#8221;Szabadegyetem el\u0151ad\u00e1s 10 r\u00e9sz 0919&#8243; _builder_version=&#8221;4.24.3&#8243; _module_preset=&#8221;default&#8221; hover_enabled=&#8221;0&#8243; global_colors_info=&#8221;{}&#8221; alt=&#8221;Szabadegyetem el\u0151ad\u00e1s 10 r\u00e9sz 0919&#8243; sticky_enabled=&#8221;0&#8243;][\/et_pb_image][\/et_pb_column][et_pb_column type=&#8221;1_3&#8243; _builder_version=&#8221;4.17.4&#8243; _module_preset=&#8221;default&#8221; global_colors_info=&#8221;{}&#8221;][et_pb_image src=&#8221;https:\/\/agoraveszprem.hu\/wp-content\/uploads\/2023\/08\/Szabadteri-joga-szeptember-2023.jpg&#8221; title_text=&#8221;Szabadt\u00e9ri j\u00f3ga szeptember 2023&#8243; _builder_version=&#8221;4.24.3&#8243; _module_preset=&#8221;default&#8221; hover_enabled=&#8221;0&#8243; global_colors_info=&#8221;{}&#8221; alt=&#8221;Szabadt\u00e9ri j\u00f3ga szeptember 2023&#8243; sticky_enabled=&#8221;0&#8243;][\/et_pb_image][\/et_pb_column][\/et_pb_row][et_pb_row _builder_version=&#8221;4.16&#8243; transform_scale=&#8221;120%|120%&#8221; global_colors_info=&#8221;{}&#8221;][et_pb_column type=&#8221;4_4&#8243; _builder_version=&#8221;4.16&#8243; custom_padding=&#8221;|||&#8221; global_colors_info=&#8221;{}&#8221; custom_padding__hover=&#8221;|||&#8221;][et_pb_divider color=&#8221;#0a1e5a&#8221; divider_style=&#8221;dotted&#8221; divider_weight=&#8221;2px&#8221; _builder_version=&#8221;4.16&#8243; min_height=&#8221;67.8px&#8221; custom_margin=&#8221;-44px|||||&#8221; custom_padding=&#8221;95px|||||&#8221; global_colors_info=&#8221;{}&#8221;][\/et_pb_divider][\/et_pb_column][\/et_pb_row][et_pb_row _builder_version=&#8221;4.22.0&#8243; _module_preset=&#8221;default&#8221; global_colors_info=&#8221;{}&#8221;][et_pb_column type=&#8221;4_4&#8243; _builder_version=&#8221;4.22.0&#8243; _module_preset=&#8221;default&#8221; global_colors_info=&#8221;{}&#8221;][et_pb_text _builder_version=&#8221;4.24.3&#8243; _module_preset=&#8221;default&#8221; text_font=&#8221;IBM Plex Sans Condensed||||||||&#8221; text_text_color=&#8221;#2d427d&#8221; min_height=&#8221;57.8px&#8221; custom_margin=&#8221;-21px|||||&#8221; custom_padding=&#8221;0px|0px||||&#8221; global_colors_info=&#8221;{}&#8221;]<\/p>\n<p>III. Jutasi Piknik \u00e9s Olimpia \u2013 K\u00f6z\u00f6ss\u00e9gfejleszt\u00e9s a lak\u00f3telepen &#8211; OC-MUV\/4-2022\/413439<\/p>\n<p><strong><\/strong><\/p>\n<p>[\/et_pb_text][\/et_pb_column][\/et_pb_row][et_pb_row column_structure=&#8221;1_3,1_3,1_3&#8243; _builder_version=&#8221;4.17.4&#8243; _module_preset=&#8221;default&#8221; global_colors_info=&#8221;{}&#8221;][et_pb_column type=&#8221;1_3&#8243; _builder_version=&#8221;4.17.4&#8243; _module_preset=&#8221;default&#8221; global_colors_info=&#8221;{}&#8221;][et_pb_image src=&#8221;https:\/\/agoraveszprem.hu\/wp-content\/uploads\/2023\/08\/mini-piknik-fooldal_optimized-scaled.jpg&#8221; title_text=&#8221;minipiknik27&#8243; _builder_version=&#8221;4.24.3&#8243; _module_preset=&#8221;default&#8221; hover_enabled=&#8221;0&#8243; global_colors_info=&#8221;{}&#8221; alt=&#8221;minipiknik27&#8243; sticky_enabled=&#8221;0&#8243;][\/et_pb_image][\/et_pb_column][et_pb_column type=&#8221;1_3&#8243; _builder_version=&#8221;4.17.4&#8243; _module_preset=&#8221;default&#8221; global_colors_info=&#8221;{}&#8221;][et_pb_image src=&#8221;https:\/\/agoraveszprem.hu\/wp-content\/uploads\/2023\/08\/mini-piknik-molino-program-1-augusztus-24_optimized-scaled.jpg&#8221; title_text=&#8221;mini-piknik-molino-program-1-augusztus-24_optimized&#8221; _builder_version=&#8221;4.24.3&#8243; _module_preset=&#8221;default&#8221; hover_enabled=&#8221;0&#8243; global_colors_info=&#8221;{}&#8221; alt=&#8221;minipiknik28&#8243; sticky_enabled=&#8221;0&#8243;][\/et_pb_image][\/et_pb_column][et_pb_column type=&#8221;1_3&#8243; _builder_version=&#8221;4.17.4&#8243; _module_preset=&#8221;default&#8221; global_colors_info=&#8221;{}&#8221;][et_pb_image src=&#8221;https:\/\/agoraveszprem.hu\/wp-content\/uploads\/2023\/08\/mini-piknik-molino-program-2-augusztus-24_optimized-scaled.jpg&#8221; title_text=&#8221;mini-piknik-molino-program-2-augusztus-24_optimized&#8221; _builder_version=&#8221;4.24.3&#8243; _module_preset=&#8221;default&#8221; hover_enabled=&#8221;0&#8243; global_colors_info=&#8221;{}&#8221; alt=&#8221;minipiknik29&#8243; sticky_enabled=&#8221;0&#8243;][\/et_pb_image][\/et_pb_column][\/et_pb_row][et_pb_row _builder_version=&#8221;4.16&#8243; transform_scale=&#8221;120%|120%&#8221; global_colors_info=&#8221;{}&#8221;][et_pb_column type=&#8221;4_4&#8243; _builder_version=&#8221;4.16&#8243; custom_padding=&#8221;|||&#8221; global_colors_info=&#8221;{}&#8221; custom_padding__hover=&#8221;|||&#8221;][et_pb_divider color=&#8221;#0a1e5a&#8221; divider_style=&#8221;dotted&#8221; divider_weight=&#8221;2px&#8221; _builder_version=&#8221;4.16&#8243; min_height=&#8221;67.8px&#8221; custom_margin=&#8221;-44px|||||&#8221; custom_padding=&#8221;95px|||||&#8221; global_colors_info=&#8221;{}&#8221;][\/et_pb_divider][\/et_pb_column][\/et_pb_row][et_pb_row column_structure=&#8221;1_3,1_3,1_3&#8243; _builder_version=&#8221;4.17.4&#8243; _module_preset=&#8221;default&#8221; global_colors_info=&#8221;{}&#8221;][et_pb_column type=&#8221;1_3&#8243; _builder_version=&#8221;4.17.4&#8243; _module_preset=&#8221;default&#8221; global_colors_info=&#8221;{}&#8221;][et_pb_image src=&#8221;https:\/\/agoraveszprem.hu\/wp-content\/uploads\/2023\/07\/Mini-piknik-fooldal-scaled.jpg&#8221; title_text=&#8221;Minipiknik24&#8243; _builder_version=&#8221;4.24.3&#8243; _module_preset=&#8221;default&#8221; hover_enabled=&#8221;0&#8243; global_colors_info=&#8221;{}&#8221; alt=&#8221;Minipiknik24&#8243; sticky_enabled=&#8221;0&#8243;][\/et_pb_image][\/et_pb_column][et_pb_column type=&#8221;1_3&#8243; _builder_version=&#8221;4.17.4&#8243; _module_preset=&#8221;default&#8221; global_colors_info=&#8221;{}&#8221;][et_pb_image src=&#8221;https:\/\/agoraveszprem.hu\/wp-content\/uploads\/2023\/07\/Mini-piknik-molino-program-1-julius-15-scaled.jpg&#8221; title_text=&#8221;Mini piknik molino program 1 j\u00falius 15&#8243; _builder_version=&#8221;4.24.3&#8243; _module_preset=&#8221;default&#8221; hover_enabled=&#8221;0&#8243; global_colors_info=&#8221;{}&#8221; alt=&#8221;Mini piknik molino program 1 j\u00falius 15&#8243; sticky_enabled=&#8221;0&#8243;][\/et_pb_image][\/et_pb_column][et_pb_column type=&#8221;1_3&#8243; _builder_version=&#8221;4.17.4&#8243; _module_preset=&#8221;default&#8221; global_colors_info=&#8221;{}&#8221;][et_pb_image src=&#8221;https:\/\/agoraveszprem.hu\/wp-content\/uploads\/2023\/07\/Mini-piknik-molino-program-2-julius-15-scaled.jpg&#8221; title_text=&#8221;Mini piknik molino program 2 j\u00falius 15&#8243; _builder_version=&#8221;4.24.3&#8243; _module_preset=&#8221;default&#8221; hover_enabled=&#8221;0&#8243; global_colors_info=&#8221;{}&#8221; alt=&#8221;Mini piknik molino program 2 j\u00falius 15&#8243; sticky_enabled=&#8221;0&#8243;][\/et_pb_image][\/et_pb_column][\/et_pb_row][et_pb_row _builder_version=&#8221;4.16&#8243; transform_scale=&#8221;120%|120%&#8221; global_colors_info=&#8221;{}&#8221;][et_pb_column type=&#8221;4_4&#8243; _builder_version=&#8221;4.16&#8243; custom_padding=&#8221;|||&#8221; global_colors_info=&#8221;{}&#8221; custom_padding__hover=&#8221;|||&#8221;][et_pb_divider color=&#8221;#0a1e5a&#8221; divider_style=&#8221;dotted&#8221; divider_weight=&#8221;2px&#8221; _builder_version=&#8221;4.16&#8243; min_height=&#8221;67.8px&#8221; custom_margin=&#8221;-44px|||||&#8221; custom_padding=&#8221;95px|||||&#8221; global_colors_info=&#8221;{}&#8221;][\/et_pb_divider][\/et_pb_column][\/et_pb_row][et_pb_row column_structure=&#8221;1_3,1_3,1_3&#8243; _builder_version=&#8221;4.17.4&#8243; _module_preset=&#8221;default&#8221; global_colors_info=&#8221;{}&#8221;][et_pb_column type=&#8221;1_3&#8243; _builder_version=&#8221;4.17.4&#8243; _module_preset=&#8221;default&#8221; global_colors_info=&#8221;{}&#8221;][et_pb_image src=&#8221;https:\/\/agoraveszprem.hu\/wp-content\/uploads\/2023\/06\/Mini_piknik_molino_fooldal_junius_11-scaled.jpg&#8221; title_text=&#8221;Mini_piknik_molino_fooldal_junius_11&#8243; _builder_version=&#8221;4.24.3&#8243; _module_preset=&#8221;default&#8221; hover_enabled=&#8221;0&#8243; global_colors_info=&#8221;{}&#8221; alt=&#8221;Mini piknik molin\u00f3 j\u00fanius_11&#8243; sticky_enabled=&#8221;0&#8243;][\/et_pb_image][\/et_pb_column][et_pb_column type=&#8221;1_3&#8243; _builder_version=&#8221;4.17.4&#8243; _module_preset=&#8221;default&#8221; global_colors_info=&#8221;{}&#8221;][et_pb_image src=&#8221;https:\/\/agoraveszprem.hu\/wp-content\/uploads\/2023\/06\/Mini_piknik_molino_program_1_junius_11-scaled.jpg&#8221; title_text=&#8221;Mini_piknik_molino_program_1_junius_11&#8243; _builder_version=&#8221;4.24.3&#8243; _module_preset=&#8221;default&#8221; hover_enabled=&#8221;0&#8243; global_colors_info=&#8221;{}&#8221; alt=&#8221;Mini_piknik_molino_program_1&#8243; sticky_enabled=&#8221;0&#8243;][\/et_pb_image][\/et_pb_column][et_pb_column type=&#8221;1_3&#8243; _builder_version=&#8221;4.17.4&#8243; _module_preset=&#8221;default&#8221; global_colors_info=&#8221;{}&#8221;][et_pb_image src=&#8221;https:\/\/agoraveszprem.hu\/wp-content\/uploads\/2023\/06\/Mini_piknik_molino_program_2_junius_11-scaled.jpg&#8221; title_text=&#8221;Mini_piknik_molino_program_2_junius_11&#8243; _builder_version=&#8221;4.24.3&#8243; _module_preset=&#8221;default&#8221; hover_enabled=&#8221;0&#8243; global_colors_info=&#8221;{}&#8221; alt=&#8221;Mini_piknik_molino_program_1&#8243; sticky_enabled=&#8221;0&#8243;][\/et_pb_image][\/et_pb_column][\/et_pb_row][et_pb_row _builder_version=&#8221;4.16&#8243; transform_scale=&#8221;120%|120%&#8221; global_colors_info=&#8221;{}&#8221;][et_pb_column type=&#8221;4_4&#8243; _builder_version=&#8221;4.16&#8243; custom_padding=&#8221;|||&#8221; global_colors_info=&#8221;{}&#8221; custom_padding__hover=&#8221;|||&#8221;][et_pb_divider color=&#8221;#0a1e5a&#8221; divider_style=&#8221;dotted&#8221; divider_weight=&#8221;2px&#8221; _builder_version=&#8221;4.16&#8243; min_height=&#8221;67.8px&#8221; custom_margin=&#8221;-44px|||||&#8221; custom_padding=&#8221;95px|||||&#8221; global_colors_info=&#8221;{}&#8221;][\/et_pb_divider][\/et_pb_column][\/et_pb_row][et_pb_row column_structure=&#8221;1_3,1_3,1_3&#8243; _builder_version=&#8221;4.17.4&#8243; _module_preset=&#8221;default&#8221; global_colors_info=&#8221;{}&#8221;][et_pb_column type=&#8221;1_3&#8243; _builder_version=&#8221;4.17.4&#8243; _module_preset=&#8221;default&#8221; global_colors_info=&#8221;{}&#8221;][\/et_pb_column][et_pb_column type=&#8221;1_3&#8243; _builder_version=&#8221;4.17.4&#8243; _module_preset=&#8221;default&#8221; global_colors_info=&#8221;{}&#8221;][et_pb_image src=&#8221;https:\/\/agoraveszprem.hu\/wp-content\/uploads\/2023\/05\/Szabadteri-joga-junius-2023.jpg&#8221; title_text=&#8221;Szabadt\u00e9ri j\u00f3ga j\u00fanius 2023&#8243; _builder_version=&#8221;4.24.3&#8243; _module_preset=&#8221;default&#8221; hover_enabled=&#8221;0&#8243; global_colors_info=&#8221;{}&#8221; alt=&#8221;Szabadt\u00e9ri j\u00f3ga j\u00fanius 2023&#8243; sticky_enabled=&#8221;0&#8243;][\/et_pb_image][\/et_pb_column][et_pb_column type=&#8221;1_3&#8243; _builder_version=&#8221;4.17.4&#8243; _module_preset=&#8221;default&#8221; global_colors_info=&#8221;{}&#8221;][\/et_pb_column][\/et_pb_row][et_pb_row _builder_version=&#8221;4.16&#8243; transform_scale=&#8221;120%|120%&#8221; global_colors_info=&#8221;{}&#8221;][et_pb_column type=&#8221;4_4&#8243; _builder_version=&#8221;4.16&#8243; custom_padding=&#8221;|||&#8221; global_colors_info=&#8221;{}&#8221; custom_padding__hover=&#8221;|||&#8221;][et_pb_divider color=&#8221;#0a1e5a&#8221; divider_style=&#8221;dotted&#8221; divider_weight=&#8221;2px&#8221; _builder_version=&#8221;4.16&#8243; min_height=&#8221;67.8px&#8221; custom_margin=&#8221;-44px|||||&#8221; custom_padding=&#8221;95px|||||&#8221; global_colors_info=&#8221;{}&#8221;][\/et_pb_divider][\/et_pb_column][\/et_pb_row][et_pb_row column_structure=&#8221;1_3,1_3,1_3&#8243; _builder_version=&#8221;4.17.4&#8243; _module_preset=&#8221;default&#8221; global_colors_info=&#8221;{}&#8221;][et_pb_column type=&#8221;1_3&#8243; _builder_version=&#8221;4.17.4&#8243; _module_preset=&#8221;default&#8221; global_colors_info=&#8221;{}&#8221;][et_pb_image src=&#8221;https:\/\/agoraveszprem.hu\/wp-content\/uploads\/2023\/05\/Mini-piknik-molino-fooldal-majus-7-scaled.jpg&#8221; title_text=&#8221;Mini piknik molino f\u0151oldal m\u00e1jus 7&#8243; _builder_version=&#8221;4.24.3&#8243; _module_preset=&#8221;default&#8221; hover_enabled=&#8221;0&#8243; global_colors_info=&#8221;{}&#8221; alt=&#8221;Mini piknik molino1 m\u00e1jus 7&#8243; sticky_enabled=&#8221;0&#8243;][\/et_pb_image][\/et_pb_column][et_pb_column type=&#8221;1_3&#8243; _builder_version=&#8221;4.17.4&#8243; _module_preset=&#8221;default&#8221; global_colors_info=&#8221;{}&#8221;][et_pb_image src=&#8221;https:\/\/agoraveszprem.hu\/wp-content\/uploads\/2023\/05\/Mini-piknik-molino-program-2-majus-7-scaled.jpg&#8221; title_text=&#8221;Mini piknik molino program 2 m\u00e1jus 7&#8243; _builder_version=&#8221;4.24.3&#8243; _module_preset=&#8221;default&#8221; hover_enabled=&#8221;0&#8243; global_colors_info=&#8221;{}&#8221; alt=&#8221;Mini piknik molino program 2 m\u00e1jus 7&#8243; sticky_enabled=&#8221;0&#8243;][\/et_pb_image][\/et_pb_column][et_pb_column type=&#8221;1_3&#8243; _builder_version=&#8221;4.17.4&#8243; _module_preset=&#8221;default&#8221; global_colors_info=&#8221;{}&#8221;][et_pb_image src=&#8221;https:\/\/agoraveszprem.hu\/wp-content\/uploads\/2023\/05\/Mini-piknik-molino-program-1-majus-7-scaled.jpg&#8221; title_text=&#8221;Mini piknik molino program 1 m\u00e1jus 7&#8243; _builder_version=&#8221;4.24.3&#8243; _module_preset=&#8221;default&#8221; hover_enabled=&#8221;0&#8243; global_colors_info=&#8221;{}&#8221; alt=&#8221;Mini piknik molino program 1 m\u00e1jus 7&#8243; sticky_enabled=&#8221;0&#8243;][\/et_pb_image][\/et_pb_column][\/et_pb_row][et_pb_row _builder_version=&#8221;4.16&#8243; transform_scale=&#8221;120%|120%&#8221; global_colors_info=&#8221;{}&#8221;][et_pb_column type=&#8221;4_4&#8243; _builder_version=&#8221;4.16&#8243; custom_padding=&#8221;|||&#8221; global_colors_info=&#8221;{}&#8221; custom_padding__hover=&#8221;|||&#8221;][et_pb_divider color=&#8221;#0a1e5a&#8221; divider_style=&#8221;dotted&#8221; divider_weight=&#8221;2px&#8221; _builder_version=&#8221;4.16&#8243; min_height=&#8221;67.8px&#8221; custom_margin=&#8221;-44px|||||&#8221; custom_padding=&#8221;95px|||||&#8221; global_colors_info=&#8221;{}&#8221;][\/et_pb_divider][\/et_pb_column][\/et_pb_row][et_pb_row column_structure=&#8221;1_2,1_2&#8243; _builder_version=&#8221;4.17.4&#8243; _module_preset=&#8221;default&#8221; global_colors_info=&#8221;{}&#8221;][et_pb_column type=&#8221;1_2&#8243; _builder_version=&#8221;4.17.4&#8243; _module_preset=&#8221;default&#8221; global_colors_info=&#8221;{}&#8221;][et_pb_image src=&#8221;https:\/\/agoraveszprem.hu\/wp-content\/uploads\/2023\/05\/Szabadegyetem-230503mf.jpg&#8221; title_text=&#8221;Szabadegyetem-230503mf&#8221; _builder_version=&#8221;4.24.3&#8243; _module_preset=&#8221;default&#8221; hover_enabled=&#8221;0&#8243; global_colors_info=&#8221;{}&#8221; alt=&#8221;Szabadegyetem 2023. 05. 03.&#8221; sticky_enabled=&#8221;0&#8243;][\/et_pb_image][\/et_pb_column][et_pb_column type=&#8221;1_2&#8243; _builder_version=&#8221;4.17.4&#8243; _module_preset=&#8221;default&#8221; global_colors_info=&#8221;{}&#8221;][et_pb_image src=&#8221;https:\/\/agoraveszprem.hu\/wp-content\/uploads\/2023\/05\/Szabadegyetem-230523.jpg&#8221; title_text=&#8221;Szabadegyetem-230523&#8243; _builder_version=&#8221;4.24.3&#8243; _module_preset=&#8221;default&#8221; hover_enabled=&#8221;0&#8243; global_colors_info=&#8221;{}&#8221; sticky_enabled=&#8221;0&#8243; alt=&#8221;Szabadegyetem-230523&#8243;][\/et_pb_image][\/et_pb_column][\/et_pb_row][et_pb_row _builder_version=&#8221;4.16&#8243; transform_scale=&#8221;120%|120%&#8221; global_colors_info=&#8221;{}&#8221;][et_pb_column type=&#8221;4_4&#8243; _builder_version=&#8221;4.16&#8243; custom_padding=&#8221;|||&#8221; global_colors_info=&#8221;{}&#8221; custom_padding__hover=&#8221;|||&#8221;][et_pb_divider color=&#8221;#0a1e5a&#8221; divider_style=&#8221;dotted&#8221; divider_weight=&#8221;2px&#8221; _builder_version=&#8221;4.16&#8243; min_height=&#8221;67.8px&#8221; custom_margin=&#8221;-44px|||||&#8221; custom_padding=&#8221;95px|||||&#8221; global_colors_info=&#8221;{}&#8221;][\/et_pb_divider][\/et_pb_column][\/et_pb_row][et_pb_row column_structure=&#8221;1_3,1_3,1_3&#8243; _builder_version=&#8221;4.17.4&#8243; _module_preset=&#8221;default&#8221; global_colors_info=&#8221;{}&#8221;][et_pb_column type=&#8221;1_3&#8243; _builder_version=&#8221;4.17.4&#8243; _module_preset=&#8221;default&#8221; global_colors_info=&#8221;{}&#8221;][et_pb_image src=&#8221;https:\/\/agoraveszprem.hu\/wp-content\/uploads\/2023\/04\/ekf.jpg&#8221; title_text=&#8221;jutasi k\u00f6r20&#8243; _builder_version=&#8221;4.24.3&#8243; _module_preset=&#8221;default&#8221; hover_enabled=&#8221;0&#8243; global_colors_info=&#8221;{}&#8221; sticky_enabled=&#8221;0&#8243; alt=&#8221;jutasi k\u00f6r20&#8243;][\/et_pb_image][\/et_pb_column][et_pb_column type=&#8221;1_3&#8243; _builder_version=&#8221;4.17.4&#8243; _module_preset=&#8221;default&#8221; global_colors_info=&#8221;{}&#8221;][et_pb_image src=&#8221;https:\/\/agoraveszprem.hu\/wp-content\/uploads\/2023\/04\/ekf2.jpg&#8221; title_text=&#8221;jutasi k\u00f6r21&#8243; _builder_version=&#8221;4.24.3&#8243; _module_preset=&#8221;default&#8221; hover_enabled=&#8221;0&#8243; global_colors_info=&#8221;{}&#8221; alt=&#8221;jutasi k\u00f6r21&#8243; sticky_enabled=&#8221;0&#8243;][\/et_pb_image][\/et_pb_column][et_pb_column type=&#8221;1_3&#8243; _builder_version=&#8221;4.17.4&#8243; _module_preset=&#8221;default&#8221; global_colors_info=&#8221;{}&#8221;][et_pb_image src=&#8221;https:\/\/agoraveszprem.hu\/wp-content\/uploads\/2023\/04\/ekf3.jpg&#8221; title_text=&#8221;jutasi k\u00f6r22&#8243; _builder_version=&#8221;4.24.3&#8243; _module_preset=&#8221;default&#8221; hover_enabled=&#8221;0&#8243; global_colors_info=&#8221;{}&#8221; alt=&#8221;jutasi k\u00f6r22&#8243; sticky_enabled=&#8221;0&#8243;][\/et_pb_image][\/et_pb_column][\/et_pb_row][et_pb_row _builder_version=&#8221;4.16&#8243; transform_scale=&#8221;120%|120%&#8221; global_colors_info=&#8221;{}&#8221;][et_pb_column type=&#8221;4_4&#8243; _builder_version=&#8221;4.16&#8243; custom_padding=&#8221;|||&#8221; global_colors_info=&#8221;{}&#8221; custom_padding__hover=&#8221;|||&#8221;][et_pb_divider color=&#8221;#0a1e5a&#8221; divider_style=&#8221;dotted&#8221; divider_weight=&#8221;2px&#8221; _builder_version=&#8221;4.16&#8243; min_height=&#8221;67.8px&#8221; custom_margin=&#8221;-44px|||||&#8221; custom_padding=&#8221;95px|||||&#8221; global_colors_info=&#8221;{}&#8221;][\/et_pb_divider][\/et_pb_column][\/et_pb_row][et_pb_row column_structure=&#8221;1_3,1_3,1_3&#8243; _builder_version=&#8221;4.17.4&#8243; _module_preset=&#8221;default&#8221; global_colors_info=&#8221;{}&#8221;][et_pb_column type=&#8221;1_3&#8243; _builder_version=&#8221;4.17.4&#8243; _module_preset=&#8221;default&#8221; global_colors_info=&#8221;{}&#8221;][et_pb_image src=&#8221;https:\/\/agoraveszprem.hu\/wp-content\/uploads\/2023\/03\/EKF-Szabadegyetem230328.jpg&#8221; title_text=&#8221;EKF-Szabadegyetem230328&#8243; _builder_version=&#8221;4.24.3&#8243; _module_preset=&#8221;default&#8221; hover_enabled=&#8221;0&#8243; global_colors_info=&#8221;{}&#8221; alt=&#8221;EKF-Szabadegyetem230328&#8243; sticky_enabled=&#8221;0&#8243;][\/et_pb_image][\/et_pb_column][et_pb_column type=&#8221;1_3&#8243; _builder_version=&#8221;4.17.4&#8243; _module_preset=&#8221;default&#8221; global_colors_info=&#8221;{}&#8221;][et_pb_image src=&#8221;https:\/\/agoraveszprem.hu\/wp-content\/uploads\/2023\/03\/EKF-Szabadegyetem230307.jpg&#8221; title_text=&#8221;EKF-Szabadegyetem230307&#8243; _builder_version=&#8221;4.24.3&#8243; _module_preset=&#8221;default&#8221; hover_enabled=&#8221;0&#8243; global_colors_info=&#8221;{}&#8221; alt=&#8221;EKF-Szabadegyetem 230307&#8243; sticky_enabled=&#8221;0&#8243;][\/et_pb_image][\/et_pb_column][et_pb_column type=&#8221;1_3&#8243; _builder_version=&#8221;4.17.4&#8243; _module_preset=&#8221;default&#8221; global_colors_info=&#8221;{}&#8221;][et_pb_image src=&#8221;https:\/\/agoraveszprem.hu\/wp-content\/uploads\/2023\/03\/EKF-2023-Keritesrajzpalyazat.jpg&#8221; title_text=&#8221;EKF-2023-Ker\u00edt\u00e9srajzp\u00e1ly\u00e1zat&#8221; _builder_version=&#8221;4.24.3&#8243; _module_preset=&#8221;default&#8221; hover_enabled=&#8221;0&#8243; global_colors_info=&#8221;{}&#8221; alt=&#8221;Ker\u00edt\u00e9srajzp\u00e1ly\u00e1zat&#8221; sticky_enabled=&#8221;0&#8243;][\/et_pb_image][\/et_pb_column][\/et_pb_row][et_pb_row _builder_version=&#8221;4.16&#8243; transform_scale=&#8221;120%|120%&#8221; global_colors_info=&#8221;{}&#8221;][et_pb_column type=&#8221;4_4&#8243; _builder_version=&#8221;4.16&#8243; custom_padding=&#8221;|||&#8221; global_colors_info=&#8221;{}&#8221; custom_padding__hover=&#8221;|||&#8221;][et_pb_divider color=&#8221;#0a1e5a&#8221; divider_style=&#8221;dotted&#8221; divider_weight=&#8221;2px&#8221; _builder_version=&#8221;4.16&#8243; min_height=&#8221;67.8px&#8221; custom_margin=&#8221;-44px|||||&#8221; custom_padding=&#8221;95px|||||&#8221; global_colors_info=&#8221;{}&#8221;][\/et_pb_divider][\/et_pb_column][\/et_pb_row][et_pb_row column_structure=&#8221;1_3,1_3,1_3&#8243; _builder_version=&#8221;4.17.4&#8243; _module_preset=&#8221;default&#8221; global_colors_info=&#8221;{}&#8221;][et_pb_column type=&#8221;1_3&#8243; _builder_version=&#8221;4.17.4&#8243; _module_preset=&#8221;default&#8221; global_colors_info=&#8221;{}&#8221;][et_pb_image src=&#8221;https:\/\/agoraveszprem.hu\/wp-content\/uploads\/2023\/02\/Jutasi-foto-mf.jpg&#8221; title_text=&#8221;Jutasi fot\u00f3 mf&#8221; _builder_version=&#8221;4.24.3&#8243; _module_preset=&#8221;default&#8221; hover_enabled=&#8221;0&#8243; global_colors_info=&#8221;{}&#8221; alt=&#8221;Jutasi fot\u00f3 mf&#8221; sticky_enabled=&#8221;0&#8243;][\/et_pb_image][\/et_pb_column][et_pb_column type=&#8221;1_3&#8243; _builder_version=&#8221;4.17.4&#8243; _module_preset=&#8221;default&#8221; global_colors_info=&#8221;{}&#8221;][et_pb_image src=&#8221;https:\/\/agoraveszprem.hu\/wp-content\/uploads\/2023\/02\/Szabadegyetem-mf-0214.jpg&#8221; title_text=&#8221;Szabadegyetem mf 0214&#8243; _builder_version=&#8221;4.24.3&#8243; _module_preset=&#8221;default&#8221; hover_enabled=&#8221;0&#8243; global_colors_info=&#8221;{}&#8221; alt=&#8221;Szabadegyetem mf 0214&#8243; sticky_enabled=&#8221;0&#8243;][\/et_pb_image][\/et_pb_column][et_pb_column type=&#8221;1_3&#8243; _builder_version=&#8221;4.17.4&#8243; _module_preset=&#8221;default&#8221; global_colors_info=&#8221;{}&#8221;][et_pb_image src=&#8221;https:\/\/agoraveszprem.hu\/wp-content\/uploads\/2023\/02\/Szabadegyetem-mf-0228.jpg&#8221; title_text=&#8221;Szabadegyetem mf 0228&#8243; _builder_version=&#8221;4.24.3&#8243; _module_preset=&#8221;default&#8221; hover_enabled=&#8221;0&#8243; global_colors_info=&#8221;{}&#8221; alt=&#8221;Szabadegyetem mf 0228&#8243; sticky_enabled=&#8221;0&#8243;][\/et_pb_image][\/et_pb_column][\/et_pb_row][et_pb_row _builder_version=&#8221;4.16&#8243; transform_scale=&#8221;120%|120%&#8221; global_colors_info=&#8221;{}&#8221;][et_pb_column type=&#8221;4_4&#8243; _builder_version=&#8221;4.16&#8243; custom_padding=&#8221;|||&#8221; global_colors_info=&#8221;{}&#8221; custom_padding__hover=&#8221;|||&#8221;][et_pb_divider color=&#8221;#0a1e5a&#8221; divider_style=&#8221;dotted&#8221; divider_weight=&#8221;2px&#8221; _builder_version=&#8221;4.16&#8243; min_height=&#8221;67.8px&#8221; custom_margin=&#8221;-44px|||||&#8221; custom_padding=&#8221;95px|||||&#8221; global_colors_info=&#8221;{}&#8221;][\/et_pb_divider][\/et_pb_column][\/et_pb_row][et_pb_row _builder_version=&#8221;4.16&#8243; transform_scale=&#8221;120%|120%&#8221; global_colors_info=&#8221;{}&#8221;][et_pb_column type=&#8221;4_4&#8243; _builder_version=&#8221;4.16&#8243; custom_padding=&#8221;|||&#8221; global_colors_info=&#8221;{}&#8221; custom_padding__hover=&#8221;|||&#8221;][et_pb_image src=&#8221;https:\/\/agoraveszprem.hu\/wp-content\/uploads\/2024\/01\/Sajtokozlemeny-scaled.jpg&#8221; title_text=&#8221;Sajt\u00f3k\u00f6zlem\u00e9ny&#8221; align=&#8221;center&#8221; _builder_version=&#8221;4.24.3&#8243; _module_preset=&#8221;default&#8221; transform_scale=&#8221;85%|85%&#8221; hover_enabled=&#8221;0&#8243; global_colors_info=&#8221;{}&#8221; alt=&#8221;Sajt\u00f3k\u00f6zlem\u00e9ny&#8221; sticky_enabled=&#8221;0&#8243;][\/et_pb_image][\/et_pb_column][\/et_pb_row][et_pb_row _builder_version=&#8221;4.16&#8243; background_color=&#8221;RGBA(0,0,0,0)&#8221; transform_scale=&#8221;120%|120%&#8221; min_height=&#8221;326.6px&#8221; custom_margin=&#8221;180px|auto||auto||&#8221; custom_padding=&#8221;53px|||||&#8221; global_colors_info=&#8221;{}&#8221;][et_pb_column type=&#8221;4_4&#8243; _builder_version=&#8221;4.16&#8243; custom_padding=&#8221;|||&#8221; global_colors_info=&#8221;{}&#8221; custom_padding__hover=&#8221;|||&#8221;][et_pb_text _builder_version=&#8221;4.24.3&#8243; _module_preset=&#8221;default&#8221; text_font=&#8221;IBM Plex Sans Condensed||||||||&#8221; text_text_color=&#8221;#2d427d&#8221; custom_margin=&#8221;-21px|||||&#8221; custom_padding=&#8221;0px|0px||||&#8221; global_colors_info=&#8221;{}&#8221;]<\/p>\n<p><strong>II. Jutasi Piknik \u00e9s Olimpia &#8211; K\u00f6z\u00f6ss\u00e9gfejleszt\u00e9s a Jutasi \u00fati lak\u00f3telepen<\/strong><\/p>\n<p>A projekt keret\u00e9ben szabadegyetemi el\u0151ad\u00e1sokkal, rajzp\u00e1ly\u00e1zattal, aszfalt rajzversennyel, k\u00f6z\u00f6ss\u00e9gi j\u00e1t\u00e9kokkal, t\u00e9rhaszn\u00e1lati programokkal, fot\u00f3- \u00e9s hanggy\u0171jt\u00e9ssel, Mini piknik esem\u00e9nyekkel, valamint a h\u00e1romnapos Jutasi Piknikkel v\u00e1rtuk az \u00e9rdekl\u0151d\u0151ket.<br \/>A Piknik minden nap m\u00e1s-m\u00e1s tematik\u00e1val, m\u00e1s helysz\u00ednen zajlott. A De\u00e1k Iskola el\u0151tti parkban cirkuszi aktivit\u00e1sok \u00e9s egy\u00e9b k\u00f6z\u00f6ss\u00e9gi esem\u00e9nyek val\u00f3sultak meg. A K\u00e1lvin J\u00e1nos parkban sporttal, mozg\u00e1ssal kapcsolatos programokkal, \u00fcgyess\u00e9gi bemutat\u00f3kkal, k\u00e9zm\u0171ves foglalkoz\u00e1sokkal \u00e9s koncertekkel k\u00e9sz\u00fclt\u00fcnk.<br \/>A rossz id\u0151 miatt a T\u00e1bor\u00e1ll\u00e1s park helyett az Ag\u00f3ra \u00e9p\u00fclet\u00e9be vitt\u00fck a gasztron\u00f3miai esem\u00e9nyeket, b\u00e1bsz\u00ednh\u00e1zi produkci\u00f3kat, csal\u00e1di -\u00e9s gyerekprogramokat.<br \/>Az esem\u00e9nyeken iskol\u00e1sok, \u00f3vod\u00e1sok, a lak\u00f3telepen, illetve a v\u00e1ros m\u00e1s r\u00e9szein \u00e9l\u0151 fiatalok \u00e9s feln\u0151ttek vettek r\u00e9szt.<br \/>Partnereink voltak tov\u00e1bb\u00e1 az Ag\u00f3r\u00e1ban m\u0171k\u00f6d\u0151 k\u00f6z\u00f6ss\u00e9gek, adott t\u00e9mak\u00f6rben j\u00e1rtas el\u0151ad\u00f3k, oktat\u00f3k, m\u0171v\u00e9szek, sportol\u00f3k, zen\u00e9szek, illetve j\u00e1t\u00e9kparkokat \u00e9s egy\u00e9b eszk\u00f6z\u00f6ket szolg\u00e1ltat\u00f3 v\u00e1llalkoz\u00f3k. A programoknak k\u00f6sz\u00f6nhet\u0151en a lak\u00f3telepiek kultur\u00e1lis, m\u0171v\u00e9szeti \u00e9s k\u00f6z\u00f6ss\u00e9gi \u00e9lete sz\u00ednesedett, tartalmasabb\u00e1 v\u00e1lt.<br \/>A l\u00e1togat\u00f3k sz\u00e1ma megk\u00f6zel\u00edtette a 4000 f\u0151t.<\/p>\n<p><strong>A programok az OC-MUV\/3-2021\/868454 sz\u00e1m\u00fa p\u00e1ly\u00e1zat keret\u00e9ben,<\/strong><br \/><strong>a VEB 2023 EKF t\u00e1mogat\u00e1s\u00e1val val\u00f3sultak meg.<\/strong><\/p>\n<p>[\/et_pb_text][\/et_pb_column][\/et_pb_row][et_pb_row _builder_version=&#8221;4.16&#8243; transform_scale=&#8221;120%|120%&#8221; global_colors_info=&#8221;{}&#8221;][et_pb_column type=&#8221;4_4&#8243; _builder_version=&#8221;4.16&#8243; custom_padding=&#8221;|||&#8221; global_colors_info=&#8221;{}&#8221; custom_padding__hover=&#8221;|||&#8221;][et_pb_divider color=&#8221;#0a1e5a&#8221; divider_style=&#8221;dotted&#8221; divider_weight=&#8221;2px&#8221; _builder_version=&#8221;4.16&#8243; min_height=&#8221;67.8px&#8221; custom_margin=&#8221;-44px|||||&#8221; custom_padding=&#8221;95px|||||&#8221; global_colors_info=&#8221;{}&#8221;][\/et_pb_divider][\/et_pb_column][\/et_pb_row][et_pb_row column_structure=&#8221;1_2,1_2&#8243; _builder_version=&#8221;4.17.4&#8243; _module_preset=&#8221;default&#8221; global_colors_info=&#8221;{}&#8221;][et_pb_column type=&#8221;1_2&#8243; _builder_version=&#8221;4.17.4&#8243; _module_preset=&#8221;default&#8221; global_colors_info=&#8221;{}&#8221;][et_pb_image src=&#8221;https:\/\/agoraveszprem.hu\/wp-content\/uploads\/2022\/10\/Hirdetes-EKF-oktober-szabadegyetem.jpg&#8221; title_text=&#8221;Hirdet\u00e9s EKF okt\u00f3ber szabadegyetem&#8221; _builder_version=&#8221;4.24.3&#8243; _module_preset=&#8221;default&#8221; hover_enabled=&#8221;0&#8243; global_colors_info=&#8221;{}&#8221; alt=&#8221;Hirdet\u00e9s EKF okt\u00f3ber szabadegyetem&#8221; sticky_enabled=&#8221;0&#8243;][\/et_pb_image][\/et_pb_column][et_pb_column type=&#8221;1_2&#8243; _builder_version=&#8221;4.17.4&#8243; _module_preset=&#8221;default&#8221; global_colors_info=&#8221;{}&#8221;][et_pb_image src=&#8221;https:\/\/agoraveszprem.hu\/wp-content\/uploads\/2022\/09\/hirdetes-szept1-page-001.jpg&#8221; title_text=&#8221;hirdet\u00e9s szept1-page-001&#8243; _builder_version=&#8221;4.24.3&#8243; _module_preset=&#8221;default&#8221; hover_enabled=&#8221;0&#8243; global_colors_info=&#8221;{}&#8221; alt=&#8221;Az univerzum a kert\u00fcnkb\u0151l&#8221; sticky_enabled=&#8221;0&#8243;][\/et_pb_image][\/et_pb_column][\/et_pb_row][et_pb_row _builder_version=&#8221;4.16&#8243; transform_scale=&#8221;120%|120%&#8221; global_colors_info=&#8221;{}&#8221;][et_pb_column type=&#8221;4_4&#8243; _builder_version=&#8221;4.16&#8243; custom_padding=&#8221;|||&#8221; global_colors_info=&#8221;{}&#8221; custom_padding__hover=&#8221;|||&#8221;][et_pb_divider color=&#8221;#0a1e5a&#8221; divider_style=&#8221;dotted&#8221; divider_weight=&#8221;2px&#8221; _builder_version=&#8221;4.16&#8243; min_height=&#8221;24px&#8221; custom_margin=&#8221;-44px|||||&#8221; custom_padding=&#8221;61px|||||&#8221; global_colors_info=&#8221;{}&#8221;][\/et_pb_divider][et_pb_text _builder_version=&#8221;4.18.0&#8243; _module_preset=&#8221;default&#8221; global_colors_info=&#8221;{}&#8221;]<\/p>\n<blockquote>\n<p>Mini piknik 2022. augusztus 14.<\/p>\n<\/blockquote>\n<p>[\/et_pb_text][\/et_pb_column][\/et_pb_row][et_pb_row _builder_version=&#8221;4.16&#8243; _module_preset=&#8221;default&#8221; global_colors_info=&#8221;{}&#8221;][et_pb_column type=&#8221;4_4&#8243; _builder_version=&#8221;4.16&#8243; _module_preset=&#8221;default&#8221; global_colors_info=&#8221;{}&#8221;][et_pb_video src=&#8221;https:\/\/agoraveszprem.hu\/wp-content\/uploads\/2022\/09\/Mini piknik 2022. aug.14..mp4&#8243; image_src=&#8221;https:\/\/agoraveszprem.hu\/wp-content\/uploads\/2022\/05\/Mini-piknik-atf.jpg&#8221; play_icon_color=&#8221;#9E2A87&#8243; _builder_version=&#8221;4.18.0&#8243; _module_preset=&#8221;default&#8221; border_width_all=&#8221;3px&#8221; border_color_all=&#8221;#9E2A87&#8243; box_shadow_style=&#8221;preset2&#8243; global_colors_info=&#8221;{}&#8221;][\/et_pb_video][\/et_pb_column][\/et_pb_row][et_pb_row _builder_version=&#8221;4.16&#8243; transform_scale=&#8221;120%|120%&#8221; global_colors_info=&#8221;{}&#8221;][et_pb_column type=&#8221;4_4&#8243; _builder_version=&#8221;4.16&#8243; custom_padding=&#8221;|||&#8221; global_colors_info=&#8221;{}&#8221; custom_padding__hover=&#8221;|||&#8221;][et_pb_divider color=&#8221;#0a1e5a&#8221; divider_style=&#8221;dotted&#8221; divider_weight=&#8221;2px&#8221; _builder_version=&#8221;4.16&#8243; min_height=&#8221;24px&#8221; custom_margin=&#8221;-44px|||||&#8221; custom_padding=&#8221;61px|||||&#8221; global_colors_info=&#8221;{}&#8221;][\/et_pb_divider][et_pb_text _builder_version=&#8221;4.18.0&#8243; _module_preset=&#8221;default&#8221; global_colors_info=&#8221;{}&#8221;]<\/p>\n<blockquote>\n<p>Mini piknik 2022. j\u00fanius 19.<\/p>\n<\/blockquote>\n<p>[\/et_pb_text][\/et_pb_column][\/et_pb_row][et_pb_row _builder_version=&#8221;4.16&#8243; _module_preset=&#8221;default&#8221; global_colors_info=&#8221;{}&#8221;][et_pb_column type=&#8221;4_4&#8243; _builder_version=&#8221;4.16&#8243; _module_preset=&#8221;default&#8221; global_colors_info=&#8221;{}&#8221;][et_pb_video src=&#8221;https:\/\/agoraveszprem.hu\/wp-content\/uploads\/2022\/07\/Mini piknik 2022. j\u00fanius 19.mp4&#8243; image_src=&#8221;https:\/\/agoraveszprem.hu\/wp-content\/uploads\/2022\/05\/Mini-piknik-atf.jpg&#8221; play_icon_color=&#8221;#9E2A87&#8243; _builder_version=&#8221;4.17.4&#8243; _module_preset=&#8221;default&#8221; border_width_all=&#8221;3px&#8221; border_color_all=&#8221;#9E2A87&#8243; box_shadow_style=&#8221;preset2&#8243; global_colors_info=&#8221;{}&#8221;][\/et_pb_video][\/et_pb_column][\/et_pb_row][et_pb_row _builder_version=&#8221;4.16&#8243; transform_scale=&#8221;120%|120%&#8221; global_colors_info=&#8221;{}&#8221;][et_pb_column type=&#8221;4_4&#8243; _builder_version=&#8221;4.16&#8243; custom_padding=&#8221;|||&#8221; global_colors_info=&#8221;{}&#8221; custom_padding__hover=&#8221;|||&#8221;][et_pb_divider color=&#8221;#0a1e5a&#8221; divider_style=&#8221;dotted&#8221; divider_weight=&#8221;2px&#8221; _builder_version=&#8221;4.16&#8243; min_height=&#8221;24px&#8221; custom_margin=&#8221;-44px|||||&#8221; custom_padding=&#8221;61px|||||&#8221; global_colors_info=&#8221;{}&#8221;][\/et_pb_divider][\/et_pb_column][\/et_pb_row][et_pb_row _builder_version=&#8221;4.16&#8243; _module_preset=&#8221;default&#8221; global_colors_info=&#8221;{}&#8221;][et_pb_column type=&#8221;4_4&#8243; _builder_version=&#8221;4.16&#8243; _module_preset=&#8221;default&#8221; global_colors_info=&#8221;{}&#8221;][et_pb_video src=&#8221;https:\/\/agoraveszprem.hu\/wp-content\/uploads\/2022\/05\/Mini piknik.mp4&#8243; image_src=&#8221;https:\/\/agoraveszprem.hu\/wp-content\/uploads\/2022\/05\/Mini-piknik-atf.jpg&#8221; play_icon_color=&#8221;#9E2A87&#8243; _builder_version=&#8221;4.17.4&#8243; _module_preset=&#8221;default&#8221; border_width_all=&#8221;3px&#8221; border_color_all=&#8221;#9E2A87&#8243; box_shadow_style=&#8221;preset2&#8243; global_colors_info=&#8221;{}&#8221;][\/et_pb_video][\/et_pb_column][\/et_pb_row][et_pb_row _builder_version=&#8221;4.16&#8243; transform_scale=&#8221;120%|120%&#8221; global_colors_info=&#8221;{}&#8221;][et_pb_column type=&#8221;4_4&#8243; _builder_version=&#8221;4.16&#8243; custom_padding=&#8221;|||&#8221; global_colors_info=&#8221;{}&#8221; custom_padding__hover=&#8221;|||&#8221;][et_pb_divider color=&#8221;#0a1e5a&#8221; divider_style=&#8221;dotted&#8221; divider_weight=&#8221;2px&#8221; _builder_version=&#8221;4.16&#8243; min_height=&#8221;24px&#8221; custom_margin=&#8221;-44px|||||&#8221; custom_padding=&#8221;61px|||||&#8221; global_colors_info=&#8221;{}&#8221;][\/et_pb_divider][\/et_pb_column][\/et_pb_row][et_pb_row column_structure=&#8221;1_3,1_3,1_3&#8243; _builder_version=&#8221;4.17.4&#8243; _module_preset=&#8221;default&#8221; global_colors_info=&#8221;{}&#8221;][et_pb_column type=&#8221;1_3&#8243; _builder_version=&#8221;4.17.4&#8243; _module_preset=&#8221;default&#8221; global_colors_info=&#8221;{}&#8221;][\/et_pb_column][et_pb_column type=&#8221;1_3&#8243; _builder_version=&#8221;4.17.4&#8243; _module_preset=&#8221;default&#8221; global_colors_info=&#8221;{}&#8221;][et_pb_image src=&#8221;https:\/\/agoraveszprem.hu\/wp-content\/uploads\/2022\/08\/Minipiknik_mf-4.jpg&#8221; title_text=&#8221;Minipiknik_mf 4&#8243; _builder_version=&#8221;4.24.3&#8243; _module_preset=&#8221;default&#8221; hover_enabled=&#8221;0&#8243; global_colors_info=&#8221;{}&#8221; alt=&#8221;Minipiknik 2022.08.&#8221; sticky_enabled=&#8221;0&#8243;][\/et_pb_image][\/et_pb_column][et_pb_column type=&#8221;1_3&#8243; _builder_version=&#8221;4.17.4&#8243; _module_preset=&#8221;default&#8221; global_colors_info=&#8221;{}&#8221;][\/et_pb_column][\/et_pb_row][et_pb_row _builder_version=&#8221;4.16&#8243; transform_scale=&#8221;120%|120%&#8221; global_colors_info=&#8221;{}&#8221;][et_pb_column type=&#8221;4_4&#8243; _builder_version=&#8221;4.16&#8243; custom_padding=&#8221;|||&#8221; global_colors_info=&#8221;{}&#8221; custom_padding__hover=&#8221;|||&#8221;][et_pb_divider color=&#8221;#0a1e5a&#8221; divider_style=&#8221;dotted&#8221; divider_weight=&#8221;2px&#8221; _builder_version=&#8221;4.16&#8243; min_height=&#8221;24px&#8221; custom_margin=&#8221;-44px|||||&#8221; custom_padding=&#8221;61px|||||&#8221; global_colors_info=&#8221;{}&#8221;][\/et_pb_divider][\/et_pb_column][\/et_pb_row][et_pb_row column_structure=&#8221;1_3,1_3,1_3&#8243; _builder_version=&#8221;4.16&#8243; _module_preset=&#8221;default&#8221; global_colors_info=&#8221;{}&#8221;][et_pb_column type=&#8221;1_3&#8243; _builder_version=&#8221;4.16&#8243; _module_preset=&#8221;default&#8221; global_colors_info=&#8221;{}&#8221;][et_pb_image src=&#8221;https:\/\/agoraveszprem.hu\/wp-content\/uploads\/2022\/06\/MIni-piknik-julius-fooldal.png&#8221; title_text=&#8221;Mini piknik j\u00falius f\u0151oldal&#8221; _builder_version=&#8221;4.24.3&#8243; _module_preset=&#8221;default&#8221; animation_style=&#8221;fade&#8221; animation_duration=&#8221;1250ms&#8221; hover_enabled=&#8221;0&#8243; global_colors_info=&#8221;{}&#8221; alt=&#8221;Mini piknik j\u00falius f\u0151oldal&#8221; sticky_enabled=&#8221;0&#8243;][\/et_pb_image][\/et_pb_column][et_pb_column type=&#8221;1_3&#8243; _builder_version=&#8221;4.16&#8243; _module_preset=&#8221;default&#8221; global_colors_info=&#8221;{}&#8221;][et_pb_image src=&#8221;https:\/\/agoraveszprem.hu\/wp-content\/uploads\/2022\/06\/Mini-piknik-molino-program-1-julius-scaled.jpg&#8221; title_text=&#8221;Mini piknik molino program 1 j\u00falius&#8221; _builder_version=&#8221;4.24.3&#8243; _module_preset=&#8221;default&#8221; hover_enabled=&#8221;0&#8243; box_shadow_style=&#8221;preset2&#8243; global_colors_info=&#8221;{}&#8221; alt=&#8221;Mini piknik molino program 1 j\u00falius&#8221; sticky_enabled=&#8221;0&#8243;][\/et_pb_image][\/et_pb_column][et_pb_column type=&#8221;1_3&#8243; _builder_version=&#8221;4.16&#8243; _module_preset=&#8221;default&#8221; global_colors_info=&#8221;{}&#8221;][et_pb_image src=&#8221;https:\/\/agoraveszprem.hu\/wp-content\/uploads\/2022\/06\/Mini-piknik-molino-program-2-julius-scaled.jpg&#8221; title_text=&#8221;Mini piknik molino program 2 j\u00falius&#8221; _builder_version=&#8221;4.24.3&#8243; _module_preset=&#8221;default&#8221; hover_enabled=&#8221;0&#8243; box_shadow_style=&#8221;preset2&#8243; global_colors_info=&#8221;{}&#8221; alt=&#8221;Mini piknik molino program 2 j\u00falius&#8221; sticky_enabled=&#8221;0&#8243;][\/et_pb_image][\/et_pb_column][\/et_pb_row][et_pb_row _builder_version=&#8221;4.16&#8243; transform_scale=&#8221;120%|120%&#8221; global_colors_info=&#8221;{}&#8221;][et_pb_column type=&#8221;4_4&#8243; _builder_version=&#8221;4.16&#8243; custom_padding=&#8221;|||&#8221; global_colors_info=&#8221;{}&#8221; custom_padding__hover=&#8221;|||&#8221;][et_pb_divider color=&#8221;#0a1e5a&#8221; divider_style=&#8221;dotted&#8221; divider_weight=&#8221;2px&#8221; _builder_version=&#8221;4.16&#8243; min_height=&#8221;24px&#8221; custom_margin=&#8221;-44px|||||&#8221; custom_padding=&#8221;61px|||||&#8221; global_colors_info=&#8221;{}&#8221;][\/et_pb_divider][\/et_pb_column][\/et_pb_row][et_pb_row column_structure=&#8221;1_3,1_3,1_3&#8243; _builder_version=&#8221;4.16&#8243; _module_preset=&#8221;default&#8221; global_colors_info=&#8221;{}&#8221;][et_pb_column type=&#8221;1_3&#8243; _builder_version=&#8221;4.16&#8243; _module_preset=&#8221;default&#8221; global_colors_info=&#8221;{}&#8221;][et_pb_image src=&#8221;https:\/\/agoraveszprem.hu\/wp-content\/uploads\/2022\/06\/Mini-piknik-junius-fooldal-scaled.jpg&#8221; title_text=&#8221;Mini piknik j\u00fanius f\u0151oldal&#8221; _builder_version=&#8221;4.24.3&#8243; _module_preset=&#8221;default&#8221; hover_enabled=&#8221;0&#8243; global_colors_info=&#8221;{}&#8221; alt=&#8221;Mini piknik j\u00fanius f\u0151oldal&#8221; sticky_enabled=&#8221;0&#8243;][\/et_pb_image][\/et_pb_column][et_pb_column type=&#8221;1_3&#8243; _builder_version=&#8221;4.16&#8243; _module_preset=&#8221;default&#8221; global_colors_info=&#8221;{}&#8221;][et_pb_image src=&#8221;https:\/\/agoraveszprem.hu\/wp-content\/uploads\/2022\/06\/Mini-piknik-junius-1-scaled.jpg&#8221; title_text=&#8221;Mini piknik j\u00fanius 1&#8243; _builder_version=&#8221;4.24.3&#8243; _module_preset=&#8221;default&#8221; hover_enabled=&#8221;0&#8243; box_shadow_style=&#8221;preset2&#8243; global_colors_info=&#8221;{}&#8221; alt=&#8221;Mini piknik j\u00fanius 1&#8243; sticky_enabled=&#8221;0&#8243;][\/et_pb_image][\/et_pb_column][et_pb_column type=&#8221;1_3&#8243; _builder_version=&#8221;4.16&#8243; _module_preset=&#8221;default&#8221; global_colors_info=&#8221;{}&#8221;][et_pb_image src=&#8221;https:\/\/agoraveszprem.hu\/wp-content\/uploads\/2022\/06\/Mini-piknik-junius-2-scaled.jpg&#8221; title_text=&#8221;Mini piknik j\u00fanius 2&#8243; _builder_version=&#8221;4.24.3&#8243; _module_preset=&#8221;default&#8221; hover_enabled=&#8221;0&#8243; box_shadow_style=&#8221;preset2&#8243; global_colors_info=&#8221;{}&#8221; alt=&#8221;Mini piknik j\u00fanius 2&#8243; sticky_enabled=&#8221;0&#8243;][\/et_pb_image][\/et_pb_column][\/et_pb_row][et_pb_row _builder_version=&#8221;4.16&#8243; transform_scale=&#8221;120%|120%&#8221; global_colors_info=&#8221;{}&#8221;][et_pb_column type=&#8221;4_4&#8243; _builder_version=&#8221;4.16&#8243; custom_padding=&#8221;|||&#8221; global_colors_info=&#8221;{}&#8221; custom_padding__hover=&#8221;|||&#8221;][et_pb_divider color=&#8221;#0a1e5a&#8221; divider_style=&#8221;dotted&#8221; divider_weight=&#8221;2px&#8221; _builder_version=&#8221;4.16&#8243; min_height=&#8221;24px&#8221; custom_margin=&#8221;-44px|||||&#8221; custom_padding=&#8221;61px|||||&#8221; global_colors_info=&#8221;{}&#8221;][\/et_pb_divider][\/et_pb_column][\/et_pb_row][et_pb_row column_structure=&#8221;1_3,1_3,1_3&#8243; _builder_version=&#8221;4.17.4&#8243; _module_preset=&#8221;default&#8221; global_colors_info=&#8221;{}&#8221;][et_pb_column type=&#8221;1_3&#8243; _builder_version=&#8221;4.17.4&#8243; _module_preset=&#8221;default&#8221; global_colors_info=&#8221;{}&#8221;][\/et_pb_column][et_pb_column type=&#8221;1_3&#8243; _builder_version=&#8221;4.17.4&#8243; _module_preset=&#8221;default&#8221; global_colors_info=&#8221;{}&#8221;][et_pb_image src=&#8221;https:\/\/agoraveszprem.hu\/wp-content\/uploads\/2022\/06\/Hirdetes-EKF-majus-junius.jpg&#8221; title_text=&#8221;Hirdet\u00e9s EKF m\u00e1jus j\u00fanius&#8221; _builder_version=&#8221;4.24.3&#8243; _module_preset=&#8221;default&#8221; hover_enabled=&#8221;0&#8243; global_colors_info=&#8221;{}&#8221; alt=&#8221;Hirdet\u00e9s EKF m\u00e1jus j\u00fanius&#8221; sticky_enabled=&#8221;0&#8243;][\/et_pb_image][\/et_pb_column][et_pb_column type=&#8221;1_3&#8243; _builder_version=&#8221;4.17.4&#8243; _module_preset=&#8221;default&#8221; global_colors_info=&#8221;{}&#8221;][\/et_pb_column][\/et_pb_row][et_pb_row _builder_version=&#8221;4.16&#8243; transform_scale=&#8221;120%|120%&#8221; global_colors_info=&#8221;{}&#8221;][et_pb_column type=&#8221;4_4&#8243; _builder_version=&#8221;4.16&#8243; custom_padding=&#8221;|||&#8221; global_colors_info=&#8221;{}&#8221; custom_padding__hover=&#8221;|||&#8221;][et_pb_divider color=&#8221;#0a1e5a&#8221; divider_style=&#8221;dotted&#8221; divider_weight=&#8221;2px&#8221; _builder_version=&#8221;4.16&#8243; min_height=&#8221;24px&#8221; custom_margin=&#8221;-44px|||||&#8221; custom_padding=&#8221;61px|||||&#8221; global_colors_info=&#8221;{}&#8221;][\/et_pb_divider][\/et_pb_column][\/et_pb_row][et_pb_row column_structure=&#8221;1_3,1_3,1_3&#8243; _builder_version=&#8221;4.16&#8243; _module_preset=&#8221;default&#8221; global_colors_info=&#8221;{}&#8221;][et_pb_column type=&#8221;1_3&#8243; _builder_version=&#8221;4.16&#8243; _module_preset=&#8221;default&#8221; global_colors_info=&#8221;{}&#8221;][et_pb_image src=&#8221;https:\/\/agoraveszprem.hu\/wp-content\/uploads\/2022\/05\/Mini-piknik-molino-1-scaled.jpg&#8221; title_text=&#8221;Mini piknik molino 1&#8243; _builder_version=&#8221;4.24.3&#8243; _module_preset=&#8221;default&#8221; hover_enabled=&#8221;0&#8243; box_shadow_style=&#8221;preset2&#8243; global_colors_info=&#8221;{}&#8221; alt=&#8221;Mini piknik molino 1&#8243; sticky_enabled=&#8221;0&#8243;][\/et_pb_image][\/et_pb_column][et_pb_column type=&#8221;1_3&#8243; _builder_version=&#8221;4.16&#8243; _module_preset=&#8221;default&#8221; global_colors_info=&#8221;{}&#8221;][et_pb_image src=&#8221;https:\/\/agoraveszprem.hu\/wp-content\/uploads\/2022\/05\/Mini-piknik-molino-2-scaled.jpg&#8221; title_text=&#8221;Mini piknik molino 2&#8243; _builder_version=&#8221;4.24.3&#8243; _module_preset=&#8221;default&#8221; hover_enabled=&#8221;0&#8243; box_shadow_style=&#8221;preset2&#8243; global_colors_info=&#8221;{}&#8221; alt=&#8221;Mini piknik molino 2&#8243; sticky_enabled=&#8221;0&#8243;][\/et_pb_image][\/et_pb_column][et_pb_column type=&#8221;1_3&#8243; _builder_version=&#8221;4.16&#8243; _module_preset=&#8221;default&#8221; global_colors_info=&#8221;{}&#8221;][et_pb_image src=&#8221;https:\/\/agoraveszprem.hu\/wp-content\/uploads\/2022\/05\/Mini-piknik-molino-3-scaled.jpg&#8221; title_text=&#8221;Mini piknik molino 3&#8243; _builder_version=&#8221;4.24.3&#8243; _module_preset=&#8221;default&#8221; hover_enabled=&#8221;0&#8243; box_shadow_style=&#8221;preset2&#8243; global_colors_info=&#8221;{}&#8221; alt=&#8221;Mini piknik molino 3&#8243; sticky_enabled=&#8221;0&#8243;][\/et_pb_image][\/et_pb_column][\/et_pb_row][et_pb_row _builder_version=&#8221;4.16&#8243; transform_scale=&#8221;120%|120%&#8221; global_colors_info=&#8221;{}&#8221;][et_pb_column type=&#8221;4_4&#8243; _builder_version=&#8221;4.16&#8243; custom_padding=&#8221;|||&#8221; global_colors_info=&#8221;{}&#8221; custom_padding__hover=&#8221;|||&#8221;][et_pb_divider color=&#8221;#0a1e5a&#8221; divider_style=&#8221;dotted&#8221; divider_weight=&#8221;2px&#8221; _builder_version=&#8221;4.16&#8243; min_height=&#8221;24px&#8221; custom_margin=&#8221;-44px|||||&#8221; custom_padding=&#8221;61px|||||&#8221; global_colors_info=&#8221;{}&#8221;][\/et_pb_divider][\/et_pb_column][\/et_pb_row][et_pb_row column_structure=&#8221;1_2,1_2&#8243; _builder_version=&#8221;4.16&#8243; _module_preset=&#8221;default&#8221; global_colors_info=&#8221;{}&#8221;][et_pb_column type=&#8221;1_2&#8243; _builder_version=&#8221;4.16&#8243; _module_preset=&#8221;default&#8221; global_colors_info=&#8221;{}&#8221;][et_pb_image src=&#8221;https:\/\/agoraveszprem.hu\/wp-content\/uploads\/2022\/03\/EKF.jpg&#8221; title_text=&#8221;EKF-jutasi k\u00f6r&#8221; _builder_version=&#8221;4.24.3&#8243; _module_preset=&#8221;default&#8221; hover_enabled=&#8221;0&#8243; global_colors_info=&#8221;{}&#8221; alt=&#8221;jutasi k\u00f6r &#8211; 2022.04.12.&#8221; sticky_enabled=&#8221;0&#8243;][\/et_pb_image][\/et_pb_column][et_pb_column type=&#8221;1_2&#8243; _builder_version=&#8221;4.16&#8243; _module_preset=&#8221;default&#8221; global_colors_info=&#8221;{}&#8221;][et_pb_image src=&#8221;https:\/\/agoraveszprem.hu\/wp-content\/uploads\/2022\/03\/EKF2.jpg&#8221; title_text=&#8221;EKF2&#8243; _builder_version=&#8221;4.24.3&#8243; _module_preset=&#8221;default&#8221; hover_enabled=&#8221;0&#8243; global_colors_info=&#8221;{}&#8221; alt=&#8221;jutasi k\u00f6r11&#8243; sticky_enabled=&#8221;0&#8243;][\/et_pb_image][\/et_pb_column][\/et_pb_row][et_pb_row _builder_version=&#8221;4.16&#8243; transform_scale=&#8221;120%|120%&#8221; global_colors_info=&#8221;{}&#8221;][et_pb_column type=&#8221;4_4&#8243; _builder_version=&#8221;4.16&#8243; custom_padding=&#8221;|||&#8221; global_colors_info=&#8221;{}&#8221; custom_padding__hover=&#8221;|||&#8221;][et_pb_divider color=&#8221;#0a1e5a&#8221; divider_style=&#8221;dotted&#8221; divider_weight=&#8221;2px&#8221; _builder_version=&#8221;4.16&#8243; min_height=&#8221;24px&#8221; custom_margin=&#8221;-44px|||||&#8221; custom_padding=&#8221;61px|||||&#8221; global_colors_info=&#8221;{}&#8221;][\/et_pb_divider][\/et_pb_column][\/et_pb_row][et_pb_row column_structure=&#8221;1_3,1_3,1_3&#8243; _builder_version=&#8221;4.16&#8243; _module_preset=&#8221;default&#8221; global_colors_info=&#8221;{}&#8221;][et_pb_column type=&#8221;1_3&#8243; _builder_version=&#8221;4.16&#8243; _module_preset=&#8221;default&#8221; global_colors_info=&#8221;{}&#8221;][et_pb_image src=&#8221;https:\/\/agoraveszprem.hu\/wp-content\/uploads\/2022\/03\/Szabadegyetem.jpg&#8221; title_text=&#8221;Szabadegyetem&#8221; _builder_version=&#8221;4.24.3&#8243; _module_preset=&#8221;default&#8221; hover_enabled=&#8221;0&#8243; box_shadow_style=&#8221;preset2&#8243; global_colors_info=&#8221;{}&#8221; alt=&#8221;Szabadegyetem&#8221; sticky_enabled=&#8221;0&#8243;][\/et_pb_image][\/et_pb_column][et_pb_column type=&#8221;1_3&#8243; _builder_version=&#8221;4.16&#8243; _module_preset=&#8221;default&#8221; global_colors_info=&#8221;{}&#8221;][et_pb_image src=&#8221;https:\/\/agoraveszprem.hu\/wp-content\/uploads\/2022\/03\/Keritesrajzpalyazat.jpg&#8221; title_text=&#8221;Ker\u00edt\u00e9srajzp\u00e1ly\u00e1zat&#8221; _builder_version=&#8221;4.24.3&#8243; _module_preset=&#8221;default&#8221; hover_enabled=&#8221;0&#8243; box_shadow_style=&#8221;preset2&#8243; global_colors_info=&#8221;{}&#8221; alt=&#8221;Ker\u00edt\u00e9srajzp\u00e1ly\u00e1zat&#8221; sticky_enabled=&#8221;0&#8243;][\/et_pb_image][\/et_pb_column][et_pb_column type=&#8221;1_3&#8243; _builder_version=&#8221;4.16&#8243; _module_preset=&#8221;default&#8221; global_colors_info=&#8221;{}&#8221;][et_pb_image src=&#8221;https:\/\/agoraveszprem.hu\/wp-content\/uploads\/2022\/03\/Jutasifotoeshanggyujtes.jpg&#8221; title_text=&#8221;Jutasifot\u00f3\u00e9shanggy\u0171jt\u00e9s&#8221; _builder_version=&#8221;4.24.3&#8243; _module_preset=&#8221;default&#8221; hover_enabled=&#8221;0&#8243; box_shadow_style=&#8221;preset2&#8243; global_colors_info=&#8221;{}&#8221; alt=&#8221;Jutasifot\u00f3\u00e9shanggy\u0171jt\u00e9s&#8221; sticky_enabled=&#8221;0&#8243;][\/et_pb_image][\/et_pb_column][\/et_pb_row][et_pb_row _builder_version=&#8221;4.16&#8243; transform_scale=&#8221;120%|120%&#8221; global_colors_info=&#8221;{}&#8221;][et_pb_column type=&#8221;4_4&#8243; _builder_version=&#8221;4.16&#8243; custom_padding=&#8221;|||&#8221; global_colors_info=&#8221;{}&#8221; custom_padding__hover=&#8221;|||&#8221;][et_pb_divider color=&#8221;#0a1e5a&#8221; divider_style=&#8221;dotted&#8221; divider_weight=&#8221;2px&#8221; _builder_version=&#8221;4.16&#8243; min_height=&#8221;24px&#8221; custom_margin=&#8221;-44px|||||&#8221; custom_padding=&#8221;61px|||||&#8221; global_colors_info=&#8221;{}&#8221;][\/et_pb_divider][\/et_pb_column][\/et_pb_row][et_pb_row column_structure=&#8221;1_2,1_2&#8243; _builder_version=&#8221;4.16&#8243; background_color=&#8221;RGBA(0,0,0,0)&#8221; transform_scale=&#8221;120%|120%&#8221; custom_margin=&#8221;0px|auto||auto||&#8221; custom_padding=&#8221;69px|||||&#8221; global_colors_info=&#8221;{}&#8221;][et_pb_column type=&#8221;1_2&#8243; _builder_version=&#8221;4.16&#8243; custom_padding=&#8221;|||&#8221; global_colors_info=&#8221;{}&#8221; custom_padding__hover=&#8221;|||&#8221;][et_pb_text _builder_version=&#8221;4.24.3&#8243; _module_preset=&#8221;default&#8221; text_font=&#8221;IBM Plex Sans Condensed||||||||&#8221; text_text_color=&#8221;#2d427d&#8221; custom_margin=&#8221;-21px|||||&#8221; custom_padding=&#8221;0px|0px||||&#8221; global_colors_info=&#8221;{}&#8221;]<\/p>\n<p><strong>K\u00f6z\u00f6ss\u00e9gi tervez\u00e9s a Jutasi \u00fati lak\u00f3telepen &#8211; OC-MUV\/1-2021\/4852<\/strong><\/p>\n<p><strong>AZ EKF \u00e9vre k\u00e9sz\u00fclve egy k\u00f6z\u00f6ss\u00e9g\u00e9p\u00edt\u0151 tev\u00e9kenys\u00e9get, k\u00f6z\u00f6ss\u00e9gi tervez\u00e9si folyamatot szeretn\u00e9nk elind\u00edtani, melynek sor\u00e1n a Jutasi \u00fati lak\u00f3telepen \u00e9l\u0151k megsz\u00f3l\u00edt\u00e1s\u00e1val, akt\u00edv bevon\u00e1s\u00e1val tesz\u00fcnk javaslatot infrastruktur\u00e1lis beavatkoz\u00e1sokra.<\/strong><\/p>\n<p>Olyan lak\u00f3k\u00f6rnyezet kialak\u00edt\u00e1sa a c\u00e9lunk, ahol a lakosok otthon \u00e9rzik magukat. Tev\u00e9kenys\u00e9g\u00fcnket mindv\u00e9gig az EKF \u00e9rt\u00e9kek \u00e9s c\u00e9lkit\u0171z\u00e9sek ment\u00e9n v\u00e9gezz\u00fck. T\u00f6reksz\u00fcnk a kultur\u00e1lis \u00f6r\u00f6ks\u00e9g meg\u0151rz\u00e9s\u00e9re, a helyi identit\u00e1s \u00e9s koh\u00e9zi\u00f3 er\u0151s\u00edt\u00e9s\u00e9re, \u00f6ntev\u00e9keny csoportok l\u00e9trej\u00f6tt\u00e9nek \u00f6szt\u00f6nz\u00e9s\u00e9re, a gener\u00e1ci\u00f3k k\u00f6zti p\u00e1rbesz\u00e9d el\u0151seg\u00edt\u00e9s\u00e9re.<\/p>\n<p>Els\u0151 sz\u00e1m\u00fa c\u00e9lcsoportunk a lak\u00f3telepen \u00e9l\u0151k k\u00f6re, de a meg\u00fajult lak\u00f3telep kultur\u00e1lis \u00e9s gazdas\u00e1gi szempontb\u00f3l egyar\u00e1nt hasznos lesz a v\u00e1ros \u00e9s a r\u00e9gi\u00f3 sz\u00e1m\u00e1ra is. A k\u00f6z\u00f6ss\u00e9gi bevon\u00e1s h\u0171en t\u00fckr\u00f6zi az EKF \u00e9s az Ag\u00f3ra misszi\u00f3j\u00e1t.<\/p>\n<p>[\/et_pb_text][\/et_pb_column][et_pb_column type=&#8221;1_2&#8243; _builder_version=&#8221;4.16&#8243; custom_padding=&#8221;|||&#8221; global_colors_info=&#8221;{}&#8221; custom_padding__hover=&#8221;|||&#8221;][et_pb_image src=&#8221;https:\/\/agoraveszprem.hu\/wp-content\/uploads\/2021\/06\/PNG_Logo_allo_hatteres_kek.png&#8221; title_text=&#8221;PNG_Logo_allo_hatteres_kek&#8221; _builder_version=&#8221;4.24.3&#8243; custom_margin=&#8221;-2px|0px||||&#8221; custom_padding=&#8221;15px|||||&#8221; hover_enabled=&#8221;0&#8243; box_shadow_style=&#8221;preset2&#8243; global_colors_info=&#8221;{}&#8221; alt=&#8221;PNG_Logo_allo_hatteres_kek &#8211; VEAB&#8221; sticky_enabled=&#8221;0&#8243;][\/et_pb_image][\/et_pb_column][\/et_pb_row][et_pb_row _builder_version=&#8221;4.16&#8243; transform_scale=&#8221;120%|120%&#8221; global_colors_info=&#8221;{}&#8221;][et_pb_column type=&#8221;4_4&#8243; _builder_version=&#8221;4.16&#8243; custom_padding=&#8221;|||&#8221; global_colors_info=&#8221;{}&#8221; custom_padding__hover=&#8221;|||&#8221;][\/et_pb_column][\/et_pb_row][et_pb_row column_structure=&#8221;1_2,1_2&#8243; _builder_version=&#8221;4.16&#8243; background_color=&#8221;#e6f5f5&#8243; transform_scale=&#8221;120%|120%&#8221; custom_margin=&#8221;102px|auto||auto||&#8221; box_shadow_style=&#8221;preset2&#8243; global_colors_info=&#8221;{}&#8221;][et_pb_column type=&#8221;1_2&#8243; _builder_version=&#8221;4.16&#8243; custom_padding=&#8221;|||&#8221; global_colors_info=&#8221;{}&#8221; custom_padding__hover=&#8221;|||&#8221;][et_pb_gallery gallery_ids=&#8221;5338,5339,5340,5341,5342,5343,5344,5345,5346,5347,5348,5349,5350,5351,5352,5353,5354,5355,5356,5357,5358&#8243; posts_number=&#8221;1&#8243; orientation=&#8221;portrait&#8221; show_title_and_caption=&#8221;off&#8221; module_class=&#8221;kozossegi_lapozo&#8221; _builder_version=&#8221;4.24.2&#8243; _module_preset=&#8221;default&#8221; pagination_text_color=&#8221;#000000&#8243; pagination_font_size=&#8221;11px&#8221; background_color=&#8221;RGBA(0,0,0,0)&#8221; background_layout=&#8221;dark&#8221; max_width=&#8221;100%&#8221; custom_padding=&#8221;20px|||20px|false|false&#8221; animation_style=&#8221;fold&#8221; animation_delay=&#8221;250ms&#8221; animation_intensity_fold=&#8221;25%&#8221; animation_starting_opacity=&#8221;2%&#8221; global_colors_info=&#8221;{}&#8221;][\/et_pb_gallery][\/et_pb_column][et_pb_column type=&#8221;1_2&#8243; _builder_version=&#8221;4.16&#8243; custom_padding=&#8221;|||&#8221; global_colors_info=&#8221;{}&#8221; custom_padding__hover=&#8221;|||&#8221;][et_pb_text _builder_version=&#8221;4.24.2&#8243; text_font=&#8221;IBM Plex Sans Condensed||||||||&#8221; text_text_color=&#8221;#2d427d&#8221; custom_margin=&#8221;||67px|||&#8221; custom_padding=&#8221;59px|||||&#8221; custom_css_before=&#8221;hyperlink-color&#8221; inline_fonts=&#8221;IBM Plex Sans&#8221; global_colors_info=&#8221;{}&#8221;]<\/p>\n<div>\n<h2 dir=\"auto\">M\u00e1r kint van a ki\u00e1ll\u00edt\u00e1s!<\/h2>\n<div data-address=\"0.3.1\">\n<div data-address=\"0.3.1.0\" dynamic=\"[object Object]\" matching=\"[object Object]\" parent_slug=\"et_pb_column\" theme_builder_suffix=\"\" wrapper_settings=\"[object Object]\" _key=\"1c5bfdea-f03d-437c-9486-0dd96786642a\">\n<div>\n<div data-shortcode-id=\"0.3.1.0-1623828118336\" data-quickaccess-editable=\"yes\">\n<div class=\"mce-content-body\">\n<div>\n<div dir=\"auto\"><\/div>\n<div dir=\"auto\">Gyertek n\u00e9zz\u00e9tek meg, hogy mi lett a k\u00f6z\u00f6ss\u00e9gi tervez\u00e9s k\u00e9rd\u0151\u00edveinek az eredm\u00e9nye!<br \/>3 helysz\u00ednen tal\u00e1lhat\u00f3k: a T\u00e1bor\u00e1ll\u00e1s, a K\u00e1lvin J\u00e1nos \u00e9s a De\u00e1k Ferenc Iskola el\u0151tti parkban.<\/div>\n<\/div>\n<\/div>\n<\/div>\n<\/div>\n<\/div>\n<\/div>\n<\/div>\n<p>[\/et_pb_text][\/et_pb_column][\/et_pb_row][et_pb_row _builder_version=&#8221;4.16&#8243; transform_scale=&#8221;120%|120%&#8221; global_colors_info=&#8221;{}&#8221;][et_pb_column type=&#8221;4_4&#8243; _builder_version=&#8221;4.16&#8243; custom_padding=&#8221;|||&#8221; global_colors_info=&#8221;{}&#8221; custom_padding__hover=&#8221;|||&#8221;][et_pb_divider color=&#8221;#0a1e5a&#8221; divider_style=&#8221;dotted&#8221; divider_weight=&#8221;2px&#8221; _builder_version=&#8221;4.24.2&#8243; min_height=&#8221;24px&#8221; custom_margin=&#8221;||||false|false&#8221; custom_padding=&#8221;50px||||false|false&#8221; global_colors_info=&#8221;{}&#8221;][\/et_pb_divider][\/et_pb_column][\/et_pb_row][et_pb_row column_structure=&#8221;1_2,1_2&#8243; _builder_version=&#8221;4.16&#8243; _module_preset=&#8221;default&#8221; background_color=&#8221;#f3e487&#8243; transform_scale=&#8221;120%|120%&#8221; min_height=&#8221;345.8px&#8221; custom_margin=&#8221;28px|auto||auto||&#8221; box_shadow_style=&#8221;preset2&#8243; global_colors_info=&#8221;{}&#8221;][et_pb_column type=&#8221;1_2&#8243; _builder_version=&#8221;4.16&#8243; _module_preset=&#8221;default&#8221; global_colors_info=&#8221;{}&#8221;][et_pb_text _builder_version=&#8221;4.24.2&#8243; text_font=&#8221;IBM Plex Sans Condensed||||||||&#8221; text_text_color=&#8221;#2d427d&#8221; min_height=&#8221;335.8px&#8221; custom_padding=&#8221;67px||4px|23px||&#8221; inline_fonts=&#8221;IBM Plex Sans&#8221; global_colors_info=&#8221;{}&#8221;]<\/p>\n<div class=\"kvgmc6g5 cxmmr5t8 oygrvhab hcukyx3x c1et5uql ii04i59q\">\n<div dir=\"auto\">\n<div class=\"kvgmc6g5 cxmmr5t8 oygrvhab hcukyx3x c1et5uql ii04i59q\">\n<div dir=\"auto\">A Jutasi k\u00f6z\u00f6ss\u00e9gi tervez\u00e9s egyik izgalmas r\u00e9sze egy 3,5km-es fut\u00f3k\u00f6r. 6 k\u00f6r \u00e9s megvan a f\u00e9l maradton! <span class=\"pq6dq46d tbxw36s4 knj5qynh kvgmc6g5 ditlmg2l oygrvhab nvdbi5me sf5mxxl7 gl3lb2sf hhz5lgdu\"><img loading=\"lazy\" decoding=\"async\" alt=\"\ud83d\ude09\" referrerpolicy=\"origin-when-cross-origin\" src=\"https:\/\/static.xx.fbcdn.net\/images\/emoji.php\/v9\/t57\/1\/16\/1f609.png\" width=\"16\" height=\"16\" \/><\/span> Hajr\u00e1!<\/div>\n<\/div>\n<div class=\"o9v6fnle cxmmr5t8 oygrvhab hcukyx3x c1et5uql ii04i59q\">\n<div dir=\"auto\">Kapcsol\u00f3dj \u00e9s mondd el, Te is, milyen k\u00f6rnyezetben szeretn\u00e9l \u00e9lni!<\/div>\n<\/div>\n<div class=\"o9v6fnle cxmmr5t8 oygrvhab hcukyx3x c1et5uql ii04i59q\">\n<div dir=\"auto\">R\u00e9szletek:<span style=\"color: #634721;\"> <a class=\"oajrlxb2 g5ia77u1 qu0x051f esr5mh6w e9989ue4 r7d6kgcz rq0escxv nhd2j8a9 nc684nl6 p7hjln8o kvgmc6g5 cxmmr5t8 oygrvhab hcukyx3x jb3vyjys rz4wbd8a qt6c0cv9 a8nywdso i1ao9s8h esuyzwwr f1sip0of lzcic4wl py34i1dx gpro0wi8\" href=\"https:\/\/veszprembalaton2023.hu\/hu\/projects\/kapcsolodj-kozossegi-tervezes?fbclid=IwAR3TzYhHxjSKoj16QjGooZmeD8ve4hIqxmRrnRuag_4qT95JKDcnqUz9oBE\" rel=\"nofollow noopener\" role=\"link\" target=\"_blank\" style=\"color: #634721;\" tabindex=\"0\">https:\/\/veszprembalaton2023.hu\/&#8230;\/kapcsolodj-kozossegi&#8230;<\/a><\/span><\/div>\n<\/div>\n<div class=\"o9v6fnle cxmmr5t8 oygrvhab hcukyx3x c1et5uql ii04i59q\">\n<div dir=\"auto\"><span class=\"pq6dq46d tbxw36s4 knj5qynh kvgmc6g5 ditlmg2l oygrvhab nvdbi5me sf5mxxl7 gl3lb2sf hhz5lgdu\"><img loading=\"lazy\" decoding=\"async\" alt=\"\ud83c\uddec\ud83c\udde7\" referrerpolicy=\"origin-when-cross-origin\" src=\"https:\/\/static.xx.fbcdn.net\/images\/emoji.php\/v9\/t96\/1\/16\/1f1ec_1f1e7.png\" width=\"16\" height=\"16\" \/><\/span> This is our community planning project in the Jutasi housing estate. We would like to connect with our community, think and plan together from 17th May to create valuable, useful new infrastructure investments.<\/div>\n<\/div>\n<\/div>\n<\/div>\n<p>[\/et_pb_text][\/et_pb_column][et_pb_column type=&#8221;1_2&#8243; _builder_version=&#8221;4.16&#8243; _module_preset=&#8221;default&#8221; global_colors_info=&#8221;{}&#8221;][et_pb_code _builder_version=&#8221;4.24.3&#8243; _module_preset=&#8221;default&#8221; text_orientation=&#8221;center&#8221; custom_margin=&#8221;30px|||||&#8221; custom_padding=&#8221;|19px||||&#8221; global_colors_info=&#8221;{}&#8221;]<iframe loading=\"lazy\" src=\"https:\/\/www.facebook.com\/plugins\/video.php?height=314&#038;href=https%3A%2F%2Fwww.facebook.com%2FVeszpremBalaton2023%2Fvideos%2F336399214483769%2F&#038;show_text=false&#038;width=560&#038;t=0\" width=\"560\" height=\"314\" style=\"border:none;overflow:hidden\" scrolling=\"no\" frameborder=\"0\" allowfullscreen=\"true\" allow=\"autoplay; clipboard-write; encrypted-media; picture-in-picture; web-share\" allowFullScreen=\"true\"><\/iframe>[\/et_pb_code][\/et_pb_column][\/et_pb_row][et_pb_row _builder_version=&#8221;4.16&#8243; transform_scale=&#8221;120%|120%&#8221; global_colors_info=&#8221;{}&#8221;][et_pb_column type=&#8221;4_4&#8243; _builder_version=&#8221;4.16&#8243; custom_padding=&#8221;|||&#8221; global_colors_info=&#8221;{}&#8221; custom_padding__hover=&#8221;|||&#8221;][et_pb_divider color=&#8221;#0a1e5a&#8221; divider_style=&#8221;dotted&#8221; divider_weight=&#8221;2px&#8221; _builder_version=&#8221;4.16&#8243; min_height=&#8221;24px&#8221; custom_margin=&#8221;-44px|||||&#8221; custom_padding=&#8221;106px|||||&#8221; global_colors_info=&#8221;{}&#8221;][\/et_pb_divider][\/et_pb_column][\/et_pb_row][et_pb_row _builder_version=&#8221;4.16&#8243; background_color=&#8221;RGBA(0,0,0,0)&#8221; transform_scale=&#8221;120%|120%&#8221; custom_margin=&#8221;-4px|auto||auto||&#8221; custom_padding=&#8221;36px|||||&#8221; global_colors_info=&#8221;{}&#8221;][et_pb_column type=&#8221;4_4&#8243; _builder_version=&#8221;4.16&#8243; custom_padding=&#8221;|||&#8221; global_colors_info=&#8221;{}&#8221; custom_padding__hover=&#8221;|||&#8221;][et_pb_text _builder_version=&#8221;4.16&#8243; _module_preset=&#8221;default&#8221; text_font=&#8221;IBM Plex Sans||||||||&#8221; text_text_color=&#8221;#2d427d&#8221; global_colors_info=&#8221;{}&#8221;]<\/p>\n<p><b>A k\u00f6z\u00f6ss\u00e9gi tervez\u00e9si alkalmak tapasztalatai<\/b><\/p>\n<p>[\/et_pb_text][\/et_pb_column][\/et_pb_row][et_pb_row _builder_version=&#8221;4.16&#8243; transform_scale=&#8221;120%|120%&#8221; custom_margin=&#8221;12px|auto||auto||&#8221; custom_padding=&#8221;196px|||||&#8221; global_colors_info=&#8221;{}&#8221;][et_pb_column type=&#8221;4_4&#8243; _builder_version=&#8221;4.16&#8243; custom_padding=&#8221;|||&#8221; global_colors_info=&#8221;{}&#8221; custom_padding__hover=&#8221;|||&#8221;][et_pb_toggle title=&#8221;T\u00e1bor\u00e1ll\u00e1s park \/08.31.\/&#8221; open_toggle_text_color=&#8221;#2d427d&#8221; open_toggle_background_color=&#8221;#FFFFFF&#8221; closed_toggle_text_color=&#8221;#2d427d&#8221; closed_toggle_background_color=&#8221;#FFFFFF&#8221; icon_color=&#8221;#2d427d&#8221; open_icon_color=&#8221;#2d427d&#8221; _builder_version=&#8221;4.16&#8243; _module_preset=&#8221;default&#8221; title_text_color=&#8221;#2d427d&#8221; title_font=&#8221;IBM Plex Sans Condensed||||||||&#8221; body_font=&#8221;IBM Plex Sans Condensed||||||||&#8221; body_text_color=&#8221;#2d427d&#8221; custom_margin=&#8221;27px||55px|||&#8221; global_colors_info=&#8221;{}&#8221;]<\/p>\n<p>Augusztus 31-\u00e9n m\u00e1r a meghirdetett d\u00e9lut\u00e1n 5 \u00f3rai id\u0151pont el\u0151tt elkezdtek sz\u00e1lling\u00f3zni az \u00e9rdekl\u0151d\u0151k, hogy r\u00e9szt vegyenek a T\u00e1bor\u00e1ll\u00e1s parkr\u00f3l sz\u00f3l\u00f3 k\u00f6z\u00f6ss\u00e9gi tervez\u00e9si alkalmon. A tal\u00e1lkoz\u00f3t szabadt\u00e9ren, az \u00e9p\u00fclet el\u0151tt fel\u00e1ll\u00edtott s\u00e1trak v\u00e9delm\u00e9ben tartottuk, hiszen \u00edgy b\u00e1rmikor vethett\u00fcnk egy-egy pillant\u00e1st a tervez\u00e9si ter\u00fclet\u00fcnkre, r\u00e1ad\u00e1sul csatlakozhattak hozz\u00e1nk az eredetileg nem hozz\u00e1nk igyekv\u0151 j\u00e1r\u00f3kel\u0151k is.<br \/>Ahogy a bevezet\u0151ben a moder\u00e1torunk sz\u00e1j\u00e1b\u00f3l elhangzott, egy hat alkalomb\u00f3l \u00e1ll\u00f3 k\u00f6z\u00f6ss\u00e9gi tervez\u00e9s els\u0151 tal\u00e1lkoz\u00f3j\u00e1n vehett\u00fcnk r\u00e9szt. R\u00f6viden megismerkedt\u00fcnk az el\u0151zm\u00e9nyekkel \u2013 mag\u00e1val az EKF programmal, a Jutasi \u00fati lak\u00f3telepre vonatkoz\u00f3 fejleszt\u00e9si elk\u00e9pzel\u00e9sekkel (p\u00e9ld\u00e1ul a \u201eLoop\u201d-pal, vagyis arr\u00f3l a 3,5 km-es fut\u00f3k\u00f6rrel, ami az eg\u00e9sz lak\u00f3telepet k\u00f6rbe\u00f6leli majd), illetve a ny\u00e1r elej\u00e9n tartott k\u00e9rd\u0151\u00edvez\u00e9ssel.<br \/>A bevezet\u0151 ut\u00e1n a bemutatkoz\u00e1s k\u00f6vetkezett, vagyis minden r\u00e9sztvev\u0151 mondott p\u00e1r sz\u00f3t mag\u00e1r\u00f3l \u00e9s a k\u00f6rny\u00e9khez f\u0171z\u0151d\u0151 viszony\u00e1r\u00f3l. Volt, aki a park t\u0151szomsz\u00e9ds\u00e1g\u00e1ban \u00e1ll\u00f3 h\u00e1zb\u00f3l, valaki a lak\u00f3telep m\u00e1s r\u00e9sz\u00e9r\u0151l \u00e9rkezett, \u00e9s olyanok is r\u00e9szt vettek, akik nem itt laknak, de munk\u00e1juk miatt nap mint nap \u00e1tk\u00f6zlekednek a parkon. Mivel a v\u00e1rtn\u00e1l kevesebben j\u00f6ttek el a tal\u00e1lkoz\u00f3ra, az egyik legnagyobb csoportot az Ag\u00f3r\u00e1sok adt\u00e1k, akik term\u00e9szetesen nem csak mag\u00e1nemberk\u00e9nt, hanem int\u00e9zm\u00e9nyk\u00e9nt is akt\u00edvan haszn\u00e1lj\u00e1k a ter\u00fcletet.<br \/>Az els\u0151 tal\u00e1lkoz\u00f3 f\u0151 c\u00e9lja \u2013 egym\u00e1s megismer\u00e9s\u00e9n t\u00fal \u2013 az volt, hogy a park haszn\u00e1lat\u00e1r\u00f3l, \u00e9rt\u00e9keir\u0151l \u00e9s probl\u00e9m\u00e1ir\u00f3l tudjunk besz\u00e9lni. Ezen a ponton seg\u00edts\u00e9g\u00fcl h\u00edvtuk a k\u00e9rd\u0151\u00edvez\u00e9s eredm\u00e9nyeit, \u00e9s egyes\u00e9vel helyezt\u00fck t\u00e1bl\u00e1ra az 526 kit\u00f6lt\u0151 \u00e1ltal mondott pozit\u00edvumokat \u00e9s negat\u00edvumokat. R\u00f6gt\u00f6n l\u00e1that\u00f3 volt, hogy v\u00e1laszaik helyenk\u00e9nt ellentmondanak egym\u00e1snak. Valaki dics\u00e9rte, m\u00e1s kifog\u00e1solta a park tisztas\u00e1g\u00e1t. N\u00e9melyek csendesnek, nyugodtnak, m\u00edg m\u00e1s hangosnak tal\u00e1lt\u00e1k a parkot. A legt\u00f6bben a park z\u00f6ldfel\u00fcleteit tartott\u00e1k \u00e9rt\u00e9knek, viszont az egyik legnagyobb probl\u00e9ma a parkol\u00f3helyek hi\u00e1nya volt \u2013 jelent\u0151sen ezek is csak egym\u00e1s rov\u00e1s\u00e1ra b\u0151v\u00edthet\u0151 ter\u00fcletek. A k\u00e9rd\u0151\u00edv teh\u00e1t r\u00e1mutatott olyan k\u00e9rd\u00e9sekre, amelyek mindenk\u00e9ppen \u00e9rdemesek voltak a megvitat\u00e1sra, \u00fagyhogy el is kezdt\u00fcnk ezekr\u0151l besz\u00e9lgetni.<br \/>A jelenl\u00e9v\u0151k egyet\u00e9rtettek abban, hogy jelenleg a parkot legink\u00e1bb \u00e1tk\u00f6zleked\u00e9sre haszn\u00e1lj\u00e1k, \u00e9s kevesen vannak, akik egy \u00e1tlagos h\u00e9tk\u00f6znapon sz\u00edvesen \u00fcln\u00e9nek le itt. Ennek oka egyr\u00e9szt a park \u201enyitotts\u00e1ga\u201d \u2013 nem ad olyan v\u00e9dett teret, ami az ittmarad\u00e1sra \u00f6szt\u00f6n\u00f6zne; m\u00e1sr\u00e9szt a k\u00e9rd\u0151\u00edvben is megjelen\u0151 probl\u00e9m\u00e1t, a hajl\u00e9ktalanok jelenl\u00e9t\u00e9t eml\u00edtett\u00e9k t\u00f6bben olyan t\u00e9nyez\u0151nek, ami miatt nem sz\u00edvesen t\u00f6ltenek t\u00f6bb id\u0151t a parkban. Kiv\u00e9tel ez al\u00f3l term\u00e9szetesen az az id\u0151szak, amikor az Ag\u00f3ra valamilyen rendezv\u00e9ny c\u00e9lj\u00e1b\u00f3l haszn\u00e1lja a parkot, hiszen olyankor t\u00e9nyleg megtelik a park. Ilyenkor a programok hangereje tud probl\u00e9m\u00e1t jelenteni, \u00e9s b\u00e1r f\u00e9l kilencn\u00e9l nemigen tart tov\u00e1bb egyik esem\u00e9ny sem, a park meg\u00fajul\u00e1s\u00e1val rem\u00e9lhet\u0151leg a sz\u00ednpadot \u00fagy t\u00e1jolj\u00e1k majd, hogy az jelent\u0151sen cs\u00f6kkentse a visszhanghat\u00e1st. A r\u00e9sztvev\u0151k szerint a f\u0151 c\u00e9l a pihen\u0151parki jelleg er\u0151s\u00edt\u00e9se lenne, meg\u0151rizve az \u00e9rt\u00e9kes n\u00f6v\u00e9ny\u00e1llom\u00e1nyt, \u00e9s olyan intim, de \u00e1tl\u00e1that\u00f3 parkot teremtve, ahova \u00e9lm\u00e9ny lej\u00f6nni a k\u00f6rny\u00e9kbeli h\u00e1zakb\u00f3l ak\u00e1r csak egy cs\u00f6ndes \u00fcld\u00f6g\u00e9l\u00e9sre, olvasgat\u00e1sra is. Ezzel az \u00f6sszegz\u00e9ssel z\u00e1rtuk a tal\u00e1lkoz\u00f3t.<br \/>A k\u00f6vetkez\u0151 alkalmon m\u00e1r arr\u00f3l fogunk besz\u00e9lgetni, hogy milyen funkci\u00f3kkal, megold\u00e1sokkal lehetne el\u00e9rni ezt a c\u00e9lt; illetve sz\u00f3 esik majd arr\u00f3l is, hogy milyennek kell elk\u00e9pzelni a \u201eLoop\u201d-ot.<br \/>Minden k\u00f6rny\u00e9kbelit b\u00edztatunk, hogy j\u00f6jj\u00f6n el szeptember 7-\u00e9n 17:00-ra a T\u00e1bor\u00e1ll\u00e1s parkba, \u00e9s sz\u00f3ljon bele a tervek alak\u00edt\u00e1s\u00e1ba!<\/p>\n<p>[\/et_pb_toggle][et_pb_toggle title=&#8221;K\u00e1lvin J\u00e1nos park \/09.01.\/&#8221; open_toggle_text_color=&#8221;#2d427d&#8221; open_toggle_background_color=&#8221;#FFFFFF&#8221; closed_toggle_text_color=&#8221;#2d427d&#8221; closed_toggle_background_color=&#8221;#FFFFFF&#8221; icon_color=&#8221;#2d427d&#8221; open_icon_color=&#8221;#2d427d&#8221; _builder_version=&#8221;4.16&#8243; _module_preset=&#8221;default&#8221; title_text_color=&#8221;#2d427d&#8221; title_font=&#8221;IBM Plex Sans Condensed||||||||&#8221; body_font=&#8221;IBM Plex Sans Condensed||||||||&#8221; body_text_color=&#8221;#2d427d&#8221; custom_margin=&#8221;33px||55px|||&#8221; global_colors_info=&#8221;{}&#8221;]<\/p>\n<p>Szeptember 1-\u00e9n tartottuk az els\u0151 tervez\u00e9si alkalmat a K\u00e1lvin J\u00e1nos parkban, t\u00e9m\u00e1nk pedig a park haszn\u00e1lata \u00e9s az \u00e9rt\u00e9kek-probl\u00e9m\u00e1k felt\u00e9rk\u00e9pez\u00e9se volt. A d\u00e9lut\u00e1n 5 \u00f3rakor kezd\u0151d\u0151 tal\u00e1lkoz\u00f3n f\u0151k\u00e9nt az id\u0151sebb koroszt\u00e1ly k\u00e9pviselte a k\u00f6rny\u00e9kbelieket, de szerencs\u00e9re \u0151k is m\u00e9lyrehat\u00f3 ismeretekkel rendelkeztek a fiatalabbak \u00e1ltal haszn\u00e1lt ter\u00fcletekr\u0151l.<br \/>A tal\u00e1lkoz\u00f3 elej\u00e9n r\u00f6viden besz\u00e1moltunk arr\u00f3l, hogy egy hat alkalomb\u00f3l \u00e1ll\u00f3 tervez\u00e9si program elej\u00e9n j\u00e1runk, ami a Veszpr\u00e9m-Balaton 2023 Eur\u00f3pa Kultur\u00e1lis F\u0151v\u00e1rosa keretein bel\u00fcl val\u00f3sulhat meg. Besz\u00e9lt\u00fcnk a Jutasi \u00fati lak\u00f3telepre tervezett fejleszt\u00e9sekr\u0151l, \u00edgy a 3,5 kilom\u00e9teres fut\u00f3k\u00f6rr\u0151l, vagyis a Loop-r\u00f3l, az infrastrukt\u00far\u00e1t pontszer\u0171en jav\u00edt\u00f3 fejleszt\u00e9sekr\u0151l, valamint arr\u00f3l a k\u00f6z\u00f6ss\u00e9gi tervez\u00e9si programr\u00f3l, ami h\u00e1rom ter\u00fcleten, a T\u00e1bor\u00e1ll\u00e1s parkban, a K\u00e1lvin J\u00e1nos parkban \u00e9s a De\u00e1k Ferenc \u00c1ltal\u00e1nos Iskola k\u00f6rny\u00e9k\u00e9n val\u00f3sul meg a k\u00f6vetkez\u0151 hetekben.<br \/>Ezut\u00e1n a r\u00e9sztvev\u0151k bemutatkoz\u00e1sa k\u00f6vetkezett. A sajnos nem t\u00fal nagy sz\u00e1m\u00fa helybeli \u00e9rdekl\u0151d\u0151 f\u0151k\u00e9nt a park k\u00f6r\u00fcli \u00e9p\u00fcletekb\u0151l \u00e9rkezett. K\u00f6z\u00f6s jellemz\u0151j\u00fck volt, hogy naponta ak\u00e1r t\u00f6bbsz\u00f6r is s\u00e9t\u00e1lnak a parkban \u2013 kuty\u00e1t s\u00e9t\u00e1ltatnak, a bar\u00e1tokkal tal\u00e1lkoznak, \u00fcld\u00f6g\u00e9lnek. Szinte mindenkinek volt tapasztalata gyermek\u00e9n vagy unok\u00e1j\u00e1n kereszt\u00fcl a j\u00e1tsz\u00f3t\u00e9rrel vagy a g\u00f6rdeszka parkkal kapcsolatban is. Voltak azonban olyan l\u00e1togat\u00f3k is, akik messzebb laknak, de gyakran haladnak \u00e1t a K\u00e1lvin J\u00e1nos parkon.<br \/>A fentiek ut\u00e1n tal\u00e1n nem meglep\u0151, hogy b\u00e1r minden r\u00e9sztvev\u0151nek voltak kritikai \u00e9szrev\u00e9telei, m\u00e9gis a parkkal val\u00f3 el\u00e9gedetts\u00e9g domin\u00e1lt a besz\u00e9lget\u00e9s sor\u00e1n. \u00dagy t\u0171nik, a park ar\u00e1nyai, z\u00f6ldfel\u00fcleti bor\u00edtotts\u00e1ga, az \u00f6sv\u00e9nyek vonalvezet\u00e9se alapvet\u0151en megfelel\u0151. A funkci\u00f3k nem zavar\u00f3ak, s\u0151t, ha erre ig\u00e9ny lenne (f\u0151k\u00e9nt a g\u00f6rdeszkap\u00e1lya eset\u00e9ben) ak\u00e1r m\u00e9g nagyobbak is lehetn\u00e9nek, amennyiben ez az \u00e9rt\u00e9kes fa\u00e1llom\u00e1ny kiv\u00e1g\u00e1sa n\u00e9lk\u00fcl megoldhat\u00f3. Mindig lehet tal\u00e1lni \u00e1rny\u00e9kos \u00e9s napos padokat is, de azt sokan l\u00e1tn\u00e1k sz\u00edvesen, ha lenn\u00e9nek egym\u00e1s fel\u00e9 ford\u00edtott, helyenk\u00e9nt ak\u00e1r asztallal is rendelkez\u0151 \u00fcl\u0151alkalmatoss\u00e1gok, hogy egy-egy t\u00e1rsas\u00e1g sz\u00e1m\u00e1ra k\u00f6z\u00f6ss\u00e9gi teret jelentsenek. A legnagyobb probl\u00e9m\u00e1t maguk a haszn\u00e1l\u00f3k jelentik \u2013 p\u00e9ld\u00e1ul a szemetel\u0151k, a kutyapiszkot maguk m\u00f6g\u00f6tt hagy\u00f3 kutyas\u00e9t\u00e1ltat\u00f3k. Vissza-visszat\u00e9r\u0151 t\u00e9ma volt a v\u00edz k\u00e9rd\u00e9se: sokan \u00f6r\u00fcln\u00e9nek iv\u00f3k\u00fatnak, volt aki ak\u00e1r sz\u00f6k\u0151k\u00fatnak is. A r\u00e9sztvev\u0151k t\u00f6bbs\u00e9ge hi\u00e1nyolta a m\u0171k\u00f6d\u0151 nyilv\u00e1nos WC-t, aminek hi\u00e1ny\u00e1ban a park egyes haszn\u00e1l\u00f3i a bokrokban v\u00e9gzik el a dolgukat. \u00d6r\u00f6mmel \u00fcdv\u00f6z\u00f6lt\u00e9k viszont az ut\u00f3bbi \u00e9vekben egyre nagyobb sz\u00e1mban megjelen\u0151 rendezv\u00e9nyeket, b\u00e1r az is elhangzott, hogy ezek ideje alatt a parkol\u00e1s nagyon neh\u00e9zkess\u00e9 v\u00e1lik a k\u00f6rny\u00e9ken.<br \/>Az \u00e9rt\u00e9keket \u00e9s probl\u00e9m\u00e1kat \u00e1tbesz\u00e9lve elb\u00facs\u00faztunk egym\u00e1st\u00f3l, \u00e9s abban maradtunk, hogy a k\u00f6vetkez\u0151 alkalommal m\u00e1r a j\u00f6v\u0151be mutat\u00f3 elk\u00e9pzel\u00e9sekr\u0151l fogunk besz\u00e9lgetni. B\u00edzunk abban, hogy m\u00e9g t\u00f6bben vesznek majd r\u00e9szt a tal\u00e1lkoz\u00f3n, hiszen a k\u00fcl\u00f6nb\u00f6z\u0151 \u00e1ll\u00e1spontokat megismerve lehet majd a lehet\u0151 legjobb parkot megtervezi.<br \/>Tal\u00e1lkozunk szeptember 8-\u00e1n 17:00-kor a K\u00e1lvin J\u00e1nos parkban!<\/p>\n<p>[\/et_pb_toggle][et_pb_toggle title=&#8221;De\u00e1k Ferenc \u00c1ltal\u00e1nos Iskola el\u0151tti park \/09.02.\/&#8221; open_toggle_text_color=&#8221;#2d427d&#8221; open_toggle_background_color=&#8221;#FFFFFF&#8221; closed_toggle_text_color=&#8221;#2d427d&#8221; closed_toggle_background_color=&#8221;#FFFFFF&#8221; icon_color=&#8221;#2d427d&#8221; open_icon_color=&#8221;#2d427d&#8221; _builder_version=&#8221;4.16&#8243; _module_preset=&#8221;default&#8221; title_text_color=&#8221;#2d427d&#8221; title_font=&#8221;IBM Plex Sans Condensed||||||||&#8221; body_font=&#8221;IBM Plex Sans Condensed||||||||&#8221; body_text_color=&#8221;#2d427d&#8221; custom_margin=&#8221;33px||55px|||&#8221; global_colors_info=&#8221;{}&#8221;]<\/p>\n<p>Szeptember 2-\u00e1n a De\u00e1k Ferenc \u00c1ltal\u00e1nos Iskola el\u0151tti parkban tal\u00e1lkoztunk a k\u00f6rny\u00e9kbeliekkel, hogy a lak\u00f3telep ezen r\u00e9sz\u00e9nek fejleszt\u00e9s\u00e9r\u0151l besz\u00e9lgess\u00fcnk. A helysz\u00ednv\u00e1laszt\u00e1s ide\u00e1lisnak bizonyult, mert \u00edgy nem csak azok tudtak csatlakozni a k\u00f6z\u00f6ss\u00e9gi tervez\u00e9shez, akik feljegyezt\u00e9k maguknak az id\u0151pontot, hanem olyanok is, akik p\u00e9ld\u00e1ul a j\u00e1tsz\u00f3t\u00e9rre vagy kuty\u00e1t s\u00e9t\u00e1ltatni j\u00f6ttek csak ide\u2013 vagy \u00e9pp az iskola ut\u00e1n a bar\u00e1taikkal ragadtak m\u00e9g a parkban. Merthogy \u2013 legnagyobb \u00f6r\u00f6m\u00fcnkre \u2013 a tizen\u00e9ves koroszt\u00e1lyb\u00f3l is sokan csatlakoztak az alkalomhoz, s\u0151t, \u0151k voltak a legb\u00e1trabbak, p\u00e9ld\u00e1t mutatva lelkesed\u00e9sb\u0151l az id\u0151sebbeknek is. Szerencs\u00e9re ut\u00f3bbiak is sz\u00e9p sz\u00e1mban \u00e9rkeztek, \u00edgy t\u00e9nyleg elmondhat\u00f3, hogy a tal\u00e1lkoz\u00f3n minden koroszt\u00e1ly b\u0151ven k\u00e9pviseltette mag\u00e1t.<br \/>Ahogy a p\u00e1rhuzamosan fut\u00f3 m\u00e1sik k\u00e9t tervez\u00e9s (a T\u00e1bor\u00e1ll\u00e1s \u00e9s a K\u00e1lvin J\u00e1nos parki) eset\u00e9ben, \u00fagy itt is a tervez\u00e9s kereteinek bemutat\u00e1s\u00e1val ind\u00edtottuk a tal\u00e1lkoz\u00f3t. Elhangzott, hogy a k\u00f6z\u00f6ss\u00e9gi tervez\u00e9s a Veszpr\u00e9m-Balaton 2023 Eur\u00f3pa Kultur\u00e1lis F\u0151v\u00e1ros (EKF) program keretein bel\u00fcl val\u00f3sul meg. R\u00f6viden sz\u00f3t ejtett\u00fcnk az EKF \u00e1ltal\u00e1nos c\u00e9ljair\u00f3l is, majd r\u00e1t\u00e9rt\u00fcnk arra, ami k\u00f6zvetlen\u00fcl a lak\u00f3telep \u00e9let\u00e9t befoly\u00e1solja: egyr\u00e9szt a j\u00f6v\u0151re megval\u00f3sul\u00f3 3,5 kilom\u00e9teres fut\u00f3k\u00f6rre, m\u00e1sr\u00e9szt a lak\u00f3telep eg\u00e9sz\u00e9t \u00e9rint\u0151 pontszer\u0171 fejleszt\u00e9si beavatkoz\u00e1sokra, harmadr\u00e9szt (\u00e9s els\u0151sorban) a k\u00f6z\u00f6ss\u00e9gi tervez\u00e9s\u00fcnk t\u00e1rgy\u00e1ra, vagyis az un. \u201ealk\u00f6zpontok\u201d fejleszt\u00e9s\u00e9re. A h\u00e1rom alk\u00f6zpontb\u00f3l az egyik az iskola el\u0151tti, illetve az \u00f3voda m\u00f6g\u00f6tti k\u00e9t park, vagyis a k\u00f6z\u00f6ss\u00e9gi tervez\u00e9s\u00fcnk terepe. A hat h\u00e9tig tart\u00f3 k\u00f6z\u00f6s munka c\u00e9lja, hogy ezek j\u00f6v\u0151j\u00e9re vonatkoz\u00f3an k\u00e9sz\u00edts\u00fcnk olyat tervet, ami a k\u00f6rny\u00e9kbeliek haszn\u00e1lati tapasztalatain \u00e9s \u00f6tletein alapul, \u00e9s amiben a k\u00fcl\u00f6nb\u00f6z\u0151 parkhaszn\u00e1l\u00f3k k\u00f6z\u00f6tt kompromisszumosan meg tudnak egyezni.<br \/>A bevezet\u00e9st egy olyan besz\u00e9lget\u00e9s k\u00f6vette, ami egyszerre volt a helyiek bemutatkoz\u00e1sa \u00e9s az \u0151 haszn\u00e1lati tapasztalataik csokorba gy\u0171jt\u00e9se. Ezen a ponton a 10-15 \u00e9ves koroszt\u00e1ly bizonyult a legkezdem\u00e9nyez\u0151bbnek. A fiatalok elmondt\u00e1k, hogy szeretik a parkot \u00e9s sok id\u0151t t\u00f6ltenek itt \u2013 r\u00e9szben tan\u00f3r\u00e1k keret\u00e9ben, hiszen a testnevel\u00e9s sokszor a parkban (is) zajlik, de az iskola ut\u00e1n is sokszor itt maradnak a j\u00e1tsz\u00f3t\u00e9ren j\u00e1tszani, vagy a f\u00fcves r\u00e9szen focizni. Az iskol\u00e1sok p\u00e9ld\u00e1j\u00e1n felbuzdulva egyre t\u00f6bben sz\u00f3ltak hozz\u00e1, mondt\u00e1k el a saj\u00e1t v\u00e9lem\u00e9ny\u00fcket, majd a ny\u00e1r elej\u00e9n a ter\u00fcleten folytatott k\u00e9rd\u0151\u00edvez\u00e9s &#8211; probl\u00e9m\u00e1kra \u00e9s \u00e9rt\u00e9kekre vonatkoz\u00f3 &#8211; eredm\u00e9nyeit is megismert\u00fck. Az al\u00e1bbiakban t\u00e9m\u00e1k szerint mutatjuk be ezeket, hozz\u00e1f\u0171zve azokat a gondolatokat is, amelyek a besz\u00e9lget\u00e9s sor\u00e1n elhangzottak.<br \/>&#8211; Z\u00d6LDFEL\u00dcLET<br \/>Ahogy az a k\u00e9rd\u0151\u00edvez\u00e9s eredm\u00e9nyeib\u0151l is j\u00f3l l\u00e1tszott, a k\u00f6rny\u00e9kbeliek sz\u00e1m\u00e1ra a legnagyobb park legnagyobb \u00e9rt\u00e9k\u00e9t a z\u00f6ldfel\u00fcletei adj\u00e1k. Ez az, aminek meg\u0151rz\u00e9se alapvet\u0151 c\u00e9l a k\u00e9s\u0151bbiek sor\u00e1n is. A park fenntart\u00e1s\u00e1val kapcsolatban voltak kritikai \u00e9szrev\u00e9telek, illetve t\u00f6bben felh\u00edvt\u00e1k a figyelmet olyan elsz\u00e1radt f\u00e1kra is, amelyek cser\u00e9je m\u00e1r id\u0151szer\u0171 lehet. Emellett olyan ter\u00fcletekre, ahol a k\u00f6zm\u0171vek telep\u00edt\u00e9se miatt megs\u00fcllyedt \u00e9s balesetvesz\u00e9lyess\u00e9 v\u00e1lt a gyepfel\u00fclet.<br \/>&#8211; PARKOL\u00c1S \u00c9S AUT\u00d3S K\u00d6ZLEKED\u00c9S<br \/>A k\u00f6rny\u00e9k egyik jelent\u0151s probl\u00e9m\u00e1j\u00e1t jelenti a parkol\u00e1s neh\u00e9zs\u00e9ge. Az aut\u00f3tulajdonosok sz\u00e1m\u00e1ra est\u00e9nk\u00e9nt napi neh\u00e9zs\u00e9get jelent, hogy parkol\u00f3helyet tal\u00e1ljanak a lak\u00e1suk k\u00f6zel\u00e9ben, \u00fagyhogy volt olyan hozz\u00e1sz\u00f3l\u00f3, aki ak\u00e1r kisebb z\u00f6ldfel\u00fcleteket fel\u00e1ldozna \u00faj parkol\u00f3helyek l\u00e9trehoz\u00e1sa \u00e9rdek\u00e9ben.<br \/>K\u00f6rny\u00e9kspecifikus parkol\u00e1si-k\u00f6zleked\u00e9si probl\u00e9m\u00e1t jelent a gyermekeiket az iskol\u00e1ba hoz\u00f3-viv\u0151 aut\u00f3s sz\u00fcl\u0151k \u00e1ltal okozott dug\u00f3. Mint elhangzott, reggelente minden ir\u00e1nyb\u00f3l az ilyen aut\u00f3sok \u00e1rasztj\u00e1k el a ter\u00fcletet, \u00e9s mivel nincs bev\u00e1lt forgalmi rendszer, \u00edgy kaotikus helyzetek alakulnak ki, aminek mind az \u201eokoz\u00f3k\u201d, mind a munk\u00e1ba indul\u00f3 k\u00f6rny\u00e9kbeliek k\u00e1r\u00e1t l\u00e1tj\u00e1k.<br \/>Probl\u00e9m\u00e1t jelent a tehersz\u00e1ll\u00edt\u00f3 j\u00e1rm\u0171vek jelenl\u00e9te is a lak\u00f3telepen. Ennek kapcs\u00e1n javaslat \u00e9rkezett kifejezetten egy nekik szolg\u00e1l\u00f3 parkol\u00f3r\u00e9sz kijel\u00f6l\u00e9s\u00e9re.<br \/>&#8211; J\u00c1TSZ\u00d3T\u00c9R<br \/>A k\u00e9t parkban tal\u00e1lhat\u00f3 j\u00e1tsz\u00f3tereket szeretik, elfogadj\u00e1k a helyiek a k\u00e9rd\u0151\u00edv tan\u00fabizonys\u00e1ga szerint. Ugyanezt a tal\u00e1lkoz\u00f3n elhangzottak is visszaigazolj\u00e1k, de term\u00e9szetesen rengeteg jav\u00edt\u00f3 sz\u00e1nd\u00e9k\u00fa \u00e9szrev\u00e9tel \u00e9rkezett \u2013 a teljess\u00e9g ig\u00e9nye n\u00e9lk\u00fcl p\u00e9ld\u00e1ul kev\u00e9s a hinta, megfontoland\u00f3 lenne a k\u00f6rbeker\u00edt\u00e9s, kev\u00e9s a j\u00e1tsz\u00f3eszk\u00f6z, nem mindig haszn\u00e1lj\u00e1k el\u0151\u00edr\u00e1sszer\u0171en az eszk\u00f6z\u00f6ket\u2026 \u00e9s m\u00e9g sorolhatn\u00e1nk. L\u00e1that\u00f3an fontos t\u00e9m\u00e1ja lesz a k\u00f6vetkez\u0151 alkalmaknak, hogy ezt az iskola di\u00e1kjai \u00e9s a k\u00f6rny\u00e9kbeli lak\u00f3k \u00e1ltal k\u00f6z\u00f6sen haszn\u00e1lt funkci\u00f3t m\u00e9g jobb\u00e1 tegy\u00fck.<br \/>&#8211; HI\u00c1NYZ\u00d3 FUNKCI\u00d3K<br \/>Felmer\u00fcltek hi\u00e1nyz\u00f3 funkci\u00f3k \u00e9s infrastruktur\u00e1lis elemek is, amelyekre ig\u00e9ny lenne. Ezeket is csoportos\u00edtva mutatjuk be:<br \/>o sport<br \/>Sportp\u00e1lya (focip\u00e1lya stb.) elhelyez\u00e9se nem t\u0171nik re\u00e1lisnak, hiszen a h\u00e1zak k\u00f6z\u00f6tt ez konfliktushoz vezetne, r\u00e1ad\u00e1sul csak a z\u00f6ldfel\u00fclet rov\u00e1s\u00e1ra lehetne ilyet \u00e9p\u00edteni. Azonban a funkci\u00f3ra ig\u00e9ny lenne, \u00edgy az mer\u00fclt fel, hogy ak\u00e1r az iskolai, ak\u00e1r az iskola melletti p\u00e1ly\u00e1k infrastruktur\u00e1lis fejleszt\u00e9s\u00e9vel (pl. vil\u00e1g\u00edt\u00e1s), illetve az iskolai p\u00e1ly\u00e1k k\u00f6zc\u00e9l\u00fa megnyit\u00e1s\u00e1val orvosolni lehetne ezt a helyzetet. Ut\u00f3bbi term\u00e9szetesen az iskola szerepv\u00e1llal\u00e1sa n\u00e9lk\u00fcl nem elk\u00e9pzelhet\u0151, teh\u00e1t err\u0151l a k\u00e9s\u0151bbiekben majd az \u0151 \u00e1ll\u00e1spontjukat is meg kell ismerni.<br \/>T\u00f6bben mondt\u00e1k, hogy sz\u00edvesen l\u00e1tn\u00e1nak k\u00fclt\u00e9ri fitneszeszk\u00f6z\u00f6ket, lehet\u0151leg abb\u00f3l a fajt\u00e1b\u00f3l, ami az id\u0151sebb koroszt\u00e1ly sz\u00e1m\u00e1ra is lehet\u0151s\u00e9get k\u00edn\u00e1l a mozg\u00e1sra.<br \/>Emellett itt is megeml\u00edtett\u00fck a meg\u00e9p\u00fcl\u0151 fut\u00f3k\u00f6rt, ami ezt a ter\u00fcletet szint\u00e9n \u00e9rinteni fogja.<br \/>o k\u00f6zvil\u00e1g\u00edt\u00e1s<br \/>A k\u00f6zvil\u00e1g\u00edt\u00e1s hi\u00e1nyoss\u00e1gait is t\u00f6bben probl\u00e9mak\u00e9nt jelezt\u00e9k \u2013 ez nem csak az \u00e1tk\u00f6zleked\u00e9s neh\u00e9zkess\u00e9ge miatt okoz gondot, de a biztons\u00e1g\u00e9rzetet is cs\u00f6kkenti.<br \/>o v\u00edz<br \/>Iv\u00f3k\u00fat csak az \u00f3voda m\u00f6g\u00f6tti parkban van. A fut\u00f3p\u00e1lya l\u00e9trej\u00f6tt\u00e9t k\u00f6vet\u0151en k\u00fcl\u00f6n\u00f6sen nagy ig\u00e9ny lesz majd erre.<br \/>o k\u00f6z\u00f6ss\u00e9g\u00e9p\u00edt\u0151 helyek<br \/>Jelenleg a s\u00e9t\u00e1nyok ment\u00e9n elsz\u00f3rva elhelyezett padok k\u00edn\u00e1lnak lehet\u0151s\u00e9get az \u00fcld\u00f6g\u00e9l\u00e9sre. Sokan l\u00e1tn\u00e1nak sz\u00edvesen olyan ter\u00fcleteket, ahol egym\u00e1s fel\u00e9 ford\u00edtott padokhoz, \u00fcl\u0151alkalmatoss\u00e1gokhoz lehet le\u00fclni besz\u00e9lgetni, vagy ak\u00e1r sakkasztalokn\u00e1l lehet helyet foglalni. R\u00e1ad\u00e1sul sokszor \u2013 f\u0151k\u00e9nt az iskola ut\u00e1n \u2013 kev\u00e9snek bizonyul a jelenleg kint l\u00e9v\u0151 padok sz\u00e1ma, azokat gyorsan elfoglalj\u00e1k a di\u00e1kok \u00e9s a t\u00e1sk\u00e1k.<br \/>&#8211; KUTY\u00c1S HASZN\u00c1LAT<br \/>Sok kuty\u00e1s is ell\u00e1togatott a k\u00f6z\u00f6ss\u00e9gi tervez\u00e9si alkalomra, \u00e9s \u0151k is elmondt\u00e1k (ami a k\u00e9rd\u0151\u00edvb\u0151l is l\u00e1tszott), hogy sajnos m\u00e9g mindig vannak olyan gazd\u00e1k, akik nem szedik fel kedvenc\u00fcnk ut\u00e1n a piszkot, illetve hogy nem egyszer\u0171 olyan ter\u00fcletet tal\u00e1lni, ahol a nagyobb mozg\u00e1sig\u00e9ny\u0171 kuty\u00e1kat le lehet mozgatni. Ennek a probl\u00e9m\u00e1nak az \u00e1tbesz\u00e9l\u00e9se szint\u00e9n a k\u00f6vetkez\u0151 alkalmak feladata lesz, de j\u00f3 h\u00edrt jelent, hogy \u2013 amint a jelen l\u00e9v\u0151 \u00f6nkorm\u00e1nyzati k\u00e9pvisel\u0151t\u0151l megtudtuk \u2013 a v\u00e1ros z\u00f6ldfel\u00fcleti strat\u00e9gi\u00e1j\u00e1ba beker\u00fclt a G\u00f6rgey \u00fat t\u00faloldal\u00e1n l\u00e9v\u0151 ter\u00fclet egy r\u00e9sze, mint potenci\u00e1lisan kutyafuttat\u00e1sra sz\u00e1nt ter\u00fclet. Ha erre lesznek forr\u00e1sok, a megfelel\u0151 infrastrukt\u00fara ki\u00e9p\u00edt\u00e9s\u00e9vel egy fontos funkci\u00f3val b\u0151v\u00fclhet a lak\u00f3telep k\u00f6rnyezete.<br \/>&#8211; NEM RENDELTET\u00c9SSZER\u0170 HASZN\u00c1LAT<br \/>Probl\u00e9mak\u00e9nt hangzott el az is, hogy a hideg id\u0151 be\u00e1llt\u00e1val egyre t\u00f6bben k\u00f6lt\u00f6znek \u00e9letvitelszer\u0171en a park k\u00f6rny\u00e9k\u00e9re \u00e9s a lak\u00f3telep alj\u00e1ba. Ez term\u00e9szetesen a k\u00f6z\u00f6ss\u00e9gi tervez\u00e9sen t\u00falmutat\u00f3 szoci\u00e1lis k\u00e9rd\u00e9s, de fontos lesz majd \u00e1tbesz\u00e9lni, hogy milyen tervez\u00e9si eszk\u00f6z\u00f6kkel lehet \u00e9s \u00e9rdemes erre a helyzetre reag\u00e1lni.<br \/>&#8211; fenntart\u00e1s<br \/>A jelenl\u00e9v\u0151k fogalmaztak meg kritik\u00e1kat a fenntart\u00e1ssal kapcsolatban is. B\u00e1r a k\u00f6z\u00f6ss\u00e9gi tervez\u00e9s alapvet\u0151en a fejleszt\u00e9si k\u00e9rd\u00e9sekre koncentr\u00e1l, term\u00e9szetesen ezeket az \u00e9szrev\u00e9teleket is tov\u00e1bb\u00edtjuk az illet\u00e9keseknek, illetve arra kell majd t\u00f6rekedn\u00fcnk a tervez\u00e9s sor\u00e1n, hogy j\u00f3l, gazdas\u00e1gosan \u00e9s fenntarthat\u00f3an \u00fczemeltethet\u0151 k\u00f6zter\u00fcleteket \u00e1lmodjunk meg.<\/p>\n<p>A fentiek \u00e1tbesz\u00e9l\u00e9se ut\u00e1n azzal v\u00e1ltunk el egym\u00e1st\u00f3l a r\u00e9sztvev\u0151kkel, hogy a k\u00f6vetkez\u0151 alkalommal r\u00e9szletesen megismerked\u00fcnk majd a fut\u00f3p\u00e1ly\u00e1val kapcsolatos elk\u00e9pzel\u00e9sekkel, tervekkel. A parkokkal kapcsolatban pedig \u2013 a mostani \u201eprobl\u00e9magy\u0171jt\u00e9s\u201d ut\u00e1n \u2013 m\u00e1r a megold\u00e1skeres\u00e9sre ker\u00fcl \u00e1t a hangs\u00faly.<br \/>V\u00e1runk mindenkit j\u00f6v\u0151 h\u00e9ten is, szeptember 9-\u00e9n 17:00-kor a De\u00e1k Ferenc \u00c1ltal\u00e1nos Iskola m\u00f6g\u00f6tti parkban!<\/p>\n<p>[\/et_pb_toggle][et_pb_toggle title=&#8221;T\u00e1bor\u00e1ll\u00e1s park, m\u00e1sodik alkalom \/09.07.\/&#8221; open_toggle_text_color=&#8221;#2d427d&#8221; open_toggle_background_color=&#8221;#FFFFFF&#8221; closed_toggle_text_color=&#8221;#2d427d&#8221; closed_toggle_background_color=&#8221;#FFFFFF&#8221; icon_color=&#8221;#2d427d&#8221; open_icon_color=&#8221;#2d427d&#8221; _builder_version=&#8221;4.16&#8243; _module_preset=&#8221;default&#8221; title_text_color=&#8221;#2d427d&#8221; title_font=&#8221;IBM Plex Sans Condensed||||||||&#8221; body_font=&#8221;IBM Plex Sans Condensed||||||||&#8221; body_text_color=&#8221;#2d427d&#8221; custom_margin=&#8221;1px||55px|||&#8221; global_colors_info=&#8221;{}&#8221;]<\/p>\n<p>Szeptember 7-\u00e9n d\u00e9lut\u00e1n m\u00e1r m\u00e1sodik alkalommal gy\u0171lt\u00fcnk \u00f6ssze a k\u00f6rny\u00e9kbeliekkel, hogy a T\u00e1bor\u00e1ll\u00e1s park fejleszt\u00e9s\u00e9r\u0151l besz\u00e9lgess\u00fcnk. Ez\u00fattal a katonai eml\u00e9km\u0171 m\u00f6g\u00f6tti s\u00e9t\u00e1nyon \u00e1ll\u00edtottuk fel a tervez\u00e9si pontunkat, \u00e9s tal\u00e1n ennek is k\u00f6sz\u00f6nhet\u0151, hogy olyanok is sokan csatlakoztak hozz\u00e1nk, akik az el\u0151z\u0151 alkalmon nem vettek r\u00e9szt. Emiatt ism\u00e9t a tervez\u00e9s kereteinek \u00e9s az EKF c\u00e9ljainak ismertet\u00e9s\u00e9vel kezdt\u00fck a tal\u00e1lkoz\u00f3t, majd r\u00f6viden bemutattuk az el\u0151z\u0151 alkalom eredm\u00e9nyeit is.<\/p>\n<p>Ak\u00e1rcsak legut\u00f3bb, \u00fagy most is az \u00faj r\u00e9sztvev\u0151k bemutatkoz\u00e1s\u00e1val folytat\u00f3dott az alkalom. Kor, nem \u00e9s helyi tapasztalat szempontj\u00e1b\u00f3l is soksz\u00edn\u0171 csapat gy\u0171lt \u00f6ssze, aminek kimondottan \u00f6r\u00fclt\u00fcnk, hiszen ez\u00e1ltal \u00e9rdekes besz\u00e9lget\u00e9sek alakulhattak ki a k\u00fcl\u00f6nb\u00f6z\u0151 haszn\u00e1lati szok\u00e1sok k\u00e9pvisel\u0151i k\u00f6z\u00f6tt.<\/p>\n<p>Ezut\u00e1n bemutattuk az EKF keret\u00e9n bel\u00fcl j\u00f6v\u0151re l\u00e9trej\u00f6v\u0151 fut\u00f3k\u00f6rt, a \u201eLoop\u201d-ot. B\u00e1r a pontos nyomvonal m\u00e9g tervez\u00e9s alatt \u00e1ll, l\u00e1tv\u00e1nyos \u00e1br\u00e1kon l\u00e1thatt\u00e1k a tervez\u00e9si folyamatot a helyzetbemutat\u00f3 elemz\u00e9sekt\u0151l az egyre konkr\u00e9tabb tervekig. Mint elhangzott, a v\u00e9geredm\u00e9ny egy 3,5 kilom\u00e9ter hossz\u00fa, 1,6 m\u00e9ter sz\u00e9les rekort\u00e1n fut\u00f3k\u00f6r lesz, ami a lak\u00f3telep minden pontj\u00e1r\u00f3l k\u00f6nnyen el\u00e9rhet\u0151 majd. A fut\u00f3k\u00f6r kapcs\u00e1n a r\u00e9sztvev\u0151k arra h\u00edvt\u00e1k fel a figyelmet, hogy a haszn\u00e1lhat\u00f3s\u00e1g \u00e9rdek\u00e9ben min\u00e9l kevesebb keresztez\u0151d\u00e9sen menjen kereszt\u00fcl, valamint hogy ne legyen t\u00fal \u201ekanyarg\u00f3s\u201d, vagyis egyenletesen lehessen rajta futni.<\/p>\n<p>Visszat\u00e9rve tervez\u00e9si ter\u00fclet\u00fcnkre, a T\u00e1bor\u00e1ll\u00e1s parkra, a javaslatokkal kezdt\u00fcnk foglalkozni, \u00e9s megn\u00e9zt\u00fck, illetve kieg\u00e9sz\u00edtett\u00fck a tavaszi k\u00e9rd\u0151\u00edv \u201eszeretn\u00e9m\u201d \u00e9s \u201enem szeretn\u00e9m\u201d k\u00e9rd\u00e9seire adott v\u00e1laszokat. A t\u00e9m\u00e1kat az al\u00e1bbiakban tematikusan mutatjuk be.<\/p>\n<p>PADOK, UTCAB\u00daTOROK<\/p>\n<p>A k\u00e9rd\u0151\u00edv legt\u00f6bb v\u00e1laszad\u00f3ja t\u00f6bb padot l\u00e1tna sz\u00edvesen a parkban \u2013 \u00e9s ez a besz\u00e9lget\u00e9s sor\u00e1n is fontos t\u00e9m\u00e1nak bizonyult. A r\u00e9sztvev\u0151k egyet\u00e9rtettek abban, hogy j\u00f3 lenne le\u00fclni olvasgatni, besz\u00e9lgetni a parkban, ehhez pedig t\u00f6bb \u00fcl\u0151alkalmatoss\u00e1gra lenne sz\u00fcks\u00e9g, m\u00e9gpedig ak\u00e1r asztalokkal, egym\u00e1s fel\u00e9 ford\u00edtva, teh\u00e1t olyan m\u00f3don, hogy az a k\u00f6z\u00f6ss\u00e9gi \u00e9letet seg\u00edthesse. Besz\u00e9lgett\u00fcnk a k\u00fcl\u00f6nb\u00f6z\u0151 utcab\u00fator-t\u00edpusok el\u0151nyeir\u0151l \u00e9s h\u00e1tr\u00e1nyair\u00f3l, \u00edgy p\u00e9ld\u00e1ul az anyagukr\u00f3l (f\u00e9m vagy fa), a kialak\u00edt\u00e1sukr\u00f3l (t\u00f6meggy\u00e1rtott vagy egyedi) \u00e9s egy\u00e9b tulajdons\u00e1gaikr\u00f3l, amelyek mind-mind befoly\u00e1solj\u00e1k a haszn\u00e1lhat\u00f3s\u00e1got \u00e9s a fenntarthat\u00f3s\u00e1got. Ut\u00f3bbi az\u00e9rt fontos, mert olyan eszk\u00f6z\u00f6ket \u00e9rdemes kihelyezni, amelyeket azt\u00e1n az \u00f6nkorm\u00e1nyzat fent is tud tartani. Sz\u00f3t ejtett\u00fcnk emellett a f\u00e9lelmekr\u0151l is \u2013 p\u00e9ld\u00e1ul a nem rendeltet\u00e9sszer\u0171 haszn\u00e1latr\u00f3l.<\/p>\n<p>Z\u00d6LDFEL\u00dcLET, BURKOLT FEL\u00dcLETEK<\/p>\n<p>Ahogy \u2013 mint m\u00falt h\u00e9ten meg\u00e1llap\u00edtottuk \u2013 a park legnagyobb \u00e9rt\u00e9ke a z\u00f6ldfel\u00fclete, \u00fagy a legnagyobb f\u00e9lelem \u00e9pp ennek az \u00e9rt\u00e9knek az elveszt\u00e9s\u00e9hez kapcsol\u00f3dik. A v\u00e1laszad\u00f3k jelent\u0151s r\u00e9sze nem szeretn\u00e9, hogy f\u00e1kat kelljen kiv\u00e1gni, vagy az \u00e9rt\u00e9kes z\u00f6ldfel\u00fclet cs\u00f6kkenjen a ter\u00fcleten. Ahogy azt megbesz\u00e9lt\u00fck, meg kell majd azonban vizsg\u00e1lni, hogy az Ag\u00f3ra ep\u00fclete el\u0151tti burkolt ter\u00fcletet nem c\u00e9lszer\u0171-e valamennyire megn\u00f6velni a jobb haszn\u00e1lat \u00e9rdek\u00e9ben.<\/p>\n<p>RENDEZV\u00c9NYEK<\/p>\n<p>Az Ag\u00f3ra az egyik legjelent\u0151sebb haszn\u00e1l\u00f3ja a parknak \u2013 nem csak az\u00e9rt, mert az \u0151 vend\u00e9geik s\u00e9t\u00e1lnak kereszt\u00fcl nap mint nap a ter\u00fcleten, hanem mert sz\u00e1mos olyan k\u00fclt\u00e9ri rendezv\u00e9ny\u00fck van, aminek a T\u00e1bor\u00e1ll\u00e1s park ad otthont. A k\u00e9rd\u0151\u00edv \u00e9s a helyiekkel folytatott besz\u00e9lget\u00e9sek tan\u00fabizonys\u00e1ga szerint ezt alapvet\u0151en sz\u00edvesen is fogadj\u00e1k, azonban a sz\u00ednpad jelenlegi t\u00e1jol\u00e1si lehet\u0151s\u00e9gei miatt a szomsz\u00e9dos h\u00e1zsornak a sz\u00fcks\u00e9gesn\u00e9l nagyobb zajterhel\u00e9st kell elviselnie a rendezv\u00e9nyek idej\u00e9n. Mindezen \u00fagy lehet v\u00e1ltoztatni, ha az \u00e9p\u00fclet el\u0151tti t\u00e9ren l\u00e9v\u0151, egy\u00e9bk\u00e9nt is \u00fczemen k\u00edv\u00fcl l\u00e9v\u0151 sz\u00f6k\u0151kutat m\u00e1shova k\u00f6lt\u00f6ztetik, \u00e9s ak\u00e1r a burkolt fel\u00fclet is n\u0151hetne, ez\u00e1ltal az id\u0151szakos sz\u00ednpad 90 fokkal elforgathat\u00f3v\u00e1 v\u00e1lna, \u00e9s \u00edgy akusztikailag kedvez\u0151bb helyzet \u00e1llna el\u0151. Azt is fontos lenne megvizsg\u00e1lni, hogy a burkolt r\u00e9szt a parkkal mik\u00e9nt lehetne jobban \u201e\u00f6sszek\u00f6tni\u201d, hogy egys\u00e9gesebb\u00e9 v\u00e1ljon a ter\u00fclet.<\/p>\n<p>TELEP\u00cdTETT FUNKCI\u00d3K<\/p>\n<p>A parkban jelenleg csak a L\u00e9gier\u0151-eml\u00e9km\u0171 tal\u00e1lhat\u00f3, m\u00e1s telep\u00edtett eszk\u00f6z nincs. Az eml\u00e9km\u0171 \u00e1thelyez\u00e9se nincs napirenden, viszont felmer\u00fclt, hogy sz\u00fcks\u00e9g lenne-e m\u00e1sra is a parkon bel\u00fcl \u2013 a k\u00e9rd\u0151\u00edv v\u00e1laszad\u00f3i javasoltak p\u00e9ld\u00e1ul ping-pong asztalt, j\u00e1tsz\u00f3teret, sportp\u00e1ly\u00e1t is. Igaz, ezeknek (szint\u00e9n a k\u00e9rd\u0151\u00edv v\u00e1laszad\u00f3i k\u00f6z\u00f6tt) jellemz\u0151en m\u00e9g t\u00f6bb ellenz\u0151j\u00fck volt, \u00e9s a tal\u00e1lkoz\u00f3n is ink\u00e1bb az fogalmaz\u00f3dott meg, hogy a j\u00e1tsz\u00f3teret, sportp\u00e1ly\u00e1t nem erre a ter\u00fcletre \u00e9rdemes telep\u00edteni. A ping-pong asztalnak m\u00e1r nagyobb t\u00e1mogat\u00f3i t\u00e1bora volt, \u00e9s \u00edgy egyel\u0151re arra jutottunk, hogy a k\u00e9s\u0151bbiekben m\u00e9g meg lehet vizsg\u00e1lni egy-egy (ak\u00e1r j\u00e1tsz\u00f3-, ak\u00e1r sport)eszk\u00f6z elhelyez\u00e9s\u00e9t. Erre majd a r\u00e9szletesebb tervez\u00e9s sor\u00e1n t\u00e9r\u00fcnk vissza.<\/p>\n<p>Felmer\u00fclt javaslatk\u00e9nt a k\u00f6z\u00f6ss\u00e9gi kert \u00e9s a k\u00f6z\u00f6ss\u00e9gi komposzt\u00e1l\u00f3 gondolata is. Ezt v\u00e9g\u00fcl a VKSZ \u00fczemeltet\u00e9si tapasztalatait is meghallgatva vitattuk meg, \u00e9s a besz\u00e9lget\u00e9s v\u00e9g\u00e9n az hangzott el, hogy b\u00e1r ezek \u00e1ltal\u00e1noss\u00e1gban val\u00f3ban t\u00e1mogatand\u00f3 funkci\u00f3k, egy ilyen k\u00f6zhaszn\u00e1lat\u00fa t\u00e9ren a k\u00f6z\u00f6ss\u00e9gi kert csak elz\u00e1rt form\u00e1ban tudna m\u0171k\u00f6dni, ami viszont nagyon lecs\u00f6kkenten\u00e9 a teljes k\u00f6z\u00f6ss\u00e9g \u00e1ltal haszn\u00e1lhat\u00f3 ter\u00fcletr\u00e9szeket. A k\u00f6z\u00f6ss\u00e9gi komposzt\u00e1l\u00e1sra pedig ink\u00e1bb a telken bel\u00fcli megold\u00e1sokat t\u00e1mogatja az \u00f6nkorm\u00e1nyzat.<\/p>\n<p>INFRASTRUKT\u00daRA<\/p>\n<p>Besz\u00e9lgett\u00fcnk a szemetesek sz\u00fcks\u00e9gess\u00e9g\u00e9r\u0151l, \u00e9s r\u00e9szletesen belement\u00fcnk ezek sz\u00e1moss\u00e1g\u00e1ba, \u00fczemeltet\u00e9s\u00e9be, illetve olyan k\u00e9rd\u00e9sekbe, hogy lehet-e szelekt\u00edv k\u00f6zt\u00e9ri szemeteseket telep\u00edteni. Ez is egy neh\u00e9z t\u00e9ma, hiszen vannak, akik a h\u00e1ztart\u00e1si szemet\u00fcket viszik a k\u00f6zt\u00e9ri kuk\u00e1kba, amivel ellehetetlen\u00edtik ezek mindennapi \u201em\u0171k\u00f6d\u00e9s\u00e9t\u201d. A tisztas\u00e1g mindenki sz\u00e1m\u00e1ra fontos k\u00e9rd\u00e9s, \u00fagyhogy egy\u00e9rtelm\u0171, hogy ezzel m\u00e9g kell majd foglalkoznunk a k\u00f6vetkez\u0151 alkalmakon is.<\/p>\n<p>Besz\u00e9lgett\u00fcnk m\u00e9g a k\u00f6zvil\u00e1g\u00edt\u00e1sr\u00f3l, az iv\u00f3kutak ig\u00e9ny\u00e9r\u0151l, illetve a k\u00f6zt\u00e9ri mosd\u00f3k k\u00e9rd\u00e9s\u00e9r\u0151l is. Ut\u00f3bbit sokan t\u00e1mogatt\u00e1k a k\u00e9rd\u0151\u00edvek alapj\u00e1n, b\u00e1r a haszn\u00e1lati \u00e9s \u00fczemeltet\u00e9si tapasztalatok nem \u00e9pp kedvez\u0151ek a v\u00e1rosban. Felh\u00edvtuk azonban arra a figyelmet, hogy ez a ter\u00fclet speci\u00e1lis helyzetben van, hiszen itt az Ag\u00f3ra, ahova be lehet t\u00e9rni \u201esz\u00fcks\u00e9g eset\u00e9n\u201d, \u00edgy tal\u00e1n nem is annyira \u00e9get\u0151en fontos ez a k\u00e9rd\u00e9s.<\/p>\n<p>A tal\u00e1lkoz\u00f3 v\u00e9g\u00e9n elhangzott, hogy j\u00f6v\u0151 h\u00e9ten, szeptember 14-\u00e9n m\u00e1r a park elrendez\u00e9s\u00e9r\u0151l szeretn\u00e9nk besz\u00e9lgetni. D\u00e9lut\u00e1n 5 \u00f3r\u00e1t\u00f3l v\u00e1runk szeretettel minden \u00e9rdekl\u0151d\u0151t a harmadik tervez\u00e9si alkalmunkon a T\u00e1bor\u00e1ll\u00e1s parkban!<\/p>\n<p>[\/et_pb_toggle][et_pb_toggle title=&#8221;K\u00e1lvin J\u00e1nos park, m\u00e1sodik alkalom \/09.08.\/&#8221; open_toggle_text_color=&#8221;#2d427d&#8221; open_toggle_background_color=&#8221;#FFFFFF&#8221; closed_toggle_text_color=&#8221;#2d427d&#8221; closed_toggle_background_color=&#8221;#FFFFFF&#8221; icon_color=&#8221;#2d427d&#8221; open_icon_color=&#8221;#2d427d&#8221; _builder_version=&#8221;4.16&#8243; _module_preset=&#8221;default&#8221; title_text_color=&#8221;#2d427d&#8221; title_font=&#8221;IBM Plex Sans Condensed||||||||&#8221; body_font=&#8221;IBM Plex Sans Condensed||||||||&#8221; body_text_color=&#8221;#2d427d&#8221; custom_margin=&#8221;-1px||55px|||&#8221; global_colors_info=&#8221;{}&#8221;]<\/p>\n<p>Szeptember 8-\u00e1n tartottuk a m\u00e1sodik tervez\u00e9si tal\u00e1lkoz\u00f3t a K\u00e1lvin J\u00e1nos parkban. M\u00falt h\u00e9ten m\u00e9g a park nyugati r\u00e9sz\u00e9ben \u00e1ll\u00edtottuk fel asztalainkat, ez\u00fattal azonban m\u00e1r a j\u00e1tsz\u00f3t\u00e9r mell\u00e9 k\u00f6lt\u00f6zt\u00fcnk \u2013 abban a rem\u00e9nyben, hogy ezzel az anyuk\u00e1k-apuk\u00e1k sz\u00e1m\u00e1ra is k\u00f6nnyebb lesz csatlakozni a k\u00f6z\u00f6s gondolkod\u00e1shoz. Az \u00faj r\u00e9sztvev\u0151k miatt a tervez\u00e9s kereteinek \u00e9s az EKF c\u00e9ljainak ismertet\u00e9s\u00e9vel kezdt\u00fck a tal\u00e1lkoz\u00f3t, majd r\u00f6viden \u00e1tbesz\u00e9lt\u00fck az el\u0151z\u0151 alkalom eredm\u00e9nyeit is.<\/p>\n<p>Ezut\u00e1n bemutattuk az EKF keret\u00e9n bel\u00fcl j\u00f6v\u0151re l\u00e9trej\u00f6v\u0151 fut\u00f3k\u00f6rt, a \u201eLoop\u201d-ot. B\u00e1r a pontos nyomvonal m\u00e9g tervez\u00e9s alatt \u00e1ll, l\u00e1tv\u00e1nyos \u00e1br\u00e1kon l\u00e1thatt\u00e1k a tervez\u00e9si folyamatot a helyzetbemutat\u00f3 elemz\u00e9sekt\u0151l az egyre konkr\u00e9tabb tervekig. Mint elhangzott, a v\u00e9geredm\u00e9ny egy 3,5 kilom\u00e9ter hossz\u00fa, 1,6 m\u00e9ter sz\u00e9les rekort\u00e1n fut\u00f3k\u00f6r lesz, ami a lak\u00f3telep minden pontj\u00e1r\u00f3l k\u00f6nnyen el\u00e9rhet\u0151 majd.<\/p>\n<p>A Loop bemutat\u00e1sa ut\u00e1n a K\u00e1lvin J\u00e1nos parkra vonatkoz\u00f3 v\u00e1gyakkal \u00e9s f\u00e9lelmekkel kezdt\u00fcnk foglalkozni, seg\u00edts\u00e9g\u00fcl h\u00edvva ebben a ny\u00e1releji k\u00e9rd\u0151\u00edvez\u00e9s eredm\u00e9nyeit, majd \u00f6sszevetve ezeket a megjelentek tapasztalataival. Ebb\u0151l az al\u00e1bbi meg\u00e1llap\u00edt\u00e1sok k\u00f6vetkeztek.<\/p>\n<p>FUT\u00d3K\u00d6RH\u00d6Z TARTOZ\u00d3 FEJLESZT\u00c9SEK<\/p>\n<p>Besz\u00e9lt\u00fcnk r\u00f3la, hogy a fut\u00f3k\u00f6r a parkon is kereszt\u00fclfut majd, \u00e9s ehhez kapcsol\u00f3d\u00f3an sz\u00fcks\u00e9g lehet \u00faj eszk\u00f6z\u00f6kre \u2013 p\u00e9ld\u00e1ul iv\u00f3k\u00fatra.<\/p>\n<p>PADOK, UTCAB\u00daTOROK<\/p>\n<p>A k\u00e9rd\u0151\u00edvekb\u0151l kider\u00fclt, hogy a legnagyobb t\u00e1mogatotts\u00e1got a padok telep\u00edt\u00e9se kapta. A tervez\u00e9s r\u00e9sztvev\u0151i is meger\u0151s\u00edtett\u00e9k, hogy ezekre sz\u00fcks\u00e9g lenne. Jelenleg 29 pad tal\u00e1lhat\u00f3 a parkban, \u00e9s ezek szinte kiz\u00e1r\u00f3lag a s\u00e9t\u00e1nyok mell\u00e9, azokkal p\u00e1rhuzamosan ker\u00fcltek elhelyez\u00e9sre, vagyis nem igaz\u00e1n alkalmasak arra, hogy egy-k\u00e9t f\u0151n\u00e9l nagyobb sz\u00e1m\u00fa t\u00e1rsas\u00e1g k\u00e9nyelmesen le\u00fclhessen besz\u00e9lgetni. Fontos lenne, hogy legyenek egym\u00e1ssal szembeford\u00edtott padokb\u00f3l (\u00e9s ak\u00e1r asztalokb\u00f3l) \u00e1ll\u00f3 kis k\u00f6z\u00f6ss\u00e9gi terek. A r\u00e9sztvev\u0151k egyszer\u0171 de praktikus kivitel\u0171, a parkba ill\u0151 utcab\u00fatorokat l\u00e1tn\u00e1nak sz\u00edvesen. Felmer\u00fclt az \u00f6sszecsukhat\u00f3 (\u00e9s \u00e9jszak\u00e1ra elz\u00e1rhat\u00f3) padok gondolata is, hiszen ez\u00e1ltal az \u00e9jszakai padfoglal\u00e1st lehetne megakad\u00e1lyozni. Ugyanakkor ennek val\u00f3sz\u00edn\u0171leg az \u00fczemeltet\u00e9s\u00e9vel lenn\u00e9nek probl\u00e9m\u00e1k (el\u00e9g er\u0151forr\u00e1sig\u00e9nyes feladat lenne minden reggel \u00e9s este ezzel foglalkozni, r\u00e1ad\u00e1sul a t\u00e1rol\u00e1sr\u00f3l is gondoskodni k\u00e9ne).<\/p>\n<p>AKT\u00cdV FUNKCI\u00d3K<\/p>\n<p>A megl\u00e9v\u0151 akt\u00edv funkci\u00f3k (j\u00e1tsz\u00f3t\u00e9r, sportter\u00fcletek) t\u00e1mogatotts\u00e1ga magas. B\u00e1r nagyobb, \u00f6sszef\u00fcgg\u0151 sportp\u00e1ly\u00e1t nem hozn\u00e1nak l\u00e9tre itt a k\u00f6rny\u00e9kbeliek, sokan nem z\u00e1rk\u00f3zn\u00e1nak el att\u00f3l, hogy ezek ak\u00e1r kicsivel t\u00f6bb helyet is foglaljanak el a parkon bel\u00fcl. A j\u00e1tsz\u00f3t\u00e9r \u00e9s a skatepark b\u0151v\u00edt\u00e9s\u00e9r\u0151l, a kis d\u00fch\u00f6ng\u0151k sz\u00e1m\u00e1nak n\u00f6vel\u00e9s\u00e9r\u0151l majd els\u0151sorban a haszn\u00e1l\u00f3ik v\u00e9lem\u00e9ny\u00e9t lenne j\u00f3 megismerni. \u00daj akt\u00edv funkci\u00f3 lesz term\u00e9szetesen az itt kereszt\u00fclhalad\u00f3 fut\u00f3k\u00f6r is, emellett pedig felmer\u00fclt, hogy ping-pong asztalokkal (esetleg teqball asztallal) gazdagodhatna a park.<\/p>\n<p>INFRASTRUKT\u00daRA<\/p>\n<p>A k\u00f6zvil\u00e1g\u00edt\u00e1s a r\u00e9sztvev\u0151k szerint megfelel\u0151 a parkban. J\u00f3 lenne viszont, ha t\u00f6bb szemetest helyezn\u00e9nek ki, \u00e9s iv\u00f3k\u00fat is ker\u00fclhetne a ter\u00fcletre. A r\u00e9sztvev\u0151k \u00f6r\u00f6mmel l\u00e1tn\u00e1k, ha a megl\u00e9v\u0151 k\u00f6zt\u00e9ri mosd\u00f3 is mindenki sz\u00e1m\u00e1ra haszn\u00e1lhat\u00f3 volna. Besz\u00e9lgett\u00fcnk a sz\u00f6k\u0151k\u00fat lehet\u0151s\u00e9g\u00e9r\u0151l is \u2013 a r\u00e9sztvev\u0151k egy r\u00e9sze sz\u00edvesen l\u00e1tna egy nem v\u00edzpazarl\u00f3 v\u00edzj\u00e1t\u00e9kot a parkban.<\/p>\n<p>&nbsp;<\/p>\n<p>K\u00d6ZBIZTONS\u00c1G<\/p>\n<p>Sz\u00f3 esett a k\u00f6zbiztons\u00e1ggal kapcsolatos k\u00e9rd\u00e9sekr\u0151l is. A probl\u00e9m\u00e1t ez\u00fcgyben f\u0151k\u00e9nt a doh\u00e1nybolt melletti \u00e9jszakai italoz\u00f3k miatt vetett\u00fck fel. Felmer\u00fclt az akt\u00edvabb rend\u0151rs\u00e9gi jelenl\u00e9t a ter\u00fcleten, \u00e1m megbesz\u00e9lt\u00fck, hogy erre a k\u00f6z\u00f6ss\u00e9gi tervez\u00e9snek nincs r\u00e1hat\u00e1sa, ink\u00e1bb tervez\u00e9si megold\u00e1sokban kell gondolkodnunk. \u00cdgy jutottunk el olyan lehets\u00e9ges megold\u00e1sokig, mint a t\u00e9rfigyel\u0151 kamera telep\u00edt\u00e9se, a k\u00f6z\u00f6ss\u00e9gi h\u00e1zirend megalkot\u00e1sa, vagy \u00e9pp olyan le\u00fcl\u0151s r\u00e9sz l\u00e9trehoz\u00e1sa, ami \u00e1ltal nem a lak\u00f3h\u00e1zak k\u00f6zvetlen k\u00f6zel\u00e9ben telepedn\u00e9nek meg a hangoskod\u00f3k.<\/p>\n<p>A k\u00f6vetkez\u0151 alkalommal m\u00e1r konkr\u00e9t helyet szeretn\u00e9nk tal\u00e1lni ezeknek az elemeknek, funkci\u00f3knak. Szeretettel v\u00e1runk minden \u00e9rdekl\u0151d\u0151t szeptember 15-\u00e9n d\u00e9lut\u00e1n 5 \u00f3r\u00e1t\u00f3l a K\u00e1lvin J\u00e1nos parkban!<\/p>\n<p>[\/et_pb_toggle][et_pb_toggle title=&#8221;De\u00e1k Ferenc \u00c1ltal\u00e1nos Iskola el\u0151tti park, m\u00e1sodik alkalom \/09.09.\/&#8221; open_toggle_text_color=&#8221;#2d427d&#8221; open_toggle_background_color=&#8221;#FFFFFF&#8221; closed_toggle_text_color=&#8221;#2d427d&#8221; closed_toggle_background_color=&#8221;#FFFFFF&#8221; icon_color=&#8221;#2d427d&#8221; open_icon_color=&#8221;#2d427d&#8221; _builder_version=&#8221;4.16&#8243; _module_preset=&#8221;default&#8221; title_text_color=&#8221;#2d427d&#8221; title_font=&#8221;IBM Plex Sans Condensed||||||||&#8221; body_font=&#8221;IBM Plex Sans Condensed||||||||&#8221; body_text_color=&#8221;#2d427d&#8221; custom_margin=&#8221;1px||55px|||&#8221; global_colors_info=&#8221;{}&#8221;]<\/p>\n<p>Szeptember 9-\u00e9n tartottuk a m\u00e1sodik tervez\u00e9si alkalmat a De\u00e1k Ferenc iskola el\u0151tti parkban. Az \u00faj r\u00e9sztvev\u0151k kedv\u00e9\u00e9rt ism\u00e9t besz\u00e9lt\u00fcnk az Eur\u00f3pa Kultur\u00e1lis F\u0151v\u00e1rosi c\u00edmhez kapcsol\u00f3d\u00f3 lehet\u0151s\u00e9gekr\u0151l, illetve r\u00f6viden bemutattuk a parktervez\u00e9s c\u00e9lj\u00e1t \u00e9s az els\u0151 alkalom t\u00e9m\u00e1j\u00e1t is. Ezt k\u00f6vet\u0151en pedig azok a k\u00f6ny\u00e9kbeliek mutatkoztak be, akik most l\u00e1togattak els\u0151 alkalommal a k\u00f6z\u00f6ss\u00e9gi tervez\u00e9sre.<\/p>\n<p>Ezut\u00e1n besz\u00e9lt\u00fcnk az EKF keret\u00e9n bel\u00fcl j\u00f6v\u0151re l\u00e9trej\u00f6v\u0151 fut\u00f3k\u00f6rr\u0151l, a \u201eLoop\u201d-r\u00f3l. B\u00e1r a pontos nyomvonal m\u00e9g tervez\u00e9s alatt \u00e1ll, l\u00e1tv\u00e1nyos \u00e1br\u00e1kon mutattuk be a tervez\u00e9si folyamatot a helyzetbemutat\u00f3 elemz\u00e9sekt\u0151l az egyre konkr\u00e9tabb tervekig. Mint elhangzott, a v\u00e9geredm\u00e9ny egy 3,5 kilom\u00e9ter hossz\u00fa, 1,6 m\u00e9ter sz\u00e9les rekort\u00e1n fut\u00f3k\u00f6r lesz, ami a lak\u00f3telep minden pontj\u00e1r\u00f3l k\u00f6nnyen el\u00e9rhet\u0151 majd.<\/p>\n<p>A m\u00e1sodik alkalom c\u00e9lja az volt, hogy az els\u0151 tal\u00e1lkoz\u00f3n beazonos\u00edtott \u00e9rt\u00e9kek \u00e9s probl\u00e9m\u00e1k mellett imm\u00e1r a v\u00e1gyakat is megismerj\u00fck. Konkr\u00e9t \u00e9s \u00e1ltal\u00e1nos javaslatokat is szerett\u00fcnk volna gy\u0171jteni, ehhez pedig ism\u00e9t a ny\u00e1ri k\u00e9rd\u0151\u00edvez\u00e9s eredm\u00e9nyeihez ny\u00faltunk vissza. Ezeket vizsg\u00e1ltuk meg \u00e9s eg\u00e9sz\u00edtett\u00fck ki, \u00e1tbesz\u00e9lve az egyes t\u00e9m\u00e1k kapcs\u00e1n felmer\u00fcl\u0151 v\u00e9lem\u00e9nyeket.<\/p>\n<p>A legt\u00f6bbek \u00e1ltal eml\u00edtett ig\u00e9ny a padokra vonatkozott. Besz\u00e9lt\u00fcnk a lehets\u00e9ges anyaghaszn\u00e1latr\u00f3l, elrendez\u00e9sr\u0151l, m\u00e1s parki eszk\u00f6z\u00f6kkel t\u00f6rt\u00e9n\u0151 egy\u00fcttes haszn\u00e1latr\u00f3l\u00a0 (pl. asztalok, szemetesek), illetve megfogalmaztuk a f\u00e9lelmeket is \u2013 a nem rendeltet\u00e9sszer\u0171 haszn\u00e1latot, a rossz poz\u00edcion\u00e1l\u00e1st stb.<\/p>\n<p>Az alkalom r\u00e9sztvev\u0151i meger\u0151s\u00edtett\u00e9k, hogy sportp\u00e1lya kialak\u00edt\u00e1s\u00e1ra nem l\u00e1tj\u00e1k alkalmasnak a ter\u00fcletet, ahogy ezt m\u00e1r az els\u0151 alkalommal is megbesz\u00e9lt\u00fck. A j\u00e1tsz\u00f3t\u00e9r kapcs\u00e1n egym\u00e1ssal ellent\u00e9tes v\u00e9lem\u00e9nyek is megjelentek, de abban egyet\u00e9rtettek a jelenl\u00e9v\u0151k, hogy \u00e9rdemes lenne majd elker\u00edteni a j\u00e1tsz\u00f3teret.<\/p>\n<p>Ism\u00e9t sok sz\u00f3 esett a parkol\u00e1sr\u00f3l, ez\u00fattal azonban m\u00e1r a javaslatokat igyekezt\u00fcnk egybegy\u0171jteni. Felmer\u00fclt p\u00e9ld\u00e1ul \u00faj p\u00e1rhuzamos parkol\u00f3helyek l\u00e9trehoz\u00e1sa az Aradi \u00e9s a G\u00f6rgey Art\u00far utc\u00e1k ment\u00e9n. Ut\u00f3bbi eset\u00e9ben r\u00e1ad\u00e1sul az is felmer\u00fclt, hogy az iskola fel\u0151li sz\u00e9l\u00e9n lehetne kialak\u00edtani egy olyan \u201eKiss and Ride\u201d parkol\u00f3z\u00f3n\u00e1t, ahol a sz\u00fcl\u0151k a reggeli iskolakezd\u00e9skor f\u00e9lreh\u00faz\u00f3dhatnak, \u00e9s elb\u00facs\u00fazhatnak csemet\u00e9j\u00fckt\u0151l. Ehhez arra is sz\u00fcks\u00e9g lenne, hogy az iskola a gyerk\u0151c\u00f6k sz\u00e1m\u00e1ra ebb\u0151l az ir\u00e1nyb\u00f3l is megnyissa kapuit. Parkol\u00e1s kapcs\u00e1n mer\u00fclt fel a parkol\u00f3h\u00e1zak k\u00e9rd\u00e9se is \u2013 elhangzott, hogy a tervez\u00e9s sor\u00e1n az \u00f6nkorm\u00e1nyzat megvizsg\u00e1lta az \u00e9p\u00edt\u00e9s lehet\u0151s\u00e9g\u00e9t, de azok annyira k\u00f6lts\u00e9gesek, hogy a megval\u00f3s\u00edt\u00e1suk jelenleg irre\u00e1lis, ez\u00e9rt ezekr\u0151l t\u00e1rsadalmi vita sem indult.<\/p>\n<p>Besz\u00e9lt\u00fcnk a park k\u00f6zvil\u00e1g\u00edt\u00e1si ig\u00e9nyeir\u0151l is, ami egyr\u00e9szt bizonyos s\u00e9t\u00e1nyokat, m\u00e1sr\u00e9szt a j\u00e1tsz\u00f3teret is \u00e9rinti.<\/p>\n<p>A k\u00f6ztisztas\u00e1g t\u00e9m\u00e1ja k\u00f6r\u00fcl alakult ki az egyik leg\u00e9l\u00e9nkebb besz\u00e9lget\u00e9s. A k\u00f6zt\u00e9ri szemetesek ig\u00e9ny\u00e9t fogalmaztuk meg, majd a figyelem a lak\u00f3h\u00e1zak kuk\u00e1ira \u00e9s az azokhoz kapcsol\u00f3d\u00f3 anom\u00e1li\u00e1kra terel\u0151d\u00f6tt. B\u00e1r ez a tervez\u00e9si ter\u00fclet\u00fcnk\u00f6n k\u00edv\u00fcl es\u0151 k\u00e9rd\u00e9s, sokak sz\u00e1m\u00e1ra fontos volt, \u00edgy az ezzel kapcsolatos lehet\u0151s\u00e9geket is \u00e1tbesz\u00e9lt\u00fck. A megold\u00e1st ebben az esetben az fogja majd jelenteni, ha ezek a ter\u00fcletek is bekamer\u00e1z\u00e1sra ker\u00fclnek, \u00edgy az illeg\u00e1lis szem\u00e9telhelyez\u00e9s visszaszor\u00edthat\u00f3v\u00e1 v\u00e1lik.<\/p>\n<p>A k\u00f6zbiztons\u00e1g k\u00e9rd\u00e9se t\u00f6bbsz\u00f6r felmer\u00fclt, p\u00e9ld\u00e1ul a parkol\u00f3helyek \u00e9s a k\u00f6ztisztas\u00e1g kapcs\u00e1n is. A rend\u0151rs\u00e9gre bek\u00f6t\u00f6tt t\u00e9rfigyel\u0151 kamer\u00e1k sokat seg\u00edtenek majd ebben.<\/p>\n<p>A besz\u00e9lget\u00e9s v\u00e9g\u00e9n abban maradtunk, hogy a k\u00f6vetkez\u0151 alkalommal m\u00e1r az eszk\u00f6z\u00f6k \u00e9s funkci\u00f3k t\u00e9rbeli elhelyez\u00e9se lesz a t\u00e9ma. V\u00e1runk szeretettel mindenkit szeptember 16-\u00e1n 17:00-kor az iskola el\u0151tt parkban!<\/p>\n<p>[\/et_pb_toggle][et_pb_toggle title=&#8221;K\u00e1lvin J\u00e1nos park, harmadik alkalom \/09.15.\/&#8221; open_toggle_text_color=&#8221;#2d427d&#8221; open_toggle_background_color=&#8221;#FFFFFF&#8221; closed_toggle_text_color=&#8221;#2d427d&#8221; closed_toggle_background_color=&#8221;#FFFFFF&#8221; icon_color=&#8221;#2d427d&#8221; open_icon_color=&#8221;#2d427d&#8221; _builder_version=&#8221;4.16&#8243; _module_preset=&#8221;default&#8221; title_text_color=&#8221;#2d427d&#8221; title_font=&#8221;IBM Plex Sans Condensed||||||||&#8221; body_font=&#8221;IBM Plex Sans Condensed||||||||&#8221; body_text_color=&#8221;#2d427d&#8221; custom_margin=&#8221;1px||55px|||&#8221; global_colors_info=&#8221;{}&#8221;]Szeptember 15-\u00e9n tartottuk a harmadik tervez\u00e9si alkalmat a K\u00e1lvin J\u00e1nos parkban. Ahogy azt m\u00falt h\u00e9ten \u00edg\u00e9rt\u00fck is, ez\u00fattal m\u00e1r meg akartuk tal\u00e1lni az el\u0151z\u0151 alkalmakon javasolt funkci\u00f3k, eszk\u00f6z\u00f6k hely\u00e9t. Ennek megfelel\u0151en a tal\u00e1lkoz\u00f3 nagy r\u00e9sz\u00e9ben a park t\u00e9rk\u00e9pe f\u00f6l\u00f6tt zajlott besz\u00e9lget\u00e9s. Hogy mire jutottunk a r\u00e9sztvev\u0151kkel, azt az al\u00e1bbi t\u00e9rk\u00e9p \u00e9s le\u00edr\u00e1s mutatja be.<\/p>\n<p><img loading=\"lazy\" decoding=\"async\" src=\"https:\/\/agoraveszprem.hu\/wp-content\/uploads\/2021\/09\/kep1.jpg\" width=\"746\" height=\"535\" alt=\"\" class=\"wp-image-5515 alignnone size-full\" srcset=\"https:\/\/agoraveszprem.hu\/wp-content\/uploads\/2021\/09\/kep1.jpg 746w, https:\/\/agoraveszprem.hu\/wp-content\/uploads\/2021\/09\/kep1-480x344.jpg 480w\" sizes=\"(min-width: 0px) and (max-width: 480px) 480px, (min-width: 481px) 746px, 100vw\" \/><\/p>\n<p>M\u00e1r j\u00f6v\u0151re elk\u00e9sz\u00fcl a fut\u00f3k\u00f6r, ami az eg\u00e9sz lak\u00f3telepet \u00e9rinti, \u00e9s a parkot is \u00e1tszeli. Ennek tervez\u00e9se m\u00e9g folyamatban van, de a jelen tud\u00e1sunk szerint \u00e9rv\u00e9nyes nyomvonalat m\u00e1r felt\u00fcntett\u00fck a t\u00e9rk\u00e9pen, ezt jelzi a jobb fels\u0151 sarokb\u00f3l a bal als\u00f3 sarokba \u00e1tl\u00f3san \u00e1t\u00edvel\u0151 k\u00e9k \u201eszalag\u201d. Ennek r\u00e9szletei m\u00e9g v\u00e1ltozhatnak valamennyire, de fontos volt, hogy legal\u00e1bb a koncepci\u00f3t l\u00e1ssuk, \u00e9s ennek megfelel\u0151en tudjunk d\u00f6nt\u00e9st hozni a park t\u00f6bbi r\u00e9sz\u00e9r\u0151l.<br \/>\nA k\u00f6z\u00f6sen k\u00e9sz\u00edtett terv\u00fcnkben a park jelenlegi strukt\u00far\u00e1ja nem v\u00e1ltozik, \u00e9s h\u00e1rom nagy, de egym\u00e1st\u00f3l nem \u00e9lesen elv\u00e1l\u00f3 ter\u00fclet \u00e1ll:<\/p>\n<p>1.\tSzabad ter\u00fclet \u00e9s rendezv\u00e9nyt\u00e9r<br \/>\nA k\u00f6rforgalom fel\u0151li (a t\u00e9rk\u00e9p\u00fcnk\u00f6n narancss\u00e1rg\u00e1val karik\u00e1zott) r\u00e9sz nem kapna \u00faj funkci\u00f3t, hanem meg\u0151rizn\u00e9 a mai jelleg\u00e9t. Ez az a ter\u00fclet, ahova id\u0151nk\u00e9nt rendezv\u00e9nyek j\u00f6nnek (p\u00e9ld\u00e1ul a most vas\u00e1rnap esed\u00e9kes Jutasi piknik), teh\u00e1t nem \u00e9rdemes olyan eszk\u00f6z\u00f6ket telep\u00edteni ide, amelyek nem f\u00e9rn\u00e9nek meg j\u00f3l ezzel az ideiglenes haszn\u00e1lattal. Maradna teh\u00e1t egy kedves, minden \u201eextr\u00e1t\u00f3l\u201d mentes parkter\u00fclet.<br \/>\n2.\tSportos-fiatalos ter\u00fclet<br \/>\nA g\u00f6rdeszkap\u00e1lya \u00e9s annak k\u00f6rnyezete jelenleg is f\u0151k\u00e9nt a fiatal koroszt\u00e1ly \u00e1ltal haszn\u00e1lt ter\u00fclet, \u00e9s a k\u00f6z\u00f6s terv\u00fcnk is erre er\u0151s\u00edt r\u00e1. Megn\u0151hetne a g\u00f6rdeszkap\u00e1lya m\u00e9rete, hosszanti ir\u00e1nyban, a park belseje fel\u00e9, an\u00e9lk\u00fcl, hogy ehhez f\u00e1t kelljen kiv\u00e1gni. A k\u00f6rnyezet\u00e9be olyan utcab\u00fatorok ker\u00fcln\u00e9nek, ami a fiatalok haszn\u00e1lati szok\u00e1saihoz a legink\u00e1bb illeszkedik. Ez egyben a park azon r\u00e9sze, amely a legt\u00e1volabb esik a lak\u00f3\u00e9p\u00fcletekt\u0151l, teh\u00e1t itt nem zavarn\u00e1 a k\u00f6rny\u00e9kbeli lak\u00f3kat az sem, ha est\u00e9be ny\u00falik az egy\u00fcttl\u00e9t (ez a jelenl\u00e9t most sajn\u00e1latos m\u00f3don a lak\u00f3h\u00e1zakhoz k\u00f6zelebb bukkan fel, sokkal nagyobb zavar\u00f3 hat\u00e1st okozva).<br \/>\nA fut\u00f3k\u00f6r egyik v\u00e9ge \u00e9pp a g\u00f6rdeszkap\u00e1lya k\u00f6zel\u00e9ben tal\u00e1lhat\u00f3, ez\u00e9rt itt indokoltnak l\u00e1ttuk ker\u00e9kp\u00e1rt\u00e1rol\u00f3 (ezt mutatja a s\u00e1rga p\u00f6tty) \u00e9s iv\u00f3k\u00fat elhelyez\u00e9s\u00e9t.<br \/>\nA minifocip\u00e1ly\u00e1k b\u0151v\u00edt\u00e9s\u00e9t, sz\u00e1m\u00e1nak n\u00f6vel\u00e9s\u00e9t a jelenl\u00e9v\u0151k nem tartott\u00e1k sz\u00fcks\u00e9gesnek.<br \/>\n3.\t(Csal\u00e1dos) k\u00f6z\u00f6ss\u00e9gi ter\u00fclet<br \/>\nAz a ter\u00fclet, amit jelenleg is j\u00e1tsz\u00f3t\u00e9rk\u00e9nt \u00e9s fitneszparkk\u00e9nt haszn\u00e1lunk, ebben a form\u00e1j\u00e1ban er\u0151s\u00f6dne, \u00e9s egy csal\u00e1dos k\u00f6z\u00f6ss\u00e9gi ter\u00fclett\u00e9 v\u00e1lna.<br \/>\nEz egyr\u00e9szt a j\u00e1tsz\u00f3t\u00e9r b\u0151v\u00edt\u00e9s\u00e9vel val\u00f3sulna meg. Visszat\u00e9r\u0151 ig\u00e9ny, hogy t\u00f6bb hinta ker\u00fclj\u00f6n ide, legyen m\u00e1sz\u00f3ka \u00e9s egyens\u00falyoz\u00f3 eszk\u00f6z, illetve \u00e1ltal\u00e1noss\u00e1gban \u00fagy v\u00e1ltozzon a j\u00e1tsz\u00f3t\u00e9r, hogy az a 4 \u00e9ves kor alatti \u00e9s a 8 \u00e9ves kor feletti gyerekeknek is k\u00edn\u00e1ljon valamit \u2013 jelenleg ez ugyanis legink\u00e1bb a kett\u0151 k\u00f6z\u00f6tti koroszt\u00e1lyt szolg\u00e1lja csak ki. K\u00fcl\u00f6n j\u00f3 lenne, ha lenne valami olyan eszk\u00f6z, ami egyediv\u00e9, a t\u00f6bbi j\u00e1tsz\u00f3t\u00e9rt\u0151l megk\u00fcl\u00f6nb\u00f6ztethet\u0151v\u00e9 teszi, hiszen a csal\u00e1dok am\u00fagy is sorra j\u00e1rj\u00e1k a k\u00f6rny\u00e9kbeli j\u00e1tsz\u00f3tereket, \u00e9s j\u00f3, ha mindegyiknek van valamilyen karaktere. Sz\u00fcks\u00e9g lenne iv\u00f3k\u00fatra is, \u00e9s a k\u00f6z\u00f6ss\u00e9gi \u00e9letet szolg\u00e1ln\u00e1, ha lenn\u00e9nek tov\u00e1bb utcab\u00fatorok (padok, asztalok) a csal\u00e1dok sz\u00e1m\u00e1ra.<br \/>\nA fitneszpark b\u0151v\u00edt\u00e9s\u00e9t nem tartott\u00e1k fontosnak a r\u00e9sztvev\u0151k, de az elhangzott, hogy j\u00f3, ha ez az eg\u00e9sz ter\u00fclet egys\u00e9ges maradhat, egy minden koroszt\u00e1ly sz\u00e1m\u00e1ra haszn\u00e1lhat\u00f3, akt\u00edv k\u00f6z\u00f6ss\u00e9gi ter\u00fcletk\u00e9nt. Infrastruktur\u00e1lis javaslat volt a p\u00e1rakapu elhelyez\u00e9se, ami an\u00e9lk\u00fcl a biztos\u00edtja a v\u00edz jelenl\u00e9t\u00e9nek el\u0151nyeit, hogy k\u00f6zben (a jelenl\u00e9v\u0151k \u00e1ltal nem t\u00e1mogatott) sz\u00f6k\u0151k\u00fat \u00fczemeltet\u00e9si \u00e9s haszn\u00e1l\u00f3i h\u00e1tr\u00e1nyaival j\u00e1rna.<\/p>\n<p>J\u00f6v\u0151 h\u00e9ten folytatjuk a tervek pontos\u00edt\u00e1s\u00e1t, \u00edgy v\u00e1runk szeretettel mindenkit szeptember 22-\u00e9n 17:00-kor is a K\u00e1lvin J\u00e1nos parkban![\/et_pb_toggle][et_pb_toggle title=&#8221;De\u00e1k Ferenc \u00c1lt. Isk. el\u0151tti park, harmadik alkalom \/09.16.\/&#8221; open_toggle_text_color=&#8221;#2d427d&#8221; open_toggle_background_color=&#8221;#FFFFFF&#8221; closed_toggle_text_color=&#8221;#2d427d&#8221; closed_toggle_background_color=&#8221;#FFFFFF&#8221; icon_color=&#8221;#2d427d&#8221; open_icon_color=&#8221;#2d427d&#8221; _builder_version=&#8221;4.16&#8243; _module_preset=&#8221;default&#8221; title_text_color=&#8221;#2d427d&#8221; title_font=&#8221;IBM Plex Sans Condensed||||||||&#8221; body_font=&#8221;IBM Plex Sans Condensed||||||||&#8221; body_text_color=&#8221;#2d427d&#8221; custom_margin=&#8221;1px||55px|||&#8221; global_colors_info=&#8221;{}&#8221;]<\/p>\n<p>Szeptember 16-\u00e1n a De\u00e1k Ferenc \u00c1ltal\u00e1nos Iskola el\u0151tti parkban is megtartottuk a harmadik tervez\u00e9si tal\u00e1lkoz\u00f3t a k\u00f6rny\u00e9kbeliekkel. Az eddigiek r\u00f6vid \u00f6sszefoglal\u00e1s\u00e1t k\u00f6vet\u0151en k\u00e9t csapatot alkottunk, \u00e9s mindkett\u0151nek ugyanaz volt a feladata: \u201erendezz\u00e9k be\u201d a parkokat \u00e9s k\u00f6rnyezet\u00fcket, felhaszn\u00e1lva azokat a funkci\u00f3kat \u00e9s eszk\u00f6z\u00f6ket, amikr\u0151l az elm\u00falt alkalmak sor\u00e1n besz\u00e9lt\u00fcnk. A stiliz\u00e1lt t\u00e9rk\u00e9p a jelenlegi \u00e1llapotokat mutatja, de a fut\u00f3k\u00f6r lehets\u00e9ges nyomvonal\u00e1t is felt\u00fcntett\u00fck rajta, hangs\u00falyozva, hogy ez a tervez\u00e9s sor\u00e1n m\u00e9g v\u00e1ltozhat \u2013 ugyanakkor ehhez is k\u00edv\u00e1ncsian v\u00e1rtuk a r\u00e9sztvev\u0151k \u00e9szrev\u00e9teleit (a t\u00e9rk\u00e9peken a pirosas, a bal als\u00f3 sarokb\u00f3l indul\u00f3 \u00e9s k\u00f6z\u00e9pen felfele kil\u00e9p\u0151 kanyarg\u00f3s vonal \u00e1br\u00e1zolja a fut\u00f3k\u00f6rt). Egyetlen szab\u00e1ly volt csak, m\u00e9gpedig, hogy a csapatok tagjai alaposan besz\u00e9lj\u00e9k \u00e1t minden egyes javaslatukat, \u00e9s egy olyan tervet k\u00e9sz\u00edtsenek, ami mindannyiuk sz\u00e1m\u00e1ra elfogadhat\u00f3. Az al\u00e1bbiakban a k\u00e9t csapat munk\u00e1j\u00e1t mutatjuk be.<\/p>\n<p><strong>Az els\u0151 csapat terve <\/strong><\/p>\n<p><img loading=\"lazy\" decoding=\"async\" src=\"https:\/\/agoraveszprem.hu\/wp-content\/uploads\/2021\/09\/dfelp.jpg\" width=\"749\" height=\"529\" alt=\"\" class=\"wp-image-5582 alignnone size-full\" srcset=\"https:\/\/agoraveszprem.hu\/wp-content\/uploads\/2021\/09\/dfelp.jpg 749w, https:\/\/agoraveszprem.hu\/wp-content\/uploads\/2021\/09\/dfelp-480x339.jpg 480w\" sizes=\"(min-width: 0px) and (max-width: 480px) 480px, (min-width: 481px) 749px, 100vw\" \/><\/p>\n<ol>\n<li>sz\u00e1m\u00fa ter\u00fclet<\/li>\n<\/ol>\n<p>Az iskola el\u0151tti parkban a j\u00e1tsz\u00f3t\u00e9r b\u0151v\u00fclne, m\u00e9gpedig a fut\u00f3k\u00f6r ir\u00e1ny\u00e1ba, annak \u00e9rdek\u00e9ben, hogy t\u00f6bb koroszt\u00e1ly sz\u00e1m\u00e1ra haszn\u00e1lhat\u00f3 legyen. \u00daj j\u00e1tsz\u00f3eszk\u00f6z\u00f6ket, padokat, szemeteseket rakn\u00e1nak ide, \u00e9s beker\u00edt\u00e9sre ker\u00fclne a j\u00e1tsz\u00f3t\u00e9r. A Cholnoky lak\u00f3telepen nagyon bev\u00e1lt mez\u00edtl\u00e1bas \u00f6sv\u00e9nnyel is b\u0151v\u00fclhetne a ter\u00fclet. Ahogy a barna p\u00f6tty jelzi, fa\u00fcltet\u00e9sre is sor ker\u00fclne a ter\u00fcleten.<\/p>\n<ol start=\"2\">\n<li>sz\u00e1m\u00fa ter\u00fclet<\/li>\n<\/ol>\n<p>Az el\u0151z\u0151t\u0151l (a t\u00e9rk\u00e9pen) jobbra-lefele, vagyis az iskola bej\u00e1rat\u00e1hoz k\u00f6zeli, jelenleg kihaszn\u00e1latlan h\u00e1romsz\u00f6g-ter\u00fcleten fitneszeszk\u00f6z\u00f6k \u00e9s iv\u00f3k\u00fat kapn\u00e1nak helyet.<\/p>\n<p>&nbsp;<\/p>\n<ol start=\"3\">\n<li>sz\u00e1m\u00fa ter\u00fclet<\/li>\n<\/ol>\n<p>A t\u00e9rk\u00e9p sz\u00e9l\u00e9n, az Aradi utca mellett van egy sportp\u00e1lya, az ottani sport funkci\u00f3t lehetne er\u0151s\u00edteni ping-pong asztalokkal.<\/p>\n<ol start=\"4\">\n<li>sz\u00e1m\u00fa ter\u00fclet<\/li>\n<\/ol>\n<p>A park d\u00e9lkeleti sark\u00e1n az iskola parkol\u00f3ja fel\u00e9 helyeztek egy ker\u00e9kp\u00e1rt\u00e1rol\u00f3t \u00e9s egy iv\u00f3kutat \u2013 els\u0151sorban a fut\u00f3k\u00f6r haszn\u00e1l\u00f3inak kiszolg\u00e1l\u00e1s\u00e1ra.<\/p>\n<ol start=\"5\">\n<li>sz\u00e1m\u00fa ter\u00fclet<\/li>\n<\/ol>\n<p>Az \u00f3voda m\u00f6g\u00f6tti park kapcs\u00e1n a legt\u00f6bbet a j\u00e1tsz\u00f3t\u00e9r fejleszt\u00e9s\u00e9vel foglalkozott ez a csapat. P\u00e9ld\u00e1ul hint\u00e1kkal, a homokoz\u00f3 f\u00f6l\u00e9 napvitorla ker\u00fclne, \u00e9s padok is k\u00f6lt\u00f6zn\u00e9nek a ter\u00fcletre. A ny\u00e1ri melegben p\u00e1rakapu tehetn\u00e9 elviselhet\u0151bb\u00e9 a kis park kl\u00edm\u00e1j\u00e1t.<\/p>\n<ol start=\"6\">\n<li>sz\u00e1m\u00fa ter\u00fclet<\/li>\n<\/ol>\n<p>A Di\u00f3sy \u00e9s a Klapka utca k\u00f6z\u00e9 egy olyan \u201epiknikter\u00fclet\u201d ker\u00fclne, ahov\u00e1 sz\u00edvesen j\u00f6nn\u00e9nek le a k\u00f6rny\u00e9kbeliek a pokr\u00f3cukat leter\u00edteni, \u00e9s \u00e9lvezni a term\u00e9szetk\u00f6zeli hangulatot. Ehhez arra is sz\u00fcks\u00e9g lenne, hogy ezen a r\u00e9szen ne s\u00e9t\u00e1ltass\u00e1k a kuty\u00e1jukat a k\u00f6rny\u00e9kbeliek, hiszen \u00edgy lehetne biztosan \u201eaknamentes\u201d a ter\u00fclet.<\/p>\n<p><img loading=\"lazy\" decoding=\"async\" src=\"https:\/\/agoraveszprem.hu\/wp-content\/uploads\/2021\/09\/dfelp2.jpg\" width=\"749\" height=\"529\" alt=\"\" class=\"wp-image-5583 alignnone size-full\" srcset=\"https:\/\/agoraveszprem.hu\/wp-content\/uploads\/2021\/09\/dfelp2.jpg 749w, https:\/\/agoraveszprem.hu\/wp-content\/uploads\/2021\/09\/dfelp2-480x339.jpg 480w\" sizes=\"(min-width: 0px) and (max-width: 480px) 480px, (min-width: 481px) 749px, 100vw\" \/><\/p>\n<ol>\n<li>sz\u00e1m\u00fa ter\u00fclet<\/li>\n<\/ol>\n<p>A m\u00e1sodik sz\u00e1m\u00fa csapat nem b\u0151v\u00edtette az iskola melletti j\u00e1tsz\u00f3teret. B\u00e1r azt elismert\u00fck, hogy lenne sz\u00fcks\u00e9g tov\u00e1bbi eszk\u00f6z\u00f6kre (els\u0151sorban hint\u00e1ra), a megn\u00f6vekv\u0151 haszn\u00e1latt\u00f3l \u00e9s az azzal egy\u00fctt j\u00e1r\u00f3 zajn\u00f6veked\u00e9st\u0151l val\u00f3 f\u00e9lelem miatt v\u00e9g\u00fcl ink\u00e1bb a jelenlegi \u00e1llapot megtart\u00e1sa mellett sz\u00fcletett d\u00f6nt\u00e9s. A j\u00e1tsz\u00f3t\u00e9r k\u00f6rbeker\u00edt\u00e9s\u00e9re viszont sz\u00fcks\u00e9ges lenne, a k\u00f6zel\u00e9be ker\u00fclne iv\u00f3k\u00fat \u00e9s vil\u00e1g\u00edt\u00e1s is. Vil\u00e1g\u00edt\u00e1s a j\u00e1tsz\u00f3t\u00e9r melletti gyalog\u00fatra is mindenk\u00e9pp kellene (a k\u00f6zvil\u00e1g\u00edt\u00e1si javaslatokat a s\u00e1rga \u201enapocska\u201d ikon jelzi a t\u00e9rk\u00e9pen).<\/p>\n<ol start=\"2\">\n<li>sz\u00e1m\u00fa ter\u00fclet<\/li>\n<\/ol>\n<p>Az iskola bej\u00e1rata el\u0151tti \u00e9s melletti ter\u00fclet egyfajta \u201ev\u00e1r\u00f3teremk\u00e9nt\u201d m\u0171k\u00f6dik m\u00e1r most is. Ezt a funkci\u00f3t tenn\u00e9 k\u00e9nyelmesebb\u00e9 a csapat padok, okospadok kihelyez\u00e9s\u00e9vel, \u00e9s lehet\u0151s\u00e9g szerinti tov\u00e1bbi fa\u00fcltet\u00e9ssel, hogy ez\u00e1ltal k\u00e9nyelmesebben lehessen v\u00e1rakozni.<\/p>\n<ol start=\"3\">\n<li>sz\u00e1m\u00fa ter\u00fclet<\/li>\n<\/ol>\n<p>Az Aradi utca melletti sportp\u00e1lya \u00e9s k\u00f6rnyezete a m\u00e1sodik csapatn\u00e1l is kiemelt szerepet kapott. Ez lenne az az ifj\u00fas\u00e1gi r\u00e9sz, ami a sportos, eg\u00e9szs\u00e9ges k\u00f6z\u00f6ss\u00e9gi egy\u00fcttl\u00e9tnek adna helysz\u00ednt a fiatalok sz\u00e1m\u00e1ra. A sportp\u00e1lya fel\u00faj\u00edt\u00e1sa mellett m\u00e1sz\u00f3fal, ping-pong asztal, \u00fcl\u0151b\u00fatorok ker\u00fclhetn\u00e9nek ide, \u00e9s ker\u00e9kp\u00e1rt\u00e1rol\u00f3t is helyezt\u00fcnk erre a pontra.<\/p>\n<ol start=\"4\">\n<li>sz\u00e1m\u00fa ter\u00fclet<\/li>\n<\/ol>\n<p>A m\u00e1sodik csapat sokat foglalkozott a fut\u00f3k\u00f6rrel is. A 4-gyel jel\u00f6lt ter\u00fcleten p\u00e9ld\u00e1ul arra h\u00edvtuk fel a figyelmet, hogy sok fa tal\u00e1lhat\u00f3 a nyomvonalon, \u00e9s tal\u00e1n \u00e9rdemesebb lenne eg\u00e9szen az iskola ker\u00edt\u00e9se mell\u00e9 helyezni a fut\u00f3k\u00f6rt, mert ink\u00e1bb legyenek kicsit \u00e9lesebbek a kanyarok, mint hogy f\u00e1t kelljen kiv\u00e1gni miatta. A fut\u00f3k\u00f6r kapcs\u00e1n besz\u00e9lt\u00fcnk m\u00e9g a sz\u00ednez\u00e9sr\u0151l (\u00e9s az egyik javaslatunk az volt, hogy valamilyen rendszeress\u00e9ggel, p\u00e9ld\u00e1ul 100 m\u00e9terenk\u00e9nt v\u00e1ltozzon a fut\u00f3k\u00f6r sz\u00edne), illetve arr\u00f3l is, hogy \u00e9rdemes foglalkozni a \u201evegyes haszn\u00e1lat\u201d (fut\u00f3k mellett pl. rollerez\u0151k, gyalogosok) problematik\u00e1j\u00e1val is a teljes k\u00f6r ter\u00fclet\u00e9n.<\/p>\n<ol start=\"5\">\n<li>sz\u00e1m\u00fa ter\u00fclet<\/li>\n<\/ol>\n<p>Az \u00f3voda m\u00f6g\u00f6tti j\u00e1tsz\u00f3t\u00e9r eszk\u00f6zk\u00edn\u00e1lata jelenleg nagyon szeg\u00e9nyes, ez\u00e9rt ezt b\u0151v\u00edten\u00e9 a csapat. Hinta p\u00e9ld\u00e1ul mindenk\u00e9pp kellene ide, de m\u00e1s eszk\u00f6z\u00f6k is felmer\u00fcltek. A j\u00e1tsz\u00f3t\u00e9r melletti r\u00e9szre \u00e9rdemes lenne f\u00e1kat \u00fcltetni, amik k\u00e9s\u0151bb tov\u00e1bbi \u00e1rny\u00e9kot tudnak adni.<\/p>\n<ol start=\"6\">\n<li>sz\u00e1m\u00fa ter\u00fclet<\/li>\n<\/ol>\n<p>A k\u00f6t\u00e9lcs\u00faszda igen n\u00e9pszer\u0171 a gyerekek k\u00f6r\u00e9ben, de a szomsz\u00e9dos \u00e9p\u00fclet lak\u00f3i sz\u00e1m\u00e1ra zavar\u00f3 annak hangja. Ezt az elemet felk\u00f6lt\u00f6ztett\u00fck az \u00f3voda m\u00f6g\u00e9, \u00e9s ak\u00e1r azt is el tudn\u00e1nk k\u00e9pzelni, hogy kett\u0151 legyen bel\u0151le.<\/p>\n<ol start=\"7\">\n<li>sz\u00e1m\u00fa ter\u00fclet<\/li>\n<\/ol>\n<p>A Di\u00f3sy \u00e9s Klapka utc\u00e1k k\u00f6z\u00f6tti r\u00e9szen sokan j\u00e1rnak \u00e1t a buszmeg\u00e1ll\u00f3hoz, viszont a k\u00f6zvil\u00e1g\u00edt\u00e1s itt nem megoldott, \u00edgy ide is javasoltunk l\u00e1mp\u00e1kat.<\/p>\n<p>&nbsp;<\/p>\n<p>&nbsp;<\/p>\n<p>A \u201ecsapatmunk\u00e1t\u201d k\u00f6vet\u0151en mindk\u00e9t asztalt\u00e1rsas\u00e1g bemutatta a saj\u00e1t m\u0171v\u00e9t a m\u00e1siknak, \u00edgy r\u00f6gt\u00f6n l\u00e1thattuk, mely pontokon van egyez\u00e9s \u00e9s elt\u00e9r\u00e9s a k\u00e9t elk\u00e9pzel\u00e9s k\u00f6z\u00f6tt. Ezeknek a r\u00e9szletes \u00e1tbesz\u00e9l\u00e9s\u00e9re ez\u00fattal m\u00e1r nem volt id\u0151nk, \u00edgy azt a k\u00f6vetkez\u0151 tal\u00e1lkoz\u00f3n fogjuk megtenni. Ennek id\u0151pontja szeptember 23., cs\u00fct\u00f6rt\u00f6k 17.00. Terveink szerint &#8211; szok\u00e1sos m\u00f3don \u2013 az iskola bej\u00e1rata el\u0151tt, a parkban tal\u00e1lkozunk. Rossz id\u0151 eset\u00e9n azonban az \u00f3voda biztos\u00edt helysz\u00ednt a k\u00f6z\u00f6s gondolkod\u00e1s sz\u00e1m\u00e1ra. V\u00e1runk szeretettel mindenkit!<\/p>\n<p>[\/et_pb_toggle][et_pb_toggle title=&#8221;T\u00e1bor\u00e1ll\u00e1s park, negyedik alkalom \/09.21.\/&#8221; open_toggle_text_color=&#8221;#2d427d&#8221; open_toggle_background_color=&#8221;#FFFFFF&#8221; closed_toggle_text_color=&#8221;#2d427d&#8221; closed_toggle_background_color=&#8221;#FFFFFF&#8221; icon_color=&#8221;#2d427d&#8221; open_icon_color=&#8221;#2d427d&#8221; _builder_version=&#8221;4.16&#8243; _module_preset=&#8221;default&#8221; title_text_color=&#8221;#2d427d&#8221; title_font=&#8221;IBM Plex Sans Condensed||||||||&#8221; body_font=&#8221;IBM Plex Sans Condensed||||||||&#8221; body_text_color=&#8221;#2d427d&#8221; custom_margin=&#8221;1px||55px|||&#8221; global_colors_info=&#8221;{}&#8221;]<\/p>\n<p>Szeptember 21-\u00e9n tartottuk a negyedik tervez\u00e9si tal\u00e1lkoz\u00f3t a T\u00e1bor\u00e1ll\u00e1s parkban. A c\u00e9l az volt, hogy az el\u0151z\u0151 h\u00e9ten k\u00e9sz\u00edtett tervv\u00e1zlatot m\u00e9g egyszer \u00e1tbesz\u00e9lj\u00fck, illetve hogy a helysz\u00ednt is bej\u00e1rva ellen\u0151rizz\u00fck a pap\u00edron j\u00f3nak t\u0171n\u0151 \u00f6tleteinket. A tal\u00e1lkoz\u00f3 v\u00e9g\u00e9n pedig el\u0151k\u00e9peket n\u00e9zegett\u00fcnk, inspir\u00e1ci\u00f3t gy\u0171jtve a konkr\u00e9t megold\u00e1sokhoz.<\/p>\n<p>Az alapos megvitat\u00e1snak k\u00f6sz\u00f6nhet\u0151en m\u00f3dosult is itt-ott a terv, ahogy ezt az al\u00e1bbiakban bemutatjuk.<\/p>\n<p><img loading=\"lazy\" decoding=\"async\" src=\"https:\/\/agoraveszprem.hu\/wp-content\/uploads\/2021\/09\/Taborallas-park-4..jpg\" width=\"757\" height=\"504\" alt=\"\" class=\"wp-image-5590 alignnone size-full\" srcset=\"https:\/\/agoraveszprem.hu\/wp-content\/uploads\/2021\/09\/Taborallas-park-4..jpg 757w, https:\/\/agoraveszprem.hu\/wp-content\/uploads\/2021\/09\/Taborallas-park-4.-480x320.jpg 480w\" sizes=\"(min-width: 0px) and (max-width: 480px) 480px, (min-width: 481px) 757px, 100vw\" \/><\/p>\n<ol>\n<li>\n<p>Az ideiglenes sz\u00ednpad hely\u00e9t el\u0151rehoztuk a jelenlegi burkolt t\u00e9r s\u00edkj\u00e1ba, hogy meg\u00f3vjuk az \u00e9p\u00fclet melletti sz\u00e9p, eg\u00e9szs\u00e9ges f\u00e1kat. Ett\u0151l viszont a park belseje fel\u00e9 mozd\u00edtottuk el a tervezett n\u00e9z\u0151teret. Azt is megfogalmaztuk, hogy sz\u00edvesen l\u00e1tn\u00e1nk valami olyan modern utcab\u00fatort a rendezv\u00e9nyt\u00e9r mellett, ami a rendezv\u00e9nyek idej\u00e9n kiemelt n\u00e9z\u0151t\u00e9rk\u00e9nt szolg\u00e1lhatna.<\/p>\n<p>A park \u00e9szaki (a t\u00e9rk\u00e9pen fenti) oldal\u00e1n, hosszanti ir\u00e1nyban fut\u00f3 gyalogutat eg\u00e9szen a ter\u00fclet sz\u00e9l\u00e9re toltuk. Ez\u00e1ltal megn\u0151tt az \u00f6sszef\u00fcgg\u0151 z\u00f6ldter\u00fclet a park belsej\u00e9ben. Nagyj\u00e1b\u00f3l a megsz\u0171n\u0151 \u00f6sv\u00e9ny vonal\u00e1ba helyezt\u00fck \u00e1t a gyerekeknek sz\u00e1nt r\u00e9szt, mert a helysz\u00ednen \u00fagy \u00e9rezt\u00fck, hogy a m\u00faltkor kital\u00e1lt helysz\u00edn zavar\u00f3 lehetne a rendezv\u00e9nyek idej\u00e9n. Konkr\u00e9t p\u00e9ld\u00e1kat is n\u00e9zegett\u00fcnk az ide sz\u00e1nt eszk\u00f6z\u00f6kre, \u00e9s a legjobban az egyszer\u0171, de m\u00e9gis egyedi k\u00f6t\u00e9lm\u00e1sz\u00f3k\u00e1k nyert\u00e9k el a tetsz\u00e9s\u00fcnket. Emellett m\u00e9g a hinta mer\u00fclt fel lehet\u0151s\u00e9gk\u00e9nt.<\/p>\n<p>Az \u00e9szak-keleti cs\u00fccs\u00f6kben (jobb fels\u0151 sarok) a k\u00e9t r\u00f6videbb \u00f6sv\u00e9ny helyett egy kett\u0151 k\u00f6z\u00f6ttit hozn\u00e1nk l\u00e9tre, ez\u00e1ltal is n\u0151hetne a z\u00f6ldfel\u00fclet, \u00e9s kev\u00e9sb\u00e9 lenne feldarabolva a park. A k\u00f6z\u00f6ss\u00e9gi r\u00e9szbe ker\u00fcl\u0151 pavilon kapcs\u00e1n is n\u00e9zt\u00fcnk el\u0151k\u00e9peket, illetve pontos\u00edtottuk az ig\u00e9nyeket. Olyan es\u0151- \u00e9s napv\u00e9delmet biztos\u00edt\u00f3, j\u00f3l tiszt\u00edthat\u00f3, padokat \u00e9s asztalt mag\u00e1ban foglal\u00f3, kb. 20 f\u0151 befogad\u00e1s\u00e1ra alkalmas szerkezetre lenne sz\u00fcks\u00e9g, amely p\u00e9ld\u00e1ul a szabadt\u00e9ri klubfoglalkoz\u00e1sok, \u00f3r\u00e1k helysz\u00edn\u00e9\u00fcl szolg\u00e1l. A biztons\u00e1gr\u00f3l \u00e9s a megfelel\u0151 haszn\u00e1latr\u00f3l t\u00e9rfigyel\u0151 kamer\u00e1val lehetne gondoskodni.<\/p>\n<p>&nbsp;<\/p>\n<p>Azon is gondolkodtunk, hogy olyan \u00edves padot lehetne valahova elhelyezni, ami ak\u00e1r egy eg\u00e9sz iskolai oszt\u00e1ly sz\u00e1m\u00e1ra k\u00edn\u00e1l egyszerre le\u00fcl\u00e9si lehet\u0151s\u00e9get.<\/p>\n<p>A k\u00f6vetkez\u0151 alkalommal m\u00e1r arra fogunk t\u00f6rekedni, hogy meghat\u00e1rozzunk egy fontoss\u00e1gi sorrendet a terv elemei k\u00f6z\u00f6tt, ami hasznos lehet majd a megval\u00f3s\u00edt\u00e1s sor\u00e1n. V\u00e1runk szeretettel mindenkit szeptember 28-\u00e1n, kedden d\u00e9lut\u00e1n 5 \u00f3r\u00e1t\u00f3l a T\u00e1bor\u00e1ll\u00e1s parkban (vagy rossz id\u0151 eset\u00e9n az Ag\u00f3r\u00e1ban)!<\/p>\n<\/li>\n<\/ol>\n<p>[\/et_pb_toggle][et_pb_toggle title=&#8221;De\u00e1k Ferenc \u00c1ltal\u00e1nos Iskola el\u0151tti park \u2013 negyedik alkalom \/09.24.\/&#8221; open_toggle_text_color=&#8221;#2d427d&#8221; open_toggle_background_color=&#8221;#FFFFFF&#8221; closed_toggle_text_color=&#8221;#2d427d&#8221; closed_toggle_background_color=&#8221;#FFFFFF&#8221; icon_color=&#8221;#2d427d&#8221; open_icon_color=&#8221;#2d427d&#8221; _builder_version=&#8221;4.16&#8243; _module_preset=&#8221;default&#8221; title_text_color=&#8221;#2d427d&#8221; title_font=&#8221;IBM Plex Sans Condensed||||||||&#8221; body_font=&#8221;IBM Plex Sans Condensed||||||||&#8221; body_text_color=&#8221;#2d427d&#8221; custom_margin=&#8221;1px||55px|||&#8221; global_colors_info=&#8221;{}&#8221;]<\/p>\n<ol>\n<li>\n<p>Szeptember 24-\u00e9n m\u00e1r negyedszerre tal\u00e1lkoztunk a De\u00e1k Ferenc \u00c1ltal\u00e1nos Iskola el\u0151tti parkban. Az volt a terv\u00fcnk, hogy a harmadik alkalmon k\u00e9sz\u00edtett k\u00e9t tervv\u00e1ltozat k\u00fcl\u00f6nbs\u00e9geit \u00e1tbesz\u00e9lve megpr\u00f3b\u00e1lunk d\u0171l\u0151re jutni a vitatott k\u00e9rd\u00e9sekr\u0151l.<\/p>\n<p>A besz\u00e9lget\u00e9s kezdet\u00e9n r\u00f6gt\u00f6n egy izgalmas, de a tervez\u00e9s\u00fcnk kereteit er\u0151sen feszeget\u0151 t\u00e9m\u00e1ba v\u00e1gtunk bele. Az egyik r\u00e9sztvev\u0151 ugyanis azt vetette fel, hogy a fut\u00f3p\u00e1lya helyett nem lehetne-e ink\u00e1bb sok kisebb, a lak\u00f3telepen elsz\u00f3rtan megjelen\u0151 fejleszt\u00e9sre ford\u00edtani az EKF projekt keret\u00e9n bel\u00fcl rendelkez\u00e9sre \u00e1ll\u00f3 forr\u00e1sokat. Hosszan elid\u0151zt\u00fcnk a k\u00e9rd\u00e9sn\u00e9l, pro \u00e9s kontra \u00e9rvelve, majd azzal tett\u00fcnk pontot az eszmecsere v\u00e9g\u00e9re, hogy a fut\u00f3p\u00e1lya \u00fcgy\u00e9ben az \u00f6nkorm\u00e1nyzat m\u00e1r kor\u00e1bban meghozta a szak\u00e9rt\u0151k \u00e1ltal javasolt d\u00f6nt\u00e9st, a tervez\u00e9s pedig el\u0151rehaladott \u00e1llapotban van, \u00fagyhogy (mivel 2023 nagyon k\u00f6zel van m\u00e1r) a megval\u00f3s\u00edt\u00e1st sodorn\u00e1 vesz\u00e9lybe, ha most ism\u00e9t az alapokon kezden\u00e9nk vitatkozni. Az iskola el\u0151tti park k\u00f6z\u00f6ss\u00e9gi tervez\u00e9se sor\u00e1n teh\u00e1t \u2013 ahogy ezt kor\u00e1bban is jelezt\u00fck \u2013 adotts\u00e1gk\u00e9nt kell kezeln\u00fcnk a fut\u00f3k\u00f6rt, \u00e9s a figyelm\u00fcnket az egy\u00e9b sz\u00fcks\u00e9gletekre \u00e9rdemes ford\u00edtanunk.<\/p>\n<p>Ezt k\u00f6vet\u0151en az iskola el\u0151tti park j\u00e1tsz\u00f3ter\u00e9re ford\u00edtottuk figyelm\u00fcnket. Az el\u0151z\u0151 alkalom egyes csapata b\u0151v\u00edtette volna a j\u00e1tsz\u00f3teret, a kettes nem. Mindkett\u0151 egyet\u00e9rtett a k\u00f6rbeker\u00edt\u00e9sben, az egyes csapat szerint viszont a j\u00e1tsz\u00f3t\u00e9rn\u00e9l nagyobb ter\u00fcletet lenne \u00e9rdemes k\u00f6rbeker\u00edteni, hogy ez\u00e1ltal egy kutyapiszokmentes gyepfel\u00fclet is l\u00e9trej\u00f6jj\u00f6n. Ez volt teh\u00e1t a kiindul\u00e1si pontunk a negyedik alkalomhoz, ahol azt\u00e1n hamar \u00e9rdekes ir\u00e1nyt vett a besz\u00e9lget\u00e9s. A r\u00e9sztvev\u0151k v\u00e9g\u00fclis elfogadt\u00e1k, hogy t\u00f6bb j\u00e1tsz\u00f3eszk\u00f6z ker\u00fclj\u00f6n a parkba, \u00e1m a friss javaslat szerint ez nem a megl\u00e9v\u0151 j\u00e1tsz\u00f3t\u00e9r ter\u00fclet\u00e9nek b\u0151v\u00edt\u00e9s\u00e9vel t\u00f6rt\u00e9nhetne, hanem egy \u00faj koroszt\u00e1lyspecifikus j\u00e1tsz\u00f3t\u00e9r l\u00e9trehoz\u00e1s\u00e1val az iskol\u00e1hoz k\u00f6zel es\u0151, jelenleg semmire nem haszn\u00e1lt, h\u00e1romsz\u00f6g alak\u00fa ter\u00fcleten. Itt a kisebb gyerekeknek val\u00f3 j\u00e1tsz\u00f3eszk\u00f6z\u00f6k mellett maradna el\u00e9g hely emellett az els\u0151 csoport \u00e1ltal javasolt fitneszeszk\u00f6z\u00f6k elhelyez\u00e9s\u00e9nek is. A j\u00e1tsz\u00f3t\u00e9r kapcs\u00e1n m\u00e9g az is felmer\u00fclt, hogy \u00e9rdemes lenne gondolkodni a Berkenye Tan\u00f6sv\u00e9ny bevon\u00e1s\u00e1ban, fejleszt\u00e9s\u00e9ben is.<\/p>\n<p>A beker\u00edt\u00e9ssel kapcsolatban nem volt teljes egyet\u00e9rt\u00e9s a r\u00e9sztvev\u0151k k\u00f6z\u00f6tt. A j\u00e1tsz\u00f3t\u00e9r k\u00f6rbeker\u00edt\u00e9se mindenki sz\u00e1m\u00e1ra elfogadhat\u00f3 volt, \u00e1m a gyepes ter\u00fclet lev\u00e1laszt\u00e1sa m\u00e1r nem nyerte le mindenki tetsz\u00e9s\u00e9t. Sz\u00e1mba vett\u00fck az el\u0151ny\u00f6ket \u00e9s h\u00e1tr\u00e1nyokat \u2013 el\u0151ny a biztons\u00e1g (nem szalad ki a gyerek, nem rong\u00e1lj\u00e1k meg az eszk\u00f6z\u00f6ket), a tisztas\u00e1g (els\u0151sorban a kutyapiszok kiv\u00e9d\u00e9se), az \u00e9jszakai hangoskod\u00e1s megsz\u0171n\u00e9se; m\u00edg h\u00e1tr\u00e1nyt a felszabdalt k\u00f6zter\u00fclet, a l\u00e9trehoz\u00e1s, \u00fczemeltet\u00e9s, karbantart\u00e1s k\u00f6lts\u00e9gei jelentenek. Ezen t\u00e9ma kapcs\u00e1n v\u00e9g\u00fcl csak azt \u00e1llap\u00edtottuk meg, hogy ugyan a ker\u00edt\u00e9s t\u00e1mogat\u00f3i a tal\u00e1lkoz\u00f3n t\u00f6bbs\u00e9gben voltak, nincs egy\u00f6ntet\u0171 v\u00e9lem\u00e9ny a k\u00e9rd\u00e9sben.<\/p>\n<p>Besz\u00e9lgett\u00fcnk az \u00f3voda m\u00f6g\u00f6tti parkban tal\u00e1lhat\u00f3 k\u00f6t\u00e9lcs\u00faszda j\u00f6v\u0151j\u00e9r\u0151l is. Meg\u00e1llap\u00edtottuk, hogy az \u00f3voda m\u00f6g\u00e9 t\u00f6rt\u00e9n\u0151 k\u00f6lt\u00f6ztet\u00e9st az \u00f3vod\u00e1val is meg kell besz\u00e9lni, illetve felmer\u00fclt, hogy vajon a magasabban fekv\u0151 ter\u00fcleten nem ker\u00fclne-e akusztikailag is kiemeltebb helyre az eszk\u00f6z. V\u00e9g\u00fclis a f\u0151 meg\u00e1llap\u00edt\u00e1sunk az volt, hogy mivel a k\u00f6t\u00e9lcs\u00faszd\u00e1val a legnagyobb baj annak hangos, csattan\u00f3 m\u0171k\u00f6d\u00e9se, tal\u00e1n nem is a helysz\u00ednen k\u00e9ne v\u00e1ltoztatni, hanem el\u0151sz\u00f6r meg k\u00e9ne vizsg\u00e1lni, nem lehet-e az eszk\u00f6z korszer\u0171s\u00edt\u00e9s\u00e9vel cs\u00f6kkenteni a zajhat\u00e1st.<\/p>\n<p>Id\u0151nk v\u00e9g\u00e9re \u00e9rve abban maradtunk, hogy a k\u00f6vetkez\u0151 alkalommal m\u00e1r az eszk\u00f6zt\u00edpusok kiv\u00e1laszt\u00e1s\u00e1val folytatjuk a k\u00f6z\u00f6s gondolkod\u00e1st. Az \u00f6t\u00f6dik tal\u00e1lkoz\u00f3ra szeptember 30-\u00e1n, 17.00-t\u00f3l ker\u00fcl sor az iskola el\u0151tti parkban!<\/p>\n<p>Ag\u00f3r\u00e1ban)!<\/p>\n<\/li>\n<\/ol>\n<p>[\/et_pb_toggle][et_pb_toggle title=&#8221;T\u00e1bor\u00e1ll\u00e1s park, \u00f6t\u00f6dik alkalom \/09.28.\/&#8221; open_toggle_text_color=&#8221;#2d427d&#8221; open_toggle_background_color=&#8221;#FFFFFF&#8221; closed_toggle_text_color=&#8221;#2d427d&#8221; closed_toggle_background_color=&#8221;#FFFFFF&#8221; icon_color=&#8221;#2d427d&#8221; open_icon_color=&#8221;#2d427d&#8221; _builder_version=&#8221;4.16&#8243; _module_preset=&#8221;default&#8221; title_text_color=&#8221;#2d427d&#8221; title_font=&#8221;IBM Plex Sans Condensed||||||||&#8221; body_font=&#8221;IBM Plex Sans Condensed||||||||&#8221; body_text_color=&#8221;#2d427d&#8221; custom_margin=&#8221;1px||55px|||&#8221; global_colors_info=&#8221;{}&#8221;]<\/p>\n<p>Szeptember 28-\u00e1n tartottuk az \u00f6t\u00f6dik, v\u00e9gleges\u00edt\u0151 tervez\u00e9si alkalmat a T\u00e1bor\u00e1ll\u00e1s parkr\u00f3l. A tal\u00e1lkoz\u00f3n el\u0151sz\u00f6r ism\u00e9t \u00e1tn\u00e9zt\u00fck az el\u0151z\u0151leg k\u00e9sz\u00edtett tervet. Miut\u00e1n meg\u00e1llap\u00edtottuk, hogy a jelenl\u00e9v\u0151k el\u00e9gedettek a \u201em\u0171v\u00fckkel\u201d, \u00e9s senki sem szeretne tov\u00e1bbi v\u00e1ltoztat\u00e1st, r\u00e1t\u00e9rt\u00fcnk az utols\u00f3 feladatunkra: a prioriz\u00e1l\u00e1sra.<\/p>\n<p>A prioriz\u00e1l\u00e1s l\u00e9nyege, hogy a parkra vonatkoz\u00f3 fejleszt\u00e9si javaslatainkat rangsoroljuk. Ez akkor j\u00f6het j\u00f3l, ha a k\u00e9s\u0151bbiek sor\u00e1n esetleg nincs elegend\u0151 forr\u00e1s arra, hogy egyszerre val\u00f3suljon meg a teljes beruh\u00e1z\u00e1s. Ilyenkor j\u00f3 tudni, hogy melyek azok az elemek, amelyek s\u00fcrg\u0151sebbek. Minden r\u00e9sztvev\u0151 maga hat\u00e1rozta meg a saj\u00e1t priorit\u00e1si rendj\u00e9t, majd ezeket egym\u00e1snak bemutatva megvitattuk \u00e9s kialak\u00edtottuk a v\u00e9gs\u0151 sorrendet. Ez az al\u00e1bbiak szerint n\u00e9z ki:<\/p>\n<ul>\n<li>A legfontosabbnak a rendezv\u00e9nyt\u00e9r t\u00e9m\u00e1it, azon bel\u00fcl is els\u0151sorban a sz\u00ednpad beford\u00edthat\u00f3s\u00e1g\u00e1t \u00edt\u00e9lt\u00fck. Ez az a k\u00e9rd\u00e9s, ami mind az Ag\u00f3ra, mind a szomsz\u00e9dos \u00e9p\u00fclet lak\u00f3i sz\u00e1m\u00e1ra igen fontos. Ez persze \u00fagy lenne az igazi, ha a rendezv\u00e9nyt\u00e9r kialak\u00edt\u00e1s\u00e1val \u00e9s \u00e1rny\u00e9kol\u00e1s\u00e1val egy\u00fctt tudna megval\u00f3sulni\u2026.<\/li>\n<li>M\u00e1sodik helyre a z\u00f6ldfel\u00fcletet \u00e9rint\u0151 k\u00e9rd\u00e9sek ker\u00fcltek. Legnagyobb hangs\u00falyt a s\u00f6v\u00e9nyekkel t\u00f6rt\u00e9n\u0151 \u201ek\u00fcls\u0151\u201d k\u00f6rbeker\u00edt\u00e9s kapta, de szorosan a nyom\u00e1ban volt a bels\u0151 \u00e1tl\u00e1that\u00f3s\u00e1g n\u00f6vel\u00e9se.<\/li>\n<li>Harmadik helyen a parki infrastrukt\u00fara fejleszt\u00e9se szerepelt \u2013 a padok, szemetesek, iv\u00f3k\u00fat, biciklit\u00e1rol\u00f3 l\u00e9trehoz\u00e1sa, b\u0151v\u00edt\u00e9se.<\/li>\n<li>Ezeket k\u00f6vett\u00e9k nagyj\u00e1b\u00f3l holtversenyben a k\u00f6z\u00f6ss\u00e9g\u00e9p\u00edt\u0151 funkci\u00f3k, vagyis a gyerekr\u00e9sz \u00e9s a k\u00f6z\u00f6ss\u00e9gi parkr\u00e9sz kialak\u00edt\u00e1sa.<\/li>\n<li>A sort a n\u00e9z\u0151t\u00e9rk\u00e9nt is funkcion\u00e1l\u00f3 modern b\u00fator z\u00e1rta.<\/li>\n<\/ul>\n<p>Rem\u00e9lj\u00fck persze, hogy a k\u00e9s\u0151bbiek sor\u00e1n majd a k\u00f6z\u00f6ss\u00e9gi tervez\u00e9s sor\u00e1n meg\u00e1lmodott \u00f6sszes funkci\u00f3val \u00e9s eszk\u00f6zzel egy\u00fctt \u00fajulhat meg a T\u00e1bor\u00e1ll\u00e1s park, de ett\u0151l m\u00e9g izgalmas volt l\u00e1tni, hogy kinek mely elemek a legfontosabbak.<\/p>\n<p>Ezzel le is z\u00e1rult a k\u00f6z\u00f6ss\u00e9gi tervez\u00e9si folyamat legakt\u00edvabb szakasza. A hatodik alkalmat \u2013 a kor\u00e1bbi tervekkel ellent\u00e9tben \u2013 okt\u00f3ber 2-\u00e1n, szombaton d\u00e9lut\u00e1n tartjuk, tervbemutat\u00f3 form\u00e1j\u00e1ban. Ezen a napon az Ag\u00f3ra a Hungarikumokhoz k\u00f6t\u0151d\u0151 rendezv\u00e9nnyel v\u00e1rja a veszpr\u00e9mieket, de a programok k\u00f6z\u00f6tt megtal\u00e1lnak minket \u00e9s a T\u00e1bor\u00e1ll\u00e1s park most elk\u00e9sz\u00fclt tervjavaslat\u00e1t is! Rem\u00e9lj\u00fck, min\u00e9l t\u00f6bb embernek lesz lehet\u0151s\u00e9g\u00fcnk bemutatni az elm\u00falt egy h\u00f3nap k\u00f6z\u00f6s munk\u00e1j\u00e1t! A bemutat\u00f3t k\u00f6vet\u0151en \u2013 az ahhoz esetleg m\u00e9g \u00e9rkez\u0151 \u00e9szrev\u00e9teleket is figyelembe v\u00e9ve \u2013 m\u00e1r a t\u00e1j\u00e9p\u00edt\u00e9szeken lesz a sor, hogy a helyiek \u00e1ltal meg\u00e1lmodott elk\u00e9pzel\u00e9sb\u0151l elk\u00e9sz\u00edts\u00e9k a val\u00f3di terveket. Ez\u00faton is k\u00f6sz\u00f6nj\u00fck mindenkinek, aki r\u00e9szt vett a T\u00e1bor\u00e1ll\u00e1s park k\u00f6z\u00f6ss\u00e9gi tervez\u00e9s\u00e9ben!<\/p>\n<p>[\/et_pb_toggle][et_pb_toggle title=&#8221;K\u00e1lvin J\u00e1nos park, \u00f6t\u00f6dik alkalom \/09.29.\/&#8221; open_toggle_text_color=&#8221;#2d427d&#8221; open_toggle_background_color=&#8221;#FFFFFF&#8221; closed_toggle_text_color=&#8221;#2d427d&#8221; closed_toggle_background_color=&#8221;#FFFFFF&#8221; icon_color=&#8221;#2d427d&#8221; open_icon_color=&#8221;#2d427d&#8221; _builder_version=&#8221;4.16&#8243; _module_preset=&#8221;default&#8221; title_text_color=&#8221;#2d427d&#8221; title_font=&#8221;IBM Plex Sans Condensed||||||||&#8221; body_font=&#8221;IBM Plex Sans Condensed||||||||&#8221; body_text_color=&#8221;#2d427d&#8221; custom_margin=&#8221;1px||55px|||&#8221; global_colors_info=&#8221;{}&#8221;]<\/p>\n<p>Szeptember 29-\u00e9n d\u00e9lut\u00e1n m\u00e1r az \u00f6t\u00f6dik tal\u00e1lkoz\u00f3t tartottuk a K\u00e1lvin J\u00e1nos parkban. Az alkalom f\u0151 t\u00e9m\u00e1ja a j\u00e1tsz\u00f3t\u00e9r volt, \u00e9s tapasztalatb\u00f3l tudtuk, hogy a t\u00e9ma szak\u00e9rt\u0151i, vagyis a k\u00f6rny\u00e9kbeli sz\u00fcl\u0151k nagy r\u00e9sze \u00e1ltal\u00e1ban csak n\u00e9h\u00e1ny perc zavartalan figyelmet tud a tervez\u00e9sre \u00e1ldozni a csemet\u00e9je mellett. Emiatt m\u00e1r \u00f3r\u00e1kkal a meghirdetett id\u0151pont el\u0151tt a helysz\u00ednen voltunk, \u00e9s egyes\u00e9vel igyekezt\u00fcnk megismerni a v\u00e9lem\u00e9ny\u00fcket a fontos k\u00e9rd\u00e9sekben, csak r\u00f6vid id\u0151re vonva el \u0151ket a j\u00e1tsz\u00f3terez\u00e9st\u0151l. Az \u00edgy begy\u0171jt\u00f6tt gondolatokat azt\u00e1n az \u00f6t \u00f3rakor kezd\u0151d\u0151 tal\u00e1lkoz\u00f3n \u00f6sszes\u00edtett\u00fck \u00e9s megvitattuk.<\/p>\n<p>A legfontosabb meg\u00e1llap\u00edt\u00e1s tal\u00e1n, hogy a megsz\u00f3l\u00edtott sz\u00fcl\u0151k, nagysz\u00fcl\u0151k mind t\u00e1mogatj\u00e1k a j\u00e1tsz\u00f3t\u00e9r b\u0151v\u00edt\u00e9s\u00e9t, vagyis visszaigazolt\u00e1k az eddigi tervez\u00e9si alkalmakon elhangzottakat. Hogy melyik koroszt\u00e1lynak van a legnagyobb sz\u00fcks\u00e9ge az \u00faj eszk\u00f6z\u00f6kre, abban megoszlottak a v\u00e9lem\u00e9nyek (nem f\u00fcggetlen\u00fcl att\u00f3l, hogy kinek milyen kor\u00fa gyermeke, unok\u00e1ja van), de a t\u00f6bbs\u00e9gi \u00e1ll\u00e1spont megfelelt a n\u00e9h\u00e1ny alkalommal ezel\u0151tt tett meg\u00e1llap\u00edt\u00e1sunknak, vagyis hogy a legkisebbek (0-4 \u00e9v) \u00e9s a nagyobbak (8-12 \u00e9v) vannak most kedvez\u0151tlenebb helyzetben.<\/p>\n<p>Ami a konkr\u00e9t eszk\u00f6z\u00f6ket illeti, a legfontosabb az lenne, hogy \u00faj hint\u00e1k ker\u00fcljenek a j\u00e1tsz\u00f3t\u00e9rre, m\u00e9gpedig olyan is, ami a legkisebbeknek babahinta-\u00fcl\u0151k\u00e9vel b\u00edr, illetve hagyom\u00e1nyos \u00fcl\u0151k\u00e9j\u0171 is. Rengeteg tov\u00e1bbi eszk\u00f6zjavaslat mer\u00fclt fel a besz\u00e9lget\u00e9sek sor\u00e1n, a hint\u00e1t k\u00f6vet\u0151en a legn\u00e9pszer\u0171bbek a (s\u00fcllyesztett) trambulin, a kreat\u00edv (t\u00f6bb ir\u00e1nyb\u00f3l, t\u00f6bb f\u00e9le m\u00f3don haszn\u00e1lhat\u00f3) m\u00e1sz\u00f3ka \u00e9s a kicsik \u00e1ltal nagyon kedvelt h\u00e1zik\u00f3 voltak. De j\u00f3csk\u00e1n t\u00e1mogatt\u00e1k az egyens\u00falyoz\u00f3t, a libik\u00f3k\u00e1t, a m\u00e1sz\u00f3v\u00e1rat is, \u00e9s javasoltak a f\u00fcves ter\u00fcletre \u00e1ll\u00edtott focikaput, mez\u00edtl\u00e1bas \u00f6sv\u00e9nyt, vagy \u00e9pp a homokoz\u00f3eszk\u00f6z\u00f6knek szolg\u00e1l\u00f3 l\u00e1d\u00e1t is. S\u0151t, m\u00e9g az un. pump track p\u00e1lya is felmer\u00fclt \u00f6tletk\u00e9nt, ami a legkisebbeket \u00e9s a kicsit nagyobbakat is bevezethetn\u00e9 a ker\u00e9kp\u00e1roz\u00e1s vil\u00e1g\u00e1ba.<\/p>\n<p>A j\u00e1tsz\u00f3eszk\u00f6z\u00f6k\u00f6n t\u00fal sok sz\u00f3 esett a kieg\u00e9sz\u00edt\u0151 infrastrukt\u00far\u00e1r\u00f3l is. Mag\u00e1t\u00f3l \u00e9rtet\u0151d\u0151 volt, hogy szemetesekre, iv\u00f3k\u00fatra, t\u00e9rfigyel\u0151 kamer\u00e1ra, padokra \u2013 helyenk\u00e9nt asztallal egy\u00fctt \u2013 sz\u00fcks\u00e9g lenne, \u00e9s a m\u0171anyag burkolatos r\u00e9sz f\u00f6l\u00f6tt \u00f6r\u00fcln\u00e9nek napvitorl\u00e1nak is, hiszen ezen az oldalon a f\u00e1k m\u00e9g sok\u00e1ig nem \u00e9rik el azt a m\u00e9retet, hogy a d\u00e9lut\u00e1ni nap ellen v\u00e9delmet biztos\u00edtsanak.<\/p>\n<p>Sokat besz\u00e9lt\u00fcnk a j\u00e1tsz\u00f3t\u00e9r k\u00f6rbeker\u00edt\u00e9s\u00e9r\u0151l is. J\u00f3l l\u00e1tszott, hogy azok, akiknek id\u0151sebb a gyermeke, \u00e1ltal\u00e1ban kev\u00e9sb\u00e9 tartj\u00e1k sz\u00fcks\u00e9gesnek ezt a fizikai v\u00e9delmet, viszont a kisebbek sz\u00fclei, nagysz\u00fclei agg\u00f3dnak, hogy csemet\u00e9j\u00fck k\u00f6nnyen ki tud szaladni az \u00fattestre. Emellett sokan voltak olyanok is, akik az\u00e9rt \u00e9rveltek a k\u00f6rbeker\u00edt\u00e9s mellett, mert azt tapasztalt\u00e1k, hogy a kuty\u00e1sok nem mind \u00fcgyelnek arra, hogy kedvenc\u00fck hova piszk\u00edt; illetve t\u00f6bben eml\u00edtett\u00e9k probl\u00e9m\u00e1nak az iszogat\u00f3, maguk ut\u00e1n ak\u00e1r \u00fcvegszil\u00e1nkokat, cigicsikkeket hagy\u00f3 t\u00e1rsas\u00e1gok esti jelenl\u00e9t\u00e9t, akiket tal\u00e1n szint\u00e9n t\u00e1vol lehetne tartani egy ker\u00edt\u00e9ssel. Ezen \u00e9rvek miatt a megk\u00e9rdezettek \u00e9s az alkalmon jelenl\u00e9v\u0151k k\u00f6z\u00f6tt \u00f3ri\u00e1si t\u00f6bbs\u00e9gben voltak a ker\u00edt\u00e9s t\u00e1mogat\u00f3i, \u00edgy abban maradtunk, hogy a tervez\u0151ket egy ennek megfelel\u0151 koncepci\u00f3 kidolgoz\u00e1s\u00e1ra k\u00e9rj\u00fck meg.<\/p>\n<p>A k\u00f6vetkez\u0151 alkalomra okt\u00f3ber 6-\u00e1n ker\u00fcl sor, ekkor visszak\u00f6lt\u00f6z\u00fcnk a g\u00f6rdeszkap\u00e1lya k\u00f6zel\u00e9be, ugyanis f\u0151 t\u00e9m\u00e1nk a sportos-fiatalos ter\u00fcletr\u00e9sz lesz. V\u00e1runk szeretettel aznap is mindenkit 17.00-t\u00f3l!<\/p>\n<p>[\/et_pb_toggle][et_pb_toggle title=&#8221;De\u00e1k Ferenc \u00c1ltal\u00e1nos Iskola el\u0151tti park, \u00f6t\u00f6dik alkalom \/09.30.\/&#8221; open_toggle_text_color=&#8221;#2d427d&#8221; open_toggle_background_color=&#8221;#FFFFFF&#8221; closed_toggle_text_color=&#8221;#2d427d&#8221; closed_toggle_background_color=&#8221;#FFFFFF&#8221; icon_color=&#8221;#2d427d&#8221; open_icon_color=&#8221;#2d427d&#8221; _builder_version=&#8221;4.16&#8243; _module_preset=&#8221;default&#8221; title_text_color=&#8221;#2d427d&#8221; title_font=&#8221;IBM Plex Sans Condensed||||||||&#8221; body_font=&#8221;IBM Plex Sans Condensed||||||||&#8221; body_text_color=&#8221;#2d427d&#8221; custom_margin=&#8221;1px||55px|||&#8221; global_colors_info=&#8221;{}&#8221;]<\/p>\n<p>Szeptember 30-\u00e1n tartottuk az \u00f6t\u00f6dik tervez\u00e9si tal\u00e1lkoz\u00f3t az iskola el\u0151tti parkban. Mivel ez\u00fattal is voltak \u00faj (vagy az elm\u00falt alkalmakat kihagy\u00f3) r\u00e9sztvev\u0151k, ism\u00e9t az el\u0151zm\u00e9nyek \u00f6sszefoglal\u00e1s\u00e1val kezdt\u00fck a tal\u00e1lkoz\u00f3t \u2013 \u00e9s meg\u00e1llap\u00edtottuk, hogy egyre hosszabb ez az \u00f6sszefoglal\u00f3, hiszen m\u00e1r n\u00e9gy alkalom esem\u00e9nyeit kellett elmes\u00e9lni benne\u2026<\/p>\n<p>A tervez\u00e9si nap c\u00e9lja az volt, hogy lez\u00e1rjuk az egy h\u00e9ttel kor\u00e1bban nyitva maradt k\u00e9rd\u00e9seket, illetve a j\u00e1tsz\u00f3terek konkr\u00e9t eszk\u00f6zeire is javaslatot tegy\u00fcnk. \u00c1m el\u0151sz\u00f6r meghallgattuk, ki hogyan l\u00e1tja az eddigieket, kiben t\u00e1madtak \u00faj gondolatok az \u00f6sszefoglal\u00e1st hallva. Besz\u00e9lgett\u00fcnk egyebek mellett a kuty\u00e1s parkhaszn\u00e1lat sz\u00e9ps\u00e9g\u00e9r\u0151l \u00e9s probl\u00e9m\u00e1ir\u00f3l, a k\u00f6zt\u00e9ri mosd\u00f3r\u00f3l, s\u0151t m\u00e9g azt is meg\u00e1llap\u00edtottuk, hogy el\u00e9g szeles a j\u00e1tsz\u00f3t\u00e9r, \u00e9s k\u00edv\u00e1ncsiak lenn\u00e9nk, nincs-e a t\u00e1j\u00e9p\u00edt\u00e9szeknek valamilyen javaslatuk &#8211; p\u00e9ld\u00e1ul n\u00f6v\u00e9nyki\u00fcltet\u00e9ssel \u2013 ennek m\u00e9rs\u00e9kl\u00e9s\u00e9re.<\/p>\n<p>A k\u00e9t park j\u00e1tsz\u00f3tereinek berendez\u00e9s\u00e9re j\u00e1t\u00e9kos m\u00f3don ker\u00edtett\u00fcnk sort \u2013 a r\u00e9sztvev\u0151k k\u00e9pek k\u00f6z\u00fcl v\u00e1laszthatt\u00e1k ki a nekik legink\u00e1bb tetsz\u0151t, hogy azt\u00e1n n\u00e9mi magyar\u00e1zattal f\u0171szerezve elhelyezz\u00e9k a megfelel\u0151 j\u00e1tsz\u00f3t\u00e9r neve alatt. \u00d6sszefoglalva a hallottakat:<\/p>\n<ul>\n<li>Az \u00f3voda m\u00f6g\u00f6tti park j\u00e1tsz\u00f3ter\u00e9ben fontos lenne er\u0151s\u00edteni a k\u00edn\u00e1latot az id\u0151sebbek sz\u00e1m\u00e1ra is. Javasoltuk p\u00e9ld\u00e1ul libik\u00f3ka \u00e9s \u201emultifunkci\u00f3s\u201d j\u00e1tsz\u00f3v\u00e1r elhelyez\u00e9s\u00e9t, kieg\u00e9sz\u00edtve a m\u00e1r kor\u00e1bban is eml\u00edtett hint\u00e1val (\u00e9s term\u00e9szetesen a napvitorl\u00e1val).<\/li>\n<li>Az iskola el\u0151tti r\u00e9szen \u2013 ahogy azt az el\u0151z\u0151 alkalmon megbesz\u00e9lt\u00fck \u2013 tulajdonk\u00e9ppen k\u00e9t j\u00e1tsz\u00f3t\u00e9r j\u00f6nne l\u00e9tre. Itt fontos lenne, hogy minden koroszt\u00e1ly sz\u00e1m\u00e1ra b\u0151v\u00fcljenek a lehet\u0151s\u00e9gek, \u00e9s a koncepci\u00f3nk az volt, hogy az egyik a kisebbek, a m\u00e1sik a nagyobbak sz\u00e1m\u00e1ra k\u00edn\u00e1ljon eszk\u00f6z\u00f6ket, hogy ez\u00e1ltal kicsit \u201ezavartalanabbul\u201d tudjanak j\u00e1tszani a k\u00fcl\u00f6nb\u00f6z\u0151 kor\u00fa gyerekek. A javasolt eszk\u00f6z\u00f6k k\u00f6z\u00f6tt hinta, rug\u00f3s libik\u00f3ka, h\u00e1zik\u00f3, homokoz\u00f3 szerepelt, illetve a m\u00e1r kor\u00e1bban is megfogalmazott mez\u00edtl\u00e1bas \u00f6sv\u00e9ny, \u00e9s a kor\u00e1bbi alkalmakon az iskol\u00e1sok \u00e1ltal javasolt (a jelenlegin\u00e9l \u00f6sszetettebb) m\u00e1sz\u00f3ka. A napvitorla itt is ig\u00e9nyk\u00e9nt fogalmaz\u00f3dott meg. A k\u00e9peket n\u00e9zegetve pedig az az \u00f6tlet t\u00e1madt m\u00e9g, hogy a k\u00e9t j\u00e1tsz\u00f3teret olyan sz\u00ednes burkolat k\u00f6thetn\u00e9 \u00f6ssze, amire p\u00e9ld\u00e1ul ugr\u00f3iskol\u00e1t vagy egy\u00e9b vid\u00e1m dolgot lehet felrajzolni. Az iskol\u00e1hoz k\u00f6zelebbi ter\u00fcletr\u00e9szre felmer\u00fclt a fitneszeszk\u00f6z\u00f6k gondolata is, de a ter\u00fclet orsz\u00e1ggy\u0171l\u00e9si k\u00e9pvisel\u0151j\u00e9t\u0151l megtudtuk, hogy nem messze m\u00e1r tervbe van v\u00e9ve egy ilyen eszk\u00f6zpark l\u00e9trehoz\u00e1sa.<\/li>\n<\/ul>\n<p>A legnagyobb fejt\u00f6r\u00e9st \u2013 ak\u00e1rcsak az el\u0151z\u0151 alkalommal \u2013 most is a k\u00f6rbeker\u00edt\u00e9s k\u00e9rd\u00e9se okozta. Ism\u00e9t elsoroltuk a v\u00e1rhat\u00f3 el\u0151ny\u00f6ket \u00e9s h\u00e1tr\u00e1nyokat, \u00e9s b\u00e1r a jelenl\u00e9v\u0151k k\u00f6z\u00f6tt ez\u00fattal is t\u00f6bbs\u00e9gben voltak a k\u00f6rbeker\u00edt\u00e9s t\u00e1mogat\u00f3i, nem voltunk el\u00e9g mer\u00e9szek ahhoz, hogy szavaz\u00e1ssal d\u00f6nts\u00fck el a k\u00e9rd\u00e9st. Abban maradtunk v\u00e9g\u00fcl, hogy ez\u00fcgyben m\u00e9g megv\u00e1rjuk a t\u00e1j\u00e9p\u00edt\u00e9szek \u00f6tleteit, h\u00e1tha van olyan megold\u00e1s, ami kompromisszumosan el\u00e9g\u00edti ki az ig\u00e9nyeket.<\/p>\n<p>A k\u00f6vetkez\u0151 alkalommal szeretn\u00e9nk majd bej\u00e1rni a \u201eterepet\u201d, \u00e9s ezzel v\u00e9gleges\u00edteni, hogy hova milyen javaslatokkal \u00e9l\u00fcnk. V\u00e1runk szeretettel mindenkit okt\u00f3ber 7-\u00e9n 17.00-t\u00f3l a De\u00e1k suli el\u0151tti parkban!<\/p>\n<p>[\/et_pb_toggle][et_pb_toggle title=&#8221;T\u00e1bor\u00e1ll\u00e1s park, hatodik alkalom \/10.02.\/&#8221; open_toggle_text_color=&#8221;#2d427d&#8221; open_toggle_background_color=&#8221;#FFFFFF&#8221; closed_toggle_text_color=&#8221;#2d427d&#8221; closed_toggle_background_color=&#8221;#FFFFFF&#8221; icon_color=&#8221;#2d427d&#8221; open_icon_color=&#8221;#2d427d&#8221; _builder_version=&#8221;4.16&#8243; _module_preset=&#8221;default&#8221; title_text_color=&#8221;#2d427d&#8221; title_font=&#8221;IBM Plex Sans Condensed||||||||&#8221; body_font=&#8221;IBM Plex Sans Condensed||||||||&#8221; body_text_color=&#8221;#2d427d&#8221; custom_margin=&#8221;1px||55px|||&#8221; global_colors_info=&#8221;{}&#8221;]<\/p>\n<p>A T\u00e1bor\u00e1ll\u00e1s park hatodik tervez\u00e9si tal\u00e1lkoz\u00f3j\u00e1t okt\u00f3ber 2-\u00e1n, szombaton d\u00e9lut\u00e1n tartottuk. Mivel az el\u0151z\u0151 \u00f6t tal\u00e1lkoz\u00f3n m\u00e1r \u00f6ssze\u00e1llt a terv, csak az maradt h\u00e1tra, hogy min\u00e9l t\u00f6bb helybeli lakosnak \u00e9s \u00e9rdekl\u0151d\u0151nek mutassuk be. Ehhez kiv\u00e1l\u00f3 alkalmat teremtett a Hungarikum h\u00e9tv\u00e9ge nev\u0171 program, ami miatt a sz\u0171kebb \u00e9s t\u00e1gabb k\u00f6rny\u00e9kr\u0151l is sokan l\u00e1togattak el ezen a napon a parkba. Ilyen m\u00f3don azok is megismerhett\u00e9k \u00e9s v\u00e9lem\u00e9nyezhett\u00e9k a k\u00f6z\u00f6sen k\u00e9sz\u00edtett terveket, akik a kor\u00e1bbi alkalmakon nem tudtak r\u00e9szt venni. A d\u00e9lut\u00e1n folyam\u00e1n v\u00e9g\u00fcl k\u00f6r\u00fclbel\u00fcl f\u00e9lsz\u00e1z \u00e9rdekl\u0151d\u0151vel besz\u00e9lgett\u00fcnk a T\u00e1bor\u00e1ll\u00e1s park meg\u00faj\u00edt\u00e1s\u00e1r\u00f3l, \u00e9s \u00f6r\u00f6mmel \u00e1llap\u00edtottuk meg, hogy az egy\u00fctt meg\u00e1lmodott koncepci\u00f3 pozit\u00edv fogadtat\u00e1sra tal\u00e1lt a k\u00f6r\u00fckben.<\/p>\n<p>Az elk\u00e9sz\u00fclt javaslatunkat hamarosan \u00e1tadjuk az \u00e9p\u00edt\u00e9szeknek, akik az \u00e1ltalunk lefolytatott p\u00e1rbesz\u00e9d alapj\u00e1n el tudj\u00e1k k\u00e9sz\u00edteni a szakmai terveket. Az \u0151 munk\u00e1juk eredm\u00e9ny\u00e9r\u0151l is t\u00e1j\u00e9koztat\u00e1st adunk majd.<\/p>\n<p>[\/et_pb_toggle][et_pb_toggle title=&#8221;K\u00e1lvin J\u00e1nos park, hatodik alkalom \/10.06.\/&#8221; open_toggle_text_color=&#8221;#2d427d&#8221; open_toggle_background_color=&#8221;#FFFFFF&#8221; closed_toggle_text_color=&#8221;#2d427d&#8221; closed_toggle_background_color=&#8221;#FFFFFF&#8221; icon_color=&#8221;#2d427d&#8221; open_icon_color=&#8221;#2d427d&#8221; _builder_version=&#8221;4.16&#8243; _module_preset=&#8221;default&#8221; title_text_color=&#8221;#2d427d&#8221; title_font=&#8221;IBM Plex Sans Condensed||||||||&#8221; body_font=&#8221;IBM Plex Sans Condensed||||||||&#8221; body_text_color=&#8221;#2d427d&#8221; custom_margin=&#8221;1px||55px|||&#8221; global_colors_info=&#8221;{}&#8221;]<\/p>\n<p>Okt\u00f3ber 6-\u00e1n a szemerk\u00e9l\u0151 es\u0151 miatt \u00fagy d\u00f6nt\u00f6tt\u00fcnk, a k\u00f6nyvt\u00e1rban tartjuk meg a hatodik alkalmat, aminek t\u00e9m\u00e1ja a kor\u00e1bban \u201esportos-fiatalos r\u00e9sz\u201d-nek elnevezett ter\u00fclet, vagyis a skatepark k\u00f6rnyezet\u00e9nek fejleszt\u00e9se volt. Sajnos az id\u0151j\u00e1r\u00e1s miatt pont azok, vagyis a fiatalok nem nagyon j\u00f6ttek el a besz\u00e9lget\u00e9sre, akiknek a v\u00e9lem\u00e9nye a legink\u00e1bb sz\u00e1m\u00edtana ebben a tervez\u00e9si k\u00e9rd\u00e9sben. Emiatt viszont \u00fagy d\u00f6nt\u00f6tt\u00fcnk, hogy a tal\u00e1lkoz\u00f3t egy olyan k\u00e9rd\u0151\u00edv \u00f6ssze\u00e1ll\u00edt\u00e1s\u00e1nak szentelj\u00fck, amivel majd a skatepark haszn\u00e1l\u00f3it pr\u00f3b\u00e1ljuk el\u00e9rni, emellett besz\u00e9lgett\u00fcnk a hazai j\u00f3 p\u00e9ld\u00e1kr\u00f3l is (az egyik anyuka szerint p\u00e9ld\u00e1ul Tapolc\u00e1n k\u00e9sz\u00fclt olyan extr\u00e9m park, aminek tapasztalatait mi is hasznos\u00edtani tudjuk.)<\/p>\n<p>A skateparkr\u00f3l sz\u00f3l\u00f3 k\u00e9rd\u0151\u00edv <span><a href=\"https:\/\/veb2023.typeform.com\/to\/WJHNa0fU\">ezen a linken<\/a><\/span> \u00e9rhet\u0151 el, a v\u00e1laszokat okt\u00f3ber 20-ig v\u00e1rjuk!<\/p>\n<p>[\/et_pb_toggle][et_pb_toggle title=&#8221;De\u00e1k suli el\u0151tti park, hatodik alkalom \/10.07.\/&#8221; open_toggle_text_color=&#8221;#2d427d&#8221; open_toggle_background_color=&#8221;#FFFFFF&#8221; closed_toggle_text_color=&#8221;#2d427d&#8221; closed_toggle_background_color=&#8221;#FFFFFF&#8221; icon_color=&#8221;#2d427d&#8221; open_icon_color=&#8221;#2d427d&#8221; _builder_version=&#8221;4.16&#8243; _module_preset=&#8221;default&#8221; title_text_color=&#8221;#2d427d&#8221; title_font=&#8221;IBM Plex Sans Condensed||||||||&#8221; body_font=&#8221;IBM Plex Sans Condensed||||||||&#8221; body_text_color=&#8221;#2d427d&#8221; custom_margin=&#8221;1px||55px|||&#8221; global_colors_info=&#8221;{}&#8221;]<\/p>\n<p>Okt\u00f3ber 7-\u00e9n tartottuk a tervv\u00e9gleges\u00edt\u0151 alkalmat a De\u00e1k Ferenc \u00c1ltal\u00e1nos Iskola el\u0151tti parkban. A k\u00f6ny\u00e9kbeliekb\u0151l \u00e1ll\u00f3 tervez\u0151csapatunk \u201et\u00f6rzstagjai\u201d j\u00f6ttek el, \u00edgy a kor\u00e1bbi besz\u00e9lget\u00e9seinket folytatva kerekedt\u00fcnk fel, hogy a tervez\u00e9si ter\u00fclet\u00fcnket bej\u00e1rva m\u00e9g egyszer, a helysz\u00edneken ellen\u0151rizz\u00fck az \u00f6tleteinket.<\/p>\n<p>Az iskola el\u0151tti j\u00e1tsz\u00f3t\u00e9r mellett ism\u00e9t elmerengt\u00fcnk a ker\u00edt\u00e9s k\u00e9rd\u00e9s\u00e9r\u0151l, \u00e9s azt vetett\u00fck fel, hogy nem lenne-e szerencs\u00e9sebb a sz\u00e9l fel\u0151li \u00e9szaki oldalra s\u00f6v\u00e9nyt \u00fcltetni. Megn\u00e9zt\u00fck a j\u00e1tsz\u00f3t\u00e9r eszk\u00f6zeit, a burkolat \u00e1llapot\u00e1t, \u00e9s meg\u00e1llap\u00edtottuk, hogy tal\u00e1n n\u00e9mi \u00e1trendez\u00e9ssel lehetne m\u00e9g ide is valamilyen eszk\u00f6zt elhelyezni. Arra jutottunk, hogy \u00e9rdemesebb lehet ezen a r\u00e9szen fel\u00e1ll\u00edtani a kisebbeknek sz\u00f3l\u00f3 j\u00e1t\u00e9kokat, m\u00edg az \u00faj j\u00e1tsz\u00f3ter\u00fcletn\u00e9l (a h\u00e1romsz\u00f6g alak\u00fa f\u00fcves r\u00e9szen) lenn\u00e9nek a nagyobbak j\u00e1t\u00e9kai, mert \u00edgy a hangosabb gyerekek t\u00e1volabb j\u00e1tszhatn\u00e1nak az egy\u00e9bk\u00e9nt is visszhangos \u00e9p\u00fcletekt\u0151l.<\/p>\n<p>Els\u00e9t\u00e1ltunk a sportp\u00e1ly\u00e1hoz is, ahol megn\u00e9zt\u00fck a fiataloknak sz\u00e1nt ter\u00fcletet. A p\u00e1lya bej\u00e1rat\u00e1t \u00e9s burkolat\u00e1t cser\u00e9lni kell majd, \u00e9s \u00fagy l\u00e1ttuk, hogy ping-pong asztalra \u2013 m\u00e1r csak a szinte \u00e1lland\u00f3 sz\u00e9l miatt is \u2013 val\u00f3sz\u00edn\u0171leg nem lesz hely, viszont a m\u00e1sz\u00f3falat, a le\u00fcl\u0151s r\u00e9szt a ter\u00fclet bels\u0151 oldal\u00e1ra el lehet helyezni. J\u00f3 lenne l\u00e1mp\u00e1kat is tenni majd a p\u00e1lya vil\u00e1g\u00edt\u00e1s\u00e1ra, de fontos, hogy ezek helyesen legyenek be\u00e1ll\u00edtva, \u00e9s ne vil\u00e1g\u00edtsanak be a k\u00f6rny\u00e9kbeli lak\u00e1sok ablakain.<\/p>\n<p>Innen \u00e1ts\u00e9t\u00e1ltunk az \u00f3voda m\u00f6g\u00f6tti park ir\u00e1ny\u00e1ba. K\u00f6zben megn\u00e9zt\u00fck a j\u00e1r\u00f3fel\u00fcleteket, a k\u00e9t \u00e9p\u00fcletsor tal\u00e1lkoz\u00e1s\u00e1n\u00e1l tal\u00e1lhat\u00f3 ligetes z\u00f6ldfel\u00fcletet, majd felment\u00fcnk az \u00f3voda m\u00f6g\u00f6tti s\u00e9t\u00e1nyra. Itt v\u00e9gleg elvetett\u00fck azt a kor\u00e1bbi javaslatot, hogy a k\u00f6t\u00e9lcs\u00faszd\u00e1t ide telep\u00edts\u00fck, mert az \u00e9rt\u00e9kes kett\u0151s fasor mellett erre nem lenne lehet\u0151s\u00e9g. Padot viszont el tudn\u00e1nk k\u00e9pzelni erre a r\u00e9szre.<\/p>\n<p>Ezut\u00e1n a j\u00e1tsz\u00f3teret vett\u00fck szem\u00fcgyre. Az eddigi \u00e9szrev\u00e9teleinket meger\u0151s\u00edtve az jutott m\u00e9g esz\u00fcnkbe, hogy a term\u00e9szetes adotts\u00e1gokat kihaszn\u00e1lva lehetne cs\u00faszd\u00e1t l\u00e9trehozni a ter\u00fclet kis kib\u0151v\u00edt\u00e9s\u00e9vel, ami biztosan kedvenc\u00e9v\u00e9 v\u00e1lna a k\u00f6rny\u00e9kbeli gyerekeknek. Megn\u00e9zt\u00fck a k\u00f6t\u00e9lcs\u00faszd\u00e1t is, \u00e9s meger\u0151s\u00f6d\u00f6tt az a benyom\u00e1sunk, hogy az eszk\u00f6z kis jav\u00edt\u00e1s\u00e1val sokat lehetne jav\u00edtani annak zavar\u00f3 hanghat\u00e1s\u00e1n.<\/p>\n<p>A j\u00e1tsz\u00f3t\u00e9rrel szomsz\u00e9dos k\u00f6z\u00f6ss\u00e9gi t\u00e9r tov\u00e1bbra is tetszik nek\u00fcnk, ez\u00e9rt annak v\u00e1ltoztat\u00e1s\u00e1t nem javasoltuk \u2013 annyi mer\u00fclt csak fel, hogy \u00e9rdemes lenne valamilyen n\u00f6v\u00e9nyt felfuttatni a megl\u00e9v\u0151 pergol\u00e1kra. Ezut\u00e1n \u00e1ts\u00e9t\u00e1ltunk a Di\u00f3sy u. \u00e9p\u00fclet\u00e9nek m\u00e1sik oldal\u00e1ra, megn\u00e9zt\u00fck a k\u00f6zvil\u00e1g\u00edt\u00e1st ig\u00e9nyl\u0151 \u00f6sv\u00e9nyt, majd visszaindultunk az iskola el\u0151tti parkhoz. \u00datk\u00f6zben ben\u00e9zt\u00fcnk a fut\u00f3p\u00e1lya iskola melletti \u201enyomvonal\u00e1ra\u201d, \u00e9s meg\u00e1llap\u00edtottuk, hogy a ker\u00edt\u00e9s melletti kitapos\u00e1s hely\u00e9n lenne helye az \u00faj burkolatnak.<\/p>\n<p>Az iskola el\u00e9 visszat\u00e9rve m\u00e9g besz\u00e9lt\u00fcnk arr\u00f3l, hogy kinek mely elemek a legfontosabbak a fejleszt\u00e9s sor\u00e1n, majd megk\u00f6sz\u00f6nve az elm\u00falt hetek k\u00f6z\u00f6s munk\u00e1j\u00e1t jelezt\u00fck m\u00e9g, hogy okt\u00f3ber v\u00e9g\u00e9n v\u00e1rhat\u00f3an tartunk majd egy k\u00f6z\u00f6s, a lak\u00f3telep t\u00f6bbi r\u00e9sz\u00e9n zajl\u00f3 k\u00f6z\u00f6ss\u00e9gi tervez\u00e9st is mag\u00e1ban foglal\u00f3 tervbemutat\u00e1st. Ennek id\u0151pontj\u00e1r\u00f3l k\u00e9s\u0151bb adunk majd h\u00edrt, rem\u00e9lj\u00fck, ekkor is min\u00e9l t\u00f6bben elj\u00f6nnek majd!<\/p>\n<p><img loading=\"lazy\" decoding=\"async\" src=\"https:\/\/agoraveszprem.hu\/wp-content\/uploads\/2021\/10\/kalvin1007-1024x659.jpg\" width=\"842\" height=\"542\" alt=\"\" class=\"wp-image-5654 alignnone size-large\" style=\"display: block; margin-left: auto; margin-right: auto;\" \/><\/p>\n<p>[\/et_pb_toggle][et_pb_text _builder_version=&#8221;4.16&#8243; _module_preset=&#8221;default&#8221; custom_padding=&#8221;||43px|||&#8221; global_colors_info=&#8221;{}&#8221;]<\/p>\n<p><span style=\"color: #2d427d;\">2021. okt\u00f3ber 26-\u00e1n, kedden 17 \u00f3rakor az Ag\u00f3ra Veszpr\u00e9m Kultur\u00e1lis K\u00f6zpontban tervbemutat\u00f3t tartottunk a Jutasi k\u00f6z\u00f6ss\u00e9gi tervez\u00e9s z\u00e1r\u00e1sak\u00e9nt.<\/span><br \/><span style=\"color: #2d427d;\"> Az esem\u00e9nyen a lakosokkal k\u00f6z\u00f6sen meg\u00e1lmodott terveket mutattuk be.<\/span><br \/><span style=\"color: #2d427d;\"> A k\u00f6z\u00f6ss\u00e9gi tervez\u00e9s sor\u00e1n elindult egyfajta p\u00e1rbesz\u00e9d, k\u00f6z\u00f6ss\u00e9g\u00e9p\u00edt\u0151 tev\u00e9kenys\u00e9g, amelyet folytatni k\u00edv\u00e1nunk a k\u00f6z\u00f6ss\u00e9gfejleszt\u00e9s sor\u00e1n.<\/span><\/p>\n<p>[\/et_pb_text][et_pb_code _builder_version=&#8221;4.16&#8243; _module_preset=&#8221;default&#8221; global_colors_info=&#8221;{}&#8221;]<iframe loading=\"lazy\" width=\"560\" height=\"315\" src=\"https:\/\/www.youtube.com\/embed\/KTaebQLkFpY?start=55\" title=\"YouTube video player\" frameborder=\"0\" allow=\"accelerometer; autoplay; clipboard-write; encrypted-media; gyroscope; picture-in-picture\" allowfullscreen><\/iframe>[\/et_pb_code][et_pb_text _builder_version=&#8221;4.16&#8243; _module_preset=&#8221;default&#8221; text_font=&#8221;IBM Plex Sans Condensed||||||||&#8221; text_text_color=&#8221;#2d427d&#8221; custom_margin=&#8221;1px||145px|||&#8221; custom_padding=&#8221;0px|||||&#8221; global_colors_info=&#8221;{}&#8221;]<\/p>\n<p><b>K\u00f6z\u00f6ss\u00e9gi tervez\u00e9si alkalmak k\u00e9pekben<\/b><\/p>\n<p>[\/et_pb_text][\/et_pb_column][\/et_pb_row][et_pb_row column_structure=&#8221;1_3,1_3,1_3&#8243; _builder_version=&#8221;4.16&#8243; _module_preset=&#8221;default&#8221; custom_margin=&#8221;157px|auto||auto||&#8221; global_colors_info=&#8221;{}&#8221;][et_pb_column type=&#8221;1_3&#8243; _builder_version=&#8221;4.16&#8243; _module_preset=&#8221;default&#8221; global_colors_info=&#8221;{}&#8221;][et_pb_gallery gallery_ids=&#8221;5451,5452,5453,5454,5455,5456,5457&#8243; posts_number=&#8221;1&#8243; show_title_and_caption=&#8221;off&#8221; show_pagination=&#8221;off&#8221; _builder_version=&#8221;4.16&#8243; _module_preset=&#8221;default&#8221; global_colors_info=&#8221;{}&#8221;][\/et_pb_gallery][\/et_pb_column][et_pb_column type=&#8221;1_3&#8243; _builder_version=&#8221;4.16&#8243; _module_preset=&#8221;default&#8221; global_colors_info=&#8221;{}&#8221;][et_pb_gallery gallery_ids=&#8221;5460,5461,5462,5463,5464,5465,5466,5467&#8243; posts_number=&#8221;1&#8243; show_title_and_caption=&#8221;off&#8221; show_pagination=&#8221;off&#8221; _builder_version=&#8221;4.16&#8243; _module_preset=&#8221;default&#8221; global_colors_info=&#8221;{}&#8221;][\/et_pb_gallery][\/et_pb_column][et_pb_column type=&#8221;1_3&#8243; _builder_version=&#8221;4.16&#8243; _module_preset=&#8221;default&#8221; global_colors_info=&#8221;{}&#8221;][et_pb_gallery gallery_ids=&#8221;5468,5469,5470,5471,5472,5473,5474,5475,5476,5477,5478&#8243; posts_number=&#8221;1&#8243; show_title_and_caption=&#8221;off&#8221; show_pagination=&#8221;off&#8221; _builder_version=&#8221;4.16&#8243; _module_preset=&#8221;default&#8221; global_colors_info=&#8221;{}&#8221;][\/et_pb_gallery][\/et_pb_column][\/et_pb_row][et_pb_row _builder_version=&#8221;4.16&#8243; _module_preset=&#8221;default&#8221; background_enable_color=&#8221;off&#8221; transform_scale=&#8221;120%|120%&#8221; custom_padding=&#8221;31px|||||&#8221; animation_style=&#8221;fade&#8221; animation_duration=&#8221;1200ms&#8221; global_colors_info=&#8221;{}&#8221;][et_pb_column type=&#8221;4_4&#8243; _builder_version=&#8221;4.16&#8243; _module_preset=&#8221;default&#8221; global_colors_info=&#8221;{}&#8221;][et_pb_divider color=&#8221;#0a1e5a&#8221; divider_style=&#8221;dotted&#8221; divider_weight=&#8221;2px&#8221; _builder_version=&#8221;4.16&#8243; min_height=&#8221;24px&#8221; custom_margin=&#8221;-44px||29px|||&#8221; custom_padding=&#8221;210px||44px|||&#8221; global_colors_info=&#8221;{}&#8221;][\/et_pb_divider][et_pb_image src=&#8221;https:\/\/agoraveszprem.hu\/wp-content\/uploads\/2021\/09\/tervmontazs1-scaled.jpg&#8221; title_text=&#8221;t\u00e9rk\u00e9p mont\u00e1zs&#8221; _builder_version=&#8221;4.24.3&#8243; _module_preset=&#8221;default&#8221; custom_margin=&#8221;-49px|||||&#8221; hover_enabled=&#8221;0&#8243; box_shadow_style=&#8221;preset2&#8243; global_colors_info=&#8221;{}&#8221; alt=&#8221;t\u00e9rk\u00e9p mont\u00e1zs&#8221; sticky_enabled=&#8221;0&#8243;][\/et_pb_image][et_pb_text _builder_version=&#8221;4.24.3&#8243; _module_preset=&#8221;default&#8221; text_font=&#8221;IBM Plex Sans Condensed||||||||&#8221; text_text_color=&#8221;#2d427d&#8221; custom_margin=&#8221;-29px||21px|||&#8221; custom_padding=&#8221;32px|0px|34px|||&#8221; inline_fonts=&#8221;IBM Plex Sans&#8221; global_colors_info=&#8221;{}&#8221;]<\/p>\n<h4 style=\"text-align: center;\"><span style=\"font-family: 'IBM Plex Sans'; font-weight: normal; color: #2d427d;\"><em><strong>Tov\u00e1bbi inform\u00e1ci\u00f3k \u00e9s kapcsol\u00f3d\u00f3 oldalak:<\/strong><\/em><\/span><\/h4>\n<p><span style=\"font-family: 'IBM Plex Sans'; font-weight: normal; color: #2d427d;\"><em><strong><\/strong><\/em><\/span><\/p>\n<p style=\"text-align: center; color: #ffffff;\"><span style=\"color: #2d427d;\"><a href=\"https:\/\/www.veszprem.hu\/hirek\/ekf-2023\/7861-kapcsolodj-koezoessegi-tervezes-a-jutasi-uton\" target=\"_blank\" rel=\"noopener\" style=\"color: #2d427d;\">Veszpr\u00e9m &#8211; Kapcsol\u00f3dj! \u2013 k\u00f6z\u00f6ss\u00e9gi tervez\u00e9s a Jutasi \u00faton (veszprem.hu)<\/a><\/span><\/p>\n<p style=\"text-align: center;\"><span style=\"color: #2d427d;\"><a href=\"https:\/\/www.veszpremkukac.hu\/2023-ekf-futokor-lesz-a-jutasi-lakotelepen\/\" target=\"_blank\" rel=\"noopener\" style=\"color: #2d427d;\">2023 EKF \u2013 Fut\u00f3k\u00f6r lesz a Jutasi lak\u00f3telepen &#8211; Veszpr\u00e9m Kukac (veszpremkukac.hu)<\/a><\/span><\/p>\n<p style=\"text-align: center;\"><span style=\"color: #2d427d;\"><a href=\"https:\/\/www.veszport.hu\/tartalom\/cikk\/jutas_lakotelep_kozossegi_tervezes_futopalya_gyalogos_utvonal\" target=\"_blank\" rel=\"noopener\" style=\"color: #2d427d;\">K\u00f6z\u00f6s tervez\u00e9sben a lak\u00f3telepen \u00e9l\u0151kkel (veszport.hu)<\/a><\/span><\/p>\n<p style=\"text-align: center;\"><span style=\"color: #2d427d;\"><a href=\"https:\/\/www.veol.hu\/kozelet\/helyi-kozelet\/ekf-veb-europa-kulturalis-fovarosa-veszprem-haszkovo-4639807\/\" target=\"_blank\" rel=\"noopener\" style=\"color: #2d427d;\">K\u00f6z\u00f6ss\u00e9gi tervez\u00e9s \u2013 Megsz\u00f3l\u00edtj\u00e1k a Jutasi \u00fati lak\u00f3telepen \u00e9l\u0151ket | VEOL<\/a><\/span><\/p>\n<p style=\"text-align: center;\"><span style=\"color: #2d427d;\"><a href=\"https:\/\/82nullanulla.hu\/cikkek\/2021\/05\/07\/infrastrukturalis-fejlesztes-indul-a-jutasi-uti-lakotelep-uj-futokort-kap.html\" target=\"_blank\" rel=\"noopener\" style=\"color: #2d427d;\">A Jutasi \u00fati lak\u00f3telep kapja az \u00faj 3500 m\u00e9teres fut\u00f3k\u00f6rt | 82nullanulla.hu<\/a><\/span><\/p>\n<p>[\/et_pb_text][et_pb_divider color=&#8221;#0a1e5a&#8221; divider_style=&#8221;dotted&#8221; divider_weight=&#8221;2px&#8221; _builder_version=&#8221;4.16&#8243; min_height=&#8221;24px&#8221; custom_margin=&#8221;-44px||-4px|||&#8221; custom_padding=&#8221;29px|||||&#8221; global_colors_info=&#8221;{}&#8221;][\/et_pb_divider][et_pb_text _builder_version=&#8221;4.24.3&#8243; _module_preset=&#8221;default&#8221; text_font=&#8221;IBM Plex Sans Condensed||||||||&#8221; text_text_color=&#8221;#2d427d&#8221; custom_margin=&#8221;-2px||21px|||&#8221; custom_padding=&#8221;7px|0px|71px|||&#8221; inline_fonts=&#8221;IBM Plex Sans&#8221; global_colors_info=&#8221;{}&#8221;]<\/p>\n<h1 class=\"text__TextWrapper-sc-1t2ribu-0 gXXPaO\"><span><span style=\"color: #2d427d;\">Kedves \u00c9rdekl\u0151d\u0151!<\/span><\/span><\/h1>\n<p class=\"text__TextWrapper-sc-1t2ribu-0 hbjDIK\"><span>Ismerje meg a Jutasi lak\u00f3teleppel kapcsolatos k\u00e9rd\u0151\u00edvez\u00e9s eredm\u00e9ny\u00e9t.<\/span><span><\/span><\/p>\n<p class=\"text__TextWrapper-sc-1t2ribu-0 hbjDIK\"><span><\/span><\/p>\n<p>[\/et_pb_text][et_pb_code _builder_version=&#8221;4.24.2&#8243; _module_preset=&#8221;default&#8221; custom_margin=&#8221;-87px|||||&#8221; custom_padding=&#8221;||0px|||&#8221; global_colors_info=&#8221;{}&#8221;][\/et_pb_code][et_pb_text _builder_version=&#8221;4.16&#8243; _module_preset=&#8221;default&#8221; text_font=&#8221;IBM Plex Sans Condensed||||||||&#8221; text_text_color=&#8221;#2d427d&#8221; custom_margin=&#8221;-2px||21px|||&#8221; custom_padding=&#8221;7px|0px|34px|||&#8221; animation_style=&#8221;fade&#8221; animation_duration=&#8221;1400ms&#8221; animation_delay=&#8221;300ms&#8221; animation_starting_opacity=&#8221;7%&#8221; inline_fonts=&#8221;IBM Plex Sans&#8221; global_colors_info=&#8221;{}&#8221;]<\/p>\n<p class=\"text__TextWrapper-sc-1t2ribu-0 hbjDIK\" style=\"text-align: center;\"><span style=\"color: #2d427d;\"><a href=\"https:\/\/veszprembalaton2023.hu\/hir\/lezarult-az-online-felmeres-a-jutasi-uti-lakotelep-kapcsan\" style=\"color: #2d427d;\">Lez\u00e1rult az online felm\u00e9r\u00e9s a Jutasi \u00fati lak\u00f3telep kapcs\u00e1n | Veszpr\u00e9m-Balaton 2023 (veszprembalaton2023.hu &#8211; LINK)<\/a><\/span><span><\/span><\/p>\n<p class=\"text__TextWrapper-sc-1t2ribu-0 hbjDIK\"><span><\/span><\/p>\n<p>[\/et_pb_text][\/et_pb_column][\/et_pb_row][\/et_pb_section][et_pb_section fb_built=&#8221;1&#8243; fullwidth=&#8221;on&#8221; _builder_version=&#8221;4.16&#8243; _module_preset=&#8221;default&#8221; custom_margin=&#8221;-22px|||||&#8221; global_colors_info=&#8221;{}&#8221;][et_pb_fullwidth_image src=&#8221;https:\/\/agoraveszprem.hu\/wp-content\/uploads\/2021\/06\/Panorama.jpg&#8221; title_text=&#8221;Panorama ag\u00f3ra&#8221; _builder_version=&#8221;4.24.3&#8243; _module_preset=&#8221;default&#8221; custom_margin=&#8221;23px|||||&#8221; custom_padding=&#8221;0px|||||&#8221; hover_enabled=&#8221;0&#8243; global_colors_info=&#8221;{}&#8221; alt=&#8221;Panorama ag\u00f3ra&#8221; sticky_enabled=&#8221;0&#8243;][\/et_pb_fullwidth_image][\/et_pb_section]<\/p>\n","protected":false},"excerpt":{"rendered":"<p>K\u00f6z\u00f6ss\u00e9gi tervez\u00e9s \u00e9s fejleszt\u00e9s a Jutasi \u00fati lak\u00f3telepen OC-MUV\/4-2022\/413439 \u2013III. Jutasi Piknik \u00e9s Olimpia \u2013 K\u00f6z\u00f6ss\u00e9gfejleszt\u00e9s a lak\u00f3telepenIII. Jutasi Piknik \u00e9s Olimpia \u2013 K\u00f6z\u00f6ss\u00e9gfejleszt\u00e9s a lak\u00f3telepen &#8211; OC-MUV\/4-2022\/413439 II. Jutasi Piknik \u00e9s Olimpia &#8211; K\u00f6z\u00f6ss\u00e9gfejleszt\u00e9s a Jutasi \u00fati lak\u00f3telepen A projekt keret\u00e9ben szabadegyetemi el\u0151ad\u00e1sokkal, rajzp\u00e1ly\u00e1zattal, aszfalt rajzversennyel, k\u00f6z\u00f6ss\u00e9gi j\u00e1t\u00e9kokkal, t\u00e9rhaszn\u00e1lati programokkal, fot\u00f3- \u00e9s hanggy\u0171jt\u00e9ssel, Mini [&hellip;]<\/p>\n","protected":false},"author":1,"featured_media":0,"parent":0,"menu_order":0,"comment_status":"closed","ping_status":"closed","template":"","meta":{"_et_pb_use_builder":"on","_et_pb_old_content":"","_et_gb_content_width":"","footnotes":""},"class_list":["post-5143","page","type-page","status-publish","hentry"],"_links":{"self":[{"href":"https:\/\/agoraveszprem.hu\/eng\/wp-json\/wp\/v2\/pages\/5143","targetHints":{"allow":["GET"]}}],"collection":[{"href":"https:\/\/agoraveszprem.hu\/eng\/wp-json\/wp\/v2\/pages"}],"about":[{"href":"https:\/\/agoraveszprem.hu\/eng\/wp-json\/wp\/v2\/types\/page"}],"author":[{"embeddable":true,"href":"https:\/\/agoraveszprem.hu\/eng\/wp-json\/wp\/v2\/users\/1"}],"replies":[{"embeddable":true,"href":"https:\/\/agoraveszprem.hu\/eng\/wp-json\/wp\/v2\/comments?post=5143"}],"version-history":[{"count":168,"href":"https:\/\/agoraveszprem.hu\/eng\/wp-json\/wp\/v2\/pages\/5143\/revisions"}],"predecessor-version":[{"id":17689,"href":"https:\/\/agoraveszprem.hu\/eng\/wp-json\/wp\/v2\/pages\/5143\/revisions\/17689"}],"wp:attachment":[{"href":"https:\/\/agoraveszprem.hu\/eng\/wp-json\/wp\/v2\/media?parent=5143"}],"curies":[{"name":"wp","href":"https:\/\/api.w.org\/{rel}","templated":true}]}}