{"id":566,"date":"2019-03-26T11:12:42","date_gmt":"2019-03-26T10:12:42","guid":{"rendered":"https:\/\/agoraveszprem.hu\/?page_id=566"},"modified":"2024-04-08T11:24:47","modified_gmt":"2024-04-08T10:24:47","slug":"palyazatok","status":"publish","type":"page","link":"https:\/\/agoraveszprem.hu\/eng\/palyazatok\/","title":{"rendered":"Tenders"},"content":{"rendered":"<p>[et_pb_section fb_built=&#8221;1&#8243; custom_padding_last_edited=&#8221;on|desktop&#8221; next_background_color=&#8221;#ffffff&#8221; admin_label=&#8221;Header&#8221; _builder_version=&#8221;4.16&#8243; use_background_color_gradient=&#8221;on&#8221; background_color_gradient_direction=&#8221;130deg&#8221; background_color_gradient_stops=&#8221;#ffffff 0%|#F2F2FA 100%&#8221; background_color_gradient_start=&#8221;#ffffff&#8221; background_color_gradient_end=&#8221;#F2F2FA&#8221; background_image=&#8221;https:\/\/agoraveszprem.hu\/wp-content\/uploads\/2019\/05\/marketing-bg8-1.png&#8221; background_size=&#8221;contain&#8221; background_position=&#8221;top_left&#8221; custom_padding=&#8221;0vw||0vw||false|false&#8221; custom_padding_tablet=&#8221;100px||100px||true&#8221; custom_padding_phone=&#8221;||||true&#8221; top_divider_style=&#8221;ramp2&#8243; top_divider_color=&#8221;#d7a562&#8243; top_divider_height=&#8221;22px&#8221; top_divider_flip=&#8221;vertical&#8221; bottom_divider_style=&#8221;ramp2&#8243; bottom_divider_height=&#8221;250px&#8221; bottom_divider_flip=&#8221;horizontal&#8221; bottom_divider_height_tablet=&#8221;150px&#8221; bottom_divider_height_phone=&#8221;110px&#8221; bottom_divider_height_last_edited=&#8221;on|phone&#8221; saved_tabs=&#8221;all&#8221; global_colors_info=&#8221;{}&#8221;][et_pb_row _builder_version=&#8221;4.16&#8243; global_colors_info=&#8221;{}&#8221;][et_pb_column type=&#8221;4_4&#8243; _builder_version=&#8221;4.16&#8243; custom_padding=&#8221;|||&#8221; global_colors_info=&#8221;{}&#8221; custom_padding__hover=&#8221;|||&#8221;][et_pb_text _builder_version=&#8221;4.24.2&#8243; text_font=&#8221;Roboto||||||||&#8221; header_font=&#8221;Roboto|700|||||||&#8221; header_text_align=&#8221;center&#8221; header_font_size=&#8221;80px&#8221; header_line_height=&#8221;1.2em&#8221; header_3_font=&#8221;Roboto|700||on|||||&#8221; header_3_text_align=&#8221;center&#8221; header_3_text_color=&#8221;#ffffff&#8221; header_3_font_size=&#8221;24px&#8221; header_3_letter_spacing=&#8221;10px&#8221; header_3_line_height=&#8221;2em&#8221; text_orientation=&#8221;center&#8221; background_layout=&#8221;dark&#8221; module_alignment=&#8221;center&#8221; custom_margin=&#8221;||15px|||&#8221; animation_style=&#8221;fold&#8221; animation_duration=&#8221;1300ms&#8221; text_font_size_last_edited=&#8221;off|desktop&#8221; header_font_size_tablet=&#8221;40px&#8221; header_font_size_phone=&#8221;32px&#8221; header_font_size_last_edited=&#8221;on|phone&#8221; header_3_font_size_tablet=&#8221;16px&#8221; header_3_font_size_phone=&#8221;14px&#8221; header_3_font_size_last_edited=&#8221;on|phone&#8221; header_3_letter_spacing_tablet=&#8221;5px&#8221; header_3_letter_spacing_phone=&#8221;&#8221; header_3_letter_spacing_last_edited=&#8221;on|tablet&#8221; inline_fonts=&#8221;Abhaya Libre&#8221; global_colors_info=&#8221;{}&#8221;]<\/p>\n<h1><span color=\"#976d35\" face=\"Abhaya Libre\" style=\"color: #976d35; font-family: 'Abhaya Libre';\"><span style=\"font-weight: 400;\">P\u00e1ly\u00e1zatok<\/span><\/span><\/h1>\n<p>[\/et_pb_text][et_pb_divider color=&#8221;#d7a562&#8243; divider_style=&#8221;dotted&#8221; divider_weight=&#8221;2px&#8221; _builder_version=&#8221;4.16&#8243; min_height=&#8221;24px&#8221; height=&#8221;0px&#8221; custom_margin=&#8221;-44px|||||&#8221; custom_padding=&#8221;15px|||||&#8221; global_colors_info=&#8221;{}&#8221;][\/et_pb_divider][\/et_pb_column][\/et_pb_row][et_pb_row _builder_version=&#8221;4.21.2&#8243; _module_preset=&#8221;default&#8221; global_colors_info=&#8221;{}&#8221;][et_pb_column type=&#8221;4_4&#8243; _builder_version=&#8221;4.21.2&#8243; _module_preset=&#8221;default&#8221; global_colors_info=&#8221;{}&#8221;][et_pb_text _builder_version=&#8221;4.24.2&#8243; text_text_color=&#8221;#976d35&#8243; text_font_size=&#8221;18px&#8221; global_colors_info=&#8221;{}&#8221;]<\/p>\n<blockquote>\n<p style=\"text-align: justify;\">A VEB2023 EKF t\u00e1mogat\u00e1s\u00e1val megval\u00f3sul\u00f3 projektjeink:<\/p>\n<\/blockquote>\n<p>[\/et_pb_text][et_pb_text _builder_version=&#8221;4.23&#8243; _module_preset=&#8221;default&#8221; global_colors_info=&#8221;{}&#8221;]<\/p>\n<p><strong>Nemzetis\u00e9gi Fesztiv\u00e1l-A vizu\u00e1lis \u00e9s k\u00e9pi kult\u00fara hat\u00e1sa \u00e9s jelent\u0151s\u00e9ge<\/strong><\/p>\n<p><strong>Azonos\u00edt\u00f3sz\u00e1m: OC-MUV\/4-2022\/871692<\/strong><\/p>\n<p><strong>A t\u00e1mogatott tev\u00e9kenys\u00e9g id\u0151tartama: 2022.09.01-2023.11.30.<\/strong><\/p>\n<p><strong>A t\u00e1mogat\u00e1s \u00f6sszege: 113.655.000 Ft<\/strong><\/p>\n<p>A projekt keret\u00e9ben csatlakoztunk az Eur\u00f3pa Kultur\u00e1lis F\u0151v\u00e1rosa Nagy Megnyit\u00f3 \u00fcnneps\u00e9ghez. Egy verbunk tematik\u00e1j\u00fa r\u00e9sz, \u00f3ri\u00e1sb\u00e1bok, valamint zenei \u00e9s n\u00e9pt\u00e1ncos k\u00f6zrem\u0171k\u00f6d\u0151k r\u00e9szv\u00e9tele sz\u00ednes\u00edtette a programot. A 2023. janu\u00e1rj\u00e1ban zajlott nagyszab\u00e1s\u00fa esem\u00e9nyek emberek t\u00edzezreit sz\u00f3rakoztatt\u00e1k, a v\u00e1rosra ir\u00e1ny\u00edtott\u00e1k a hazai \u00e9s a nemzetk\u00f6zi figyelmet.<\/p>\n<p>\u00a0A Vizu\u00e1lis vil\u00e1gunk ismeretterjeszt\u0151 el\u0151ad\u00e1ssorozatot azzal a c\u00e9llal ind\u00edtottuk \u00fatj\u00e1ra, hogy ir\u00e1nymutat\u00e1st adjunk a kritikai k\u00e9szs\u00e9g fejleszt\u00e9s\u00e9ben, a m\u00e9diatartalmak tudatos megv\u00e1laszt\u00e1s\u00e1ban. Az el\u0151ad\u00e1ssorozat programjain a vizu\u00e1lis-\u00e9s k\u00e9pi kult\u00fara \u00e9let\u00fcnkre gyakorolt hat\u00e1s\u00e1r\u00f3l \u00e9s jelent\u0151s\u00e9g\u00e9r\u0151l besz\u00e9lget\u00fcnk m\u00e9diaszakemberek bevon\u00e1s\u00e1val.<\/p>\n<p>\u00a0A Nemzetis\u00e9gi Fesztiv\u00e1l keret\u00e9ben szervezt\u00fcnk sz\u00ednpadi m\u0171sorokat, nemzetis\u00e9gi viselet- \u00e9s divatbemutat\u00f3kat, koncerteket, t\u00e1ncbemutat\u00f3kat, kreat\u00edv gyermekfoglalkoztat\u00f3kat, mesters\u00e9gbemutat\u00f3t \u00e9s j\u00e1tsz\u00f3h\u00e1zakat. A l\u00e1togat\u00f3k bepillant\u00e1st nyerhettek \u00f6t nemzet (roma, ukr\u00e1n, lengyel, n\u00e9met, \u00f6rm\u00e9ny) kult\u00far\u00e1j\u00e1ba, szok\u00e1saiba \u00e9s maradand\u00f3 \u00e9lm\u00e9nyekkel gazdagodtak. A projekt sor\u00e1n k\u00fclf\u00f6ldi m\u0171v\u00e9szek is bemutatkoztak. A fesztiv\u00e1l lehet\u0151s\u00e9get k\u00edn\u00e1lt arra is, hogy az egyes nemzetis\u00e9gek jobban megismerj\u00e9k egym\u00e1st.<\/p>\n<p>A Cinema Mystica ki\u00e1ll\u00edt\u00e1s alkot\u00f3i \u00fajragondolt\u00e1k a m\u0171v\u00e9szet \u00e9s a technol\u00f3gia kapcsolat\u00e1t, l\u00e9trehozva egy p\u00e1ratlan audiovizu\u00e1lis \u00e9lm\u00e9nyt, mely egyed\u00fcl\u00e1ll\u00f3 a hazai m\u0171v\u00e9szeti palett\u00e1n. A budapesti sz\u00e9khely\u0171 Cinema Mystica csapata h\u00e1rom napon kereszt\u00fcl ny\u00fajtott betekint\u00e9st ebbe a k\u00fcl\u00f6nleges vil\u00e1gba: digit\u00e1lis alkot\u00e1sok, immerz\u00edv terek, interakt\u00edv \u00e9lm\u00e9nyek v\u00e1rt\u00e1k a r\u00e9sztvev\u0151ket. A program egy teljesen \u00faj sz\u00ednfoltot jelentett a v\u00e1ros \u00e9s a r\u00e9gi\u00f3 \u00e9let\u00e9ben.<\/p>\n<p>\u00a0A p\u00e1ly\u00e1zat keret\u00e9ben k\u00f6zbeszerz\u00e9si elj\u00e1r\u00e1st folytattunk le a Multifunkci\u00f3s prezent\u00e1ci\u00f3s eszk\u00f6z beszerz\u00e9s\u00e9re. Az elj\u00e1r\u00e1s azonos\u00edt\u00f3sz\u00e1ma EKR002069762022, a r\u00e9szletek az al\u00e1bbi linken megtekinthet\u0151ek: <a href=\"https:\/\/ekr.gov.hu\/portal\/kozbeszerzes\/eljarasok\/lista\">https:\/\/ekr.gov.hu\/portal\/kozbeszerzes\/eljarasok\/lista<\/a><\/p>\n<p><strong><\/strong><\/p>\n<p><strong>K\u00f6z\u00f6ss\u00e9gi tervez\u00e9s a Jutasi \u00fati lak\u00f3telepen<\/strong><\/p>\n<p><strong>Azonos\u00edt\u00f3sz\u00e1m: OC-MUV\/1-2021\/4852<\/strong><\/p>\n<p><strong>A t\u00e1mogatott tev\u00e9kenys\u00e9g id\u0151tartama: 2021.05.01-2021.10.31.<\/strong><\/p>\n<p><strong>A t\u00e1mogat\u00e1s \u00f6sszege: 13.770.261 Ft<\/strong><\/p>\n<p>A projekttel az volt a c\u00e9lunk, hogy egy k\u00f6z\u00f6ss\u00e9g\u00e9p\u00edt\u0151 tev\u00e9kenys\u00e9get, k\u00f6z\u00f6ss\u00e9gi tervez\u00e9si folyamatot ind\u00edtsunk el, melynek k\u00f6sz\u00f6nhet\u0151en a lak\u00f3telepen \u00e9l\u0151k megsz\u00f3l\u00edt\u00e1s\u00e1val, akt\u00edv bevon\u00e1s\u00e1val tesz\u00fcnk javaslatot infrastruktur\u00e1lis beavatkoz\u00e1sokra. Arra t\u00f6rekedt\u00fcnk, hogy a lak\u00f3telepi infrastruktur\u00e1lis b\u0151v\u00edt\u00e9sek val\u00f3s ig\u00e9nyeken alapul\u00f3, t\u00e1rsadalmilag elfogadott fejleszt\u00e9sek legyenek. A lak\u00f3k v\u00e9lem\u00e9ny\u00e9t a tervezett fut\u00f3k\u00f6r \u00e9s az egyes alk\u00f6zpontok beruh\u00e1z\u00e1sai kapcs\u00e1n k\u00e9rdezt\u00fck meg. A helyiekkel \u00e9s a parkok haszn\u00e1l\u00f3ival egy\u00fctt tal\u00e1ltuk ki, hogyan lehetn\u00e9nek m\u00e9g jobbak a v\u00e1rosr\u00e9sz z\u00f6ldter\u00fcletei, mik\u00e9nt alak\u00edthatunk ki olyan lak\u00f3k\u00f6rnyezetet, ahol a lakosok otthon \u00e9rzik magukat.<\/p>\n<p>Munk\u00e1nk sor\u00e1n mindv\u00e9gig szem el\u0151tt tartottuk a k\u00f6z\u00f6ss\u00e9g\u00e9p\u00edt\u00e9st- \u00e9s fejleszt\u00e9st, a helyi identit\u00e1s \u00e9s koh\u00e9zi\u00f3 er\u0151s\u00edt\u00e9s\u00e9t, \u00f6ntev\u00e9keny csoportok l\u00e9trej\u00f6tt\u00e9nek \u00f6szt\u00f6nz\u00e9s\u00e9t, illetve a gener\u00e1ci\u00f3k k\u00f6zti p\u00e1rbesz\u00e9d el\u0151seg\u00edt\u00e9s\u00e9t. Tev\u00e9kenys\u00e9g\u00fcnket mindv\u00e9gig az EKF \u00e9rt\u00e9kek \u00e9s c\u00e9lkit\u0171z\u00e9sek ment\u00e9n v\u00e9gezt\u00fck.<\/p>\n<p>&nbsp;<\/p>\n<p><strong>Jutasi Piknik \u00e9s Olimpia<\/strong><\/p>\n<p><strong>Azonos\u00edt\u00f3sz\u00e1m: OC-MUV\/1-2021\/5497<\/strong><\/p>\n<p><strong>A t\u00e1mogatott tev\u00e9kenys\u00e9g id\u0151tartama: 2021.05.28-2021.10.31.<\/strong><\/p>\n<p><strong>A t\u00e1mogat\u00e1s \u00f6sszege: 11.482.812 Ft<\/strong><\/p>\n<p>A projekttel olyan egyedi rendezv\u00e9nyt k\u00edv\u00e1ntunk megval\u00f3s\u00edtani, mely \u00fajszer\u0171 \u00e9s a t\u00f6bbi v\u00e1rosi esem\u00e9nyt\u0151l elt\u00e9r\u0151 profillal rendelkezik. Igyekezt\u00fcnk reflekt\u00e1lni a lak\u00f3telepiek azon ig\u00e9nyeire, melyek eddig kev\u00e9sb\u00e9 kaptak teret. Arra t\u00f6rekedt\u00fcnk, hogy a lak\u00f3telepen \u00e9l\u0151k aktiviz\u00e1l\u00f3djanak, \u00faj tapasztalatokat szerezzenek, k\u00f6z\u00f6s \u00e9lm\u00e9nyekkel gazdagodjanak. C\u00e9lunk volt tov\u00e1bb\u00e1, hogy a program be\u00e9p\u00fclj\u00f6n a k\u00f6ztudatba \u00e9s 2022-ben, majd 2023-ban egyre nagyobb volumen\u0171 esem\u00e9nny\u00e9 form\u00e1l\u00f3djon. A De\u00e1k Iskola el\u0151tt Nordic Walking bemutat\u00f3, a T\u00e1bor\u00e1ll\u00e1s parkban csal\u00e1di \u00e9s gyerekprogramok, cukr\u00e1szati \u00e9s gasztron\u00f3miai bemutat\u00f3k, a K\u00e1lvin J\u00e1nos parkban cirkuszi, valamint sporttal, mozg\u00e1ssal kapcsolatos esem\u00e9nyek, illetve koncertek v\u00e1rt\u00e1k az \u00e9rdekl\u0151d\u0151ket. Vend\u00e9g\u00fcnk volt t\u00f6bbek k\u00f6z\u00f6tt Rubint R\u00e9ka, Sub Bass Monster \u00e9s a H\u0151s\u00f6k Zenekar.<\/p>\n<p>A hagyom\u00e1nyteremt\u0151 sz\u00e1nd\u00e9kkal l\u00e9trej\u00f6v\u0151 program hat\u00e1s\u00e1ra az itt \u00e9l\u0151k kultur\u00e1lis \u00e9lete soksz\u00edn\u0171bb\u00e9 v\u00e1lt, a l\u00e1togat\u00f3k maradand\u00f3 \u00e9lm\u00e9nnyel gazdagodtak. A rendezv\u00e9ny hozz\u00e1j\u00e1rult ahhoz, hogy a lak\u00f3telepiek jobban \u00e9rezz\u00e9k magukat lak\u00f3hely\u00fck\u00f6n, k\u00f6z\u00f6sen sz\u00f3rakozzanak, egy\u00fctt t\u00f6lts\u00e9k szabadidej\u00fcket. A lakosok r\u00e9szv\u00e9tel\u00e9vel megval\u00f3sul\u00f3 programok nemcsak tartalmas kikapcsol\u00f3d\u00e1si lehet\u0151s\u00e9get ny\u00fajtottak, hanem k\u00f6zelebb hozt\u00e1k egym\u00e1shoz az egyes koroszt\u00e1lyokat, t\u00e1rsadalmi csoportokat \u00e9s k\u00f6z\u00f6ss\u00e9geket.<\/p>\n<p>&nbsp;<\/p>\n<p><strong style=\"font-size: 16px;\">II. Jutasi Piknik \u00e9s Olimpia \u2013 K\u00f6z\u00f6ss\u00e9gfejleszt\u00e9s a lak\u00f3telepen<\/strong><\/p>\n<p><strong>Azonos\u00edt\u00f3sz\u00e1m: OC-MUV\/3-2021\/868454<\/strong><\/p>\n<p><strong>A t\u00e1mogatott tev\u00e9kenys\u00e9g id\u0151tartama: 2022.02.01-2022.11.30.<\/strong><\/p>\n<p><strong>A t\u00e1mogat\u00e1s \u00f6sszege: 40.000.000 Ft<\/strong><\/p>\n<p>A projekt keret\u00e9ben a \u201eTud\u00e1sforr\u00e1s Szabadegyetem\u201d el\u0151ad\u00e1saival, Ker\u00edt\u00e9s rajzp\u00e1ly\u00e1zattal, aszfalt rajzversennyel, k\u00f6z\u00f6ss\u00e9gi j\u00e1t\u00e9kokkal, Jutasi fot\u00f3- \u00e9s hanggy\u0171jt\u00e9ssel, j\u00f3g\u00e1val, nordic walkinggal, Mini piknik esem\u00e9nyekkel, valamint a h\u00e1romnapos Jutasi Piknikkel v\u00e1rtuk az \u00e9rdekl\u0151d\u0151ket.<\/p>\n<p>A Jutasi Piknik \u00e9s Olimpia minden nap m\u00e1s-m\u00e1s tematik\u00e1val, m\u00e1s helysz\u00ednen zajlott. A De\u00e1k Iskola el\u0151tti parkban cirkuszi aktivit\u00e1sokkal, arcfest\u00e9ssel \u00e9s lufihajtogat\u00e1ssal \u00f6rvendeztett\u00fck meg a k\u00f6z\u00f6ns\u00e9get. A K\u00e1lvin J\u00e1nos parkban sporttal, mozg\u00e1ssal kapcsolatos programokkal, \u00fcgyess\u00e9gi bemutat\u00f3kkal, \u00e9s koncertekkel k\u00e9sz\u00fclt\u00fcnk. A sz\u00ednpadi fell\u00e9p\u0151k &#8211; FankaDeli, Vastag Csaba, Vastag Tam\u00e1s \u00e9s zenekaraik\u2013 nagy sikert arattak. A harmadik napon csal\u00e1di-\u00e9s gyerekprogramok, b\u00e1bsz\u00ednh\u00e1zi el\u0151ad\u00e1sok, valamint gasztron\u00f3miai esem\u00e9nyek zajlottak.<\/p>\n<p>A projekt sor\u00e1n olyan k\u00f6z\u00f6ss\u00e9g\u00e9p\u00edt\u0151 tev\u00e9kenys\u00e9get v\u00e9gezt\u00fcnk, melynek sor\u00e1n a lak\u00f3telepiek megsz\u00f3l\u00edt\u00e1s\u00e1val \u00e9s bevon\u00e1s\u00e1val, a k\u00f6z\u00f6ss\u00e9g r\u00e9szv\u00e9tele ment\u00e9n val\u00f3sultak meg k\u00f6z\u00f6s \u00e9lm\u00e9nyek, illetve fogalmaz\u00f3dtak meg k\u00f6z\u00f6s c\u00e9lok. Igaz\u00e1n modern, \u00e9lm\u00e9nyalap\u00fa programokat szervezt\u00fcnk. Siker\u00fclt minden koroszt\u00e1lyt megsz\u00f3l\u00edtanunk, kiemelten az ifj\u00fas\u00e1got. Nagy \u00f6r\u00f6m\u00fcnkre rengetegen kapcsol\u00f3dtak az esem\u00e9nyekhez, az iskol\u00e1sok \u00e9s \u00f3vod\u00e1sok aktivit\u00e1sa fel\u00fclm\u00falta elk\u00e9pzel\u00e9seinket.<\/p>\n<p>Az \u00e1ltalunk k\u00edn\u00e1lt programoknak k\u00f6sz\u00f6nhet\u0151en a lak\u00f3telepiek kultur\u00e1lis, m\u0171v\u00e9szeti \u00e9s k\u00f6z\u00f6ss\u00e9gi \u00e9lete sz\u00ednesedett, tartalmasabb\u00e1 v\u00e1lt. A projekt hozz\u00e1j\u00e1rult ahhoz, hogy a lak\u00f3k m\u00e9g ink\u00e1bb otthon \u00e9rezz\u00e9k magukat a lak\u00f3telepen.<\/p>\n<p>&nbsp;<\/p>\n<p><strong>III. Jutasi Piknik \u00e9s Olimpia \u2013 K\u00f6z\u00f6ss\u00e9gfejleszt\u00e9s a lak\u00f3telepen<\/strong><\/p>\n<p><strong>Azonos\u00edt\u00f3sz\u00e1m: OC-MUV\/4-2022\/413439<\/strong><\/p>\n<p><strong>A t\u00e1mogatott tev\u00e9kenys\u00e9g id\u0151tartama: 2022.09.01-2023.11.30.<\/strong><\/p>\n<p><strong>A t\u00e1mogat\u00e1s \u00f6sszege: 50.000.000 Ft<\/strong><\/p>\n<p>A projekt keret\u00e9ben 2023-ban is szabadegyetemi el\u0151ad\u00e1sokkal, maradand\u00f3 alkot\u00e1sokat eredm\u00e9nyez\u0151 k\u00f6z\u00f6ss\u00e9gi j\u00e1t\u00e9kokkal, ker\u00edt\u00e9s \u00e9s aszfalt rajzp\u00e1ly\u00e1zatokkal, t\u00e9rhaszn\u00e1lati programokkal, valamint mini piknik esem\u00e9nyekkel v\u00e1rjuk az \u00e9rdekl\u0151d\u0151ket. Fot\u00f3- \u00e9s hanggy\u0171jt\u00e9sre, illetve Olimpi\u00e1ra is h\u00edvjuk a lakosokat. Ut\u00f3bbira a Jutasi Piknik keret\u00e9ben ker\u00fcl sor, mely a 2022-es rendezv\u00e9nyhez hasonl\u00f3an ez\u00fattal is h\u00e1romnapos lesz, minden nap m\u00e1s-m\u00e1s tematik\u00e1val, m\u00e1s alk\u00f6zpontban.<\/p>\n<p>A De\u00e1k Iskola el\u0151tti parkban a hagyom\u00e1nyokhoz h\u00edven cirkuszi aktivit\u00e1sok val\u00f3sulnak meg. A Magyar Zsongl\u0151r Egyes\u00fclet akrobatik\u00e1t, akroj\u00f3g\u00e1t, zsongl\u0151rk\u00f6d\u00e9st, eszk\u00f6zk\u00f6lcs\u00f6nz\u00e9st \u00e9s k\u00fcl\u00f6nleges el\u0151ad\u00e1sokat k\u00edn\u00e1l a vend\u00e9geknek. A T\u00e1bor\u00e1ll\u00e1s parkban ism\u00e9t csal\u00e1di -\u00e9s gyerekprogramok, valamint gasztron\u00f3miai esem\u00e9nyek lesznek. A K\u00e1lvin J\u00e1nos parkban \u00fajra sporttal, mozg\u00e1ssal kapcsolatos programokkal, bemutat\u00f3kkal \u00e9s koncertekkel k\u00e9sz\u00fcl\u00fcnk. A l\u00e1togat\u00f3k t\u00f6bbek k\u00f6z\u00f6tt k\u00f6z\u00f6s torn\u00e1n \u00e9s sportversenyeken vehetnek r\u00e9szt, eg\u00e9sz nap csocs\u00f3zhatnak, ping pongozhatnak, m\u00e1sz\u00f3falazhatnak, teqballozhatnak, sakkozhatnak, illetve sz\u00e1mos egy\u00e9b sporteszk\u00f6zt kipr\u00f3b\u00e1lhatnak.<\/p>\n<p>A k\u00f6z\u00f6ss\u00e9gfejleszt\u0151 programok sor\u00e1n olyan m\u0171v\u00e9szeti, kreat\u00edv \u00e9s k\u00f6z\u00f6ss\u00e9g\u00e9p\u00edt\u0151 eszk\u00f6z\u00f6ket tervez\u00fcnk, melyek seg\u00edts\u00e9g\u00e9vel l\u00e9p\u00e9sr\u0151l l\u00e9p\u00e9sre tudunk hozz\u00e1j\u00e1rulni kisebb, majd nagyobb k\u00f6z\u00f6ss\u00e9gek l\u00e9trej\u00f6tt\u00e9hez. Az esem\u00e9nyek egyik pill\u00e9re a tud\u00e1smegoszt\u00e1s (pl. a Tud\u00e1sforr\u00e1s szabadegyetem helyt\u00f6rt\u00e9neti, m\u0171v\u00e9szett\u00f6rt\u00e9neti \u00e9s eg\u00e9szs\u00e9ges \u00e9letm\u00f3dra vonatkoz\u00f3 el\u0151ad\u00e1sai), m\u00e1sik a m\u0171v\u00e9szeti vonal (pl. rajzp\u00e1ly\u00e1zatok, fot\u00f3- \u00e9s hanggy\u0171jt\u00e9s, koncertek, \u00e9lm\u00e9nyzen\u00e9l\u00e9s, k\u00f6z\u00f6s alkot\u00f3 folyamatok), harmadik az eg\u00e9szs\u00e9ges \u00e9letm\u00f3dra nevel\u00e9s (pl. j\u00f3ga, Nordic Walking, mozg\u00e1sos programelemek, versenyek).<\/p>\n<p>2023-ban eddigi munk\u00e1nk kiteljesedik. Veszpr\u00e9mben az idei \u00e9v teljes eg\u00e9sz\u00e9ben az EKF-r\u0151l sz\u00f3l. Ehhez igazodva az Ag\u00f3ra is el\u0151r\u00e9bb l\u00e9p, m\u00e9g v\u00e1ltozatosabb programokkal, \u00faj t\u00e9m\u00e1kkal \u00e9s el\u0151ad\u00f3kkal v\u00e1rjuk az \u00e9rdekl\u0151d\u0151ket. Az egyre er\u0151teljesebb k\u00f6z\u00f6ss\u00e9gi bevon\u00e1ssal \u00e9s a soksz\u00edn\u0171 esem\u00e9nyk\u00edn\u00e1lattal nagym\u00e9rt\u00e9kben er\u0151s\u00edtj\u00fck a Jutasi brandet.<\/p>\n<p>&nbsp;<\/p>\n<p><strong>Az Ag\u00f3ra L\u00e1togat\u00f3bar\u00e1t Szempont\u00fa Fejleszt\u00e9se<\/strong><\/p>\n<p><strong>Azonos\u00edt\u00f3sz\u00e1m: OC-AUD\/1-2022\/987137<\/strong><\/p>\n<p><strong>A t\u00e1mogatott tev\u00e9kenys\u00e9g id\u0151tartama: 2022.05.01-2023.02.28.<\/strong><\/p>\n<p><strong>A t\u00e1mogat\u00e1s \u00f6sszege: 4.100.000 Ft<\/strong><\/p>\n<p>Int\u00e9zm\u00e9ny\u00fcnk az akad\u00e1lyok lek\u00fczd\u00e9se (a csal\u00e1dok, biciklisek \u00e9s kuty\u00e1sok \u00e9rdek\u00e9ben), a Veszpr\u00e9m legyen a kir\u00e1lyn\u00e9k v\u00e1rosa, az online, a l\u00e1togat\u00f3menedzsment, a Legy\u00fcnk z\u00f6ldek, valamint az akad\u00e1lymentess\u00e9g t\u00e9mater\u00fcleten val\u00f3s\u00edtott meg fejleszt\u00e9seket.<\/p>\n<p>A p\u00e1ly\u00e1zat keret\u00e9ben b\u0151v\u00edtett\u00fck eszk\u00f6zk\u00e9szlet\u00fcnket. Az akad\u00e1lyok lek\u00fczd\u00e9se kapcs\u00e1n gyereksarkot hoztunk l\u00e9tre \u00e9s sz\u00e1mos gyerekbar\u00e1t eszk\u00f6zt v\u00e1s\u00e1roltunk: b\u00e9bi\u00e9tel meleg\u00edt\u0151, hangtomp\u00edt\u00f3 f\u00fcltok, etet\u0151sz\u00e9k, gyereksz\u0151nyeg, pelenkaszemetes ut\u00e1nt\u00f6lt\u0151vel, WC sz\u0171k\u00edt\u0151k, fell\u00e9p\u0151k, \u00fcl\u00e9smagas\u00edt\u00f3k, sz\u00ednes fab\u00fatorok, ismeretterjeszt\u0151 \u00e9s foglalkoztat\u00f3 k\u00f6nyvek, logikai-, k\u00e9szs\u00e9gfejleszt\u0151- \u00e9s kreat\u00edv j\u00e1t\u00e9kok, sz\u00ednes p\u00e1rn\u00e1k, poharak, t\u00e1ny\u00e9rok, rajzeszk\u00f6z\u00f6k. Ezeken k\u00edv\u00fcl kutya itat\u00f3t\u00e1lat vett\u00fcnk.<\/p>\n<p>A Veszpr\u00e9m legyen a kir\u00e1lyn\u00e9k v\u00e1rosa t\u00e9mater\u00fclethez kapcsol\u00f3d\u00f3an parav\u00e1nokat \u00e9s vet\u00edt\u0151v\u00e1sznat szerezt\u00fcnk be. Emellett minden szabadt\u00e9ri rendezv\u00e9ny\u00fcnkre kivitt\u00fck a 3,5 m-es Gizella \u00e9s Istv\u00e1n \u00f3ri\u00e1sb\u00e1bjainkat, lehet\u0151s\u00e9get adva az \u00e9rdekl\u0151d\u0151knek a vel\u00fck val\u00f3 fot\u00f3zkod\u00e1sra. \u201eA N\u0150 arcai\u201d c\u00edmmel k\u00e9pz\u0151m\u0171v\u00e9szeti p\u00e1ly\u00e1zatot hirdett\u00fcnk. A szak\u00e9rt\u0151 zs\u0171ri \u00e1ltal kiv\u00e1lasztott alkot\u00e1sokb\u00f3l ki\u00e1ll\u00edt\u00e1st szervezt\u00fcnk.<\/p>\n<p>Az online ter\u00fcleten megt\u00f6rt\u00e9nt int\u00e9zm\u00e9nyi honlapunk tartalm\u00e1nak, k\u00fclalakj\u00e1nak friss\u00edt\u00e9se, men\u00fcstrukt\u00far\u00e1j\u00e1nak egys\u00e9ges\u00edt\u00e9se, angol nyelvre ford\u00edt\u00e1sa, illetve teljes k\u00f6r\u0171 akad\u00e1lymentes\u00edt\u00e9se. Emellett gyerekprogramok men\u00fcpontot hoztunk l\u00e9tre, sz\u0171r\u0151kkel ell\u00e1tott esem\u00e9nynapt\u00e1rt alak\u00edtottunk ki, minden l\u00e1togat\u00f3bar\u00e1t szolg\u00e1ltat\u00e1st, z\u00f6ld int\u00e9zked\u00e9st felt\u00fcntett\u00fcnk \u00e9s el\u00e9rhet\u0151v\u00e9 tett\u00fck weboldalunkon a veszpr\u00e9mi l\u00e1tnival\u00f3k linkj\u00e9t.<\/p>\n<p>A l\u00e1togat\u00f3menedzsment fejleszt\u00e9sek keret\u00e9ben hat\u00e9konyabb t\u00e1j\u00e9koztat\u00e1st szolg\u00e1l\u00f3 vizu\u00e1lis eszk\u00f6zt, valamint \u00fatbaigaz\u00edt\u00f3 mobil meg\u00e1ll\u00edt\u00f3t\u00e1bl\u00e1kat v\u00e1s\u00e1roltunk.<\/p>\n<p>A Legy\u00fcnk z\u00f6ldek t\u00e9mater\u00fclet eset\u00e9ben szelekt\u00edv hullad\u00e9kgy\u0171jt\u0151 ed\u00e9nyeket, k\u00f6rnyezetv\u00e9delmi k\u00f6nyveket, haszn\u00e1lt elemgy\u0171jt\u0151t, LED izz\u00f3kat, illetve z\u00f6ld falat szerezt\u00fcnk be.<\/p>\n<p>Az akad\u00e1lymentess\u00e9g kapcs\u00e1n jelnyelvi tolm\u00e1csszolg\u00e1ltat\u00e1st ny\u00fajt\u00f3, QR k\u00f3d leolvas\u00e1sra alkalmas kontakt tableteket vett\u00fcnk.<\/p>\n<p>&nbsp;<\/p>\n<p><strong>Veszpr\u00e9mi Advent 2022<\/strong><\/p>\n<p><strong>Azonos\u00edt\u00f3sz\u00e1m: ET-PRG-2022\/683771 <\/strong><\/p>\n<p><strong>A t\u00e1mogatott tev\u00e9kenys\u00e9g id\u0151tartama: 2022.11.10-2023.02.28.<\/strong><\/p>\n<p><strong>A t\u00e1mogat\u00e1s \u00f6sszege: 20.000.000 Ft<\/strong><\/p>\n<p>Veszpr\u00e9mi Advent 2022 programsorozat, november 25. \u00e9s december 23. k\u00f6z\u00f6tt ker\u00fcl megrendez\u00e9sre. Ez id\u0151 alatt egy 16 db fah\u00e1zb\u00f3l \u00e1ll\u00f3 adventi v\u00e1s\u00e1r v\u00e1rta az \u00fcnnepre hangol\u00f3d\u00f3 k\u00f6z\u00f6ns\u00e9get. A v\u00e1s\u00e1rban veszpr\u00e9mi k\u00e9zm\u0171vesek, v\u00e1llalkoz\u00f3k k\u00edn\u00e1lt\u00e1k port\u00e9k\u00e1ikat. A v\u00e1s\u00e1roz\u00f3k mellett 2 fah\u00e1zban a civilek kaptak helyet, amelynek szinte \u00e1lland\u00f3 haszn\u00e1l\u00f3ja a H\u00e1tr\u00e1nyos Helyzet\u0171 Fiatalok\u00e9rt Egyes\u00fclet volt, de helyet kaptak \u00e1llatv\u00e9d\u0151k \u00e9s iskolai alap\u00edtv\u00e1nyok is. A v\u00e1s\u00e1r mellett az adventi h\u00e9tv\u00e9g\u00e9ken, f\u00e9nyfest\u00e9ssel, k\u00e9zm\u0171ves foglalkoz\u00e1sokkal, zsongl\u0151rk\u00f6d\u00e9ssel, b\u00e1bkunyh\u00f3val, j\u00e1t\u00e9kt\u00e9rrel, \u00e1llatsimogat\u00f3val \u00e9s v\u00e1ltozatos sz\u00ednpadi programokkal &#8211; ahol szint\u00e9n a helyi fell\u00e9p\u0151k\u00e9 volt a f\u0151szerep &#8211; sz\u00ednes\u00edtett\u00fck a kar\u00e1csonyi hangulatot. C\u00e9lunk, az volt, hogy a veszpr\u00e9miek egy\u00fctt \u00fcnnepeljenek, a k\u00f6z\u00f6ss\u00e9gek tagjai egy\u00fctt \u00e9lj\u00e9k \u00e1t az \u00fcnnepre hangol\u00f3d\u00e1s meghitt pillanatait. C\u00e9lunk teljes m\u00e9rt\u00e9kben megval\u00f3sult, hiszen, sz\u00e1mos civil szervezet, nemzetis\u00e9gi \u00f6nkorm\u00e1nyzat, \u00f3voda, \u00e1ltal\u00e1nos- \u00e9s k\u00f6z\u00e9piskola \u00e9s szinte az \u00f6sszes v\u00e1rosi int\u00e9zm\u00e9ny k\u00e9pviselte mag\u00e1t a rendezv\u00e9nyen.<\/p>\n<p>[\/et_pb_text][et_pb_image src=&#8221;https:\/\/agoraveszprem.hu\/wp-content\/uploads\/2023\/08\/ekf_logo.png&#8221; title_text=&#8221;VEB 2023 log\u00f3&#8221; align=&#8221;center&#8221; _builder_version=&#8221;4.24.3&#8243; _module_preset=&#8221;default&#8221; width=&#8221;28%&#8221; hover_enabled=&#8221;0&#8243; global_colors_info=&#8221;{}&#8221; alt=&#8221;VEB 2023 log\u00f3&#8221; sticky_enabled=&#8221;0&#8243;][\/et_pb_image][\/et_pb_column][\/et_pb_row][et_pb_row _builder_version=&#8221;4.16&#8243; global_colors_info=&#8221;{}&#8221;][et_pb_column type=&#8221;4_4&#8243; _builder_version=&#8221;4.16&#8243; global_colors_info=&#8221;{}&#8221;][et_pb_divider divider_style=&#8221;dashed&#8221; divider_position=&#8221;center&#8221; _builder_version=&#8221;4.16&#8243; custom_padding=&#8221;|||0px||&#8221; global_colors_info=&#8221;{}&#8221;][\/et_pb_divider][et_pb_text _builder_version=&#8221;4.24.2&#8243; text_text_color=&#8221;#976d35&#8243; text_font_size=&#8221;18px&#8221; global_colors_info=&#8221;{}&#8221;]<\/p>\n<blockquote>\n<p style=\"text-align: justify;\">Ag\u00f3ra Veszpr\u00e9m Kultur\u00e1lis K\u00f6zpont<\/p>\n<p style=\"text-align: justify;\">&#8222;\u00c9lm\u00e9ny, k\u00f6z\u00f6ss\u00e9g, tud\u00e1s&#8221; csal\u00e1di programok az Ag\u00f3r\u00e1val<\/p>\n<\/blockquote>\n<p>[\/et_pb_text][et_pb_image src=&#8221;https:\/\/agoraveszprem.hu\/wp-content\/uploads\/2021\/03\/sz2020-1.png&#8221; title_text=&#8221;szechenyi2020&#8243; align=&#8221;center&#8221; _builder_version=&#8221;4.24.3&#8243; _module_preset=&#8221;default&#8221; hover_enabled=&#8221;0&#8243; global_colors_info=&#8221;{}&#8221; alt=&#8221;szechenyi2020&#8243; sticky_enabled=&#8221;0&#8243;][\/et_pb_image][et_pb_text _builder_version=&#8221;4.16&#8243; _module_preset=&#8221;default&#8221; global_colors_info=&#8221;{}&#8221;]<\/p>\n<p>A kedvezm\u00e9nyezett neve: AG\u00d3RA VESZPR\u00c9M KULTUR\u00c1LIS K\u00d6ZPONT<br \/>A projekt c\u00edme: \u201e\u00c9lm\u00e9ny, k\u00f6z\u00f6ss\u00e9g, tud\u00e1s\u201d csal\u00e1di programok az Ag\u00f3r\u00e1val<br \/>A szerz\u0151d\u00f6tt t\u00e1mogat\u00e1s \u00f6sszege: 20 000 000 Ft<br \/>A t\u00e1mogat\u00e1s m\u00e9rt\u00e9ke: 100%<br \/>A projekt tervezett befejez\u00e9si d\u00e1tuma: 2021.12.30.<br \/>A projekt azonos\u00edt\u00f3 sz\u00e1ma: TOP-7.1.1-16-H-ESZA-2019-01202<\/p>\n<p><em>A projekt tartalm\u00e1nak bemutat\u00e1sa:<\/em><\/p>\n<p><strong>\u00d6nv\u00e9delmi tr\u00e9ning<\/strong> &#8211; A tr\u00e9ning, melynek alapvet\u0151 c\u00e9lkit\u0171z\u00e9se a csal\u00e1dok \u00f3v\u00e1sa, t\u00e1mogat\u00e1sa, biztons\u00e1g\u00e9rzet\u00e9nek n\u00f6vel\u00e9se, \u00faj program a v\u00e1ros k\u00f6z\u00f6ss\u00e9gi \u00e9let\u00e9ben. Seg\u00edts\u00e9get ny\u00fajt \u00e9letvezet\u00e9si probl\u00e9m\u00e1k csoportos, k\u00f6z\u00f6ss\u00e9gben t\u00f6rt\u00e9n\u0151 megold\u00e1s\u00e1hoz, a csal\u00e1dtagokat \u00e9rint\u0151 vesz\u00e9lyek megel\u0151z\u00e9s\u00e9hez. Gyakorlatorient\u00e1lt, k\u00f6z\u00e9ppontj\u00e1ban az interakt\u00edv tanul\u00e1s \u00e1ll. A sz\u00fcl\u0151k \u00e9s gyerekek k\u00f6z\u00f6s tev\u00e9kenys\u00e9ge, a t\u00e1rsas tanul\u00e1si forma kiv\u00e1l\u00f3 lehet\u0151s\u00e9get biztos\u00edt a kompetenci\u00e1k fejleszt\u00e9s\u00e9hez, illetve \u00faj k\u00f6z\u00f6ss\u00e9gek bevon\u00e1s\u00e1hoz. Hozz\u00e1j\u00e1rul tov\u00e1bb\u00e1 az eg\u00e9szs\u00e9gtudatos \u00e9letvitelhez, a r\u00e9sztvev\u0151k tudatoss\u00e1g\u00e1nak fokoz\u00e1s\u00e1hoz.<\/p>\n<p><a href=\"http:\/\/gofile.me\/3jNZ1\/X7F11XhQj\" target=\"_blank\" rel=\"noopener\" title=\"K\u00e9pgal\u00e9ria\">K\u00e9pgal\u00e9ria<\/a><\/p>\n<p><strong>Prevenci\u00f3s csal\u00e1di nap<\/strong> &#8211; A rendezv\u00e9ny hozz\u00e1j\u00e1rul a helyi t\u00e1rsadalom \u00e1talakul\u00e1s\u00e1hoz, tudatoss\u00e1g\u00e1nak fokoz\u00e1s\u00e1hoz, szeml\u00e9let\u00e9nek form\u00e1l\u00e1s\u00e1hoz. J\u00f3 alkalom arra, hogy a k\u00f6z\u00f6ss\u00e9gi \u00e9let meg\u00fajuljon \u00e9s a l\u00e1togat\u00f3k egy\u00fcttm\u0171k\u00f6d\u0151 k\u00f6z\u00f6ss\u00e9g\u00e9 form\u00e1l\u00f3djanak. A rendezv\u00e9ny k\u00e9szs\u00e9g- \u00e9s k\u00e9pess\u00e9gfejleszt\u0151, helyes \u00f6n\u00e9rt\u00e9kel\u00e9sre nevel\u0151, \u00f6nbecs\u00fcl\u00e9st \u00e9p\u00edt\u0151 interakt\u00edv program. T\u00e1mogatja a csal\u00e1di nevel\u00e9st, j\u00f3l szolg\u00e1lja az esetleges nevel\u00e9si hi\u00e1nyoss\u00e1gok p\u00f3tl\u00e1s\u00e1t.<\/p>\n<p><a href=\"http:\/\/gofile.me\/3jNZ1\/5yPRFhAPa\" target=\"_blank\" rel=\"noopener\" title=\"K\u00e9pgal\u00e9ria\">K\u00e9pgal\u00e9ria<\/a><\/p>\n<p><strong>Ag\u00f3ra csal\u00e1di nap<\/strong> &#8211; A gyerekek \u00e9s feln\u0151ttek k\u00f6z\u00f6s j\u00e1t\u00e9ktev\u00e9kenys\u00e9ge t\u00e1mogatja a csal\u00e1di \u00e9let pozit\u00edv ir\u00e1ny\u00fa alakul\u00e1s\u00e1t, a csal\u00e1dok k\u00f6z\u00f6ss\u00e9gg\u00e9 form\u00e1l\u00f3d\u00e1s\u00e1t. A program k\u00f6tetlen, k\u00f6nnyen el\u00e9rhet\u0151, kultur\u00e1lis \u00e9s k\u00f6z\u00f6ss\u00e9gi tartalm\u00fa, helyi identit\u00e1studatot el\u0151seg\u00edt\u0151, illetve k\u00f6z\u00f6ss\u00e9g\u00e9p\u00edt\u0151 hat\u00e1ssal b\u00edr\u00f3 esem\u00e9ny.<\/p>\n<p><a href=\"http:\/\/gofile.me\/3jNZ1\/ilVpTJz6q\" target=\"_blank\" rel=\"noopener\" title=\"K\u00e9pgal\u00e9ria\">K\u00e9pgal\u00e9ria<\/a><\/p>\n<p>\u201e<strong>Csal\u00e1dbar\u00e1t Sz\u00fcl\u0151 Klub<\/strong>\u201d \u2013 az el\u0151ad\u00e1ssorozat f\u0151 c\u00e9lja a sz\u00fcl\u0151k \u00e9s a gyerekekkel foglalkoz\u00f3 szakemberek \u00e9rz\u00e9keny\u00edt\u00e9se, eduk\u00e1l\u00e1sa, ismereteinek t\u00e1g\u00edt\u00e1sa, szeml\u00e9let\u00e9nek form\u00e1l\u00e1sa, valamint a t\u00e1rsadalmi felel\u0151ss\u00e9gv\u00e1llal\u00e1s el\u0151seg\u00edt\u00e9se.<\/p>\n<p><a href=\"http:\/\/gofile.me\/3jNZ1\/zCDQKKC9m\" target=\"_blank\" rel=\"noopener\" title=\"K\u00e9pgal\u00e9ria\">K\u00e9pgal\u00e9ria<\/a><\/p>\n<p><strong>Nyelvvizsg\u00e1ra felk\u00e9sz\u00edt\u0151 intenz\u00edv nyelvtanfolyamok az Ag\u00f3r\u00e1ban<\/strong> \u2013 c\u00e9lunk, hogy a r\u00e9sztvev\u0151 di\u00e1kok k\u00f6zelebb ker\u00fcljenek egy sikeres nyelvvizsga megszerz\u00e9s\u00e9hez, mellyel a sz\u00fcl\u0151k anyagi terhe cs\u00f6kkenthet\u0151.<\/p>\n<p><a href=\"http:\/\/gofile.me\/3jNZ1\/ctBCgCYZ3\" target=\"_blank\" rel=\"noopener\" title=\"K\u00e9pgal\u00e9ria\">K\u00e9pgal\u00e9ria<\/a><\/p>\n<p><strong>A Mozogj a parkban!<\/strong> &#8211; programon a gyerekeknek \u00e9s a feln\u0151tteknek lehet\u0151s\u00e9g\u00fck van az egy\u00fctt j\u00e1tsz\u00e1sra \u00e9s a versenyz\u00e9sre, a k\u00f6z\u00f6s \u00e9lm\u00e9ny pedig seg\u00edti a csal\u00e1di k\u00f6tel\u00e9kek er\u0151s\u00f6d\u00e9s\u00e9t, valamint hozz\u00e1j\u00e1rul az eg\u00e9szs\u00e9ges \u00e9letm\u00f3dra nevel\u00e9shez.<\/p>\n<p><a href=\"http:\/\/gofile.me\/3jNZ1\/XtHDfC7eM\" target=\"_blank\" rel=\"noopener\" title=\"K\u00e9pgal\u00e9ria\">K\u00e9pgal\u00e9ria<\/a><\/p>\n<p><strong>Kis cukr\u00e1sz napk\u00f6zi<\/strong> &#8211; c\u00e9lja, hogy a gyerekeknek tartalmas sz\u00f3rakoz\u00e1si \u00e9s tanul\u00e1si lehet\u0151s\u00e9get biztos\u00edtsunk az oktat\u00e1si int\u00e9zm\u00e9ny keretein k\u00edv\u00fcl.<\/p>\n<p><a href=\"http:\/\/gofile.me\/3jNZ1\/076gi559c\" target=\"_blank\" rel=\"noopener\" title=\"K\u00e9pgal\u00e9ria\">K\u00e9pgal\u00e9ria<\/a><\/p>\n<p>\u201e<strong>Csal\u00e1d az els\u0151<\/strong>\u201d &#8211; A sz\u00f3rakoztat\u00e1s mellett c\u00e9lja a gyermek-sz\u00fcl\u0151 kapcsolat er\u0151s\u00edt\u00e9se, m\u00e1s gyermekekkel \u00e9s csal\u00e1dokkal val\u00f3 megismerked\u00e9s, \u00edgy a k\u00f6z\u00f6ss\u00e9g\u00e9p\u00edt\u00e9s is. A j\u00e1tsz\u00f3h\u00e1zak \u00e9s a t\u00e1nch\u00e1zak is fejlesztik a kreativit\u00e1st, valamint megismertetj\u00fck a gyermekekkel a hagyom\u00e1nyokat, a n\u00e9pi kult\u00far\u00e1t.<\/p>\n<p><a href=\"http:\/\/gofile.me\/3jNZ1\/FbWuPxdLO\" target=\"_blank\" rel=\"noopener\" title=\"K\u00e9pgal\u00e9ria\">K\u00e9pgal\u00e9ria<\/a><\/p>\n<p>\u201c<strong>Ap\u00e1r\u00f3l fi\u00fara \u2013 Hagyom\u00e1ny\u0151rz\u0151 csal\u00e1di d\u00e9lut\u00e1n<\/strong>\u201d &#8211; a programsorozat c\u00e9lja a jeles napok n\u00e9pszok\u00e1sainak feleleven\u00edt\u00e9se \u00e9s tov\u00e1bbad\u00e1sa a mai kor gyermekei sz\u00e1m\u00e1ra, valamint a sz\u00fcl\u0151\/nagysz\u00fcl\u0151 \u2013 gyermek kapcsolat\u00e1nak er\u0151s\u00edt\u00e9se a k\u00f6z\u00f6s j\u00e1t\u00e9ktev\u00e9kenys\u00e9g\u00e9n kereszt\u00fcl.<\/p>\n<p><a href=\"http:\/\/gofile.me\/3jNZ1\/MRFiE2Hjo\" target=\"_blank\" rel=\"noopener\" title=\"K\u00e9pgal\u00e9ria\">K\u00e9pgal\u00e9ria<\/a><\/p>\n<p><strong>Eg\u00e9szs\u00e9gmeg\u0151rz\u00e9s a csal\u00e1dban<\/strong> \u2013 az el\u0151ad\u00e1ssorozat c\u00e9lja az eg\u00e9szs\u00e9gmeg\u0151rz\u00e9s, a betegs\u00e9gmegel\u0151z\u00e9s, a boldog csal\u00e1di \u00e9let, valamint a harmonikus egyens\u00faly megteremt\u00e9se, amely, a csal\u00e1dtagok \u00e9letkori saj\u00e1toss\u00e1gait figyelembe v\u00e9ve, sokf\u00e9le t\u00e9m\u00e1t \u00e9rintve ny\u00fajt seg\u00edts\u00e9get a gener\u00e1ci\u00f3k k\u00fcl\u00f6nb\u00f6z\u0151 eg\u00e9szs\u00e9g\u00fcgyi probl\u00e9m\u00e1iban.<\/p>\n<p><a href=\"http:\/\/gofile.me\/3jNZ1\/zcVmFv3jZ\" target=\"_blank\" rel=\"noopener\" title=\"K\u00e9pgal\u00e9ria\">K\u00e9pgal\u00e9ria<\/a><\/p>\n<p>[\/et_pb_text][et_pb_divider divider_style=&#8221;dashed&#8221; divider_position=&#8221;center&#8221; _builder_version=&#8221;4.16&#8243; custom_padding=&#8221;|||0px||&#8221; global_colors_info=&#8221;{}&#8221;][\/et_pb_divider][et_pb_text _builder_version=&#8221;4.24.2&#8243; text_text_color=&#8221;#976d35&#8243; text_font_size=&#8221;18px&#8221; global_colors_info=&#8221;{}&#8221;]<\/p>\n<blockquote>\n<p style=\"text-align: justify;\">&#8222;TOP-6.9.2-16-VP1-2018-00001<\/p>\n<p style=\"text-align: justify;\">Helyi identit\u00e1s &#8211; K\u00f6z\u00f6ss\u00e9gfejleszt\u00e9s<\/p>\n<p style=\"text-align: justify;\">Veszpr\u00e9m v\u00e1ros telep\u00fcl\u00e9s r\u00e9szein&#8221; elnevez\u00e9s\u0171 p\u00e1ly\u00e1zat<\/p>\n<\/blockquote>\n<p>[\/et_pb_text][\/et_pb_column][\/et_pb_row][et_pb_row _builder_version=&#8221;4.16&#8243; module_alignment=&#8221;center&#8221; custom_margin=&#8221;-4px|auto||auto||&#8221; custom_padding=&#8221;0px|||||&#8221; global_colors_info=&#8221;{}&#8221;][et_pb_column type=&#8221;4_4&#8243; _builder_version=&#8221;4.16&#8243; custom_padding=&#8221;|||&#8221; global_colors_info=&#8221;{}&#8221; custom_padding__hover=&#8221;|||&#8221;][et_pb_text _builder_version=&#8221;4.24.3&#8243; width=&#8221;60%&#8221; max_width=&#8221;60%&#8221; module_alignment=&#8221;center&#8221; animation_style=&#8221;fold&#8221; hover_enabled=&#8221;0&#8243; border_width_all=&#8221;2px&#8221; border_color_all=&#8221;#9e2a87&#8243; box_shadow_style=&#8221;preset2&#8243; global_colors_info=&#8221;{}&#8221; sticky_enabled=&#8221;0&#8243;]<\/p>\n<p style=\"text-align: center;\"><img loading=\"lazy\" decoding=\"async\" src=\"https:\/\/agoraveszprem.hu\/wp-content\/uploads\/2019\/09\/TOP-692-plak\u00e1t-1.jpg\" width=\"2112\" height=\"3047\" alt=\"TOP plak\u00e1t\" title=\"TOP plak\u00e1t\" class=\"wp-image-2878 alignnone size-full\" \/><\/p>\n<p>[\/et_pb_text][et_pb_divider color=&#8221;#d7a562&#8243; divider_style=&#8221;dotted&#8221; divider_weight=&#8221;2px&#8221; _builder_version=&#8221;4.16&#8243; min_height=&#8221;2px&#8221; height=&#8221;0px&#8221; custom_margin=&#8221;-16px||6px|||&#8221; custom_padding=&#8221;22px|||||&#8221; global_colors_info=&#8221;{}&#8221;][\/et_pb_divider][\/et_pb_column][\/et_pb_row][\/et_pb_section][et_pb_section fb_built=&#8221;1&#8243; custom_padding_last_edited=&#8221;on|desktop&#8221; prev_background_color=&#8221;#ffffff&#8221; admin_label=&#8221;Footer&#8221; _builder_version=&#8221;4.16&#8243; use_background_color_gradient=&#8221;on&#8221; background_color_gradient_direction=&#8221;130deg&#8221; background_color_gradient_stops=&#8221;#9e2a87 0%|#cccccc 100%&#8221; background_color_gradient_start=&#8221;#9e2a87&#8243; background_color_gradient_end=&#8221;#cccccc&#8221; background_image=&#8221;https:\/\/agoraveszprem.hu\/wp-content\/uploads\/2019\/05\/AGORA-bg2.fw_-2-2.png&#8221; parallax=&#8221;on&#8221; custom_padding=&#8221;16vw||7vw||false|false&#8221; custom_padding_tablet=&#8221;100px||100px||true&#8221; custom_padding_phone=&#8221;||||true&#8221; top_divider_style=&#8221;ramp2&#8243; top_divider_height=&#8221;250px&#8221; top_divider_flip=&#8221;vertical&#8221; top_divider_height_tablet=&#8221;150px&#8221; top_divider_height_phone=&#8221;110px&#8221; top_divider_height_last_edited=&#8221;on|phone&#8221; saved_tabs=&#8221;all&#8221; global_colors_info=&#8221;{}&#8221;][et_pb_row _builder_version=&#8221;4.16&#8243; background_size=&#8221;initial&#8221; background_position=&#8221;top_left&#8221; background_repeat=&#8221;repeat&#8221; width=&#8221;83.4%&#8221; module_alignment=&#8221;center&#8221; custom_margin=&#8221;|||||&#8221; animation_style=&#8221;slide&#8221; global_colors_info=&#8221;{}&#8221;][et_pb_column type=&#8221;4_4&#8243; _builder_version=&#8221;4.16&#8243; custom_padding=&#8221;|||&#8221; global_colors_info=&#8221;{}&#8221; custom_padding__hover=&#8221;|||&#8221;][et_pb_text _builder_version=&#8221;4.24.2&#8243; text_font=&#8221;||||||||&#8221; header_font=&#8221;||||||||&#8221; header_2_font=&#8221;Playfair Display|700|||||||&#8221; header_2_text_align=&#8221;center&#8221; header_2_text_color=&#8221;#2b2b2b&#8221; header_2_line_height=&#8221;1.5em&#8221; background_size=&#8221;initial&#8221; background_position=&#8221;top_left&#8221; background_repeat=&#8221;repeat&#8221; text_orientation=&#8221;center&#8221; module_alignment=&#8221;center&#8221; min_height=&#8221;66px&#8221; custom_margin=&#8221;||10px|&#8221; custom_padding=&#8221;12px||0px|||&#8221; locked=&#8221;off&#8221; inline_fonts=&#8221;Abhaya Libre,GILL Sans&#8221; global_colors_info=&#8221;{}&#8221;]<\/p>\n<h2 class=\"akadalymentes_cimsor\"><span style=\"font-family: 'GILL Sans'; color: #ffffff;\">K\u00e9rd\u00e9se, \u00e9szrev\u00e9tele van? Vegye fel vel\u00fcnk a kapcsolatot!<\/span><\/h2>\n<p>[\/et_pb_text][et_pb_divider color=&#8221;#f7d584&#8243; divider_style=&#8221;dashed&#8221; divider_weight=&#8221;3px&#8221; disabled_on=&#8221;on|on|off&#8221; _builder_version=&#8221;4.16&#8243; max_width=&#8221;80px&#8221; module_alignment=&#8221;center&#8221; height=&#8221;10px&#8221; custom_margin=&#8221;||20px|&#8221; animation_style=&#8221;slide&#8221; animation_direction=&#8221;bottom&#8221; saved_tabs=&#8221;all&#8221; locked=&#8221;off&#8221; global_colors_info=&#8221;{}&#8221;][\/et_pb_divider][et_pb_text _builder_version=&#8221;4.24.2&#8243; _module_preset=&#8221;default&#8221; background_layout=&#8221;dark&#8221; custom_css_free_form=&#8221;input.wpcf7-submit {||    color: #ffffff !important;||}&#8221; global_colors_info=&#8221;{}&#8221;]<\/p>\n\n<div class=\"wpcf7 no-js\" id=\"wpcf7-f718-o1\" lang=\"hu-HU\" dir=\"ltr\" data-wpcf7-id=\"718\">\n<div class=\"screen-reader-response\"><p role=\"status\" aria-live=\"polite\" aria-atomic=\"true\"><\/p> <ul><\/ul><\/div>\n<form action=\"\/eng\/wp-json\/wp\/v2\/pages\/566#wpcf7-f718-o1\" method=\"post\" class=\"wpcf7-form init\" aria-label=\"Kapcsolatfelv\u00e9teli \u0171rlap\" novalidate=\"novalidate\" data-status=\"init\">\n<fieldset class=\"hidden-fields-container\"><input type=\"hidden\" name=\"_wpcf7\" value=\"718\" \/><input type=\"hidden\" name=\"_wpcf7_version\" value=\"6.1.7\" \/><input type=\"hidden\" name=\"_wpcf7_locale\" value=\"hu_HU\" \/><input type=\"hidden\" name=\"_wpcf7_unit_tag\" value=\"wpcf7-f718-o1\" \/><input type=\"hidden\" name=\"_wpcf7_container_post\" value=\"0\" \/><input type=\"hidden\" name=\"_wpcf7_posted_data_hash\" value=\"\" \/><input type=\"hidden\" name=\"_wpcf7_recaptcha_response\" value=\"\" \/>\n<\/fieldset>\n<div class=\"wpcf7-response-output\" aria-hidden=\"true\"><\/div>\n<fieldset>\n\t<p><label for=\"cfname\"> N\u00e9v (k\u00f6telez\u0151)<br \/>\n<span class=\"wpcf7-form-control-wrap\" data-name=\"your-name\"><input size=\"40\" maxlength=\"400\" class=\"wpcf7-form-control wpcf7-text wpcf7-validates-as-required\" id=\"cfname\" aria-required=\"true\" aria-invalid=\"false\" value=\"\" type=\"text\" name=\"your-name\" \/><\/span> <\/label>\n\t<\/p>\n\t<p><label for=\"cfemail\"> Email c\u00edm (k\u00f6telez\u0151)<br \/>\n<span class=\"wpcf7-form-control-wrap\" data-name=\"your-email\"><input size=\"40\" maxlength=\"400\" class=\"wpcf7-form-control wpcf7-email wpcf7-validates-as-required wpcf7-text wpcf7-validates-as-email\" id=\"cfemail\" aria-required=\"true\" aria-invalid=\"false\" value=\"\" type=\"email\" name=\"your-email\" \/><\/span> <\/label>\n\t<\/p>\n\t<p><label for=\"targy\"> T\u00e1rgy<br \/>\n<span class=\"wpcf7-form-control-wrap\" data-name=\"your-subject\"><input size=\"40\" maxlength=\"400\" class=\"wpcf7-form-control wpcf7-text\" id=\"targy\" aria-invalid=\"false\" value=\"\" type=\"text\" name=\"your-subject\" \/><\/span> <\/label>\n\t<\/p>\n\t<p><label for=\"uzenet\"> \u00dczenet<br \/>\n<span class=\"wpcf7-form-control-wrap\" data-name=\"your-message\"><textarea cols=\"40\" rows=\"10\" maxlength=\"2000\" class=\"wpcf7-form-control wpcf7-textarea\" id=\"uzenet\" aria-invalid=\"false\" name=\"your-message\"><\/textarea><\/span> <\/label>\n\t<\/p>\n\t<p><label for=\"gdpr\">K\u00e9rj\u00fck adja a hozz\u00e1j\u00e1rul\u00e1s\u00e1t.<\/label><br \/>\n<span class=\"wpcf7-form-control-wrap\" data-name=\"hozzajarulas\"><span class=\"wpcf7-form-control wpcf7-acceptance\"><span class=\"wpcf7-list-item\"><label><input type=\"checkbox\" name=\"hozzajarulas\" value=\"1\" id=\"gdpr\" aria-invalid=\"false\" \/><span class=\"wpcf7-list-item-label\">Elolvastam \u00e9s elfogadom az <a href=\"https:\/\/agoraveszprem.hu\/adatkezelesi-tajekoztato\/\" target=\"_blank\">Adatkezel\u00e9si t\u00e1j\u00e9koztat\u00f3ban<\/a> foglaltakat.<\/span><\/label><\/span><\/span><\/span>\n\t<\/p>\n<\/fieldset>\n<p><input class=\"wpcf7-form-control wpcf7-submit has-spinner\" type=\"submit\" value=\"K\u00fcld\u00e9s\" \/>\n<\/p>\n<\/form>\n<\/div>\n\n<p>[\/et_pb_text][\/et_pb_column][\/et_pb_row][et_pb_row _builder_version=&#8221;4.16&#8243; global_colors_info=&#8221;{}&#8221;][et_pb_column type=&#8221;4_4&#8243; _builder_version=&#8221;4.16&#8243; custom_padding=&#8221;|||&#8221; global_colors_info=&#8221;{}&#8221; custom_padding__hover=&#8221;|||&#8221;][et_pb_social_media_follow _builder_version=&#8221;4.16&#8243; text_orientation=&#8221;center&#8221; custom_padding=&#8221;14px|||||&#8221; border_radii=&#8221;on|34px|34px|34px|34px&#8221; global_colors_info=&#8221;{}&#8221;][et_pb_social_media_follow_network social_network=&#8221;facebook&#8221; url=&#8221;https:\/\/www.facebook.com\/vmkveszprem?fref=ts&#8221; _builder_version=&#8221;4.16&#8243; background_color=&#8221;#fcb6ab&#8221; global_colors_info=&#8221;{}&#8221; follow_button=&#8221;off&#8221; url_new_window=&#8221;on&#8221;]facebook[\/et_pb_social_media_follow_network][et_pb_social_media_follow_network social_network=&#8221;instagram&#8221; url=&#8221;https:\/\/www.instagram.com\/explore\/locations\/1020400020\/agora-veszprem-kulturalis-kozpont&#8221; _builder_version=&#8221;4.16&#8243; background_color=&#8221;#fcb6ab&#8221; global_colors_info=&#8221;{}&#8221; follow_button=&#8221;off&#8221; url_new_window=&#8221;on&#8221;]instagram[\/et_pb_social_media_follow_network][\/et_pb_social_media_follow][\/et_pb_column][\/et_pb_row][\/et_pb_section]<\/p>\n","protected":false},"excerpt":{"rendered":"<p>P\u00e1ly\u00e1zatok A VEB2023 EKF t\u00e1mogat\u00e1s\u00e1val megval\u00f3sul\u00f3 projektjeink: Nemzetis\u00e9gi Fesztiv\u00e1l-A vizu\u00e1lis \u00e9s k\u00e9pi kult\u00fara hat\u00e1sa \u00e9s jelent\u0151s\u00e9ge Azonos\u00edt\u00f3sz\u00e1m: OC-MUV\/4-2022\/871692 A t\u00e1mogatott tev\u00e9kenys\u00e9g id\u0151tartama: 2022.09.01-2023.11.30. A t\u00e1mogat\u00e1s \u00f6sszege: 113.655.000 Ft A projekt keret\u00e9ben csatlakoztunk az Eur\u00f3pa Kultur\u00e1lis F\u0151v\u00e1rosa Nagy Megnyit\u00f3 \u00fcnneps\u00e9ghez. Egy verbunk tematik\u00e1j\u00fa r\u00e9sz, \u00f3ri\u00e1sb\u00e1bok, valamint zenei \u00e9s n\u00e9pt\u00e1ncos k\u00f6zrem\u0171k\u00f6d\u0151k r\u00e9szv\u00e9tele sz\u00ednes\u00edtette a programot. A 2023. [&hellip;]<\/p>\n","protected":false},"author":1,"featured_media":0,"parent":0,"menu_order":0,"comment_status":"closed","ping_status":"closed","template":"","meta":{"_et_pb_use_builder":"on","_et_pb_old_content":"","_et_gb_content_width":"","footnotes":""},"class_list":["post-566","page","type-page","status-publish","hentry"],"_links":{"self":[{"href":"https:\/\/agoraveszprem.hu\/eng\/wp-json\/wp\/v2\/pages\/566","targetHints":{"allow":["GET"]}}],"collection":[{"href":"https:\/\/agoraveszprem.hu\/eng\/wp-json\/wp\/v2\/pages"}],"about":[{"href":"https:\/\/agoraveszprem.hu\/eng\/wp-json\/wp\/v2\/types\/page"}],"author":[{"embeddable":true,"href":"https:\/\/agoraveszprem.hu\/eng\/wp-json\/wp\/v2\/users\/1"}],"replies":[{"embeddable":true,"href":"https:\/\/agoraveszprem.hu\/eng\/wp-json\/wp\/v2\/comments?post=566"}],"version-history":[{"count":36,"href":"https:\/\/agoraveszprem.hu\/eng\/wp-json\/wp\/v2\/pages\/566\/revisions"}],"predecessor-version":[{"id":17705,"href":"https:\/\/agoraveszprem.hu\/eng\/wp-json\/wp\/v2\/pages\/566\/revisions\/17705"}],"wp:attachment":[{"href":"https:\/\/agoraveszprem.hu\/eng\/wp-json\/wp\/v2\/media?parent=566"}],"curies":[{"name":"wp","href":"https:\/\/api.w.org\/{rel}","templated":true}]}}