{"id":608,"date":"2019-04-17T09:51:57","date_gmt":"2019-04-17T08:51:57","guid":{"rendered":"https:\/\/agoraveszprem.hu\/?page_id=608"},"modified":"2024-03-21T09:54:13","modified_gmt":"2024-03-21T08:54:13","slug":"adatkezelesi-tajekoztato","status":"publish","type":"page","link":"https:\/\/agoraveszprem.hu\/eng\/adatkezelesi-tajekoztato\/","title":{"rendered":"Privacy notice"},"content":{"rendered":"<p>[et_pb_section fb_built=&#8221;1&#8243; custom_padding_last_edited=&#8221;on|desktop&#8221; next_background_color=&#8221;#ffffff&#8221; admin_label=&#8221;Header&#8221; _builder_version=&#8221;4.16&#8243; use_background_color_gradient=&#8221;on&#8221; background_color_gradient_direction=&#8221;130deg&#8221; background_color_gradient_stops=&#8221;#ffffff 0%|#F2F2FA 100%&#8221; background_color_gradient_start=&#8221;#ffffff&#8221; background_color_gradient_end=&#8221;#F2F2FA&#8221; background_image=&#8221;https:\/\/agoraveszprem.hu\/wp-content\/uploads\/2019\/05\/marketing-bg8-1.png&#8221; background_size=&#8221;contain&#8221; background_position=&#8221;top_left&#8221; custom_padding=&#8221;0vw||0vw||false|false&#8221; custom_padding_tablet=&#8221;100px||100px||true&#8221; custom_padding_phone=&#8221;||||true&#8221; top_divider_style=&#8221;ramp2&#8243; top_divider_color=&#8221;#d7a562&#8243; top_divider_height=&#8221;22px&#8221; top_divider_flip=&#8221;vertical&#8221; bottom_divider_style=&#8221;ramp2&#8243; bottom_divider_height=&#8221;250px&#8221; bottom_divider_flip=&#8221;horizontal&#8221; bottom_divider_height_tablet=&#8221;150px&#8221; bottom_divider_height_phone=&#8221;110px&#8221; bottom_divider_height_last_edited=&#8221;on|phone&#8221; saved_tabs=&#8221;all&#8221; global_colors_info=&#8221;{}&#8221;][et_pb_row _builder_version=&#8221;4.16&#8243; global_colors_info=&#8221;{}&#8221;][et_pb_column type=&#8221;4_4&#8243; _builder_version=&#8221;4.16&#8243; custom_padding=&#8221;|||&#8221; global_colors_info=&#8221;{}&#8221; custom_padding__hover=&#8221;|||&#8221;][et_pb_text _builder_version=&#8221;4.24.2&#8243; text_font=&#8221;Roboto||||||||&#8221; header_font=&#8221;Roboto|700|||||||&#8221; header_text_align=&#8221;center&#8221; header_font_size=&#8221;80px&#8221; header_line_height=&#8221;1.2em&#8221; header_3_font=&#8221;Roboto|700||on|||||&#8221; header_3_text_align=&#8221;center&#8221; header_3_text_color=&#8221;#ffffff&#8221; header_3_font_size=&#8221;24px&#8221; header_3_letter_spacing=&#8221;10px&#8221; header_3_line_height=&#8221;2em&#8221; text_orientation=&#8221;center&#8221; background_layout=&#8221;dark&#8221; module_alignment=&#8221;center&#8221; custom_margin=&#8221;||15px|||&#8221; hover_enabled=&#8221;0&#8243; text_font_size_last_edited=&#8221;off|desktop&#8221; header_font_size_tablet=&#8221;40px&#8221; header_font_size_phone=&#8221;32px&#8221; header_font_size_last_edited=&#8221;on|phone&#8221; header_3_font_size_tablet=&#8221;16px&#8221; header_3_font_size_phone=&#8221;14px&#8221; header_3_font_size_last_edited=&#8221;on|phone&#8221; header_3_letter_spacing_tablet=&#8221;5px&#8221; header_3_letter_spacing_phone=&#8221;&#8221; header_3_letter_spacing_last_edited=&#8221;on|tablet&#8221; inline_fonts=&#8221;Abhaya Libre&#8221; global_colors_info=&#8221;{}&#8221; sticky_enabled=&#8221;0&#8243;]<\/p>\n<h1><span style=\"font-family: 'Abhaya Libre'; font-weight: normal; color: #976d35;\">Adatkezel\u00e9si t\u00e1j\u00e9koztat\u00f3<\/span><\/h1>\n<p>[\/et_pb_text][et_pb_divider color=&#8221;#d7a562&#8243; divider_style=&#8221;dotted&#8221; divider_weight=&#8221;2px&#8221; _builder_version=&#8221;4.16&#8243; min_height=&#8221;24px&#8221; custom_margin=&#8221;-46px|||||&#8221; custom_padding=&#8221;11px|||||&#8221; global_colors_info=&#8221;{}&#8221;][\/et_pb_divider][\/et_pb_column][\/et_pb_row][et_pb_row _builder_version=&#8221;4.16&#8243; custom_margin=&#8221;-11px|auto||auto||&#8221; custom_padding=&#8221;0px|||||&#8221; global_colors_info=&#8221;{}&#8221;][et_pb_column type=&#8221;4_4&#8243; _builder_version=&#8221;4.16&#8243; custom_padding=&#8221;|||&#8221; global_colors_info=&#8221;{}&#8221; custom_padding__hover=&#8221;|||&#8221;][et_pb_text _builder_version=&#8221;4.24.2&#8243; inline_fonts=&#8221;Montserrat&#8221; global_colors_info=&#8221;{}&#8221;]<\/p>\n<blockquote>\n<p><strong style=\"color: #333333; font-size: 16px;\">Bevezet\u00e9s<\/strong><\/p>\n<p><span>Az Ag\u00f3ra Veszpr\u00e9m Kultur\u00e1lis K\u00f6zpont -n\u00e1l elk\u00f6telezettek vagyunk az \u00d6n szem\u00e9lyes adatainak v\u00e9delme ir\u00e1nt, kiemelten fontosnak tartjuk az \u00d6n inform\u00e1ci\u00f3s \u00f6nrendelkez\u00e9si jog\u00e1nak tiszteletben tart\u00e1s\u00e1t. Ez\u00faton szeretn\u00e9nk t\u00e1j\u00e9koztatni az \u00e1ltalunk v\u00e9gzett adatkezel\u00e9si tev\u00e9kenys\u00e9gekr\u0151l, illetve azokr\u00f3l az elvekr\u0151l \u00e9s szab\u00e1lyokr\u00f3l, amelyeket ennek sor\u00e1n k\u00f6telez\u0151en betartunk.<\/span><\/p>\n<p><span>Az Ag\u00f3ra Veszpr\u00e9m Kultur\u00e1lis K\u00f6zpont honlapj\u00e1nak (www.agoraveszprem.hu) haszn\u00e1lata \u00e9s a szolg\u00e1ltat\u00e1saink ig\u00e9nybev\u00e9tele sor\u00e1n adatkezel\u00e9sre kiz\u00e1r\u00f3lag az \u00d6n el\u0151zetes t\u00e1j\u00e9koztat\u00e1sa mellett \u00e9s kifejezett hozz\u00e1j\u00e1rul\u00e1sa alapj\u00e1n ker\u00fcl sor.<\/span><\/p>\n<h5><strong><span><\/span><\/strong><\/h5>\n<p><span style=\"font-family: Montserrat; font-weight: normal;\"><i><\/i><\/span><\/p>\n<p><span style=\"font-family: Montserrat; font-weight: normal;\"><i><\/i><\/span><\/p>\n<\/blockquote>\n<blockquote>\n<h5><strong><span>Adatkezel\u0151k<\/span><\/strong><\/h5>\n<p><strong><i>Ag\u00f3ra Veszpr\u00e9m Kultur\u00e1lis K\u00f6zpont<\/i><\/strong><\/p>\n<p><span>K\u00f6zponti \u00e9s levelez\u00e9si c\u00edm: <i>8200 Veszpr\u00e9m, T\u00e1bor\u00e1ll\u00e1s Park 1.<\/i><\/span><\/p>\n<p><span>K\u00f6zponti telefonsz\u00e1mok: <i>+36 88 429 111; +36 88 442 457; +36 88 561 271<\/i><\/span><\/p>\n<p><span>K\u00f6zponti e-mail c\u00edm: <i><a href=\"mailto:info@agoraveszprem.hu\">info@agoraveszprem.hu<\/a><\/i><\/span><\/p>\n<p><span>K\u00f6zponti webc\u00edm: <i>www.agoraveszprem.hu<\/i><\/span><\/p>\n<p><span>Int\u00e9zm\u00e9nyvezet\u0151 neve: <i>Neveda Am\u00e1lia<\/i><\/span><\/p>\n<p><span><strong>Tov\u00e1bbi adatfeldolgoz\u00f3k: CSB IT Hosting &amp; Consulting BT.<\/strong><i><br \/>Adatfeldolgoz\u00f3 \u00e1ltal ell\u00e1tott tev\u00e9kenys\u00e9g: t\u00e1rhely szolg\u00e1ltat\u00e1s<br \/>Sz\u00e9khely: 9985 Fels\u0151sz\u00f6ln\u00f6k, H\u00e1rmashat\u00e1r \u00fat 33.<br \/>Honlap: www.awh.hu\/company\/privacy-policy<br \/>Email: info@awh.hu<br \/>Telefon:+36 94 200215<\/i><\/span><\/p>\n<p><span><i><\/i><\/span><\/p>\n<p><span><i><\/i><\/span><\/p>\n<p><span><i><\/i><\/span><\/p>\n<p><span><i><\/i><\/span><\/p>\n<p><span><i><\/i><\/span><\/p>\n<p><span><i><strong>Tov\u00e1bbi adatfeldolgoz\u00f3k: <\/strong><strong>OTP Mobil Kft.\u00a0<\/strong><br \/>Adatfeldolgoz\u00f3 \u00e1ltal ell\u00e1tott tev\u00e9kenys\u00e9g: banki tranzakci\u00f3k kezel\u00e9se<br \/>Sz\u00e9khely: 1143 Budapest, Hung\u00e1ria k\u00f6r\u00fat 17-19.<br \/>Honlap: https:\/\/www.simplepay.hu<br \/>Telefon: +36 1 5100 374 <\/i><\/span><\/p>\n<p><strong><i>SIMPLEPAY Adattov\u00e1bb\u00edt\u00e1si nyilatkozat<\/i><\/strong><\/p>\n<p><span><i><em>Az adatfeldolgoz\u00f3 \u00e1ltal v\u00e9gzett adatfeldolgoz\u00e1si tev\u00e9kenys\u00e9g jellege \u00e9s c\u00e9lja a SimplePay Adatkezel\u00e9si t\u00e1j\u00e9koztat\u00f3ban, az al\u00e1bbi linken tekinthet\u0151 meg: <a href=\"http:\/\/simplepay.hu\/vasarlo-aff\" class=\"external-link\" target=\"_blank\" rel=\"nofollow noopener\">http:\/\/simplepay.hu\/vasarlo-aff<\/a> \u00a0<\/em><\/i><\/span><\/p>\n<p><span><i>\u201eElfogadom, hogy az Ag\u00f3ra Veszpr\u00e9m Kulturlis k\u00f6zpont (8200 Veszpr\u00e9m, T\u00e1bor\u00e1ll\u00e1s park 1.) \u00e1ltal az www.agoraveszprem.hu felhaszn\u00e1l\u00f3i adatb\u00e1zis\u00e1ban t\u00e1rolt al\u00e1bbi szem\u00e9lyes adataim \u00e1tad\u00e1sra ker\u00fcljenek az OTP Mobil Kft. (1093 Budapest, K\u00f6zrakt\u00e1r u. 30-32.), mint adatkezel\u0151 r\u00e9sz\u00e9re. A tov\u00e1bb\u00edtott adatok k\u00f6re: felhaszn\u00e1l\u00f3n\u00e9v, vezet\u00e9kn\u00e9v, keresztn\u00e9v, orsz\u00e1g, telefonsz\u00e1m, e-mail c\u00edm. Az adattov\u00e1bb\u00edt\u00e1s c\u00e9lja: a felhaszn\u00e1l\u00f3k r\u00e9sz\u00e9re t\u00f6rt\u00e9n\u0151 \u00fcgyf\u00e9lszolg\u00e1lati seg\u00edts\u00e9gny\u00fajt\u00e1s, a tranzakci\u00f3k visszaigazol\u00e1sa \u00e9s a felhaszn\u00e1l\u00f3k v\u00e9delme \u00e9rdek\u00e9ben v\u00e9gzett fraud-monitoring.\u201d<\/i><\/span><\/p>\n<\/blockquote>\n<blockquote>\n<p><strong><span>K\u00f6z\u00e9rdek\u0171 adatokkal \u00e9s adatv\u00e9delemmel kapcsolatos bejelent\u00e9sek kezel\u00e9se:<\/span><\/strong><br \/><span>Szalay &#8211; Vank\u00f3 Hajnal: <a href=\"mailto:adatvedelem@veszpremvmk.hu\">adatvedelem@agoraveszprem.hu<\/a><\/span><br \/><span>Nemzeti Adatv\u00e9delmi \u00e9s Inform\u00e1ci\u00f3szabads\u00e1g Hat\u00f3s\u00e1g &#8211;\u00a0<i>NAIH el\u00e9rhet\u0151s\u00e9gei: <\/i><\/span><\/p>\n<p><i>H-1125 Budapest, Szil\u00e1gyi Erzs\u00e9bet fasor 22\/c. Telefon: 06-1-391-1400 Email: <a href=\"mailto:ugyfelszolgalat@naih.hu\">ugyfelszolgalat@naih.hu<\/a><\/i><\/p>\n<\/blockquote>\n<blockquote>\n<p><b>Az \u00e1ltalunk kezelt adatok k\u00f6re:<\/b><\/p>\n<p><span style=\"text-decoration: underline;\">Az agoraveszprem.hu szerver napl\u00f3z\u00e1sa<\/span><\/p>\n<p>A honlapunk megl\u00e1togat\u00e1sakor a webszerver automatikusan napl\u00f3zza (logolja) a felhaszn\u00e1l\u00f3 tev\u00e9kenys\u00e9g\u00e9t. E n\u00e9lk\u00fcl nem lenne biztos\u00edthat\u00f3 a weboldal megfelel\u0151 m\u0171k\u00f6d\u00e9se \u00e9s nem tudn\u00e1nk megakad\u00e1lyozni az esetleges k\u00fcls\u0151 t\u00e1mad\u00e1sokat sem, ez\u00e9rt az ilyen jelleg\u0171 adatkezel\u00e9s az Ag\u00f3ra Veszpr\u00e9m Kultur\u00e1lis K\u00f6zpont jogos \u00e9rdek\u00e9n alapul. A napl\u00f3\u00e1llom\u00e1nyt min\u0151s\u00e9gbiztos\u00edt\u00e1si c\u00e9lb\u00f3l haszn\u00e1ljuk fel, m\u00e1s inform\u00e1ci\u00f3val nem kapcsoljuk \u00f6ssze, nem t\u00f6reksz\u00fcnk az \u00e9rintett felhaszn\u00e1l\u00f3 beazonos\u00edt\u00e1s\u00e1ra.<\/p>\n<p>&nbsp;<\/p>\n<p>T\u00e1rolt adatok: IP c\u00edm (anonimiz\u00e1ltan), hozz\u00e1vet\u0151leges f\u00f6ldrajzi lok\u00e1ci\u00f3, a megl\u00e1togatott oldalak c\u00edme, valamint a d\u00e1tum, id\u0151pont adatok.<\/p>\n<p>&nbsp;<\/p>\n<p>T\u00e1rol\u00e1sa id\u0151tartama: az adatokat 30 nap eltelt\u00e9vel t\u00f6r\u00f6lj\u00fck.<\/p>\n<p>&nbsp;<\/p>\n<p><span style=\"text-decoration: underline;\">Web-analitikai m\u00e9r\u00e9sek:<\/span><\/p>\n<p>A Google Analitika, mint k\u00fcls\u0151 szolg\u00e1ltat\u00f3 seg\u00edti az agoraveszprem.hu honlap l\u00e1togatotts\u00e1gi \u00e9s egy\u00e9b web-analitikai adatainak f\u00fcggetlen m\u00e9r\u00e9s\u00e9t. Az adatok anonimiz\u00e1lt m\u00f3don ker\u00fclnek r\u00f6gz\u00edt\u00e9sre, az Ag\u00f3ra Veszpr\u00e9m Kultur\u00e1lis K\u00f6zpont azokat kiz\u00e1r\u00f3lag statisztikai c\u00e9lokra, illetve az oldal m\u0171k\u00f6d\u00e9s\u00e9nek optimaliz\u00e1l\u00e1s\u00e1ra haszn\u00e1lja fel. A m\u00e9r\u00e9si adatok kezel\u00e9s\u00e9r\u0151l r\u00e9szletes felvil\u00e1gos\u00edt\u00e1s tal\u00e1lhat\u00f3 az al\u00e1bbi linken: <a href=\"http:\/\/www.google.com\/analytics\">http:\/\/www.google.com\/analytics<\/a>. Az ilyen statisztikai c\u00e9l\u00fa web-analitikai adatgy\u0171jt\u00e9s sz\u00e9les k\u00f6rben elterjedt gyakorlat, amelyhez \u00d6n a honlapunk megl\u00e1togat\u00e1sa r\u00e9v\u00e9n hozz\u00e1j\u00e1rul.<\/p>\n<p>&nbsp;<\/p>\n<p><u><\/u><\/p>\n<p><u>Cookie-k kezel\u00e9se<\/u><\/p>\n<p>A cookie (magyarul: s\u00fcti) egy kis adatcsomag, amelyet a szerver\u00fcnk k\u00fcld az \u00d6n web-b\u00f6ng\u00e9sz\u0151j\u00e9nek a testre szabott \u00e9s magas sz\u00ednvonal\u00fa kiszolg\u00e1l\u00e1s \u00e9rdek\u00e9ben. Ha ism\u00e9t felkeresi a weboldalunkat, a b\u00f6ng\u00e9sz\u0151 visszak\u00fcldi a cookie-t a szerver\u00fcnknek, \u00e9s ez\u00e1ltal lehet\u0151v\u00e9 teszi az egyes munkamenetek k\u00f6z\u00f6tti kapcsolat l\u00e9trehoz\u00e1s\u00e1t.<\/p>\n<p>&nbsp;<\/p>\n<p>Honlapunkon k\u00e9tf\u00e9le cookie-val tal\u00e1lkozhat:<\/p>\n<ul>\n<li>Az oldal haszn\u00e1lat\u00e1hoz elengedhetetlen\u00a0<strong>munkamenet (session-id) \u00e9s haszn\u00e1latot seg\u00edt\u0151 (ideiglenes) s\u00fctik<\/strong>. Ezek haszn\u00e1lata n\u00e9lk\u00fcl a honlap, illetve annak egyes r\u00e9szei nem jelennek meg, a cookie-k kezel\u00e9s\u00e9hez t\u00f6rt\u00e9n\u0151 hozz\u00e1j\u00e1rul\u00e1s nem t\u00e1rolhat\u00f3, a b\u00f6ng\u00e9sz\u00e9s akad\u00e1lyozott\u00e1 v\u00e1lik, a jegyek kos\u00e1rba rak\u00e1sa illetve a banki fizet\u00e9s nem tud megfelel\u0151en megval\u00f3sulni. Ez\u00e9rt \u00d6n a honlap felkeres\u00e9s\u00e9vel ezeknek a cookie-knak a haszn\u00e1lat\u00e1t tudom\u00e1sul veszi.<\/li>\n<li><strong>Tart\u00f3s s\u00fctik<\/strong>: melyek webes keres\u0151 be\u00e1ll\u00edt\u00e1s\u00e1t\u00f3l f\u00fcgg\u0151en hosszabb ideig, vagy eg\u00e9szen addig az eszk\u00f6z\u00f6n maradnak, am\u00edg azokat a Felhaszn\u00e1l\u00f3 nem t\u00f6rli. Amennyiben a agoraveszprem.hu webszervere telep\u00edti a s\u00fctit \u00e9s a saj\u00e1t adatb\u00e1zisba ker\u00fcl tov\u00e1bb\u00edt\u00e1sa az adat, akkor bels\u0151 s\u00fctir\u0151l besz\u00e9l\u00fcnk. Amennyiben a s\u00fctit az agoraveszprem.hu , vagy harmadik f\u00e9l szolg\u00e1ltat\u00f3 webszervere telep\u00edti, de k\u00fcls\u0151 szolg\u00e1ltat\u00f3hoz t\u00f6rt\u00e9nik az adattov\u00e1bb\u00edt\u00e1s, akkor k\u00fcls\u0151 s\u00fctir\u0151l besz\u00e9l\u00fcnk.<\/li>\n<\/ul>\n<p><strong>Felhaszn\u00e1l\u00e1s c\u00e9lja szerint megk\u00fcl\u00f6nb\u00f6ztet\u00fcnk:<\/strong><\/p>\n<p><strong><\/strong><\/p>\n<p>Statisztikai cookie-t:<\/p>\n<ul>\n<li>\u00a0teljes Google Analytics m\u00e9r\u0151k\u00f3d cookie<\/li>\n<\/ul>\n<p>Rekl\u00e1m c\u00e9l\u00fa cookie-t<\/p>\n<ul>\n<li>\u00a0minden k\u00fcls\u0151 szolg\u00e1ltat\u00f3 \u00e1ltal elhelyezett hirdet\u00e9si cookie, remarketing k\u00f3dok \u00e9s pixelek (pl. Facebook, AdWords)<\/li>\n<\/ul>\n<p>Az agoraveszprem.hu weboldal l\u00e1togat\u00e1sa sor\u00e1n a bejelentkez\u0151-oldalon tal\u00e1lhat\u00f3 s\u00fcti figyelmeztet\u00e9sen tal\u00e1lhat\u00f3\u00a0<strong>\u201eELFOGADOM \u00e9s tov\u00e1bb b\u00f6ng\u00e9szek\u201d<\/strong>\u00a0gomb megnyom\u00e1s\u00e1val adhatja meg a hozz\u00e1j\u00e1rul\u00e1s\u00e1t a tart\u00f3s s\u00fctik haszn\u00e1lat\u00e1hoz.<\/p>\n<ul>\n<li>T\u00e1rolt adatok: azonos\u00edt\u00f3sz\u00e1m, d\u00e1tum, id\u0151pont, az el\u0151z\u0151leg megl\u00e1togatott oldal<\/li>\n<li>T\u00e1rol\u00e1s id\u0151tartama:<\/li>\n<ul>\n<li>a munkamenet haszn\u00e1latot seg\u00edt\u0151 ideiglenes s\u00fctik a munkamenet lez\u00e1rult\u00e1ig,<\/li>\n<li>a tart\u00f3s s\u00fctik \u00e1ltal\u00e1ban 1 \u00e9vig vagy addig t\u00e1rol\u00f3dnak az \u00d6n g\u00e9p\u00e9n, am\u00edg azokat nem t\u00f6rli.<\/li>\n<\/ul>\n<\/ul>\n<\/blockquote>\n<p>[\/et_pb_text][\/et_pb_column][\/et_pb_row][\/et_pb_section]<\/p>\n","protected":false},"excerpt":{"rendered":"<p>Adatkezel\u00e9si t\u00e1j\u00e9koztat\u00f3 Bevezet\u00e9s Az Ag\u00f3ra Veszpr\u00e9m Kultur\u00e1lis K\u00f6zpont -n\u00e1l elk\u00f6telezettek vagyunk az \u00d6n szem\u00e9lyes adatainak v\u00e9delme ir\u00e1nt, kiemelten fontosnak tartjuk az \u00d6n inform\u00e1ci\u00f3s \u00f6nrendelkez\u00e9si jog\u00e1nak tiszteletben tart\u00e1s\u00e1t. Ez\u00faton szeretn\u00e9nk t\u00e1j\u00e9koztatni az \u00e1ltalunk v\u00e9gzett adatkezel\u00e9si tev\u00e9kenys\u00e9gekr\u0151l, illetve azokr\u00f3l az elvekr\u0151l \u00e9s szab\u00e1lyokr\u00f3l, amelyeket ennek sor\u00e1n k\u00f6telez\u0151en betartunk. Az Ag\u00f3ra Veszpr\u00e9m Kultur\u00e1lis K\u00f6zpont honlapj\u00e1nak (www.agoraveszprem.hu) haszn\u00e1lata \u00e9s [&hellip;]<\/p>\n","protected":false},"author":1,"featured_media":0,"parent":0,"menu_order":0,"comment_status":"closed","ping_status":"closed","template":"","meta":{"_et_pb_use_builder":"on","_et_pb_old_content":"","_et_gb_content_width":"","footnotes":""},"class_list":["post-608","page","type-page","status-publish","hentry"],"_links":{"self":[{"href":"https:\/\/agoraveszprem.hu\/eng\/wp-json\/wp\/v2\/pages\/608","targetHints":{"allow":["GET"]}}],"collection":[{"href":"https:\/\/agoraveszprem.hu\/eng\/wp-json\/wp\/v2\/pages"}],"about":[{"href":"https:\/\/agoraveszprem.hu\/eng\/wp-json\/wp\/v2\/types\/page"}],"author":[{"embeddable":true,"href":"https:\/\/agoraveszprem.hu\/eng\/wp-json\/wp\/v2\/users\/1"}],"replies":[{"embeddable":true,"href":"https:\/\/agoraveszprem.hu\/eng\/wp-json\/wp\/v2\/comments?post=608"}],"version-history":[{"count":23,"href":"https:\/\/agoraveszprem.hu\/eng\/wp-json\/wp\/v2\/pages\/608\/revisions"}],"predecessor-version":[{"id":16896,"href":"https:\/\/agoraveszprem.hu\/eng\/wp-json\/wp\/v2\/pages\/608\/revisions\/16896"}],"wp:attachment":[{"href":"https:\/\/agoraveszprem.hu\/eng\/wp-json\/wp\/v2\/media?parent=608"}],"curies":[{"name":"wp","href":"https:\/\/api.w.org\/{rel}","templated":true}]}}