{"id":615,"date":"2019-04-17T10:40:11","date_gmt":"2019-04-17T09:40:11","guid":{"rendered":"https:\/\/agoraveszprem.hu\/?page_id=615"},"modified":"2025-03-05T08:29:15","modified_gmt":"2025-03-05T07:29:15","slug":"gyulafiratot-muvelodesi-haz","status":"publish","type":"page","link":"https:\/\/agoraveszprem.hu\/eng\/gyulafiratot-muvelodesi-haz\/","title":{"rendered":"Gyulafir\u00e1t\u00f3t Cultural House"},"content":{"rendered":"<p>[et_pb_section fb_built=&#8221;1&#8243; custom_padding_last_edited=&#8221;on|desktop&#8221; next_background_color=&#8221;#ffffff&#8221; admin_label=&#8221;Header&#8221; _builder_version=&#8221;4.16&#8243; use_background_color_gradient=&#8221;on&#8221; background_color_gradient_direction=&#8221;130deg&#8221; background_color_gradient_stops=&#8221;#ffffff 0%|#F2F2FA 100%&#8221; background_color_gradient_start=&#8221;#ffffff&#8221; background_color_gradient_end=&#8221;#F2F2FA&#8221; background_image=&#8221;https:\/\/agoraveszprem.hu\/wp-content\/uploads\/2019\/05\/marketing-bg8-1.png&#8221; background_size=&#8221;contain&#8221; background_position=&#8221;top_left&#8221; custom_padding=&#8221;0vw||0vw||false|false&#8221; custom_padding_tablet=&#8221;100px||100px||true&#8221; custom_padding_phone=&#8221;||||true&#8221; top_divider_style=&#8221;ramp2&#8243; top_divider_color=&#8221;#d7a562&#8243; top_divider_height=&#8221;22px&#8221; top_divider_flip=&#8221;vertical&#8221; bottom_divider_style=&#8221;ramp2&#8243; bottom_divider_height=&#8221;250px&#8221; bottom_divider_flip=&#8221;horizontal&#8221; bottom_divider_height_tablet=&#8221;150px&#8221; bottom_divider_height_phone=&#8221;110px&#8221; bottom_divider_height_last_edited=&#8221;on|phone&#8221; saved_tabs=&#8221;all&#8221; global_colors_info=&#8221;{}&#8221;][et_pb_row _builder_version=&#8221;4.16&#8243; global_colors_info=&#8221;{}&#8221;][et_pb_column type=&#8221;4_4&#8243; _builder_version=&#8221;4.16&#8243; custom_padding=&#8221;|||&#8221; global_colors_info=&#8221;{}&#8221; custom_padding__hover=&#8221;|||&#8221;][et_pb_text _builder_version=&#8221;4.24.3&#8243; text_font=&#8221;Roboto||||||||&#8221; header_font=&#8221;Roboto|700|||||||&#8221; header_text_align=&#8221;center&#8221; header_font_size=&#8221;80px&#8221; header_line_height=&#8221;1.2em&#8221; header_3_font=&#8221;Roboto|700||on|||||&#8221; header_3_text_align=&#8221;center&#8221; header_3_text_color=&#8221;#ffffff&#8221; header_3_font_size=&#8221;24px&#8221; header_3_letter_spacing=&#8221;10px&#8221; header_3_line_height=&#8221;2em&#8221; text_orientation=&#8221;center&#8221; background_layout=&#8221;dark&#8221; module_alignment=&#8221;center&#8221; custom_margin=&#8221;||15px|||&#8221; text_font_size_last_edited=&#8221;off|desktop&#8221; header_font_size_tablet=&#8221;40px&#8221; header_font_size_phone=&#8221;32px&#8221; header_font_size_last_edited=&#8221;on|phone&#8221; header_3_font_size_tablet=&#8221;16px&#8221; header_3_font_size_phone=&#8221;14px&#8221; header_3_font_size_last_edited=&#8221;on|phone&#8221; header_3_letter_spacing_tablet=&#8221;5px&#8221; header_3_letter_spacing_phone=&#8221;&#8221; header_3_letter_spacing_last_edited=&#8221;on|tablet&#8221; inline_fonts=&#8221;Abhaya Libre&#8221; global_colors_info=&#8221;{}&#8221;]<\/p>\n<h1><span color=\"#976d35\" face=\"Abhaya Libre\" style=\"color: #976d35; font-family: 'Abhaya Libre';\"><span style=\"font-weight: 400;\">Gyulafir\u00e1t\u00f3ti M\u0171vel\u0151d\u00e9si H\u00e1z\u00a0<\/span><\/span><\/h1>\n<p>[\/et_pb_text][et_pb_divider color=&#8221;#d7a562&#8243; divider_style=&#8221;dotted&#8221; divider_weight=&#8221;2px&#8221; _builder_version=&#8221;4.16&#8243; min_height=&#8221;24px&#8221; height=&#8221;0px&#8221; custom_margin=&#8221;-44px|||||&#8221; custom_padding=&#8221;15px|||||&#8221; global_colors_info=&#8221;{}&#8221;][\/et_pb_divider][\/et_pb_column][\/et_pb_row][et_pb_row _builder_version=&#8221;4.16&#8243; global_colors_info=&#8221;{}&#8221;][et_pb_column type=&#8221;4_4&#8243; _builder_version=&#8221;4.16&#8243; custom_padding=&#8221;|||&#8221; global_colors_info=&#8221;{}&#8221; custom_padding__hover=&#8221;|||&#8221;][et_pb_text _builder_version=&#8221;4.24.2&#8243; text_font=&#8221;Roboto||||||||&#8221; header_font=&#8221;Roboto|700|||||||&#8221; header_text_align=&#8221;center&#8221; header_font_size=&#8221;80px&#8221; header_line_height=&#8221;1.2em&#8221; header_3_font=&#8221;Roboto|700||on|||||&#8221; header_3_text_align=&#8221;center&#8221; header_3_text_color=&#8221;#ffffff&#8221; header_3_font_size=&#8221;24px&#8221; header_3_letter_spacing=&#8221;10px&#8221; header_3_line_height=&#8221;2em&#8221; text_orientation=&#8221;center&#8221; background_layout=&#8221;dark&#8221; module_alignment=&#8221;center&#8221; custom_margin=&#8221;||15px|||&#8221; text_font_size_last_edited=&#8221;off|desktop&#8221; header_font_size_tablet=&#8221;40px&#8221; header_font_size_phone=&#8221;32px&#8221; header_font_size_last_edited=&#8221;on|phone&#8221; header_3_font_size_tablet=&#8221;16px&#8221; header_3_font_size_phone=&#8221;14px&#8221; header_3_font_size_last_edited=&#8221;on|phone&#8221; header_3_letter_spacing_tablet=&#8221;5px&#8221; header_3_letter_spacing_phone=&#8221;&#8221; header_3_letter_spacing_last_edited=&#8221;on|tablet&#8221; inline_fonts=&#8221;Abhaya Libre&#8221; global_colors_info=&#8221;{}&#8221;]<\/p>\n<blockquote>\n<h2 style=\"text-align: left;\"><span style=\"font-family: 'Abhaya Libre'; font-weight: normal; color: #976d35;\"><strong><b>Az int\u00e9zm\u00e9ny bemutat\u00e1sa, tev\u00e9kenys\u00e9ge<\/b><\/strong><\/span><\/h2>\n<\/blockquote>\n<p>[\/et_pb_text][et_pb_text _builder_version=&#8221;4.16&#8243; custom_margin=&#8221;5px|||||&#8221; global_colors_info=&#8221;{}&#8221;]<\/p>\n<p><b><a href=\"mailto:g.terez@agoraveszprem.hu\"><\/a><\/b><\/p>\n<p><b><\/b><\/p>\n<p>[\/et_pb_text][\/et_pb_column][\/et_pb_row][et_pb_row column_structure=&#8221;1_2,1_2&#8243; _builder_version=&#8221;4.16&#8243; custom_margin=&#8221;-2px|auto||auto||&#8221; global_colors_info=&#8221;{}&#8221;][et_pb_column type=&#8221;1_2&#8243; _builder_version=&#8221;4.16&#8243; custom_padding=&#8221;|||&#8221; global_colors_info=&#8221;{}&#8221; custom_padding__hover=&#8221;|||&#8221;][et_pb_image src=&#8221;https:\/\/agoraveszprem.hu\/wp-content\/uploads\/2019\/06\/gyulafiratot.jpg&#8221; alt=&#8221;Ag\u00f3ra Veszpr\u00e9m &#8211; Gyulafir\u00e1t\u00f3t&#8221; title_text=&#8221;gyulafiratot&#8221; _builder_version=&#8221;4.24.3&#8243; min_height=&#8221;376px&#8221; custom_margin=&#8221;||86px|||&#8221; border_width_all=&#8221;2px&#8221; border_color_all=&#8221;#9e2a87&#8243; box_shadow_style=&#8221;preset2&#8243; global_colors_info=&#8221;{}&#8221;][\/et_pb_image][\/et_pb_column][et_pb_column type=&#8221;1_2&#8243; _builder_version=&#8221;4.16&#8243; custom_padding=&#8221;|||&#8221; global_colors_info=&#8221;{}&#8221; custom_padding__hover=&#8221;|||&#8221;][et_pb_text _builder_version=&#8221;4.27.4&#8243; custom_margin=&#8221;5px|||||&#8221; custom_padding=&#8221;0px|||||&#8221; hover_enabled=&#8221;0&#8243; global_colors_info=&#8221;{}&#8221; sticky_enabled=&#8221;0&#8243;]<span><b><em>8412 Veszpr\u00e9m &#8211; Gyulafir\u00e1t\u00f3t, Hajm\u00e1sk\u00e9ri utca 2<\/em>.<\/b><\/span><\/p>\n<p><b>Mobil: +3670 368-8211<br \/>\nTelefon: +36 88 457 795 (\u00fczenetr\u00f6gz\u00edt\u0151)<\/p>\n<p>E-mail:<span>\u00a0<\/span><a href=\"mailto:gyulafiratot@agoraveszprem.hu\">gyulafiratot@agoraveszprem.hu<\/a><\/b><\/p>\n<p style=\"text-align: justify;\">[\/et_pb_text][\/et_pb_column][\/et_pb_row][et_pb_row _builder_version=&#8221;4.16&#8243; global_colors_info=&#8221;{}&#8221;][et_pb_column type=&#8221;4_4&#8243; _builder_version=&#8221;4.16&#8243; custom_padding=&#8221;|||&#8221; global_colors_info=&#8221;{}&#8221; custom_padding__hover=&#8221;|||&#8221;][et_pb_divider divider_style=&#8221;dashed&#8221; divider_position=&#8221;center&#8221; _builder_version=&#8221;4.16&#8243; height=&#8221;0px&#8221; custom_margin=&#8221;-69px||-23px|||&#8221; custom_padding=&#8221;|||0px||&#8221; global_colors_info=&#8221;{}&#8221;][\/et_pb_divider][\/et_pb_column][\/et_pb_row][et_pb_row _builder_version=&#8221;4.16&#8243; custom_margin=&#8221;-4px|auto||auto||&#8221; global_colors_info=&#8221;{}&#8221;][et_pb_column type=&#8221;4_4&#8243; _builder_version=&#8221;4.16&#8243; custom_padding=&#8221;|||&#8221; global_colors_info=&#8221;{}&#8221; custom_padding__hover=&#8221;|||&#8221;][et_pb_text _builder_version=&#8221;4.16&#8243; custom_margin=&#8221;-32px|||||&#8221; custom_padding=&#8221;0px|||||&#8221; global_colors_info=&#8221;{}&#8221;]<strong>Az int\u00e9zm\u00e9ny bemutat\u00e1sa, tev\u00e9kenys\u00e9ge<\/strong><\/p>\n<p style=\"text-align: justify;\"><span>M\u0171vel\u0151d\u00e9si h\u00e1zunk a Gyulafir\u00e1t\u00f3ton \u00e9l\u0151 k\u00f6zel 4.000 f\u0151s lakoss\u00e1g k\u00f6zm\u0171vel\u0151d\u00e9si \u00e9s sz\u00f3rakoz\u00e1si ig\u00e9nyeit pr\u00f3b\u00e1lja kiel\u00e9g\u00edteni. A v\u00e1roshoz csatol\u00e1sa ellen\u00e9re a telep\u00fcl\u00e9s meg\u0151rizte falusias jelleg\u00e9t, hagyom\u00e1nyait. Int\u00e9zm\u00e9ny\u00fcnk nagyon fontos feladatnak tekinti a hagyom\u00e1ny\u0151rz\u00e9st, a n\u00e9pi kult\u00fara \u00e1tad\u00e1s\u00e1t a fiatalabb nemzed\u00e9knek.<\/span><\/p>\n<p style=\"text-align: justify;\">A fenti c\u00e9l \u00e9rdek\u00e9ben fejtik ki akt\u00edv tev\u00e9kenys\u00e9g\u00fcket az amat\u0151r n\u00e9pm\u0171v\u00e9szeti csoportjaink:<\/p>\n<ul>\n<li style=\"text-align: justify;\">A Bakonyerd\u0151 P\u00e1vak\u00f6r<\/li>\n<li style=\"text-align: justify;\">A R\u00e1t\u00f3t M\u00e1ty\u00e1s Nyugd\u00edjasklub Hagyom\u00e1ny\u0151rz\u0151 Csoportja<\/li>\n<li style=\"text-align: justify;\">A Rozmaring Nyugd\u00edjasklub<\/li>\n<li style=\"text-align: justify;\">A Tikhegyi Gy\u00f6ngycsib\u00e9k T\u00e1nccsoport<\/li>\n<li style=\"text-align: justify;\">A Tikhegyi Gy\u00f6ngyty\u00fakok T\u00e1nccsoport<\/li>\n<\/ul>\n<p>Int\u00e9zm\u00e9ny\u00fcnk\u00a0 tov\u00e1bb\u00e1 sz\u00e9khelye az al\u00e1bbi civil szervezeteknek:<\/p>\n<ul>\n<li>K\u00f6vir\u00f3zsa Alap\u00edtv\u00e1ny<\/li>\n<li>Tikhegyi Bar\u00e1ti K\u00f6r Egyes\u00fclet<\/li>\n<li>Gyulafir\u00e1t\u00f3ti Polg\u00e1r\u0151r Egyes\u00fclet (P\u00e1sztor u. 26.)<\/li>\n<li>Gyulafir\u00e1t\u00f3t\u00e9rt K\u00f6zhaszn\u00fa Egyes\u00fclet<\/li>\n<li><em>Gyulafir\u00e1t\u00f3ti N\u00e9met Nemzetis\u00e9gi Kultur\u00e1lis Egyes\u00fclet\u00a0<\/em><\/li>\n<p>&#8211; M\u0171v\u00e9szeti csoportjai:\u00a0<span style=\"font-size: 16px;\">N\u00e9met Nemzetis\u00e9gi Dalk\u00f6r,\u00a0<\/span><span style=\"font-size: 16px;\">N\u00e9met Nemzetis\u00e9gi T\u00e1nccsoport<\/span><\/p>\n<\/ul>\n<p>\u00c9vente sok alkalommal egy\u00fcttesen val\u00f3s\u00edtunk meg hagyom\u00e1ny\u0151rz\u0151 rendezv\u00e9nyeket, szomsz\u00e9dol\u00e1sokat, tal\u00e1lkoz\u00f3kat.<\/p>\n<p style=\"text-align: justify;\">[\/et_pb_text][et_pb_divider divider_style=&#8221;dashed&#8221; divider_position=&#8221;center&#8221; _builder_version=&#8221;4.16&#8243; custom_margin=&#8221;-44px||-8px|||&#8221; custom_padding=&#8221;0px|||0px||&#8221; global_colors_info=&#8221;{}&#8221;][\/et_pb_divider][et_pb_text _builder_version=&#8221;4.16&#8243; custom_margin=&#8221;10px|||||&#8221; custom_padding=&#8221;0px|||||&#8221; global_colors_info=&#8221;{}&#8221;]<\/p>\n<p><b style=\"font-size: 16px;\">Programjaink<\/b><b><\/b><\/p>\n<p style=\"text-align: justify;\">\u00c9vente t\u00f6bb n\u00e9pdalk\u00f6ri, n\u00e9pzenei tal\u00e1lkoz\u00f3t rendez\u00fcnk, ahol a k\u00f6rny\u00e9k \u00e9s t\u00e1volabbi hagyom\u00e1ny\u0151rz\u0151 egy\u00fcttesek kapnak lehet\u0151s\u00e9get a bemutatkoz\u00e1sra. Kiemelt kor\u00e1bbi \u00e9s jelenlegi hagyom\u00e1ny\u0151rz\u0151 rendezv\u00e9nyeink: R\u00e1t\u00f3ti lakodalmas, &#8222;R\u00e1t\u00f3ti\u00e1d\u00e1k&#8221;, Szomsz\u00e9dol\u00e1s, R\u00e1t\u00f3ti Napok, R\u00e1t\u00f3t K\u00f6zs\u00e9gek Tal\u00e1lkoz\u00f3ja, stb. \u00dcnnepk\u00f6r\u00f6kh\u00f6z, n\u00e9pi hagyom\u00e1nyokhoz kapcsol\u00f3d\u00f3 m\u0171soraink: farsangol\u00e1s &#8211; &#8222;Tikver\u0151z\u00e9s&#8221;, Any\u00e1k napi m\u0171sor, Sz\u00fcreti Vigass\u00e1g, Kar\u00e1csonyi hagyom\u00e1nyok &#8211; &#8222;Christkindliz\u00e9s&#8221;, stb.<\/p>\n<p style=\"text-align: justify;\">Programjainkban irodalmi verses-zen\u00e9s \u00f6ssze\u00e1ll\u00edt\u00e1sok, \u00edr\u00f3-olvas\u00f3 tal\u00e1lkoz\u00f3k, k\u00f6nyvt\u00e1rismereti foglalkoz\u00e1sok, olvas\u00e1sn\u00e9pszer\u0171s\u00edt\u0151 programok, ki\u00e1ll\u00edt\u00e1sok (els\u0151sorban amat\u0151r m\u0171v\u00e9szek munk\u00e1ib\u00f3l: festm\u00e9ny, fot\u00f3, k\u00e9zm\u0171ves munk\u00e1k, stb.), sokf\u00e9le t\u00e9m\u00e1j\u00fa el\u0151ad\u00e1s, j\u00e1tsz\u00f3h\u00e1zi, k\u00e9zm\u0171ves foglalkoz\u00e1sok, gyermeksz\u00ednh\u00e1zi el\u0151ad\u00e1sok, m\u0171soros estek, retro buli, pop-rock sz\u00ednpad szerepel.<\/p>\n<p style=\"text-align: justify;\">Nemzeti \u00fcnnepeink megeml\u00e9kez\u0151 esem\u00e9nyeit is m\u0171vel\u0151d\u00e9si h\u00e1zunk szervezi egy\u00fcttm\u0171k\u00f6dve a helyi int\u00e9zm\u00e9nyekkel.<\/p>\n<p style=\"text-align: justify;\">Ny\u00e1ri rendezv\u00e9nyeink k\u00f6z\u00fcl kiemeln\u00e9nk a R\u00e1t\u00f3ti Napok programsorozatot, amelyben a hagyom\u00e1ny\u0151rz\u0151 rendezv\u00e9nyeken, ki\u00e1ll\u00edt\u00e1son k\u00edv\u00fcl megtal\u00e1lhat\u00f3k gyermekprogramok, modern, sz\u00f3rakoztat\u00f3, k\u00fcl\u00f6nb\u00f6z\u0151 m\u0171faj\u00fa bemutat\u00f3k, sportprogramok, k\u00f6nny\u0171zenei koncertek, t\u0171zij\u00e1t\u00e9k, utcab\u00e1l. \u00cdgy nemcsak a telep\u00fcl\u00e9s, hanem a t\u00e9rs\u00e9g igen k\u00f6zkedvelt \u00e9s nagy n\u00e9z\u0151sz\u00e1mnak \u00f6rvendett esem\u00e9nye.<\/p>\n<p style=\"text-align: justify;\">Szeptember k\u00f6zep\u00e9n kor\u00e1bbi \u00e9vekben az idel\u00e1togat\u00f3k a hagyom\u00e1nyos sz\u00fcreti felvonul\u00e1s sz\u00ednes, hangos forgatag\u00e1ban vegy\u00fclhettek el, amikor feh\u00e9r b\u0151gaty\u00e1sok, bety\u00e1rok, magyar husz\u00e1r lovasok, a kisb\u00edr\u00f3, a sz\u0151l\u0151koron\u00e1t viv\u0151 magyar l\u00e1nyok \u00e9s magyar fi\u00fak, a hint\u00f3n \u00fcl\u0151 b\u00edr\u00f3 s b\u00edr\u00f3n\u00e9 ut\u00e1n, feld\u00edsz\u00edtett lovas kocsikon foglalt helyet a n\u00e9pes &#8222;siserehad&#8221;, hogy a telep\u00fcl\u00e9s utc\u00e1it bej\u00e1rva kidobolj\u00e1k a &#8222;tikhegyi&#8221; h\u00edreket, s invit\u00e1lj\u00e1k a n\u00e9pet a sz\u00fcreti b\u00e1lba.<\/p>\n<p style=\"text-align: justify;\">Manaps\u00e1g a fenti esem\u00e9nynek ink\u00e1bb m\u00e1r a sz\u00ednpadi feldolgoz\u00e1s\u00e1ra ker\u00fcl sor a Sz\u00fcreti Vigass\u00e1g j\u00f3 hangulat\u00fa hagyom\u00e1ny\u0151rz\u0151 programjain, ahol az idel\u00e1togat\u00f3k mindig megk\u00f3stolhatj\u00e1k a helyben pr\u00e9selt mustot, feln\u0151ttek a \u201etikhegyi\u201d finom ned\u0171t, sz\u00f3rakoztat\u00f3 folkl\u00f3rm\u0171sor \u00e9s sokf\u00e9le n\u00e9pi j\u00e1t\u00e9k v\u00e1rja a gyerekeket-feln\u0151tteket egyar\u00e1nt.<\/p>\n<p style=\"text-align: justify;\">Az int\u00e9zm\u00e9nyr\u00e9szben folytatott k\u00f6zm\u0171vel\u0151d\u00e9si munk\u00e1n t\u00fal int\u00e9zm\u00e9ny\u00fcnk \u00e9s a helyi civil szervezetek egy\u00fcttesen gondozzuk a Hadnagy L\u00e1szl\u00f3 Helyt\u00f6rt\u00e9neti Gy\u0171jtem\u00e9nyt a P\u00e1sztor u. 26. sz. alatt. Hadnagy L\u00e1szl\u00f3 falunk sz\u00fcl\u00f6tte, tan\u00e1r, muzeol\u00f3gus, helyt\u00f6rt\u00e9n\u00e9sz hagyat\u00e9ka, helyben felgy\u0171jt\u00f6tt t\u00e1rgyi eml\u00e9kek, k\u00e9t teremb\u0151l \u00e1ll\u00f3 \u00e1lland\u00f3 ki\u00e1ll\u00edt\u00e1s. (K\u00e9pek: a V\u00e1rosr\u00e9sz\u00fcnk oldalon)<\/p>\n<p style=\"text-align: justify;\">Csoportl\u00e1togat\u00e1s ig\u00e9ny\u00e9nek el\u0151zetes bejelent\u00e9se a m\u0171vel\u0151d\u00e9si h\u00e1z vezet\u0151n\u00e9l.<\/p>\n<p style=\"text-align: justify;\">\n<p>[\/et_pb_text][\/et_pb_column][\/et_pb_row][et_pb_row _builder_version=&#8221;4.16&#8243; custom_padding=&#8221;||0px|||&#8221; global_colors_info=&#8221;{}&#8221;][et_pb_column type=&#8221;4_4&#8243; _builder_version=&#8221;4.16&#8243; custom_padding=&#8221;|||&#8221; global_colors_info=&#8221;{}&#8221; custom_padding__hover=&#8221;|||&#8221;][et_pb_divider divider_style=&#8221;dashed&#8221; divider_position=&#8221;center&#8221; _builder_version=&#8221;4.16&#8243; height=&#8221;0px&#8221; custom_padding=&#8221;|||0px||&#8221; global_colors_info=&#8221;{}&#8221;][\/et_pb_divider][\/et_pb_column][\/et_pb_row][et_pb_row column_structure=&#8221;1_2,1_2&#8243; _builder_version=&#8221;4.16&#8243; min_height=&#8221;446px&#8221; custom_margin=&#8221;2px|auto||auto||&#8221; custom_padding=&#8221;0px|||||&#8221; global_colors_info=&#8221;{}&#8221;][et_pb_column type=&#8221;1_2&#8243; _builder_version=&#8221;4.16&#8243; custom_padding=&#8221;|||&#8221; global_colors_info=&#8221;{}&#8221; custom_padding__hover=&#8221;|||&#8221;][et_pb_text _builder_version=&#8221;4.16&#8243; global_colors_info=&#8221;{}&#8221;]<\/p>\n<p style=\"text-align: justify;\"><strong>A k\u00f6nyvt\u00e1r r\u00f6vid t\u00f6rt\u00e9nete<\/strong><\/p>\n<p style=\"text-align: justify;\">Az 1972-ben megny\u00edl\u00f3 m\u0171vel\u0151d\u00e9si h\u00e1zban, kor\u00e1bban k\u00f6zs\u00e9gi k\u00f6nyvt\u00e1rk\u00e9nt m\u0171k\u00f6d\u0151 k\u00f6nyvt\u00e1r, az E\u00f6tv\u00f6s K\u00e1roly Megyei K\u00f6nyvt\u00e1r tulajdon\u00e1ban, a K\u00f6nyvt\u00e1ri T\u00e1rsul\u00e1s (Ell\u00e1t\u00f3rendszer) kezel\u00e9s\u00e9ben 2009-ig m\u0171k\u00f6d\u00f6tt. 2009. december 15-\u00e9n a Megyei K\u00f6nyvt\u00e1r t\u00e9r\u00edt\u00e9smentesen \u00e1tadta a k\u00f6zel nyolcezer k\u00f6tetes \u00e1llom\u00e1nyt a V\u00e1rosi M\u0171vel\u0151d\u00e9si K\u00f6zpont \u00e9s K\u00f6nyvt\u00e1rnak.<\/p>\n<p style=\"text-align: justify;\">Az int\u00e9zm\u00e9ny sikeres TIOP 1.2.3\/08\/2-2008-0089 p\u00e1ly\u00e1zat\u00e1nak k\u00f6sz\u00f6nhet\u0151en a k\u00f6nyvt\u00e1r sz\u00e1m\u00edt\u00f3g\u00e9pes eszk\u00f6zeinek korszer\u0171s\u00edt\u00e9s\u00e9vel \u00e9s a SZIKLA integr\u00e1lt k\u00f6nyvt\u00e1rkezel\u0151 rendszer seg\u00edts\u00e9g\u00e9vel megkezd\u0151dhetett a t\u00f6bb, mint 8.000 k\u00f6tetre gyarapod\u00f3 k\u00f6nyv\u00e1llom\u00e1ny sz\u00e1m\u00edt\u00f3g\u00e9pre vitele.<\/p>\n<p>[\/et_pb_text][\/et_pb_column][et_pb_column type=&#8221;1_2&#8243; _builder_version=&#8221;4.16&#8243; custom_padding=&#8221;|||&#8221; global_colors_info=&#8221;{}&#8221; custom_padding__hover=&#8221;|||&#8221;][et_pb_image src=&#8221;https:\/\/agoraveszprem.hu\/wp-content\/uploads\/2019\/07\/GyrDSC_0067.jpg&#8221; alt=&#8221;Ag\u00f3ra Veszpr\u00e9m, Gyulafir\u00e1t\u00f3t &#8211; terem&#8221; title_text=&#8221;Ag\u00f3ra Veszpr\u00e9m, Gyulafir\u00e1t\u00f3t &#8211; terem&#8221; _builder_version=&#8221;4.24.3&#8243; min_height=&#8221;376px&#8221; custom_margin=&#8221;42px||-68px|||&#8221; border_width_all=&#8221;2px&#8221; border_color_all=&#8221;#9e2a87&#8243; box_shadow_style=&#8221;preset2&#8243; global_colors_info=&#8221;{}&#8221;][\/et_pb_image][\/et_pb_column][\/et_pb_row][et_pb_row column_structure=&#8221;1_2,1_2&#8243; _builder_version=&#8221;4.16&#8243; custom_margin=&#8221;-45px|auto||auto||&#8221; global_colors_info=&#8221;{}&#8221;][et_pb_column type=&#8221;1_2&#8243; _builder_version=&#8221;4.16&#8243; custom_padding=&#8221;|||&#8221; global_colors_info=&#8221;{}&#8221; custom_padding__hover=&#8221;|||&#8221;][et_pb_text _builder_version=&#8221;4.16&#8243; min_height=&#8221;496px&#8221; custom_margin=&#8221;0px|||||&#8221; custom_padding=&#8221;0px||0px|||&#8221; global_colors_info=&#8221;{}&#8221;]<\/p>\n<p style=\"text-align: justify;\">A p\u00e1ly\u00e1zatnak k\u00f6sz\u00f6nhet\u0151en 1 internetes sz\u00e1m\u00edt\u00f3g\u00e9p a k\u00f6nyvt\u00e1rhaszn\u00e1l\u00f3k rendelkez\u00e9s\u00e9re \u00e1ll, illetve megfelel\u0151 eszk\u00f6z\u00f6k haszn\u00e1lat\u00e1val enyh\u00e9n hall\u00e1ss\u00e9r\u00fcltek is ig\u00e9nybe vehetik.<\/p>\n<p style=\"text-align: justify;\">A k\u00f6nyvt\u00e1rhaszn\u00e1lati \u00e9s szolg\u00e1ltat\u00e1si szab\u00e1lyzat a k\u00f6nyvt\u00e1rban olvashat\u00f3.<br \/>2013 janu\u00e1r 1-t\u0151l a k\u00f6nyvt\u00e1r \u00fajra visszaker\u00fclt az E\u00f6tv\u00f6s K\u00e1roly Megyei K\u00f6nyvt\u00e1rhoz.<\/p>\n<p style=\"text-align: justify;\"><strong>Legfontosabb tudnival\u00f3k a beiratkoz\u00e1sr\u00f3l \u00e9s a k\u00f6nyvt\u00e1r haszn\u00e1latr\u00f3l:<\/strong><\/p>\n<ul style=\"text-align: justify;\">\n<li>Csak beiratkozott olvas\u00f3k k\u00f6lcs\u00f6n\u00f6zhetnek<\/li>\n<li>A beiratkoz\u00e1s ingyenes<\/li>\n<li>A k\u00f6nyvt\u00e1r haszn\u00e1l\u00f3nak a beiratkoz\u00e1skor a k\u00f6vetkez\u0151 adatokat kell k\u00f6z\u00f6lni: n\u00e9v, sz\u00fclet\u00e9si hely, id\u0151, lakc\u00edm<\/li>\n<li>14 \u00e9ves korig a gyerekek\u00e9rt kezess\u00e9get v\u00e1llal\u00f3 sz\u00fcl\u0151t\u0151l is k\u00e9rj\u00fck a fenti adatokat<\/li>\n<li>A k\u00f6nyvek k\u00f6lcs\u00f6nz\u00e9si hat\u00e1rideje: 30 nap<\/li>\n<li>14 \u00e9ven fel\u00fcli olvas\u00f3n\u00e1l egyszerre 10 k\u00f6nyv, a 14 \u00e9ven alulin\u00e1l 5 db dokumentum lehet<\/li>\n<li>Az internet t\u00e9r\u00edt\u00e9smentesen haszn\u00e1lhat\u00f3 a k\u00f6nyvt\u00e1ri \u00f3r\u00e1kban 1 f\u0151nek maximum 30 percre<\/li>\n<li>K\u00e9sedelmi d\u00edj megfizet\u00e9s\u00e9re k\u00f6teles, aki hat\u00e1rid\u0151re nem hozza vissza a k\u00f6lcs\u00f6nz\u00f6tt k\u00f6nyvet<\/li>\n<li>Meg kell t\u00e9r\u00edteni az \u00e1r\u00e1t, ha a kik\u00f6lcs\u00f6nz\u00f6tt k\u00f6nyv elveszett, vagy megrong\u00e1l\u00f3dott: 2 \u00e9vn\u00e9l nem r\u00e9gebbi dokumentumn\u00e1l a t\u00e9nyleges \u00e1r, r\u00e9gebbin\u00e9l a beszerz\u00e9si \u00e1r<\/li>\n<\/ul>\n<p style=\"text-align: justify;\">Az al\u00e1bbi napilapok, foly\u00f3iratok helyben olvashat\u00f3k:<br \/>Napl\u00f3, Kert\u00e9szet-Sz\u0151l\u00e9szet, Praktika, N\u0151k Lapja<\/p>\n<p>[\/et_pb_text][et_pb_divider divider_style=&#8221;dashed&#8221; divider_position=&#8221;center&#8221; _builder_version=&#8221;4.16&#8243; height=&#8221;0px&#8221; custom_padding=&#8221;|||0px||&#8221; global_colors_info=&#8221;{}&#8221;][\/et_pb_divider][\/et_pb_column][et_pb_column type=&#8221;1_2&#8243; _builder_version=&#8221;4.16&#8243; custom_padding=&#8221;|||&#8221; global_colors_info=&#8221;{}&#8221; custom_padding__hover=&#8221;|||&#8221;][et_pb_image src=&#8221;https:\/\/agoraveszprem.hu\/wp-content\/uploads\/2019\/07\/GyrDSC_0078.jpg&#8221; alt=&#8221;Ag\u00f3ra Veszpr\u00e9m, Gyulafir\u00e1t\u00f3t &#8211; k\u00f6nyvt\u00e1r&#8221; title_text=&#8221;Ag\u00f3ra Veszpr\u00e9m, Gyulafir\u00e1t\u00f3t &#8211; k\u00f6nyvt\u00e1r&#8221; _builder_version=&#8221;4.24.3&#8243; custom_margin=&#8221;-22px||31px|||&#8221; custom_padding=&#8221;78px|||||&#8221; border_width_all=&#8221;2px&#8221; border_color_all=&#8221;#9e2a87&#8243; box_shadow_style=&#8221;preset2&#8243; global_colors_info=&#8221;{}&#8221;][\/et_pb_image][et_pb_image src=&#8221;https:\/\/agoraveszprem.hu\/wp-content\/uploads\/2019\/07\/GyrDSC_0085.jpg&#8221; alt=&#8221;Ag\u00f3ra Veszpr\u00e9m, Gyulafir\u00e1t\u00f3t &#8211; ki\u00e1ll\u00edt\u00e1s&#8221; title_text=&#8221;GyrDSC_0085&#8243; _builder_version=&#8221;4.24.3&#8243; border_width_all=&#8221;2px&#8221; border_color_all=&#8221;#9e2a87&#8243; box_shadow_style=&#8221;preset2&#8243; global_colors_info=&#8221;{}&#8221;][\/et_pb_image][\/et_pb_column][\/et_pb_row][et_pb_row _builder_version=&#8221;4.16&#8243; global_colors_info=&#8221;{}&#8221;][et_pb_column type=&#8221;4_4&#8243; _builder_version=&#8221;4.16&#8243; custom_padding=&#8221;|||&#8221; global_colors_info=&#8221;{}&#8221; custom_padding__hover=&#8221;|||&#8221;][et_pb_divider divider_style=&#8221;dashed&#8221; divider_position=&#8221;center&#8221; _builder_version=&#8221;4.16&#8243; height=&#8221;0px&#8221; custom_padding=&#8221;|||0px||&#8221; global_colors_info=&#8221;{}&#8221;][\/et_pb_divider][et_pb_text _builder_version=&#8221;4.16&#8243; global_colors_info=&#8221;{}&#8221;]<\/p>\n<p style=\"text-align: justify;\"><strong>A telep\u00fcl\u00e9s r\u00e9gen \u00e9s ma<\/strong><\/p>\n<p style=\"text-align: justify;\">Gyulafir\u00e1t\u00f3t \u00e1rp\u00e1dkori telep\u00fcl\u00e9s Veszpr\u00e9m szomsz\u00e9ds\u00e1g\u00e1ban. Veszpr\u00e9mt\u0151l D\u00e9l-Nyugatra a \u201ePog\u00e1nytelek\u201d falunk \u0151se, nagyobb jelent\u0151s\u00e9g\u0171 r\u00f3mai telep volt, melynek alapjait Rh\u00e9 Gyula t\u00e1rta fel az l903-l904-ben v\u00e9gzett \u00e1sat\u00e1sok sor\u00e1n.<\/p>\n<p style=\"text-align: justify;\">A k\u00f6zs\u00e9g n\u00e9vad\u00f3ja: a R\u00c1T\u00d3T nemzets\u00e9g. R\u00e1t\u00f3t nemes K\u00f6nyves K\u00e1lm\u00e1n kir\u00e1ly idej\u00e9ben \u00e9rkezett Magyarorsz\u00e1gra \u00e9s ezt a helyet kapta a kir\u00e1lyt\u00f3l (l096-ban), amely a R\u00e1t\u00f3t-nemzets\u00e9g \u0151si f\u00e9szke lett, v\u00e1rkast\u00e9ly\u00e1t a mai K\u00e1lv\u00e1ria dombon \u00e9p\u00edtette fel. A r\u00e1t\u00f3t nemzets\u00e9gnek sz\u00e1mos kiemelked\u0151 alakja ismert.<\/p>\n<p style=\"text-align: justify;\">A R\u00e1t\u00f3ti Premontrei Pr\u00e9posts\u00e1got alap\u00edt\u00f3 R\u00e1t\u00f3t M\u00e1ty\u00e1s esztergomi \u00e9rsek 1241-ben a muhi csat\u00e1ban elhunyt. Elk\u00e9pzel\u00e9s\u00e9t, a kolostor meg\u00e9p\u00edt\u00e9s\u00e9t, csal\u00e1dja val\u00f3s\u00edtotta meg. (A kolostor maradv\u00e1nya g\u00f3lyaf\u00e9szek n\u00e9ven ismert.)<\/p>\n<p style=\"text-align: justify;\">K\u00f6zs\u00e9g\u00fcnk m\u00e1sik n\u00e9vad\u00f3ja: a R\u00e1t\u00f3t-nembeli GYULAFFY csal\u00e1d, mely M\u00e1ty\u00e1s kir\u00e1ly idej\u00e9ig megtartotta a mai Gyulafir\u00e1t\u00f3tot, majd Csob\u00e1nc v\u00e1r\u00e1ba k\u00f6lt\u00f6z\u00f6tt.<\/p>\n<p style=\"text-align: justify;\"><b>K\u00f6zs\u00e9g\u00fcnk 1420-t\u00f3l GYULAFIR\u00c1T\u00d3T!<\/b><\/p>\n<p style=\"text-align: justify;\">A pr\u00e9posti kast\u00e9lyt Szilcz K\u00e1roly pr\u00e9post \u00e9p\u00edttette l778-ban. A kast\u00e9lyban csak az utols\u00f3 pr\u00e9post Szentiv\u00e1nyi K\u00e1roly \u00e9lt kinevez\u00e9s\u00e9t\u0151l hal\u00e1l\u00e1ig (1947). Vele egy\u00fctt megsz\u0171nt a 700 \u00e9ves pr\u00e9posts\u00e1g is. l978-t\u00f3l az \u00e9p\u00fcletben a Kast\u00e9lykert \u00d3voda m\u0171k\u00f6dik.<\/p>\n<p style=\"text-align: justify;\">A lakoss\u00e1g meg\u00e9lhet\u00e9s\u00e9t a f\u00f6ldm\u0171vel\u00e9s, az \u00e1llatteny\u00e9szt\u00e9s \u00e9s az erd\u0151gazd\u00e1lkod\u00e1s biztos\u00edtotta a XX. sz. k\u00f6zep\u00e9ig. Ma a lakoss\u00e1g egy r\u00e9sze Veszpr\u00e9mben dolgozik. Gyulafir\u00e1t\u00f3ton sokan \u00e9lnek v\u00e1llalkoz\u00e1sb\u00f3l.<\/p>\n<p style=\"text-align: justify;\">A telep\u00fcl\u00e9snek a XVIII. sz\u00e1zadt\u00f3l van iskol\u00e1ja. 1992-ben k\u00e9sz\u00fclt el a modern iskola, amely Gyulaffy L\u00e1szl\u00f3 v\u00e9gv\u00e1ri vit\u00e9z nev\u00e9t vette fel. Az iskol\u00e1ban bevezett\u00e9k a n\u00e9met nemzetis\u00e9gi oktat\u00e1st, amely lehet\u0151s\u00e9get ad a n\u00e9met nyelv elsaj\u00e1t\u00edt\u00e1s\u00e1ra, a n\u00e9met nemzetis\u00e9g \u00e9letm\u00f3dj\u00e1nak, kult\u00far\u00e1j\u00e1nak, hagyom\u00e1nyainak megismer\u00e9s\u00e9re. A n\u00e9metek az 1700-as \u00e9vek betelep\u00edt\u00e9se sor\u00e1n ker\u00fcltek Gyulafir\u00e1t\u00f3tra. l890-ben az 1490 lakosb\u00f3l 698 f\u0151 n\u00e9met nemzetis\u00e9g\u0171nek vallotta mag\u00e1t. A n\u00e9metek l853-ban n\u00e9met tan\u00edt\u00e1st, mis\u00e9t k\u00e9rtek \u00e9s kaptak a Veszpr\u00e9m megyei hat\u00f3s\u00e1gt\u00f3l. A sz\u00e1zad elej\u00e9n m\u00e9g jelent\u0151s n\u00e9met ajk\u00fa csal\u00e1d \u00e9lt Gyulafir\u00e1t\u00f3ton. A n\u00e9met kult\u00far\u00e1nak \u00e9s nyelvnek megvannak a helyi gy\u00f6kerei.<\/p>\n<p style=\"text-align: justify;\">Az 1950-es \u00e9vekig nagyon j\u00f3 r\u00e9zf\u00fav\u00f3s zenekar m\u0171k\u00f6d\u00f6tt a Schmid, \u00e9s a Karli csal\u00e1dban, a Gunther csal\u00e1dban pedig harmonika \u00e9s cimbalom egy\u00fcttes. A Klem kocsma volt a n\u00e9metek mulat\u00f3helye. A lakoss\u00e1g egykori n\u00e9met volt\u00e1t neveiben, szok\u00e1saiban, a gasztron\u00f3mi\u00e1ban, \u00e9s fot\u00f3kon \u0151rzi. A r\u00e9gi N\u00e9met utca ma is viseli nev\u00e9t. A telep\u00fcl\u00e9sen ma is \u00e9l\u0151 n\u00e9pszok\u00e1s a kar\u00e1csonyi \u201eChristkindl\u201d.<\/p>\n<p>&nbsp;<\/p>\n<p>[\/et_pb_text][\/et_pb_column][\/et_pb_row][et_pb_row column_structure=&#8221;1_2,1_2&#8243; _builder_version=&#8221;4.16&#8243; min_height=&#8221;566px&#8221; custom_margin=&#8221;-29px|auto||auto||&#8221; custom_padding=&#8221;0px||0px|||&#8221; global_colors_info=&#8221;{}&#8221;][et_pb_column type=&#8221;1_2&#8243; _builder_version=&#8221;4.16&#8243; custom_padding=&#8221;|||&#8221; global_colors_info=&#8221;{}&#8221; custom_padding__hover=&#8221;|||&#8221;][et_pb_text _builder_version=&#8221;4.16&#8243; custom_margin=&#8221;-16px|||||&#8221; global_colors_info=&#8221;{}&#8221;]<\/p>\n<p style=\"text-align: justify;\">Gyulafir\u00e1t\u00f3tot l984. janu\u00e1r l-\u00e9vel Veszpr\u00e9mhez csatolt\u00e1k, de tov\u00e1bbra is \u0151rzi falusias jelleg\u00e9t, hagyom\u00e1nyit. Az l990-es \u00e9vekt\u0151l \u00faj lak\u00f3telepek kialak\u00edt\u00e1s\u00e1val a lakoss\u00e1g sz\u00e1ma jelent\u0151sen megn\u0151tt. Sorra megalakultak a civil szervezetek, amelyek a m\u0171vel\u0151d\u00e9si h\u00e1zzal kar\u00f6ltve egy\u00fctt tev\u00e9kenykednek k\u00f6z\u00f6ss\u00e9g \u00f6sszetart\u00f3 er\u0151k\u00e9nt, Gyulafir\u00e1t\u00f3t kultur\u00e1lis hagyom\u00e1nyainak, helyi \u00e9rt\u00e9keinek meg\u0151rz\u00e9s\u00e9\u00e9rt, a telep\u00fcl\u00e9s sz\u00e9p\u00edt\u00e9s\u00e9\u00e9rt.<\/p>\n<p style=\"text-align: justify;\"><b>M\u0171eml\u00e9k:<\/b><span>\u00a0<\/span>XIII. sz. Premontrei kolostor, amely a ciszterci mint\u00e1t k\u00f6veti (Kolostor u.)<br \/><b>M\u0171eml\u00e9k \u00e9p\u00fclet:<\/b><span>\u00a0<\/span>Pr\u00e9posts\u00e1gi kast\u00e9ly (Kast\u00e9ly u.)<\/p>\n<p style=\"text-align: justify;\">\n<p style=\"text-align: justify;\">\n<p style=\"text-align: justify;\">\n<p>&nbsp;<\/p>\n<p>[\/et_pb_text][\/et_pb_column][et_pb_column type=&#8221;1_2&#8243; _builder_version=&#8221;4.16&#8243; custom_padding=&#8221;|||&#8221; global_colors_info=&#8221;{}&#8221; custom_padding__hover=&#8221;|||&#8221;][\/et_pb_column][\/et_pb_row][et_pb_row column_structure=&#8221;3_5,2_5&#8243; _builder_version=&#8221;4.16&#8243; global_colors_info=&#8221;{}&#8221;][et_pb_column type=&#8221;3_5&#8243; _builder_version=&#8221;4.16&#8243; custom_padding=&#8221;|||&#8221; global_colors_info=&#8221;{}&#8221; custom_padding__hover=&#8221;|||&#8221;][et_pb_text _builder_version=&#8221;4.16&#8243; custom_margin=&#8221;-229px|||||&#8221; global_colors_info=&#8221;{}&#8221;]<\/p>\n<p style=\"text-align: justify;\">\n<p><b>Eml\u00e9km\u0171vek:<\/b><\/p>\n<ul>\n<li>I-II. Vil\u00e1gh\u00e1bor\u00fas eml\u00e9km\u0171, a kast\u00e9ly el\u0151tti t\u00e9ren,<\/li>\n<li>Gyulaffy L\u00e1szl\u00f3 v\u00e9gv\u00e1ri vit\u00e9z mellszobra, az \u00e1lt. isk. udvar\u00e1n (V\u00edzi u.)<\/li>\n<li>R\u00e1t\u00f3t M\u00e1ty\u00e1s domborm\u0171, a rom. kat. templom b\u00e1styafal\u00e1n (K\u00e1lv\u00e1ria u.)<\/li>\n<li>Batthy\u00e1ny Lajos mellszobra, a m\u0171vel\u0151d\u00e9si h\u00e1z mellett (Hajm\u00e1sk\u00e9ri u.)<\/li>\n<\/ul>\n<p><b>Eml\u00e9khely:<span>\u00a0<\/span><\/b>a K\u00e1lv\u00e1ria domb. l808-ban k\u00f6zadakoz\u00e1sb\u00f3l \u00e9p\u00fclt, l996-ban ker\u00fclt fel\u00faj\u00edt\u00e1sra. M\u00e1solata Szentendr\u00e9n a Skanzenben l\u00e1that\u00f3.<\/p>\n<p>[\/et_pb_text][et_pb_image src=&#8221;https:\/\/agoraveszprem.hu\/wp-content\/uploads\/2019\/06\/gyulafiratot_tortenet_02-1.jpg&#8221; alt=&#8221;Gyulafir\u00e1t\u00f3t t\u00f6rt\u00e9net 2&#8243; title_text=&#8221;gyulafiratot_tortenet_02 (1)&#8221; _builder_version=&#8221;4.24.3&#8243; custom_padding=&#8221;8px|43px||||&#8221; border_width_all=&#8221;2px&#8221; border_color_all=&#8221;#9e2a87&#8243; box_shadow_style=&#8221;preset2&#8243; global_colors_info=&#8221;{}&#8221;][\/et_pb_image][\/et_pb_column][et_pb_column type=&#8221;2_5&#8243; _builder_version=&#8221;4.16&#8243; custom_padding=&#8221;|||&#8221; global_colors_info=&#8221;{}&#8221; custom_padding__hover=&#8221;|||&#8221;][et_pb_text _builder_version=&#8221;4.16&#8243; custom_margin=&#8221;|||-71px||&#8221; global_colors_info=&#8221;{}&#8221;]<\/p>\n<p>&nbsp;<\/p>\n<p style=\"text-align: left;\"><b style=\"font-size: 16px;\">Hadnagy L\u00e1szl\u00f3 Helyt\u00f6rt\u00e9neti Gy\u0171jtem\u00e9ny:<\/b><span style=\"font-size: 16px;\">\u00a0Hadnagy L\u00e1szl\u00f3, falunk sz\u00fcl\u00f6tte, tan\u00e1r, m\u00fazeum igazgat\u00f3 hagyat\u00e9k\u00e1b\u00f3l, helyi t\u00e1rgyi gy\u0171jt\u00e9sb\u0151l \u00f6ssze\u00e1ll\u00edtott ki\u00e1ll\u00edt\u00e1s. (P\u00e1sztor u. 26.-ban)<\/span><\/p>\n<p>[\/et_pb_text][\/et_pb_column][\/et_pb_row][et_pb_row _builder_version=&#8221;4.16&#8243; global_colors_info=&#8221;{}&#8221;][et_pb_column type=&#8221;4_4&#8243; _builder_version=&#8221;4.16&#8243; custom_padding=&#8221;|||&#8221; global_colors_info=&#8221;{}&#8221; custom_padding__hover=&#8221;|||&#8221;][et_pb_text _builder_version=&#8221;4.16&#8243; global_colors_info=&#8221;{}&#8221;][\/et_pb_text][et_pb_divider color=&#8221;#d7a562&#8243; divider_style=&#8221;dotted&#8221; divider_weight=&#8221;2px&#8221; _builder_version=&#8221;4.16&#8243; min_height=&#8221;2px&#8221; height=&#8221;0px&#8221; custom_margin=&#8221;-16px||6px|||&#8221; custom_padding=&#8221;22px|||||&#8221; global_colors_info=&#8221;{}&#8221;][\/et_pb_divider][\/et_pb_column][\/et_pb_row][\/et_pb_section][et_pb_section fb_built=&#8221;1&#8243; custom_padding_last_edited=&#8221;on|desktop&#8221; prev_background_color=&#8221;#ffffff&#8221; admin_label=&#8221;Footer&#8221; _builder_version=&#8221;4.16&#8243; use_background_color_gradient=&#8221;on&#8221; background_color_gradient_direction=&#8221;130deg&#8221; background_color_gradient_stops=&#8221;#9e2a87 0%|#cccccc 100%&#8221; background_color_gradient_start=&#8221;#9e2a87&#8243; background_color_gradient_end=&#8221;#cccccc&#8221; background_image=&#8221;https:\/\/agoraveszprem.hu\/wp-content\/uploads\/2019\/05\/AGORA-bg2.fw_-2-2.png&#8221; parallax=&#8221;on&#8221; custom_padding=&#8221;16vw||7vw||false|false&#8221; custom_padding_tablet=&#8221;100px||100px||true&#8221; custom_padding_phone=&#8221;||||true&#8221; top_divider_style=&#8221;ramp2&#8243; top_divider_height=&#8221;250px&#8221; top_divider_flip=&#8221;vertical&#8221; top_divider_height_tablet=&#8221;150px&#8221; top_divider_height_phone=&#8221;110px&#8221; top_divider_height_last_edited=&#8221;on|phone&#8221; saved_tabs=&#8221;all&#8221; global_colors_info=&#8221;{}&#8221;][et_pb_row _builder_version=&#8221;4.24.3&#8243; background_size=&#8221;initial&#8221; background_position=&#8221;top_left&#8221; background_repeat=&#8221;repeat&#8221; width=&#8221;83.4%&#8221; module_alignment=&#8221;center&#8221; custom_margin=&#8221;|||||&#8221; global_colors_info=&#8221;{}&#8221;][et_pb_column type=&#8221;4_4&#8243; _builder_version=&#8221;4.16&#8243; custom_padding=&#8221;|||&#8221; global_colors_info=&#8221;{}&#8221; custom_padding__hover=&#8221;|||&#8221;][et_pb_text _builder_version=&#8221;4.24.2&#8243; text_font=&#8221;||||||||&#8221; header_font=&#8221;||||||||&#8221; header_2_font=&#8221;Playfair Display|700|||||||&#8221; header_2_text_align=&#8221;center&#8221; header_2_text_color=&#8221;#2b2b2b&#8221; header_2_line_height=&#8221;1.5em&#8221; background_size=&#8221;initial&#8221; background_position=&#8221;top_left&#8221; background_repeat=&#8221;repeat&#8221; text_orientation=&#8221;center&#8221; module_alignment=&#8221;center&#8221; min_height=&#8221;66px&#8221; custom_margin=&#8221;||10px|&#8221; custom_padding=&#8221;12px||0px|||&#8221; locked=&#8221;off&#8221; inline_fonts=&#8221;Abhaya Libre,GILL Sans&#8221; global_colors_info=&#8221;{}&#8221;]<\/p>\n<h2 class=\"akadalymentes_cimsor\"><span style=\"font-family: 'GILL Sans'; color: #ffffff;\">K\u00e9rd\u00e9se, \u00e9szrev\u00e9tele van? Vegye fel vel\u00fcnk a kapcsolatot!<\/span><\/h2>\n<p>[\/et_pb_text][et_pb_divider color=&#8221;#f7d584&#8243; divider_style=&#8221;dashed&#8221; divider_weight=&#8221;3px&#8221; disabled_on=&#8221;on|on|off&#8221; _builder_version=&#8221;4.16&#8243; max_width=&#8221;80px&#8221; module_alignment=&#8221;center&#8221; height=&#8221;10px&#8221; custom_margin=&#8221;||20px|&#8221; animation_style=&#8221;slide&#8221; animation_direction=&#8221;bottom&#8221; saved_tabs=&#8221;all&#8221; locked=&#8221;off&#8221; global_colors_info=&#8221;{}&#8221;][\/et_pb_divider][et_pb_text _builder_version=&#8221;4.24.2&#8243; _module_preset=&#8221;default&#8221; background_layout=&#8221;dark&#8221; custom_css_free_form=&#8221;input.wpcf7-submit {||    color: rgb(250,250,250) !important;||}&#8221; global_colors_info=&#8221;{}&#8221;]<\/p>\n\n<div class=\"wpcf7 no-js\" id=\"wpcf7-f718-o1\" lang=\"hu-HU\" dir=\"ltr\" data-wpcf7-id=\"718\">\n<div class=\"screen-reader-response\"><p role=\"status\" aria-live=\"polite\" aria-atomic=\"true\"><\/p> <ul><\/ul><\/div>\n<form action=\"\/eng\/wp-json\/wp\/v2\/pages\/615#wpcf7-f718-o1\" method=\"post\" class=\"wpcf7-form init\" aria-label=\"Kapcsolatfelv\u00e9teli \u0171rlap\" novalidate=\"novalidate\" data-status=\"init\">\n<fieldset class=\"hidden-fields-container\"><input type=\"hidden\" name=\"_wpcf7\" value=\"718\" \/><input type=\"hidden\" name=\"_wpcf7_version\" value=\"6.1.7\" \/><input type=\"hidden\" name=\"_wpcf7_locale\" value=\"hu_HU\" \/><input type=\"hidden\" name=\"_wpcf7_unit_tag\" value=\"wpcf7-f718-o1\" \/><input type=\"hidden\" name=\"_wpcf7_container_post\" value=\"0\" \/><input type=\"hidden\" name=\"_wpcf7_posted_data_hash\" value=\"\" \/><input type=\"hidden\" name=\"_wpcf7_recaptcha_response\" value=\"\" \/>\n<\/fieldset>\n<div class=\"wpcf7-response-output\" aria-hidden=\"true\"><\/div>\n<fieldset>\n\t<p><label for=\"cfname\"> N\u00e9v (k\u00f6telez\u0151)<br \/>\n<span class=\"wpcf7-form-control-wrap\" data-name=\"your-name\"><input size=\"40\" maxlength=\"400\" class=\"wpcf7-form-control wpcf7-text wpcf7-validates-as-required\" id=\"cfname\" aria-required=\"true\" aria-invalid=\"false\" value=\"\" type=\"text\" name=\"your-name\" \/><\/span> <\/label>\n\t<\/p>\n\t<p><label for=\"cfemail\"> Email c\u00edm (k\u00f6telez\u0151)<br \/>\n<span class=\"wpcf7-form-control-wrap\" data-name=\"your-email\"><input size=\"40\" maxlength=\"400\" class=\"wpcf7-form-control wpcf7-email wpcf7-validates-as-required wpcf7-text wpcf7-validates-as-email\" id=\"cfemail\" aria-required=\"true\" aria-invalid=\"false\" value=\"\" type=\"email\" name=\"your-email\" \/><\/span> <\/label>\n\t<\/p>\n\t<p><label for=\"targy\"> T\u00e1rgy<br \/>\n<span class=\"wpcf7-form-control-wrap\" data-name=\"your-subject\"><input size=\"40\" maxlength=\"400\" class=\"wpcf7-form-control wpcf7-text\" id=\"targy\" aria-invalid=\"false\" value=\"\" type=\"text\" name=\"your-subject\" \/><\/span> <\/label>\n\t<\/p>\n\t<p><label for=\"uzenet\"> \u00dczenet<br \/>\n<span class=\"wpcf7-form-control-wrap\" data-name=\"your-message\"><textarea cols=\"40\" rows=\"10\" maxlength=\"2000\" class=\"wpcf7-form-control wpcf7-textarea\" id=\"uzenet\" aria-invalid=\"false\" name=\"your-message\"><\/textarea><\/span> <\/label>\n\t<\/p>\n\t<p><label for=\"gdpr\">K\u00e9rj\u00fck adja a hozz\u00e1j\u00e1rul\u00e1s\u00e1t.<\/label><br \/>\n<span class=\"wpcf7-form-control-wrap\" data-name=\"hozzajarulas\"><span class=\"wpcf7-form-control wpcf7-acceptance\"><span class=\"wpcf7-list-item\"><label><input type=\"checkbox\" name=\"hozzajarulas\" value=\"1\" id=\"gdpr\" aria-invalid=\"false\" \/><span class=\"wpcf7-list-item-label\">Elolvastam \u00e9s elfogadom az <a href=\"https:\/\/agoraveszprem.hu\/adatkezelesi-tajekoztato\/\" target=\"_blank\">Adatkezel\u00e9si t\u00e1j\u00e9koztat\u00f3ban<\/a> foglaltakat.<\/span><\/label><\/span><\/span><\/span>\n\t<\/p>\n<\/fieldset>\n<p><input class=\"wpcf7-form-control wpcf7-submit has-spinner\" type=\"submit\" value=\"K\u00fcld\u00e9s\" \/>\n<\/p>\n<\/form>\n<\/div>\n\n<p>[\/et_pb_text][\/et_pb_column][\/et_pb_row][et_pb_row _builder_version=&#8221;4.16&#8243; global_colors_info=&#8221;{}&#8221;][et_pb_column type=&#8221;4_4&#8243; _builder_version=&#8221;4.16&#8243; custom_padding=&#8221;|||&#8221; global_colors_info=&#8221;{}&#8221; custom_padding__hover=&#8221;|||&#8221;][et_pb_social_media_follow _builder_version=&#8221;4.16&#8243; text_orientation=&#8221;center&#8221; custom_padding=&#8221;14px|||||&#8221; border_radii=&#8221;on|34px|34px|34px|34px&#8221; global_colors_info=&#8221;{}&#8221;][et_pb_social_media_follow_network social_network=&#8221;facebook&#8221; url=&#8221;https:\/\/www.facebook.com\/vmkveszprem?fref=ts&#8221; _builder_version=&#8221;4.16&#8243; background_color=&#8221;#fcb6ab&#8221; global_colors_info=&#8221;{}&#8221; follow_button=&#8221;off&#8221; url_new_window=&#8221;on&#8221;]facebook[\/et_pb_social_media_follow_network][et_pb_social_media_follow_network social_network=&#8221;instagram&#8221; url=&#8221;https:\/\/www.instagram.com\/explore\/locations\/1020400020\/agora-veszprem-kulturalis-kozpont&#8221; _builder_version=&#8221;4.16&#8243; background_color=&#8221;#fcb6ab&#8221; global_colors_info=&#8221;{}&#8221; follow_button=&#8221;off&#8221; url_new_window=&#8221;on&#8221;]instagram[\/et_pb_social_media_follow_network][\/et_pb_social_media_follow][\/et_pb_column][\/et_pb_row][\/et_pb_section]<\/p>\n","protected":false},"excerpt":{"rendered":"<p>Gyulafir\u00e1t\u00f3ti M\u0171vel\u0151d\u00e9si H\u00e1z\u00a0 Az int\u00e9zm\u00e9ny bemutat\u00e1sa, tev\u00e9kenys\u00e9ge 8412 Veszpr\u00e9m &#8211; Gyulafir\u00e1t\u00f3t, Hajm\u00e1sk\u00e9ri utca 2. Mobil: +3670 368-8211 Telefon: +36 88 457 795 (\u00fczenetr\u00f6gz\u00edt\u0151) E-mail:\u00a0gyulafiratot@agoraveszprem.hu Az int\u00e9zm\u00e9ny bemutat\u00e1sa, tev\u00e9kenys\u00e9ge M\u0171vel\u0151d\u00e9si h\u00e1zunk a Gyulafir\u00e1t\u00f3ton \u00e9l\u0151 k\u00f6zel 4.000 f\u0151s lakoss\u00e1g k\u00f6zm\u0171vel\u0151d\u00e9si \u00e9s sz\u00f3rakoz\u00e1si ig\u00e9nyeit pr\u00f3b\u00e1lja kiel\u00e9g\u00edteni. A v\u00e1roshoz csatol\u00e1sa ellen\u00e9re a telep\u00fcl\u00e9s meg\u0151rizte falusias jelleg\u00e9t, hagyom\u00e1nyait. Int\u00e9zm\u00e9ny\u00fcnk nagyon [&hellip;]<\/p>\n","protected":false},"author":1,"featured_media":0,"parent":0,"menu_order":0,"comment_status":"closed","ping_status":"closed","template":"","meta":{"_et_pb_use_builder":"on","_et_pb_old_content":"","_et_gb_content_width":"","footnotes":""},"class_list":["post-615","page","type-page","status-publish","hentry"],"_links":{"self":[{"href":"https:\/\/agoraveszprem.hu\/eng\/wp-json\/wp\/v2\/pages\/615","targetHints":{"allow":["GET"]}}],"collection":[{"href":"https:\/\/agoraveszprem.hu\/eng\/wp-json\/wp\/v2\/pages"}],"about":[{"href":"https:\/\/agoraveszprem.hu\/eng\/wp-json\/wp\/v2\/types\/page"}],"author":[{"embeddable":true,"href":"https:\/\/agoraveszprem.hu\/eng\/wp-json\/wp\/v2\/users\/1"}],"replies":[{"embeddable":true,"href":"https:\/\/agoraveszprem.hu\/eng\/wp-json\/wp\/v2\/comments?post=615"}],"version-history":[{"count":69,"href":"https:\/\/agoraveszprem.hu\/eng\/wp-json\/wp\/v2\/pages\/615\/revisions"}],"predecessor-version":[{"id":29656,"href":"https:\/\/agoraveszprem.hu\/eng\/wp-json\/wp\/v2\/pages\/615\/revisions\/29656"}],"wp:attachment":[{"href":"https:\/\/agoraveszprem.hu\/eng\/wp-json\/wp\/v2\/media?parent=615"}],"curies":[{"name":"wp","href":"https:\/\/api.w.org\/{rel}","templated":true}]}}