{"id":8173,"date":"2022-10-25T16:02:01","date_gmt":"2022-10-25T15:02:01","guid":{"rendered":"https:\/\/agoraveszprem.hu\/?page_id=8173"},"modified":"2024-04-08T09:13:27","modified_gmt":"2024-04-08T08:13:27","slug":"latogatobarat-szolgaltatasaink","status":"publish","type":"page","link":"https:\/\/agoraveszprem.hu\/eng\/latogatobarat-szolgaltatasaink\/","title":{"rendered":"Visitor-friendly services"},"content":{"rendered":"<p>[et_pb_section fb_built=&#8221;1&#8243; custom_padding_last_edited=&#8221;on|desktop&#8221; next_background_color=&#8221;#ffffff&#8221; admin_label=&#8221;Header&#8221; _builder_version=&#8221;4.16&#8243; use_background_color_gradient=&#8221;on&#8221; background_color_gradient_direction=&#8221;130deg&#8221; background_color_gradient_stops=&#8221;#ffffff 0%|#F2F2FA 100%&#8221; background_color_gradient_start=&#8221;#ffffff&#8221; background_color_gradient_end=&#8221;#F2F2FA&#8221; background_image=&#8221;https:\/\/agoraveszprem.hu\/wp-content\/uploads\/2019\/05\/marketing-bg8-1.png&#8221; background_size=&#8221;contain&#8221; background_position=&#8221;top_left&#8221; custom_padding=&#8221;0vw||0vw||false|false&#8221; custom_padding_tablet=&#8221;100px||100px||true&#8221; custom_padding_phone=&#8221;||||true&#8221; top_divider_style=&#8221;ramp2&#8243; top_divider_color=&#8221;#d7a562&#8243; top_divider_height=&#8221;22px&#8221; top_divider_flip=&#8221;vertical&#8221; bottom_divider_style=&#8221;ramp2&#8243; bottom_divider_height=&#8221;250px&#8221; bottom_divider_flip=&#8221;horizontal&#8221; bottom_divider_height_tablet=&#8221;150px&#8221; bottom_divider_height_phone=&#8221;110px&#8221; bottom_divider_height_last_edited=&#8221;on|phone&#8221; saved_tabs=&#8221;all&#8221; global_colors_info=&#8221;{}&#8221;][et_pb_row _builder_version=&#8221;4.16&#8243; global_colors_info=&#8221;{}&#8221;][et_pb_column type=&#8221;4_4&#8243; _builder_version=&#8221;4.16&#8243; custom_padding=&#8221;|||&#8221; global_colors_info=&#8221;{}&#8221; custom_padding__hover=&#8221;|||&#8221;][et_pb_text _builder_version=&#8221;4.24.3&#8243; text_font=&#8221;Roboto||||||||&#8221; header_font=&#8221;Roboto|700|||||||&#8221; header_text_align=&#8221;center&#8221; header_font_size=&#8221;80px&#8221; header_line_height=&#8221;1.2em&#8221; header_3_font=&#8221;Roboto|700||on|||||&#8221; header_3_text_align=&#8221;center&#8221; header_3_text_color=&#8221;#ffffff&#8221; header_3_font_size=&#8221;24px&#8221; header_3_letter_spacing=&#8221;10px&#8221; header_3_line_height=&#8221;2em&#8221; text_orientation=&#8221;center&#8221; background_layout=&#8221;dark&#8221; module_alignment=&#8221;center&#8221; custom_margin=&#8221;||15px|||&#8221; text_font_size_last_edited=&#8221;off|desktop&#8221; header_font_size_tablet=&#8221;40px&#8221; header_font_size_phone=&#8221;32px&#8221; header_font_size_last_edited=&#8221;on|phone&#8221; header_3_font_size_tablet=&#8221;16px&#8221; header_3_font_size_phone=&#8221;14px&#8221; header_3_font_size_last_edited=&#8221;on|phone&#8221; header_3_letter_spacing_tablet=&#8221;5px&#8221; header_3_letter_spacing_phone=&#8221;&#8221; header_3_letter_spacing_last_edited=&#8221;on|tablet&#8221; inline_fonts=&#8221;Abhaya Libre&#8221; global_colors_info=&#8221;{}&#8221;]<\/p>\n<h1><span style=\"font-family: 'Abhaya Libre'; font-weight: normal; color: #976d35;\">L\u00e1togat\u00f3bar\u00e1t szolg\u00e1ltat\u00e1saink<\/span><\/h1>\n<p>[\/et_pb_text][et_pb_divider color=&#8221;#d7a562&#8243; divider_style=&#8221;dotted&#8221; divider_weight=&#8221;2px&#8221; _builder_version=&#8221;4.16&#8243; min_height=&#8221;24px&#8221; custom_margin=&#8221;-44px|||||&#8221; custom_padding=&#8221;15px|||||&#8221; global_colors_info=&#8221;{}&#8221;][\/et_pb_divider][\/et_pb_column][\/et_pb_row][et_pb_row _builder_version=&#8221;4.16&#8243; custom_margin=&#8221;-4px|auto||auto||&#8221; global_colors_info=&#8221;{}&#8221;][et_pb_column type=&#8221;4_4&#8243; _builder_version=&#8221;4.16&#8243; custom_padding=&#8221;|||&#8221; global_colors_info=&#8221;{}&#8221; custom_padding__hover=&#8221;|||&#8221;][et_pb_text _builder_version=&#8221;4.20.4&#8243; _module_preset=&#8221;default&#8221; custom_padding=&#8221;1px|||||&#8221; global_colors_info=&#8221;{}&#8221;]<\/p>\n<blockquote>\n<p><strong>Az Ag\u00f3ra L\u00e1togat\u00f3bar\u00e1t Szempont\u00fa Fejleszt\u00e9se<\/strong><\/p>\n<p><strong>OC-AUD\/1-2022\/987137<\/strong><\/p>\n<\/blockquote>\n<p>Int\u00e9zm\u00e9ny\u00fcnk az akad\u00e1lyok lek\u00fczd\u00e9se (a csal\u00e1dok, biciklisek \u00e9s kuty\u00e1sok \u00e9rdek\u00e9ben), a Veszpr\u00e9m legyen a kir\u00e1lyn\u00e9k v\u00e1rosa, az online, a l\u00e1togat\u00f3menedzsment, a Legy\u00fcnk z\u00f6ldek, valamint az akad\u00e1lymentess\u00e9g t\u00e9mater\u00fcleten val\u00f3s\u00edtott meg fejleszt\u00e9seket.<\/p>\n<p>A p\u00e1ly\u00e1zat keret\u00e9ben b\u0151v\u00edtett\u00fck eszk\u00f6zk\u00e9szlet\u00fcnket. Az akad\u00e1lyok lek\u00fczd\u00e9se kapcs\u00e1n gyereksarkot hoztunk l\u00e9tre \u00e9s sz\u00e1mos gyerekbar\u00e1t eszk\u00f6zt v\u00e1s\u00e1roltunk: b\u00e9bi\u00e9tel meleg\u00edt\u0151, hangtomp\u00edt\u00f3 f\u00fcltok; etet\u0151sz\u00e9k, gyereksz\u0151nyeg, pelenkaszemetes ut\u00e1nt\u00f6lt\u0151vel, WC sz\u0171k\u00edt\u0151k, fell\u00e9p\u0151k, \u00fcl\u00e9smagas\u00edt\u00f3k, sz\u00ednes fab\u00fatorok, ismeretterjeszt\u0151 \u00e9s foglalkoztat\u00f3 k\u00f6nyvek, logikai-, k\u00e9szs\u00e9gfejleszt\u0151- \u00e9s kreat\u00edv j\u00e1t\u00e9kok, sz\u00ednes p\u00e1rn\u00e1k, poharak, t\u00e1ny\u00e9rok, rajzeszk\u00f6z\u00f6k. Ezeken k\u00edv\u00fcl kutya itat\u00f3t\u00e1lat vett\u00fcnk.<\/p>\n<p>A Veszpr\u00e9m legyen a kir\u00e1lyn\u00e9k v\u00e1rosa t\u00e9mater\u00fclethez kapcsol\u00f3d\u00f3an parav\u00e1nokat \u00e9s vet\u00edt\u0151v\u00e1sznat szerezt\u00fcnk be. Emellett minden szabadt\u00e9ri rendezv\u00e9ny\u00fcnkre kivitt\u00fck a 3,5 m-es Gizella \u00e9s Istv\u00e1n \u00f3ri\u00e1sb\u00e1bjainkat, lehet\u0151s\u00e9get adva az \u00e9rdekl\u0151d\u0151knek a vel\u00fck val\u00f3 fot\u00f3zkod\u00e1sra. \u201eA N\u0150 arcai\u201d c\u00edmmel k\u00e9pz\u0151m\u0171v\u00e9szeti p\u00e1ly\u00e1zatot hirdett\u00fcnk. A szak\u00e9rt\u0151 zs\u0171ri \u00e1ltal kiv\u00e1lasztott alkot\u00e1sokb\u00f3l ki\u00e1ll\u00edt\u00e1st szervezt\u00fcnk.<\/p>\n<p>Az online ter\u00fcleten megt\u00f6rt\u00e9nt int\u00e9zm\u00e9nyi honlapunk tartalm\u00e1nak, k\u00fclalakj\u00e1nak friss\u00edt\u00e9se, men\u00fcstrukt\u00far\u00e1j\u00e1nak egys\u00e9ges\u00edt\u00e9se, angol nyelvre ford\u00edt\u00e1sa, illetve teljes k\u00f6r\u0171 akad\u00e1lymentes\u00edt\u00e9se. Emellett gyerekprogramok men\u00fcpontot hoztunk l\u00e9tre, sz\u0171r\u0151kkel ell\u00e1tott esem\u00e9nynapt\u00e1rt alak\u00edtottunk ki, minden l\u00e1togat\u00f3bar\u00e1t szolg\u00e1ltat\u00e1st, z\u00f6ld int\u00e9zked\u00e9st felt\u00fcntett\u00fcnk \u00e9s el\u00e9rhet\u0151v\u00e9 tett\u00fck weboldalunkon a veszpr\u00e9mi l\u00e1tnival\u00f3k linkj\u00e9t.<\/p>\n<p>A l\u00e1togat\u00f3menedzsment fejleszt\u00e9sek keret\u00e9ben hat\u00e9konyabb t\u00e1j\u00e9koztat\u00e1st szolg\u00e1l\u00f3 vizu\u00e1lis eszk\u00f6zt, valamint \u00fatbaigaz\u00edt\u00f3 mobil meg\u00e1ll\u00edt\u00f3t\u00e1bl\u00e1kat v\u00e1s\u00e1roltunk.<\/p>\n<p>A Legy\u00fcnk z\u00f6ldek t\u00e9mater\u00fclet eset\u00e9ben szelekt\u00edv hullad\u00e9kgy\u0171jt\u0151 ed\u00e9nyeket, k\u00f6rnyezetv\u00e9delmi k\u00f6nyveket, haszn\u00e1lt elemgy\u0171jt\u0151t, LED izz\u00f3kat, illetve z\u00f6ld falat szerezt\u00fcnk be.<\/p>\n<p>Az akad\u00e1lymentess\u00e9g kapcs\u00e1n jelnyelvi tolm\u00e1csszolg\u00e1ltat\u00e1st ny\u00fajt\u00f3, QR k\u00f3d leolvas\u00e1sra alkalmas kontakt tableteket vett\u00fcnk.<\/p>\n<p>A 6 t\u00e9mater\u00fclethez kapcsol\u00f3d\u00f3 fejleszt\u00e9sek a VEB2023 t\u00e1mogat\u00e1s\u00e1val val\u00f3sultak meg, a k\u00f6lts\u00e9geket p\u00e1ly\u00e1zati forr\u00e1sb\u00f3l finansz\u00edroztuk.<\/p>\n<p>[\/et_pb_text][et_pb_text _builder_version=&#8221;4.24.2&#8243; text_font=&#8221;Roboto||||||||&#8221; header_font=&#8221;Roboto|700|||||||&#8221; header_text_align=&#8221;center&#8221; header_font_size=&#8221;80px&#8221; header_line_height=&#8221;1.2em&#8221; header_3_font=&#8221;Roboto|700||on|||||&#8221; header_3_text_align=&#8221;center&#8221; header_3_text_color=&#8221;#ffffff&#8221; header_3_font_size=&#8221;24px&#8221; header_3_letter_spacing=&#8221;10px&#8221; header_3_line_height=&#8221;2em&#8221; text_orientation=&#8221;center&#8221; background_layout=&#8221;dark&#8221; module_alignment=&#8221;center&#8221; custom_margin=&#8221;||15px|||&#8221; text_font_size_last_edited=&#8221;off|desktop&#8221; header_font_size_tablet=&#8221;40px&#8221; header_font_size_phone=&#8221;32px&#8221; header_font_size_last_edited=&#8221;on|phone&#8221; header_3_font_size_tablet=&#8221;16px&#8221; header_3_font_size_phone=&#8221;14px&#8221; header_3_font_size_last_edited=&#8221;on|phone&#8221; header_3_letter_spacing_tablet=&#8221;5px&#8221; header_3_letter_spacing_phone=&#8221;&#8221; header_3_letter_spacing_last_edited=&#8221;on|tablet&#8221; inline_fonts=&#8221;Abhaya Libre&#8221; global_colors_info=&#8221;{}&#8221;]<\/p>\n<blockquote>\n<h2 style=\"text-align: left;\"><span style=\"font-family: 'Abhaya Libre'; font-weight: normal; color: #976d35;\"><strong><b>Ag\u00f3ra Veszpr\u00e9m Kultur\u00e1lis K\u00f6zpont javasolt megk\u00f6zel\u00edt\u00e9se<\/b><\/strong><\/span><\/h2>\n<\/blockquote>\n<p>[\/et_pb_text][\/et_pb_column][\/et_pb_row][et_pb_row _builder_version=&#8221;4.16&#8243; custom_margin=&#8221;-38px|auto||auto||&#8221; custom_padding=&#8221;0px|||||&#8221; global_colors_info=&#8221;{}&#8221;][et_pb_column type=&#8221;4_4&#8243; _builder_version=&#8221;4.16&#8243; custom_padding=&#8221;|||&#8221; global_colors_info=&#8221;{}&#8221; custom_padding__hover=&#8221;|||&#8221;][et_pb_icon font_icon=&#8221;&#xf207;||fa||900&#8243; align=&#8221;left&#8221; _builder_version=&#8221;4.18.0&#8243; _module_preset=&#8221;default&#8221; global_colors_info=&#8221;{}&#8221;][\/et_pb_icon][et_pb_text _builder_version=&#8221;4.18.0&#8243; min_height=&#8221;340.8px&#8221; custom_margin=&#8221;19px|||||&#8221; custom_padding=&#8221;||0px|||&#8221; global_colors_info=&#8221;{}&#8221;]<\/p>\n<p><strong>T\u00e1vols\u00e1gi, helyk\u00f6zi busszal \u00e9rkez\u0151knek &#8211; <\/strong><span><a href=\"http:\/\/www.menetrendek.hu\">www.menetrendek.hu<\/a><\/span><\/p>\n<p>A Veszpr\u00e9m aut\u00f3busz-\u00e1llom\u00e1st\u00f3l a Herend, Ajka, P\u00e1pa fel\u00e9 k\u00f6zleked\u0151 helyk\u00f6zi buszj\u00e1ratokkal a Jutasi \u00fati lak\u00f3telepig, onnan gyalogosan 3 perc s\u00e9t\u00e1ra tal\u00e1lhat\u00f3 az Ag\u00f3ra \u00e9p\u00fclete. A buszmeg\u00e1ll\u00f3ban lesz\u00e1llva, menetir\u00e1nnyal ellent\u00e9tes ir\u00e1nyba indulva, az els\u0151 utc\u00e1n balra kell bekanyarodni. A Halle utc\u00e1n bes\u00e9t\u00e1lva az \u00e9p\u00fclethez \u00e9rkez\u00fcnk.<\/p>\n<p><span><strong>Helyij\u00e1ratos busszal \u00e9rkez\u0151knek \u2013<\/strong><\/span> <span><a href=\"http:\/\/www.vbusz.hu\">www.vbusz.hu<\/a><\/span><\/p>\n<p><span>A Veszpr\u00e9m aut\u00f3busz-\u00e1llom\u00e1st\u00f3l a helyi j\u00e1ratos buszok k\u00f6z\u00fcl a 4-es, 4A, a 7-es \u00e9s a 7A sz\u00e1moz\u00e1s\u00fa busszal kell menni a Munk\u00e1csy Mih\u00e1ly utca meg\u00e1ll\u00f3ig. A meg\u00e1ll\u00f3ban lesz\u00e1llva, menetir\u00e1ny szerint tov\u00e1bb haladva bal k\u00e9z fel\u00e9 es\u0151 els\u0151 utc\u00e1n kell bekanyarodni. A Halle utc\u00e1n v\u00e9gig s\u00e9t\u00e1lva 5 perc alatt \u00e9r\u00fcnk az Ag\u00f3r\u00e1hoz. Az 1-es, 2-es \u00e9s 10-es sz\u00e1m\u00fa helyi j\u00e1ratos buszr\u00f3l a Jutasi \u00fat 61. meg\u00e1ll\u00f3n\u00e1l kell lesz\u00e1llni \u00e9s menetir\u00e1nnyal ellent\u00e9tes ir\u00e1nyban tov\u00e1bb haladni. Az els\u0151 utca<span style=\"text-decoration: line-through;\"> <\/span>bal k\u00e9z fel\u00e9, a Halle utca. A Halle utc\u00e1n bes\u00e9t\u00e1lva \u00e9r\u00fcnk az Ag\u00f3r\u00e1hoz.<\/span><strong><span><\/span><\/strong><\/p>\n<p>[\/et_pb_text][\/et_pb_column][\/et_pb_row][et_pb_row _builder_version=&#8221;4.18.0&#8243; _module_preset=&#8221;default&#8221; global_colors_info=&#8221;{}&#8221;][et_pb_column type=&#8221;4_4&#8243; _builder_version=&#8221;4.18.0&#8243; _module_preset=&#8221;default&#8221; global_colors_info=&#8221;{}&#8221;][et_pb_divider divider_style=&#8221;dashed&#8221; divider_position=&#8221;center&#8221; _builder_version=&#8221;4.16&#8243; custom_padding=&#8221;||0px|0px||&#8221; global_colors_info=&#8221;{}&#8221;][\/et_pb_divider][et_pb_icon font_icon=&#8221;&#xf239;||fa||900&#8243; align=&#8221;left&#8221; _builder_version=&#8221;4.18.0&#8243; _module_preset=&#8221;default&#8221; global_colors_info=&#8221;{}&#8221;][\/et_pb_icon][et_pb_text _builder_version=&#8221;4.18.0&#8243; _module_preset=&#8221;default&#8221; min_height=&#8221;97.2px&#8221; global_colors_info=&#8221;{}&#8221;]<\/p>\n<p><strong>Vonattal \u00e9rkez\u0151knek \u2013 <\/strong><span><a href=\"http:\/\/www.menetrendek.hu\">www.menetrendek.hu<\/a><\/span><\/p>\n<p>A Vas\u00fat\u00e1llom\u00e1sr\u00f3l az 1-es, 2-es \u00e9s 10-es sz\u00e1m\u00fa helyi j\u00e1rat visz a Jutasi \u00fat 61. meg\u00e1ll\u00f3j\u00e1ba, innen gyalogosan 3 perc az Ag\u00f3ra. A 4-es \u00e9s a 4\/A sz\u00e1moz\u00e1s\u00fa busszal a Munk\u00e1csy Mih\u00e1ly utca meg\u00e1ll\u00f3ig kell menni. A meg\u00e1ll\u00f3ban lesz\u00e1llva, menetir\u00e1ny szerint tov\u00e1bb haladva a jobb k\u00e9z fel\u00e9 es\u0151 els\u0151 utc\u00e1n kell bekanyarodni. <span>A Halle utc\u00e1n bes\u00e9t\u00e1lva \u00e9r\u00fcnk az Ag\u00f3r\u00e1hoz.<\/span><\/p>\n<p>[\/et_pb_text][et_pb_divider divider_style=&#8221;dashed&#8221; divider_position=&#8221;center&#8221; _builder_version=&#8221;4.16&#8243; custom_padding=&#8221;|||0px||&#8221; global_colors_info=&#8221;{}&#8221;][\/et_pb_divider][\/et_pb_column][\/et_pb_row][et_pb_row column_structure=&#8221;1_2,1_2&#8243; _builder_version=&#8221;4.18.0&#8243; _module_preset=&#8221;default&#8221; global_colors_info=&#8221;{}&#8221;][et_pb_column type=&#8221;1_2&#8243; _builder_version=&#8221;4.18.0&#8243; _module_preset=&#8221;default&#8221; global_colors_info=&#8221;{}&#8221;][et_pb_icon font_icon=&#8221;&#xf84a;||fa||900&#8243; align=&#8221;left&#8221; _builder_version=&#8221;4.18.0&#8243; _module_preset=&#8221;default&#8221; global_colors_info=&#8221;{}&#8221;][\/et_pb_icon][et_pb_text _builder_version=&#8221;4.19.5&#8243; _module_preset=&#8221;default&#8221; min_height=&#8221;157px&#8221; global_colors_info=&#8221;{}&#8221;]<\/p>\n<p><strong> Ker\u00e9kp\u00e1rral \u00e9rkez\u0151knek<\/strong><\/p>\n<p>Hagyd otthon a kocsid, tekerj az Ag\u00f3r\u00e1ba bring\u00e1val! Az utaz\u00e1sok tervez\u00e9s\u00e9hez aj\u00e1nljuk a <a href=\"https:\/\/www.google.com\/maps\/place\/Ag%C3%B3ra+Veszpr%C3%A9m+Kultur%C3%A1lis+K%C3%B6zpont\/@47.1062911,17.9114157,17z\/data=!3m1!4b1!4m5!3m4!1s0x47699a6846027761:0xac2353ab6318814c!8m2!3d47.1061189!4d17.9136371\">Google Maps<\/a> alkalmaz\u00e1st. Az \u00e9p\u00fclet bej\u00e1rata mellett \u00e9s a Kab\u00f3ca b\u00e1bsz\u00ednh\u00e1z h\u00e1ts\u00f3 bej\u00e1rat\u00e1n\u00e1l ker\u00e9kp\u00e1rt\u00e1rol\u00f3 tal\u00e1lhat\u00f3. A l\u00e1togat\u00e1s ideje alatt a ker\u00e9kp\u00e1r a t\u00e1rol\u00f3hoz r\u00f6gz\u00edtve lez\u00e1rhat\u00f3. Iv\u00f3v\u00edzv\u00e9teli, telefont\u00f6lt\u00e9si \u00e9s snack automat\u00e1b\u00f3l t\u00f6rt\u00e9n\u0151 v\u00e1s\u00e1rl\u00e1si lehet\u0151s\u00e9g az Ag\u00f3ra \u00e9p\u00fclet\u00e9ben, nyitvatart\u00e1si id\u0151ben lehets\u00e9ges. Legk\u00f6zelebbi ker\u00e9kp\u00e1r szerviz: <span><a href=\"http:\/\/www.ronabike.hu\">www.ronabike.hu<\/a><\/span><\/p>\n<p><span><b>Veszpr\u00e9mb\u0151l indul\u00f3 ker\u00e9kp\u00e1rutak<\/b>: <a class=\"moz-txt-link-freetext\" href=\"https:\/\/www.veszpreminfo.hu\/hu\/hely\/veszprembol-indulo-kerekparutak\">https:\/\/www.veszpreminfo.hu\/hu\/hely\/veszprembol-indulo-kerekparutak<\/a><br \/><b>E-Bike b\u00e9rl\u00e9s \u00e9s t\u00far\u00e1k:<\/b> <a class=\"moz-txt-link-freetext\" href=\"https:\/\/www.veszpreminfo.hu\/hu\/hely\/e-bike-berles-es-turak\">https:\/\/www.veszpreminfo.hu\/hu\/hely\/e-bike-berles-es-turak<\/a><\/span><\/p>\n<p>[\/et_pb_text][\/et_pb_column][et_pb_column type=&#8221;1_2&#8243; _builder_version=&#8221;4.18.0&#8243; _module_preset=&#8221;default&#8221; global_colors_info=&#8221;{}&#8221;][et_pb_image src=&#8221;https:\/\/agoraveszprem.hu\/wp-content\/uploads\/2022\/10\/kerkpartarolo-1.jpg&#8221; title_text=&#8221;Ker\u00e9kp\u00e1r t\u00e1rol\u00f3&#8221; align=&#8221;center&#8221; _builder_version=&#8221;4.24.3&#8243; _module_preset=&#8221;default&#8221; hover_enabled=&#8221;0&#8243; global_colors_info=&#8221;{}&#8221; alt=&#8221;Ker\u00e9kp\u00e1r t\u00e1rol\u00f3&#8221; sticky_enabled=&#8221;0&#8243;][\/et_pb_image][\/et_pb_column][\/et_pb_row][et_pb_row _builder_version=&#8221;4.16&#8243; global_colors_info=&#8221;{}&#8221;][et_pb_column type=&#8221;4_4&#8243; _builder_version=&#8221;4.16&#8243; custom_padding=&#8221;|||&#8221; global_colors_info=&#8221;{}&#8221; custom_padding__hover=&#8221;|||&#8221;][et_pb_divider divider_style=&#8221;dashed&#8221; divider_position=&#8221;center&#8221; _builder_version=&#8221;4.16&#8243; custom_padding=&#8221;|||0px||&#8221; global_colors_info=&#8221;{}&#8221;][\/et_pb_divider][\/et_pb_column][\/et_pb_row][et_pb_row _builder_version=&#8221;4.16&#8243; global_colors_info=&#8221;{}&#8221;][et_pb_column type=&#8221;4_4&#8243; _builder_version=&#8221;4.16&#8243; custom_padding=&#8221;|||&#8221; global_colors_info=&#8221;{}&#8221; custom_padding__hover=&#8221;|||&#8221;][et_pb_icon font_icon=&#8221;&#xf554;||fa||900&#8243; align=&#8221;left&#8221; _builder_version=&#8221;4.18.0&#8243; _module_preset=&#8221;default&#8221; global_colors_info=&#8221;{}&#8221;][\/et_pb_icon][et_pb_text _builder_version=&#8221;4.18.0&#8243; global_colors_info=&#8221;{}&#8221;]<\/p>\n<p><strong>Gyalogosan \u00e9rkez\u0151knek<\/strong><\/p>\n<p>Az Ag\u00f3ra \u00e9p\u00fclete a Jutasi \u00fati lak\u00f3telepen, a T\u00e1bor\u00e1ll\u00e1s park 1-ben tal\u00e1lhat\u00f3. A Veszpr\u00e9m aut\u00f3busz-\u00e1llom\u00e1st\u00f3l a Jutasi \u00faton gyalogosan haladva k\u00f6r\u00fclbel\u00fcl 15 perces s\u00e9t\u00e1val \u00e9rhet\u0151 el. A Vas\u00fat\u00e1llom\u00e1st\u00f3l, szint\u00e9n a Jutasi \u00faton, a belv\u00e1ros ir\u00e1ny\u00e1ba haladva 10 perces s\u00e9ta\u00fattal k\u00f6zel\u00edthet\u0151 meg.<\/p>\n<p><iframe src=\"https:\/\/www.google.com\/maps\/embed?pb=!1m18!1m12!1m3!1d2715.6316636142474!2d17.911415715489746!3d47.10629107915468!2m3!1f0!2f0!3f0!3m2!1i1024!2i768!4f13.1!3m3!1m2!1s0x47699a6846027761%3A0xac2353ab6318814c!2zQWfDs3JhIFZlc3pwcsOpbSBLdWx0dXLDoWxpcyBLw7Z6cG9udA!5e0!3m2!1shu!2shu!4v1666708528749!5m2!1shu!2shu\" width=\"1280\" height=\"400\" style=\"border: 0;\" allowfullscreen=\"\" loading=\"lazy\" referrerpolicy=\"no-referrer-when-downgrade\"><\/iframe><\/p>\n<p>[\/et_pb_text][et_pb_divider divider_style=&#8221;dashed&#8221; divider_position=&#8221;center&#8221; _builder_version=&#8221;4.16&#8243; custom_padding=&#8221;|||0px||&#8221; global_colors_info=&#8221;{}&#8221;][\/et_pb_divider][et_pb_icon font_icon=&#8221;&#xf1b9;||fa||900&#8243; align=&#8221;left&#8221; _builder_version=&#8221;4.18.0&#8243; _module_preset=&#8221;default&#8221; global_colors_info=&#8221;{}&#8221;][\/et_pb_icon][et_pb_text _builder_version=&#8221;4.18.0&#8243; _module_preset=&#8221;default&#8221; custom_padding=&#8221;1px|||||&#8221; global_colors_info=&#8221;{}&#8221;]<\/p>\n<p><strong>Aut\u00f3val \u00e9rkez\u0151knek<\/strong><\/p>\n<p>Ingyenes a parkol\u00e1si lehet\u0151s\u00e9g az eg\u00e9sz lak\u00f3telepen \u00e9s k\u00f6zvetlen az Ag\u00f3ra \u00e9p\u00fclete k\u00f6r\u00fcl. A helyek sz\u00e1ma azonban korl\u00e1tozott, \u00e9rdemes id\u0151ben \u00e9rkezni.<\/p>\n<p>[\/et_pb_text][\/et_pb_column][\/et_pb_row][et_pb_row _builder_version=&#8221;4.18.0&#8243; _module_preset=&#8221;default&#8221; global_colors_info=&#8221;{}&#8221;][et_pb_column type=&#8221;4_4&#8243; _builder_version=&#8221;4.18.0&#8243; _module_preset=&#8221;default&#8221; global_colors_info=&#8221;{}&#8221;][et_pb_divider color=&#8221;#d7a562&#8243; divider_style=&#8221;dotted&#8221; divider_weight=&#8221;2px&#8221; _builder_version=&#8221;4.16&#8243; min_height=&#8221;43.8px&#8221; custom_margin=&#8221;-16px|||||&#8221; custom_padding=&#8221;25px|||||&#8221; global_colors_info=&#8221;{}&#8221;][\/et_pb_divider][\/et_pb_column][\/et_pb_row][et_pb_row _builder_version=&#8221;4.16&#8243; min_height=&#8221;107.4px&#8221; custom_margin=&#8221;-4px|auto||auto||&#8221; global_colors_info=&#8221;{}&#8221;][et_pb_column type=&#8221;4_4&#8243; _builder_version=&#8221;4.16&#8243; custom_padding=&#8221;|||&#8221; global_colors_info=&#8221;{}&#8221; custom_padding__hover=&#8221;|||&#8221;][et_pb_text _builder_version=&#8221;4.24.2&#8243; text_font=&#8221;Roboto||||||||&#8221; header_font=&#8221;Roboto|700|||||||&#8221; header_text_align=&#8221;center&#8221; header_font_size=&#8221;80px&#8221; header_line_height=&#8221;1.2em&#8221; header_3_font=&#8221;Roboto|700||on|||||&#8221; header_3_text_align=&#8221;center&#8221; header_3_text_color=&#8221;#ffffff&#8221; header_3_font_size=&#8221;24px&#8221; header_3_letter_spacing=&#8221;10px&#8221; header_3_line_height=&#8221;2em&#8221; text_orientation=&#8221;center&#8221; background_layout=&#8221;dark&#8221; module_alignment=&#8221;center&#8221; custom_margin=&#8221;||15px|||&#8221; text_font_size_last_edited=&#8221;off|desktop&#8221; header_font_size_tablet=&#8221;40px&#8221; header_font_size_phone=&#8221;32px&#8221; header_font_size_last_edited=&#8221;on|phone&#8221; header_3_font_size_tablet=&#8221;16px&#8221; header_3_font_size_phone=&#8221;14px&#8221; header_3_font_size_last_edited=&#8221;on|phone&#8221; header_3_letter_spacing_tablet=&#8221;5px&#8221; header_3_letter_spacing_phone=&#8221;&#8221; header_3_letter_spacing_last_edited=&#8221;on|tablet&#8221; inline_fonts=&#8221;Abhaya Libre&#8221; global_colors_info=&#8221;{}&#8221;]<\/p>\n<blockquote>\n<h2 style=\"text-align: left;\"><span style=\"font-family: 'Abhaya Libre'; font-weight: normal; color: #976d35;\"><strong><b>Akad\u00e1lymentes szolg\u00e1ltat\u00e1sok \u2013 Social guide<br \/>\nMozg\u00e1skorl\u00e1tozottak r\u00e9sz\u00e9re sz\u00f3l\u00f3 inform\u00e1ci\u00f3k<br \/>\n<\/b><\/strong><\/span><\/h2>\n<\/blockquote>\n<p>[\/et_pb_text][\/et_pb_column][\/et_pb_row][et_pb_row column_structure=&#8221;1_2,1_2&#8243; _builder_version=&#8221;4.16&#8243; custom_margin=&#8221;-38px|auto||auto||&#8221; custom_padding=&#8221;0px|||||&#8221; global_colors_info=&#8221;{}&#8221;][et_pb_column type=&#8221;1_2&#8243; _builder_version=&#8221;4.16&#8243; custom_padding=&#8221;|||&#8221; global_colors_info=&#8221;{}&#8221; custom_padding__hover=&#8221;|||&#8221;][et_pb_text _builder_version=&#8221;4.18.0&#8243; _module_preset=&#8221;default&#8221; global_colors_info=&#8221;{}&#8221;]<\/p>\n<p><span>1 db akad\u00e1lymentes parkol\u00f3 az Ag\u00f3ra akad\u00e1lymentes bej\u00e1rat\u00e1n\u00e1l, a f\u0151bej\u00e1ratt\u00f3l 50 m-en bel\u00fcl tal\u00e1lhat\u00f3. 1 db mozg\u00e1skorl\u00e1tozott parkol\u00f3 van az \u00e9p\u00fclet \u00e9szaki r\u00e9sz\u00e9n is. Innen a bejut\u00e1s nem akad\u00e1lymentes.<\/span><\/p>\n<p>[\/et_pb_text][et_pb_icon font_icon=&#8221;&#xf193;||fa||900&#8243; _builder_version=&#8221;4.18.0&#8243; _module_preset=&#8221;default&#8221; global_colors_info=&#8221;{}&#8221;][\/et_pb_icon][\/et_pb_column][et_pb_column type=&#8221;1_2&#8243; _builder_version=&#8221;4.16&#8243; custom_padding=&#8221;|||&#8221; global_colors_info=&#8221;{}&#8221; custom_padding__hover=&#8221;|||&#8221;][et_pb_image src=&#8221;https:\/\/agoraveszprem.hu\/wp-content\/uploads\/2022\/10\/rokpar-1.jpg&#8221; title_text=&#8221;rokkantparkol\u00f3&#8221; align=&#8221;center&#8221; _builder_version=&#8221;4.24.3&#8243; _module_preset=&#8221;default&#8221; hover_enabled=&#8221;0&#8243; border_width_all=&#8221;2px&#8221; border_color_all=&#8221;#9E2A87&#8243; box_shadow_style=&#8221;preset2&#8243; global_colors_info=&#8221;{}&#8221; alt=&#8221;rokkantparkol\u00f3&#8221; sticky_enabled=&#8221;0&#8243;][\/et_pb_image][\/et_pb_column][\/et_pb_row][et_pb_row _builder_version=&#8221;4.16&#8243; global_colors_info=&#8221;{}&#8221;][et_pb_column type=&#8221;4_4&#8243; _builder_version=&#8221;4.16&#8243; custom_padding=&#8221;|||&#8221; global_colors_info=&#8221;{}&#8221; custom_padding__hover=&#8221;|||&#8221;][et_pb_divider divider_style=&#8221;dashed&#8221; divider_position=&#8221;center&#8221; _builder_version=&#8221;4.16&#8243; custom_padding=&#8221;|||0px||&#8221; global_colors_info=&#8221;{}&#8221;][\/et_pb_divider][\/et_pb_column][\/et_pb_row][et_pb_row _builder_version=&#8221;4.16&#8243; custom_margin=&#8221;-38px|auto||auto||&#8221; custom_padding=&#8221;0px|||||&#8221; global_colors_info=&#8221;{}&#8221;][et_pb_column type=&#8221;4_4&#8243; _builder_version=&#8221;4.16&#8243; custom_padding=&#8221;|||&#8221; global_colors_info=&#8221;{}&#8221; custom_padding__hover=&#8221;|||&#8221;][et_pb_text _builder_version=&#8221;4.18.0&#8243; _module_preset=&#8221;default&#8221; min_height=&#8221;116.4px&#8221; global_colors_info=&#8221;{}&#8221;]<\/p>\n<p>Kerekessz\u00e9kkel, j\u00e1r\u00e1sseg\u00edt\u0151 eszk\u00f6zzel vagy babakocsival \u00e9rkez\u0151knek fontos tudni, hogy az \u00e9p\u00fclet bej\u00e1rat\u00e1ig sz\u00e9les j\u00e1rda vezet. A lejt\u0151s r\u00e9szen (r\u00e1mp\u00e1n) korl\u00e1t tal\u00e1lhat\u00f3.<\/p>\n<p>Az \u00e9p\u00fcletbe akad\u00e1lymentes a bejut\u00e1s a f\u0151bej\u00e1ratn\u00e1l \u00e9s a h\u00e1ts\u00f3 bej\u00e1ratn\u00e1l is.<\/p>\n<p>[\/et_pb_text][\/et_pb_column][\/et_pb_row][et_pb_row column_structure=&#8221;1_3,1_3,1_3&#8243; _builder_version=&#8221;4.18.0&#8243; _module_preset=&#8221;default&#8221; global_colors_info=&#8221;{}&#8221;][et_pb_column type=&#8221;1_3&#8243; _builder_version=&#8221;4.18.0&#8243; _module_preset=&#8221;default&#8221; global_colors_info=&#8221;{}&#8221;][et_pb_image src=&#8221;https:\/\/agoraveszprem.hu\/wp-content\/uploads\/2022\/10\/jard.jpg&#8221; title_text=&#8221;felj\u00e1r\u00f3 mozg\u00e1skorl\u00e1tozott&#8221; _builder_version=&#8221;4.24.3&#8243; _module_preset=&#8221;default&#8221; hover_enabled=&#8221;0&#8243; border_width_all=&#8221;2px&#8221; border_color_all=&#8221;#9E2A87&#8243; box_shadow_style=&#8221;preset2&#8243; global_colors_info=&#8221;{}&#8221; alt=&#8221;felj\u00e1r\u00f3 mozg\u00e1skorl\u00e1tozott&#8221; sticky_enabled=&#8221;0&#8243;][\/et_pb_image][\/et_pb_column][et_pb_column type=&#8221;1_3&#8243; _builder_version=&#8221;4.18.0&#8243; _module_preset=&#8221;default&#8221; global_colors_info=&#8221;{}&#8221;][et_pb_image src=&#8221;https:\/\/agoraveszprem.hu\/wp-content\/uploads\/2022\/10\/bej1.jpg&#8221; title_text=&#8221;f\u0151bej\u00e1rat&#8221; _builder_version=&#8221;4.24.3&#8243; _module_preset=&#8221;default&#8221; hover_enabled=&#8221;0&#8243; border_width_all=&#8221;2px&#8221; border_color_all=&#8221;#9E2A87&#8243; global_colors_info=&#8221;{}&#8221; alt=&#8221;f\u0151bej\u00e1rat&#8221; sticky_enabled=&#8221;0&#8243;][\/et_pb_image][\/et_pb_column][et_pb_column type=&#8221;1_3&#8243; _builder_version=&#8221;4.18.0&#8243; _module_preset=&#8221;default&#8221; global_colors_info=&#8221;{}&#8221;][et_pb_image src=&#8221;https:\/\/agoraveszprem.hu\/wp-content\/uploads\/2022\/10\/bej2.jpg&#8221; title_text=&#8221;bej\u00e1rat2&#8243; _builder_version=&#8221;4.24.3&#8243; _module_preset=&#8221;default&#8221; hover_enabled=&#8221;0&#8243; border_width_all=&#8221;2px&#8221; border_color_all=&#8221;#9E2A87&#8243; global_colors_info=&#8221;{}&#8221; alt=&#8221;bej\u00e1rat2&#8243; sticky_enabled=&#8221;0&#8243;][\/et_pb_image][\/et_pb_column][\/et_pb_row][et_pb_row _builder_version=&#8221;4.16&#8243; global_colors_info=&#8221;{}&#8221;][et_pb_column type=&#8221;4_4&#8243; _builder_version=&#8221;4.16&#8243; global_colors_info=&#8221;{}&#8221;][et_pb_divider divider_style=&#8221;dashed&#8221; divider_position=&#8221;center&#8221; _builder_version=&#8221;4.16&#8243; custom_padding=&#8221;|||0px||&#8221; global_colors_info=&#8221;{}&#8221;][\/et_pb_divider][\/et_pb_column][\/et_pb_row][et_pb_row column_structure=&#8221;1_2,1_2&#8243; _builder_version=&#8221;4.16&#8243; custom_margin=&#8221;39px|auto||auto||&#8221; custom_padding=&#8221;0px|||||&#8221; global_colors_info=&#8221;{}&#8221;][et_pb_column type=&#8221;1_2&#8243; _builder_version=&#8221;4.16&#8243; custom_padding=&#8221;|||&#8221; global_colors_info=&#8221;{}&#8221; custom_padding__hover=&#8221;|||&#8221;][et_pb_text _builder_version=&#8221;4.18.0&#8243; _module_preset=&#8221;default&#8221; min_height=&#8221;65.2px&#8221; global_colors_info=&#8221;{}&#8221;]<\/p>\n<p><span>Az \u00e9p\u00fclet bel\u00fcl is akad\u00e1lymentes, az ajt\u00f3k belm\u00e9rete minimum 0,9 m, a folyos\u00f3k sz\u00e9less\u00e9ge minimum 1,20 m. Lift seg\u00edts\u00e9g\u00e9vel lehet fel- \u00e9s lejutni az Ag\u00f3r\u00e1n bel\u00fcl. A f\u00f6ldszinten \u00e9s az alagsorban mosd\u00f3, az emeleti pr\u00f3bateremben pedig akad\u00e1lymentes mosd\u00f3\/zuhanyz\u00f3 is el\u00e9rhet\u0151. A l\u00e9pcs\u0151k mellett korl\u00e1tok tal\u00e1lhat\u00f3k. A villanykapcsol\u00f3k megfelel\u0151, el\u00e9rhet\u0151 magass\u00e1gban vannak. Az \u00e9p\u00fcleten bel\u00fcl akad\u00e1lymentesen megoldhat\u00f3 a k\u00f6zleked\u00e9s gyerekkocsival. Szem\u00e9lyi\/eg\u00e9szs\u00e9g\u00fcgyi seg\u00edts\u00e9g a port\u00e1n k\u00e9rhet\u0151.<\/span><\/p>\n<p>[\/et_pb_text][\/et_pb_column][et_pb_column type=&#8221;1_2&#8243; _builder_version=&#8221;4.16&#8243; custom_padding=&#8221;|||&#8221; global_colors_info=&#8221;{}&#8221; custom_padding__hover=&#8221;|||&#8221;][et_pb_image src=&#8221;https:\/\/agoraveszprem.hu\/wp-content\/uploads\/2022\/10\/lift.jpg&#8221; title_text=&#8221;lift&#8221; align=&#8221;center&#8221; _builder_version=&#8221;4.24.3&#8243; _module_preset=&#8221;default&#8221; hover_enabled=&#8221;0&#8243; border_width_all=&#8221;2px&#8221; border_color_all=&#8221;#9E2A87&#8243; box_shadow_style=&#8221;preset2&#8243; global_colors_info=&#8221;{}&#8221; alt=&#8221;lift&#8221; sticky_enabled=&#8221;0&#8243;][\/et_pb_image][\/et_pb_column][\/et_pb_row][et_pb_row _builder_version=&#8221;4.16&#8243; global_colors_info=&#8221;{}&#8221;][et_pb_column type=&#8221;4_4&#8243; _builder_version=&#8221;4.16&#8243; global_colors_info=&#8221;{}&#8221;][et_pb_divider divider_style=&#8221;dashed&#8221; divider_position=&#8221;center&#8221; _builder_version=&#8221;4.16&#8243; custom_padding=&#8221;|||0px||&#8221; global_colors_info=&#8221;{}&#8221;][\/et_pb_divider][\/et_pb_column][\/et_pb_row][et_pb_row column_structure=&#8221;1_2,1_2&#8243; _builder_version=&#8221;4.16&#8243; custom_padding=&#8221;27px|||||&#8221; global_colors_info=&#8221;{}&#8221;][et_pb_column type=&#8221;1_2&#8243; _builder_version=&#8221;4.16&#8243; custom_padding=&#8221;|||&#8221; global_colors_info=&#8221;{}&#8221; custom_padding__hover=&#8221;|||&#8221;][et_pb_image src=&#8221;https:\/\/agoraveszprem.hu\/wp-content\/uploads\/2022\/10\/bej4.jpg&#8221; title_text=&#8221;folyos\u00f3&#8221; _builder_version=&#8221;4.24.3&#8243; _module_preset=&#8221;default&#8221; hover_enabled=&#8221;0&#8243; global_colors_info=&#8221;{}&#8221; alt=&#8221;folyos\u00f3&#8221; sticky_enabled=&#8221;0&#8243;][\/et_pb_image][\/et_pb_column][et_pb_column type=&#8221;1_2&#8243; _builder_version=&#8221;4.16&#8243; custom_padding=&#8221;|||&#8221; global_colors_info=&#8221;{}&#8221; custom_padding__hover=&#8221;|||&#8221;][et_pb_text _builder_version=&#8221;4.18.0&#8243; global_colors_info=&#8221;{}&#8221;]<\/p>\n<p><span>A sz\u00ednh\u00e1zteremben k\u00fcl\u00f6n hely van kerekessz\u00e9kkel \u00e9rkez\u0151k sz\u00e1m\u00e1ra, k\u00eds\u00e9r\u0151j\u00fckkel egym\u00e1s mellett tudnak helyet foglalni, az els\u0151 sorok sz\u00e9l\u00e9n. A lejt\u0151s n\u00e9z\u0151t\u00e9r lejt\u0151s cs\u00fasz\u00e1smentes burkolattal ell\u00e1tott.<\/span><\/p>\n<p><span><strong>Fontos inform\u00e1ci\u00f3, hogy a sz\u00ednpadra feljut\u00e1s a mozg\u00e1skorl\u00e1tozottak r\u00e9sz\u00e9re a n\u00e9z\u0151t\u00e9rr\u0151l nem biztos\u00edtott.<\/strong><\/span><\/p>\n<p>A Filmklubban a legt\u00f6bb filmet magyar felirattal tekinthetik meg. Err\u0151l inform\u00e1ci\u00f3 a honlapon tal\u00e1lhat\u00f3 a filmek neve mellett.<\/p>\n<p><strong><\/strong><\/p>\n<p><strong> <\/strong><strong> <\/strong><\/p>\n<p>[\/et_pb_text][\/et_pb_column][\/et_pb_row][et_pb_row _builder_version=&#8221;4.16&#8243; global_colors_info=&#8221;{}&#8221;][et_pb_column type=&#8221;4_4&#8243; _builder_version=&#8221;4.16&#8243; global_colors_info=&#8221;{}&#8221;][et_pb_divider divider_style=&#8221;dashed&#8221; divider_position=&#8221;center&#8221; _builder_version=&#8221;4.16&#8243; custom_padding=&#8221;|||0px||&#8221; global_colors_info=&#8221;{}&#8221;][\/et_pb_divider][\/et_pb_column][\/et_pb_row][et_pb_row _builder_version=&#8221;4.16&#8243; custom_padding=&#8221;20px|||||&#8221; global_colors_info=&#8221;{}&#8221;][et_pb_column type=&#8221;4_4&#8243; _builder_version=&#8221;4.16&#8243; custom_padding=&#8221;|||&#8221; global_colors_info=&#8221;{}&#8221; custom_padding__hover=&#8221;|||&#8221;][et_pb_text _builder_version=&#8221;4.18.0&#8243; _module_preset=&#8221;default&#8221; custom_padding=&#8221;1px|||||&#8221; global_colors_info=&#8221;{}&#8221;]<strong>L\u00e1t\u00e1ss\u00e9r\u00fcltek r\u00e9sz\u00e9re sz\u00f3l\u00f3 inform\u00e1ci\u00f3k<\/strong><br \/>\nAz \u00e9p\u00fcletben lehet\u0151s\u00e9g van indukci\u00f3s hurok haszn\u00e1lat\u00e1ra. A lift hangt\u00e1j\u00e9koztat\u00e1st ny\u00fajt, bemondja az emeletek sz\u00e1m\u00e1t. Lehet\u0151s\u00e9g van kontakt jelnyelvi tolm\u00e1csszolg\u00e1ltat\u00e1s ig\u00e9nybev\u00e9tel\u00e9re.[\/et_pb_text][et_pb_text _builder_version=&#8221;4.18.0&#8243; _module_preset=&#8221;default&#8221; custom_padding=&#8221;1px|||||&#8221; global_colors_info=&#8221;{}&#8221;]<strong>Hall\u00e1ss\u00e9r\u00fcltek r\u00e9sz\u00e9re sz\u00f3l\u00f3 inform\u00e1ci\u00f3k<\/strong><br \/>\nA f\u0151bb forgalmi helyeken vezet\u0151s\u00e1v tal\u00e1lhat\u00f3. Az \u00e9p\u00fcletben az inform\u00e1ci\u00f3s t\u00e1bl\u00e1k Braille-\u00edr\u00e1ssal ell\u00e1tottak. Az \u00e9p\u00fcletbe vakvezet\u0151\/seg\u00edt\u0151 kutya behozhat\u00f3.[\/et_pb_text][et_pb_text _builder_version=&#8221;4.18.0&#8243; _module_preset=&#8221;default&#8221; global_colors_info=&#8221;{}&#8221;]<\/p>\n<p>A fogyat\u00e9kos szem\u00e9lyek sz\u00e1m\u00e1ra az \u00e9p\u00fcletben piktogramok, inform\u00e1ci\u00f3s t\u00e1bl\u00e1k \u00e1llnak rendelkez\u00e9sre.<\/p>\n<p>[\/et_pb_text][\/et_pb_column][\/et_pb_row][et_pb_row _builder_version=&#8221;4.16&#8243; global_colors_info=&#8221;{}&#8221;][et_pb_column type=&#8221;4_4&#8243; _builder_version=&#8221;4.16&#8243; global_colors_info=&#8221;{}&#8221;][et_pb_divider divider_style=&#8221;dashed&#8221; divider_position=&#8221;center&#8221; _builder_version=&#8221;4.16&#8243; custom_padding=&#8221;|||0px||&#8221; global_colors_info=&#8221;{}&#8221;][\/et_pb_divider][\/et_pb_column][\/et_pb_row][et_pb_row _builder_version=&#8221;4.16&#8243; min_height=&#8221;107.4px&#8221; custom_margin=&#8221;-4px|auto||auto||&#8221; global_colors_info=&#8221;{}&#8221;][et_pb_column type=&#8221;4_4&#8243; _builder_version=&#8221;4.16&#8243; custom_padding=&#8221;|||&#8221; global_colors_info=&#8221;{}&#8221; custom_padding__hover=&#8221;|||&#8221;][et_pb_text _builder_version=&#8221;4.24.2&#8243; text_font=&#8221;Roboto||||||||&#8221; header_font=&#8221;Roboto|700|||||||&#8221; header_text_align=&#8221;center&#8221; header_font_size=&#8221;80px&#8221; header_line_height=&#8221;1.2em&#8221; header_3_font=&#8221;Roboto|700||on|||||&#8221; header_3_text_align=&#8221;center&#8221; header_3_text_color=&#8221;#ffffff&#8221; header_3_font_size=&#8221;24px&#8221; header_3_letter_spacing=&#8221;10px&#8221; header_3_line_height=&#8221;2em&#8221; text_orientation=&#8221;center&#8221; background_layout=&#8221;dark&#8221; module_alignment=&#8221;center&#8221; custom_margin=&#8221;||15px|||&#8221; text_font_size_last_edited=&#8221;off|desktop&#8221; header_font_size_tablet=&#8221;40px&#8221; header_font_size_phone=&#8221;32px&#8221; header_font_size_last_edited=&#8221;on|phone&#8221; header_3_font_size_tablet=&#8221;16px&#8221; header_3_font_size_phone=&#8221;14px&#8221; header_3_font_size_last_edited=&#8221;on|phone&#8221; header_3_letter_spacing_tablet=&#8221;5px&#8221; header_3_letter_spacing_phone=&#8221;&#8221; header_3_letter_spacing_last_edited=&#8221;on|tablet&#8221; inline_fonts=&#8221;Abhaya Libre&#8221; global_colors_info=&#8221;{}&#8221;]<\/p>\n<blockquote>\n<h2 style=\"text-align: left;\"><span style=\"font-family: 'Abhaya Libre'; font-weight: normal; color: #976d35;\"><strong><b>Csal\u00e1dbar\u00e1t szolg\u00e1ltat\u00e1sok<br \/>\n<\/b><\/strong><\/span><\/h2>\n<\/blockquote>\n<p>[\/et_pb_text][\/et_pb_column][\/et_pb_row][et_pb_row column_structure=&#8221;1_3,1_3,1_3&#8243; _builder_version=&#8221;4.16&#8243; custom_padding=&#8221;20px|||||&#8221; global_colors_info=&#8221;{}&#8221;][et_pb_column type=&#8221;1_3&#8243; _builder_version=&#8221;4.16&#8243; custom_padding=&#8221;|||&#8221; global_colors_info=&#8221;{}&#8221; custom_padding__hover=&#8221;|||&#8221;][et_pb_text _builder_version=&#8221;4.18.0&#8243; _module_preset=&#8221;default&#8221; custom_padding=&#8221;1px|||||&#8221; global_colors_info=&#8221;{}&#8221;]<\/p>\n<p><strong>Megk\u00f6zel\u00edt\u00e9s<\/strong><\/p>\n<p>Az Ag\u00f3ra bej\u00e1rat\u00e1ig sz\u00e9les j\u00e1rda vezet. A f\u0151bej\u00e1raton a bejut\u00e1s babakocsival lehets\u00e9ges. K\u00fcl\u00f6n a csal\u00e1dok r\u00e9sz\u00e9re kijel\u00f6lt parkol\u00f3hely az \u00e9p\u00fclet k\u00f6r\u00fcl nincs.<\/p>\n<p>[\/et_pb_text][\/et_pb_column][et_pb_column type=&#8221;1_3&#8243; _builder_version=&#8221;4.16&#8243; custom_padding=&#8221;|||&#8221; global_colors_info=&#8221;{}&#8221; custom_padding__hover=&#8221;|||&#8221;][et_pb_image src=&#8221;https:\/\/agoraveszprem.hu\/wp-content\/uploads\/2022\/10\/csbej2.png.jpg&#8221; title_text=&#8221;Bej\u00e1rat 2&#8243; _builder_version=&#8221;4.24.3&#8243; _module_preset=&#8221;default&#8221; hover_enabled=&#8221;0&#8243; border_width_all=&#8221;2px&#8221; border_color_all=&#8221;#9E2A87&#8243; box_shadow_style=&#8221;preset2&#8243; global_colors_info=&#8221;{}&#8221; alt=&#8221;bej\u00e1rat2&#8243; sticky_enabled=&#8221;0&#8243;][\/et_pb_image][\/et_pb_column][et_pb_column type=&#8221;1_3&#8243; _builder_version=&#8221;4.16&#8243; custom_padding=&#8221;|||&#8221; global_colors_info=&#8221;{}&#8221; custom_padding__hover=&#8221;|||&#8221;][et_pb_image src=&#8221;https:\/\/agoraveszprem.hu\/wp-content\/uploads\/2022\/10\/csbej1.png&#8221; title_text=&#8221;bej\u00e1rat3&#8243; _builder_version=&#8221;4.24.3&#8243; _module_preset=&#8221;default&#8221; hover_enabled=&#8221;0&#8243; border_width_all=&#8221;2px&#8221; border_color_all=&#8221;#9E2A87&#8243; box_shadow_style=&#8221;preset2&#8243; global_colors_info=&#8221;{}&#8221; alt=&#8221;bej\u00e1rat3&#8243; sticky_enabled=&#8221;0&#8243;][\/et_pb_image][\/et_pb_column][\/et_pb_row][et_pb_row _builder_version=&#8221;4.16&#8243; custom_padding=&#8221;20px|||||&#8221; global_colors_info=&#8221;{}&#8221;][et_pb_column type=&#8221;4_4&#8243; _builder_version=&#8221;4.16&#8243; custom_padding=&#8221;|||&#8221; global_colors_info=&#8221;{}&#8221; custom_padding__hover=&#8221;|||&#8221;][et_pb_text _builder_version=&#8221;4.18.0&#8243; _module_preset=&#8221;default&#8221; custom_padding=&#8221;1px|||||&#8221; global_colors_info=&#8221;{}&#8221;]<\/p>\n<p>Az eg\u00e9sz \u00e9p\u00fcleten bel\u00fcl akad\u00e1lymentesen megoldhat\u00f3 a k\u00f6zleked\u00e9s gyerekkocsival. Lift is rendelkez\u00e9sre \u00e1ll, \u00edgy a jegyp\u00e9nzt\u00e1r, a vend\u00e9gterek, a ki\u00e1ll\u00edt\u00e1sok \u00e9s a sz\u00ednh\u00e1zterem is el\u00e9rhet\u0151. Rendezv\u00e9ny ideje alatt a babakocsi, a csomag \u00e9s a kab\u00e1t az \u0151rz\u00f6tt ruhat\u00e1rban biztons\u00e1gosan elhelyezhet\u0151. (K\u00fcl\u00f6n z\u00e1rhat\u00f3 helyis\u00e9g erre a c\u00e9lra nincs.) A nagyobb gyermekek k\u00f6zleked\u00e9s\u00e9t az \u00e9p\u00fcleten bel\u00fcl korl\u00e1tok, kapaszkod\u00f3k seg\u00edtik.<\/p>\n<p>[\/et_pb_text][\/et_pb_column][\/et_pb_row][et_pb_row _builder_version=&#8221;4.16&#8243; global_colors_info=&#8221;{}&#8221;][et_pb_column type=&#8221;4_4&#8243; _builder_version=&#8221;4.16&#8243; global_colors_info=&#8221;{}&#8221;][et_pb_divider divider_style=&#8221;dashed&#8221; divider_position=&#8221;center&#8221; _builder_version=&#8221;4.16&#8243; custom_padding=&#8221;|||0px||&#8221; global_colors_info=&#8221;{}&#8221;][\/et_pb_divider][\/et_pb_column][\/et_pb_row][et_pb_row _builder_version=&#8221;4.16&#8243; custom_padding=&#8221;20px|||||&#8221; global_colors_info=&#8221;{}&#8221;][et_pb_column type=&#8221;4_4&#8243; _builder_version=&#8221;4.16&#8243; custom_padding=&#8221;|||&#8221; global_colors_info=&#8221;{}&#8221; custom_padding__hover=&#8221;|||&#8221;][et_pb_text _builder_version=&#8221;4.18.0&#8243; _module_preset=&#8221;default&#8221; custom_padding=&#8221;1px|||||&#8221; global_colors_info=&#8221;{}&#8221;]<\/p>\n<p><strong>Szolg\u00e1ltat\u00e1sok<\/strong><\/p>\n<p>A f\u00f6ldszinti mozg\u00e1skorl\u00e1tozott mosd\u00f3ban biztos\u00edtott a <strong>pelenk\u00e1z\u00e1si lehet\u0151s\u00e9g<\/strong> az Ag\u00f3ra nyitvatart\u00e1si idej\u00e9ben. A pelenk\u00e1z\u00f3 fel\u00e1ll\u00edt\u00e1s\u00e1hoz szem\u00e9lyi seg\u00edts\u00e9g a port\u00e1n k\u00e9rhet\u0151. Szagtalan t\u00e1rol\u00e1st biztos\u00edt\u00f3 szemetes a helyis\u00e9gben tal\u00e1lhat\u00f3. Els\u0151seg\u00e9ly ig\u00e9ny eset\u00e9n a port\u00e1shoz kell fordulni. Itt kaphat b\u0151vebb inform\u00e1ci\u00f3t a helyi eg\u00e9szs\u00e9g\u00fcgyi szolg\u00e1ltat\u00e1sokr\u00f3l is. (Legk\u00f6zelebbi gyerekorvos, gy\u00f3gyszert\u00e1r, \u00fcgyelet.)<\/p>\n<p>[\/et_pb_text][et_pb_text _builder_version=&#8221;4.18.0&#8243; _module_preset=&#8221;default&#8221; min_height=&#8221;106.4px&#8221; global_colors_info=&#8221;{}&#8221;]<\/p>\n<p><strong>Szoptat\u00e1si lehet\u0151s\u00e9g<\/strong> szint\u00e9n ebben a mosd\u00f3ban, valamint a Csal\u00e1dika (h\u00e9tf\u0151t\u0151l \u2013 p\u00e9ntekig 9.00-12.00, szerda kiv\u00e9tel\u00e9vel) \u00e9s a Kab\u00f3ca B\u00e1bsz\u00ednh\u00e1z helyis\u00e9geiben lehets\u00e9ges. A Csal\u00e1dika a nyitvatart\u00e1si ideje alatt j\u00e1tsz\u00f3szobak\u00e9nt \u00fczemel, v\u00e1rja a 0-3 \u00e9ves kor\u00fa gyerekeket \u00e9s sz\u00fcleiket. A h\u00e1zirendj\u00fck helyben van.<\/p>\n<p>[\/et_pb_text][\/et_pb_column][\/et_pb_row][et_pb_row column_structure=&#8221;1_2,1_2&#8243; _builder_version=&#8221;4.18.0&#8243; _module_preset=&#8221;default&#8221; global_colors_info=&#8221;{}&#8221;][et_pb_column type=&#8221;1_2&#8243; _builder_version=&#8221;4.18.0&#8243; _module_preset=&#8221;default&#8221; global_colors_info=&#8221;{}&#8221;][et_pb_image src=&#8221;https:\/\/agoraveszprem.hu\/wp-content\/uploads\/2022\/10\/cssz1.png&#8221; title_text=&#8221;pelenk\u00e1z\u00f3&#8221; _builder_version=&#8221;4.24.3&#8243; _module_preset=&#8221;default&#8221; width=&#8221;100%&#8221; hover_enabled=&#8221;0&#8243; border_width_all=&#8221;2px&#8221; border_color_all=&#8221;#9E2A87&#8243; box_shadow_style=&#8221;preset2&#8243; global_colors_info=&#8221;{}&#8221; alt=&#8221;pelenk\u00e1z\u00f3&#8221; sticky_enabled=&#8221;0&#8243;][\/et_pb_image][\/et_pb_column][et_pb_column type=&#8221;1_2&#8243; _builder_version=&#8221;4.18.0&#8243; _module_preset=&#8221;default&#8221; global_colors_info=&#8221;{}&#8221;][et_pb_image src=&#8221;https:\/\/agoraveszprem.hu\/wp-content\/uploads\/2022\/10\/cssz3.jpg&#8221; title_text=&#8221;gyereksarok2&#8243; _builder_version=&#8221;4.24.3&#8243; _module_preset=&#8221;default&#8221; hover_enabled=&#8221;0&#8243; border_width_all=&#8221;2px&#8221; border_color_all=&#8221;#9E2A87&#8243; box_shadow_style=&#8221;preset2&#8243; global_colors_info=&#8221;{}&#8221; alt=&#8221;gyereksarok2&#8243; sticky_enabled=&#8221;0&#8243;][\/et_pb_image][\/et_pb_column][\/et_pb_row][et_pb_row column_structure=&#8221;1_2,1_2&#8243; _builder_version=&#8221;4.18.0&#8243; _module_preset=&#8221;default&#8221; global_colors_info=&#8221;{}&#8221;][et_pb_column type=&#8221;1_2&#8243; _builder_version=&#8221;4.18.0&#8243; _module_preset=&#8221;default&#8221; global_colors_info=&#8221;{}&#8221;][et_pb_image src=&#8221;https:\/\/agoraveszprem.hu\/wp-content\/uploads\/2022\/10\/cssz4.jpg&#8221; title_text=&#8221;gyereksarok&#8221; _builder_version=&#8221;4.24.3&#8243; _module_preset=&#8221;default&#8221; hover_enabled=&#8221;0&#8243; border_width_all=&#8221;2px&#8221; border_color_all=&#8221;#9E2A87&#8243; box_shadow_style=&#8221;preset2&#8243; global_colors_info=&#8221;{}&#8221; alt=&#8221;gyereksarok&#8221; sticky_enabled=&#8221;0&#8243;][\/et_pb_image][\/et_pb_column][et_pb_column type=&#8221;1_2&#8243; _builder_version=&#8221;4.18.0&#8243; _module_preset=&#8221;default&#8221; global_colors_info=&#8221;{}&#8221;][et_pb_image src=&#8221;https:\/\/agoraveszprem.hu\/wp-content\/uploads\/2022\/10\/cssz2.jpg&#8221; title_text=&#8221;gyereksarok3&#8243; _builder_version=&#8221;4.24.3&#8243; _module_preset=&#8221;default&#8221; hover_enabled=&#8221;0&#8243; border_width_all=&#8221;2px&#8221; border_color_all=&#8221;#9E2A87&#8243; box_shadow_style=&#8221;preset2&#8243; global_colors_info=&#8221;{}&#8221; alt=&#8221;gyereksarok3&#8243; sticky_enabled=&#8221;0&#8243;][\/et_pb_image][\/et_pb_column][\/et_pb_row][et_pb_row _builder_version=&#8221;4.16&#8243; global_colors_info=&#8221;{}&#8221;][et_pb_column type=&#8221;4_4&#8243; _builder_version=&#8221;4.16&#8243; global_colors_info=&#8221;{}&#8221;][et_pb_divider divider_style=&#8221;dashed&#8221; divider_position=&#8221;center&#8221; _builder_version=&#8221;4.16&#8243; custom_padding=&#8221;|||0px||&#8221; global_colors_info=&#8221;{}&#8221;][\/et_pb_divider][\/et_pb_column][\/et_pb_row][et_pb_row column_structure=&#8221;1_3,1_3,1_3&#8243; _builder_version=&#8221;4.16&#8243; custom_padding=&#8221;20px|||||&#8221; global_colors_info=&#8221;{}&#8221;][et_pb_column type=&#8221;1_3&#8243; _builder_version=&#8221;4.16&#8243; custom_padding=&#8221;|||&#8221; global_colors_info=&#8221;{}&#8221; custom_padding__hover=&#8221;|||&#8221;][et_pb_text _builder_version=&#8221;4.18.0&#8243; _module_preset=&#8221;default&#8221; custom_padding=&#8221;1px|||||&#8221; global_colors_info=&#8221;{}&#8221;]Az Ag\u00f3ra k\u00f6z\u00f6ss\u00e9gi tereiben biztons\u00e1gi zsalus konnektorok vannak be\u00e9p\u00edtve, melyek a gyerekek sz\u00e1m\u00e1ra teljesen biztons\u00e1gosak. Az els\u0151 emeleti b\u00fcf\u00e9 rendezv\u00e9nyek idej\u00e9n \u00fczemel, de a b\u00fcf\u00e9 el\u0151tti, \u00e9tel-ital elfogyaszt\u00e1s\u00e1ra alkalmas hely a nyitvatart\u00e1si id\u0151ben minden l\u00e1togat\u00f3 rendelkez\u00e9s\u00e9re \u00e1ll. \u00c1lland\u00f3 jelleggel egy snack automata tal\u00e1lhat\u00f3 itt.[\/et_pb_text][\/et_pb_column][et_pb_column type=&#8221;1_3&#8243; _builder_version=&#8221;4.16&#8243; custom_padding=&#8221;|||&#8221; global_colors_info=&#8221;{}&#8221; custom_padding__hover=&#8221;|||&#8221;][et_pb_image src=&#8221;https:\/\/agoraveszprem.hu\/wp-content\/uploads\/2022\/10\/csbuf.jpg&#8221; title_text=&#8221;k\u00e1v\u00e9z\u00f3&#8221; _builder_version=&#8221;4.24.3&#8243; _module_preset=&#8221;default&#8221; hover_enabled=&#8221;0&#8243; border_width_all=&#8221;2px&#8221; border_color_all=&#8221;#9E2A87&#8243; box_shadow_style=&#8221;preset2&#8243; global_colors_info=&#8221;{}&#8221; alt=&#8221;k\u00e1v\u00e9z\u00f3&#8221; sticky_enabled=&#8221;0&#8243;][\/et_pb_image][\/et_pb_column][et_pb_column type=&#8221;1_3&#8243; _builder_version=&#8221;4.16&#8243; custom_padding=&#8221;|||&#8221; global_colors_info=&#8221;{}&#8221; custom_padding__hover=&#8221;|||&#8221;][et_pb_image src=&#8221;https:\/\/agoraveszprem.hu\/wp-content\/uploads\/2022\/10\/cskon.jpg&#8221; title_text=&#8221;Konnektor a k\u00f6z\u00f6ss\u00e9gi terekben&#8221; _builder_version=&#8221;4.24.3&#8243; _module_preset=&#8221;default&#8221; hover_enabled=&#8221;0&#8243; border_width_all=&#8221;2px&#8221; border_color_all=&#8221;#9E2A87&#8243; box_shadow_style=&#8221;preset2&#8243; global_colors_info=&#8221;{}&#8221; alt=&#8221;Konnektor a k\u00f6z\u00f6ss\u00e9gi terekben&#8221; sticky_enabled=&#8221;0&#8243;][\/et_pb_image][\/et_pb_column][\/et_pb_row][et_pb_row _builder_version=&#8221;4.20.4&#8243; _module_preset=&#8221;default&#8221; global_colors_info=&#8221;{}&#8221;][et_pb_column type=&#8221;4_4&#8243; _builder_version=&#8221;4.20.4&#8243; _module_preset=&#8221;default&#8221; global_colors_info=&#8221;{}&#8221;][et_pb_divider divider_style=&#8221;dashed&#8221; divider_position=&#8221;center&#8221; _builder_version=&#8221;4.16&#8243; custom_padding=&#8221;|||0px||&#8221; global_colors_info=&#8221;{}&#8221;][\/et_pb_divider][\/et_pb_column][\/et_pb_row][et_pb_row column_structure=&#8221;1_2,1_2&#8243; _builder_version=&#8221;4.20.4&#8243; _module_preset=&#8221;default&#8221; global_colors_info=&#8221;{}&#8221;][et_pb_column type=&#8221;1_2&#8243; _builder_version=&#8221;4.20.4&#8243; _module_preset=&#8221;default&#8221; global_colors_info=&#8221;{}&#8221;][et_pb_text _builder_version=&#8221;4.20.4&#8243; _module_preset=&#8221;default&#8221; global_colors_info=&#8221;{}&#8221;]<\/p>\n<p>&nbsp;<\/p>\n<p>&nbsp;<\/p>\n<p>&nbsp;<\/p>\n<p>A 2. emeleten gyerekbar\u00e1t eszk\u00f6z\u00f6kkel felszerelt <strong>j\u00e1tsz\u00f3sarok<\/strong> v\u00e1rja a gyerekeket.<\/p>\n<p>[\/et_pb_text][\/et_pb_column][et_pb_column type=&#8221;1_2&#8243; _builder_version=&#8221;4.20.4&#8243; _module_preset=&#8221;default&#8221; global_colors_info=&#8221;{}&#8221;][et_pb_image src=&#8221;https:\/\/agoraveszprem.hu\/wp-content\/uploads\/2023\/04\/Gyereksarok1-scaled.jpg&#8221; title_text=&#8221;Gyereksarok1&#8243; _builder_version=&#8221;4.24.3&#8243; _module_preset=&#8221;default&#8221; hover_enabled=&#8221;0&#8243; border_width_all=&#8221;3px&#8221; border_color_all=&#8221;#9E2A87&#8243; global_colors_info=&#8221;{}&#8221; alt=&#8221;Gyereksarok1&#8243; sticky_enabled=&#8221;0&#8243;][\/et_pb_image][\/et_pb_column][\/et_pb_row][et_pb_row _builder_version=&#8221;4.20.4&#8243; _module_preset=&#8221;default&#8221; global_colors_info=&#8221;{}&#8221;][et_pb_column type=&#8221;4_4&#8243; _builder_version=&#8221;4.20.4&#8243; _module_preset=&#8221;default&#8221; global_colors_info=&#8221;{}&#8221;][et_pb_divider divider_style=&#8221;dashed&#8221; divider_position=&#8221;center&#8221; _builder_version=&#8221;4.16&#8243; custom_padding=&#8221;|||0px||&#8221; global_colors_info=&#8221;{}&#8221;][\/et_pb_divider][\/et_pb_column][\/et_pb_row][et_pb_row _builder_version=&#8221;4.20.4&#8243; _module_preset=&#8221;default&#8221; global_colors_info=&#8221;{}&#8221;][et_pb_column type=&#8221;4_4&#8243; _builder_version=&#8221;4.20.4&#8243; _module_preset=&#8221;default&#8221; global_colors_info=&#8221;{}&#8221;][et_pb_text _builder_version=&#8221;4.18.0&#8243; _module_preset=&#8221;default&#8221; custom_padding=&#8221;1px|||||&#8221; global_colors_info=&#8221;{}&#8221;]<strong>Kutyabar\u00e1t Szolg\u00e1ltat\u00e1sok<\/strong><\/p>\n<p><strong>\u00a0<\/strong>Az Ag\u00f3ra \u00e9p\u00fclet\u00e9be semmilyen h\u00e1zi\u00e1llat nem vihet\u0151 be, csak ter\u00e1pi\u00e1s\/seg\u00edt\u0151, vakvezet\u0151 kutya.<br \/>\nAz Ag\u00f3ra hivatalosan nem kutyabar\u00e1t int\u00e9zm\u00e9ny. A ter\u00e1pi\u00e1s kuty\u00e1k r\u00e9sz\u00e9re itat\u00f3t\u00e1l biztos\u00edtott.[\/et_pb_text][\/et_pb_column][\/et_pb_row][et_pb_row _builder_version=&#8221;4.20.4&#8243; _module_preset=&#8221;default&#8221; global_colors_info=&#8221;{}&#8221;][et_pb_column type=&#8221;4_4&#8243; _builder_version=&#8221;4.20.4&#8243; _module_preset=&#8221;default&#8221; global_colors_info=&#8221;{}&#8221;][et_pb_divider divider_style=&#8221;dashed&#8221; divider_position=&#8221;center&#8221; _builder_version=&#8221;4.16&#8243; custom_padding=&#8221;|||0px||&#8221; global_colors_info=&#8221;{}&#8221;][\/et_pb_divider][\/et_pb_column][\/et_pb_row][et_pb_row column_structure=&#8221;1_2,1_2&#8243; _builder_version=&#8221;4.20.4&#8243; _module_preset=&#8221;default&#8221; global_colors_info=&#8221;{}&#8221;][et_pb_column type=&#8221;1_2&#8243; _builder_version=&#8221;4.20.4&#8243; _module_preset=&#8221;default&#8221; global_colors_info=&#8221;{}&#8221;][et_pb_text _builder_version=&#8221;4.20.4&#8243; _module_preset=&#8221;default&#8221; custom_padding=&#8221;1px|||||&#8221; global_colors_info=&#8221;{}&#8221;]<\/p>\n<p><strong>Szolg\u00e1ltat\u00e1saink a fenntarthat\u00f3s\u00e1g\u00e9rt<\/strong><\/p>\n<p><strong><\/strong><\/p>\n<ul>\n<li>szelekt\u00edven gy\u0171jtj\u00fck a hullad\u00e9kot<\/li>\n<li>LED izz\u00f3kat haszn\u00e1lunk<\/li>\n<li>v\u00edztakar\u00e9kos csapjaink vannak<\/li>\n<li>k\u00f6rnyezetbar\u00e1t, \u00f6kotudatos tiszt\u00edt\u00f3szereket haszn\u00e1lunk<\/li>\n<li>pap\u00edrk\u00edm\u00e9l\u0151 az adatkezel\u00e9s\u00fcnk \u00e9s a levelez\u00e9s\u00fcnk<\/li>\n<li>napenergi\u00e1t haszn\u00e1lunk<\/li>\n<li>ker\u00fclj\u00fck az egyszerhaszn\u00e1latos m\u0171anyageszk\u00f6z\u00f6ket<\/li>\n<li>sok n\u00f6v\u00e9ny van az \u00e9p\u00fclet\u00fcnkben<\/li>\n<li>t\u00e1mogatjuk a ker\u00e9kp\u00e1ros k\u00f6zleked\u00e9st<\/li>\n<li>biztons\u00e1gos ker\u00e9kp\u00e1rt\u00e1rol\u00f3kkal rendelkez\u00fcnk<\/li>\n<li>felt\u00fcntetj\u00fck, n\u00e9pszer\u0171s\u00edtj\u00fck a t\u00f6megk\u00f6zleked\u00e9st<\/li>\n<li>haszn\u00e1lt elem gy\u0171jt\u0151pontot hoztunk l\u00e9tre<\/li>\n<\/ul>\n<p>[\/et_pb_text][\/et_pb_column][et_pb_column type=&#8221;1_2&#8243; _builder_version=&#8221;4.20.4&#8243; _module_preset=&#8221;default&#8221; global_colors_info=&#8221;{}&#8221;][et_pb_image src=&#8221;https:\/\/agoraveszprem.hu\/wp-content\/uploads\/2023\/04\/Zoldfal3-scaled.jpg&#8221; title_text=&#8221;Z\u00f6ldfal3&#8243; _builder_version=&#8221;4.24.3&#8243; _module_preset=&#8221;default&#8221; hover_enabled=&#8221;0&#8243; global_colors_info=&#8221;{}&#8221; alt=&#8221;Z\u00f6ldfal3&#8243; sticky_enabled=&#8221;0&#8243;][\/et_pb_image][\/et_pb_column][\/et_pb_row][et_pb_row _builder_version=&#8221;4.16&#8243; global_colors_info=&#8221;{}&#8221;][et_pb_column type=&#8221;4_4&#8243; _builder_version=&#8221;4.16&#8243; global_colors_info=&#8221;{}&#8221;][et_pb_divider divider_style=&#8221;dashed&#8221; divider_position=&#8221;center&#8221; _builder_version=&#8221;4.16&#8243; custom_padding=&#8221;|||0px||&#8221; global_colors_info=&#8221;{}&#8221;][\/et_pb_divider][et_pb_text _builder_version=&#8221;4.19.3&#8243; _module_preset=&#8221;default&#8221; custom_margin=&#8221;||11px|||&#8221; custom_padding=&#8221;1px||0px|||&#8221; global_colors_info=&#8221;{}&#8221;]<\/p>\n<p><strong>Eg\u00e9szs\u00e9g\u00fcgyi inform\u00e1ci\u00f3k<\/strong><\/p>\n<p>Seg\u00e9lyh\u00edv\u00f3 telefonsz\u00e1mok:<\/p>\n<p>Ment\u0151k 104<\/p>\n<p>Rend\u0151rs\u00e9g 107<\/p>\n<p>T\u0171zolt\u00f3s\u00e1g 105<\/p>\n<p>\u00c1ltal\u00e1nos 112<\/p>\n<p>\u00a0<strong>Legk\u00f6zelebbi gyermekorvos<\/strong><\/p>\n<p>Dr. Nedr\u00f3 \u00c9va 8200 Veszpr\u00e9m, Jutasi \u00fat 59. Telefon: 88\u00a0425\u00a0681 (rendel\u00e9si id\u0151ben)<\/p>\n<p>\u00a0<strong>Legk\u00f6zelebbi gy\u00f3gyszert\u00e1r <\/strong><\/p>\n<p>Ez\u00fcst Holl\u00f3 Patika 8200 Veszpr\u00e9m, Halle u. 5\/G. Telefon: 88\u00a0329\u00a0663 <span><a href=\"http:\/\/ezustholloveszprem.novodata.hu\/\">http:\/\/ezustholloveszprem.novodata.hu\/<\/a><\/span><\/p>\n<p>\u00a0<strong>Gyermek-\u00e9s feln\u0151tt orvosi \u00fcgyelet<\/strong><\/p>\n<p>(h\u00e9tf\u0151-p\u00e9ntek 16.00 \u00f3r\u00e1t\u00f3l m\u00e1snap reggel 08.00 \u00f3r\u00e1ig, h\u00e9tv\u00e9g\u00e9n, illetve munkasz\u00fcneti napokon folyamatosan) Csolnoky Ferenc Megyei K\u00f3rh\u00e1z 8200 Veszpr\u00e9m, K\u00f3rh\u00e1z utca 1. Telefon: 70\u00a0370 3104<\/p>\n<p><span><a href=\"https:\/\/csfk.hu\/\">https:\/\/csfk.hu\/<\/a><\/span><\/p>\n<p>\u00a0<strong>Fogorvosi s\u00fcrg\u0151ss\u00e9gi ell\u00e1t\u00e1s<\/strong><\/p>\n<p>(kiz\u00e1r\u00f3lag h\u00e9tv\u00e9g\u00e9n \u00e9s \u00fcnnepnapokon) 8200 Veszpr\u00e9m, Halle utca 5\/E. Telefon: 88\u00a0425\u00a0228<\/p>\n<p>\u00a0<strong>Eg\u00e9szs\u00e9g\u00fcgyi szolg\u00e1latok \u00e9s int\u00e9zm\u00e9nyek<\/strong><\/p>\n<p><span><a href=\"https:\/\/veszprem.hu\/intezmenyek\/egeszseguegy\">https:\/\/veszprem.hu\/intezmenyek\/egeszseguegy<\/a><\/span><\/p>\n<p>\u00a0<strong>Veszpr\u00e9mi gy\u00f3gyszert\u00e1ri \u00fcgyelet \u00e9s nyitvatart\u00e1si rend<\/strong><\/p>\n<p><span><a href=\"https:\/\/patikavilag.hu\/veszpr%C3%A9m\">https:\/\/patikavilag.hu\/veszpr%C3%A9m<\/a><\/span><\/p>\n<p>[\/et_pb_text][et_pb_divider divider_style=&#8221;dashed&#8221; divider_position=&#8221;center&#8221; _builder_version=&#8221;4.16&#8243; custom_margin=&#8221;||-8px|||&#8221; custom_padding=&#8221;|||0px||&#8221; global_colors_info=&#8221;{}&#8221;][\/et_pb_divider][et_pb_image src=&#8221;https:\/\/agoraveszprem.hu\/wp-content\/uploads\/2023\/04\/logo-sarga-300&#215;300.jpg&#8221; title_text=&#8221;ekf_logo2023&#8243; align=&#8221;center&#8221; _builder_version=&#8221;4.20.4&#8243; _module_preset=&#8221;default&#8221; hover_enabled=&#8221;0&#8243; global_colors_info=&#8221;{}&#8221; alt=&#8221;ekf_logo2023&#8243; sticky_enabled=&#8221;0&#8243;][\/et_pb_image][\/et_pb_column][\/et_pb_row][et_pb_row _builder_version=&#8221;4.16&#8243; global_colors_info=&#8221;{}&#8221;][et_pb_column type=&#8221;4_4&#8243; _builder_version=&#8221;4.16&#8243; global_colors_info=&#8221;{}&#8221;][et_pb_divider divider_style=&#8221;dashed&#8221; divider_position=&#8221;center&#8221; _builder_version=&#8221;4.16&#8243; custom_padding=&#8221;|||0px||&#8221; global_colors_info=&#8221;{}&#8221;][\/et_pb_divider][\/et_pb_column][\/et_pb_row][\/et_pb_section][et_pb_section fb_built=&#8221;1&#8243; custom_padding_last_edited=&#8221;on|desktop&#8221; prev_background_color=&#8221;#ffffff&#8221; admin_label=&#8221;Footer&#8221; _builder_version=&#8221;4.16&#8243; use_background_color_gradient=&#8221;on&#8221; background_color_gradient_direction=&#8221;130deg&#8221; background_color_gradient_stops=&#8221;#9e2a87 0%|#cccccc 100%&#8221; background_color_gradient_start=&#8221;#9e2a87&#8243; background_color_gradient_end=&#8221;#cccccc&#8221; background_image=&#8221;https:\/\/agoraveszprem.hu\/wp-content\/uploads\/2019\/05\/AGORA-bg2.fw_-2-2.png&#8221; parallax=&#8221;on&#8221; custom_padding=&#8221;16vw||7vw||false|false&#8221; custom_padding_tablet=&#8221;100px||100px||true&#8221; custom_padding_phone=&#8221;||||true&#8221; top_divider_style=&#8221;ramp2&#8243; top_divider_height=&#8221;250px&#8221; top_divider_flip=&#8221;vertical&#8221; top_divider_height_tablet=&#8221;150px&#8221; top_divider_height_phone=&#8221;110px&#8221; top_divider_height_last_edited=&#8221;on|phone&#8221; saved_tabs=&#8221;all&#8221; global_colors_info=&#8221;{}&#8221;][et_pb_row _builder_version=&#8221;4.16&#8243; global_colors_info=&#8221;{}&#8221;][et_pb_column type=&#8221;4_4&#8243; _builder_version=&#8221;4.16&#8243; global_colors_info=&#8221;{}&#8221;][et_pb_divider divider_style=&#8221;dashed&#8221; divider_position=&#8221;center&#8221; _builder_version=&#8221;4.16&#8243; custom_padding=&#8221;|||0px||&#8221; global_colors_info=&#8221;{}&#8221;][\/et_pb_divider][\/et_pb_column][\/et_pb_row][et_pb_row _builder_version=&#8221;4.24.3&#8243; background_size=&#8221;initial&#8221; background_position=&#8221;top_left&#8221; background_repeat=&#8221;repeat&#8221; width=&#8221;83.4%&#8221; module_alignment=&#8221;center&#8221; custom_margin=&#8221;|||||&#8221; global_colors_info=&#8221;{}&#8221;][et_pb_column type=&#8221;4_4&#8243; _builder_version=&#8221;4.16&#8243; custom_padding=&#8221;|||&#8221; global_colors_info=&#8221;{}&#8221; custom_padding__hover=&#8221;|||&#8221;][et_pb_text _builder_version=&#8221;4.24.2&#8243; text_font=&#8221;||||||||&#8221; header_font=&#8221;||||||||&#8221; header_2_font=&#8221;Playfair Display|700|||||||&#8221; header_2_text_align=&#8221;center&#8221; header_2_text_color=&#8221;#2b2b2b&#8221; header_2_line_height=&#8221;1.5em&#8221; background_size=&#8221;initial&#8221; background_position=&#8221;top_left&#8221; background_repeat=&#8221;repeat&#8221; text_orientation=&#8221;center&#8221; module_alignment=&#8221;center&#8221; min_height=&#8221;66px&#8221; custom_margin=&#8221;||10px|&#8221; custom_padding=&#8221;12px||0px|||&#8221; locked=&#8221;off&#8221; inline_fonts=&#8221;Abhaya Libre,GILL Sans&#8221; global_colors_info=&#8221;{}&#8221;]<\/p>\n<h2 class=\"akadalymentes_cimsor\"><span style=\"font-family: 'GILL Sans'; color: #ffffff;\">K\u00e9rd\u00e9se, \u00e9szrev\u00e9tele van? Vegye fel vel\u00fcnk a kapcsolatot!<\/span><\/h2>\n<p>[\/et_pb_text][et_pb_divider color=&#8221;#f7d584&#8243; divider_style=&#8221;dashed&#8221; divider_weight=&#8221;3px&#8221; disabled_on=&#8221;on|on|off&#8221; _builder_version=&#8221;4.16&#8243; max_width=&#8221;80px&#8221; module_alignment=&#8221;center&#8221; height=&#8221;10px&#8221; custom_margin=&#8221;||20px|&#8221; animation_style=&#8221;slide&#8221; animation_direction=&#8221;bottom&#8221; saved_tabs=&#8221;all&#8221; locked=&#8221;off&#8221; global_colors_info=&#8221;{}&#8221;][\/et_pb_divider][et_pb_text _builder_version=&#8221;4.24.2&#8243; _module_preset=&#8221;default&#8221; background_layout=&#8221;dark&#8221; custom_css_free_form=&#8221;input.wpcf7-submit {||    color: #ffffff !important;||}&#8221; global_colors_info=&#8221;{}&#8221;]<\/p>\n\n<div class=\"wpcf7 no-js\" id=\"wpcf7-f718-o1\" lang=\"hu-HU\" dir=\"ltr\" data-wpcf7-id=\"718\">\n<div class=\"screen-reader-response\"><p role=\"status\" aria-live=\"polite\" aria-atomic=\"true\"><\/p> <ul><\/ul><\/div>\n<form action=\"\/eng\/wp-json\/wp\/v2\/pages\/8173#wpcf7-f718-o1\" method=\"post\" class=\"wpcf7-form init\" aria-label=\"Kapcsolatfelv\u00e9teli \u0171rlap\" novalidate=\"novalidate\" data-status=\"init\">\n<fieldset class=\"hidden-fields-container\"><input type=\"hidden\" name=\"_wpcf7\" value=\"718\" \/><input type=\"hidden\" name=\"_wpcf7_version\" value=\"6.1.7\" \/><input type=\"hidden\" name=\"_wpcf7_locale\" value=\"hu_HU\" \/><input type=\"hidden\" name=\"_wpcf7_unit_tag\" value=\"wpcf7-f718-o1\" \/><input type=\"hidden\" name=\"_wpcf7_container_post\" value=\"0\" \/><input type=\"hidden\" name=\"_wpcf7_posted_data_hash\" value=\"\" \/><input type=\"hidden\" name=\"_wpcf7_recaptcha_response\" value=\"\" \/>\n<\/fieldset>\n<div class=\"wpcf7-response-output\" aria-hidden=\"true\"><\/div>\n<fieldset>\n\t<p><label for=\"cfname\"> N\u00e9v (k\u00f6telez\u0151)<br \/>\n<span class=\"wpcf7-form-control-wrap\" data-name=\"your-name\"><input size=\"40\" maxlength=\"400\" class=\"wpcf7-form-control wpcf7-text wpcf7-validates-as-required\" id=\"cfname\" aria-required=\"true\" aria-invalid=\"false\" value=\"\" type=\"text\" name=\"your-name\" \/><\/span> <\/label>\n\t<\/p>\n\t<p><label for=\"cfemail\"> Email c\u00edm (k\u00f6telez\u0151)<br \/>\n<span class=\"wpcf7-form-control-wrap\" data-name=\"your-email\"><input size=\"40\" maxlength=\"400\" class=\"wpcf7-form-control wpcf7-email wpcf7-validates-as-required wpcf7-text wpcf7-validates-as-email\" id=\"cfemail\" aria-required=\"true\" aria-invalid=\"false\" value=\"\" type=\"email\" name=\"your-email\" \/><\/span> <\/label>\n\t<\/p>\n\t<p><label for=\"targy\"> T\u00e1rgy<br \/>\n<span class=\"wpcf7-form-control-wrap\" data-name=\"your-subject\"><input size=\"40\" maxlength=\"400\" class=\"wpcf7-form-control wpcf7-text\" id=\"targy\" aria-invalid=\"false\" value=\"\" type=\"text\" name=\"your-subject\" \/><\/span> <\/label>\n\t<\/p>\n\t<p><label for=\"uzenet\"> \u00dczenet<br \/>\n<span class=\"wpcf7-form-control-wrap\" data-name=\"your-message\"><textarea cols=\"40\" rows=\"10\" maxlength=\"2000\" class=\"wpcf7-form-control wpcf7-textarea\" id=\"uzenet\" aria-invalid=\"false\" name=\"your-message\"><\/textarea><\/span> <\/label>\n\t<\/p>\n\t<p><label for=\"gdpr\">K\u00e9rj\u00fck adja a hozz\u00e1j\u00e1rul\u00e1s\u00e1t.<\/label><br \/>\n<span class=\"wpcf7-form-control-wrap\" data-name=\"hozzajarulas\"><span class=\"wpcf7-form-control wpcf7-acceptance\"><span class=\"wpcf7-list-item\"><label><input type=\"checkbox\" name=\"hozzajarulas\" value=\"1\" id=\"gdpr\" aria-invalid=\"false\" \/><span class=\"wpcf7-list-item-label\">Elolvastam \u00e9s elfogadom az <a href=\"https:\/\/agoraveszprem.hu\/adatkezelesi-tajekoztato\/\" target=\"_blank\">Adatkezel\u00e9si t\u00e1j\u00e9koztat\u00f3ban<\/a> foglaltakat.<\/span><\/label><\/span><\/span><\/span>\n\t<\/p>\n<\/fieldset>\n<p><input class=\"wpcf7-form-control wpcf7-submit has-spinner\" type=\"submit\" value=\"K\u00fcld\u00e9s\" \/>\n<\/p>\n<\/form>\n<\/div>\n\n<p>[\/et_pb_text][\/et_pb_column][\/et_pb_row][et_pb_row _builder_version=&#8221;4.16&#8243; global_colors_info=&#8221;{}&#8221;][et_pb_column type=&#8221;4_4&#8243; _builder_version=&#8221;4.16&#8243; custom_padding=&#8221;|||&#8221; global_colors_info=&#8221;{}&#8221; custom_padding__hover=&#8221;|||&#8221;][et_pb_social_media_follow _builder_version=&#8221;4.16&#8243; text_orientation=&#8221;center&#8221; custom_padding=&#8221;14px|||||&#8221; border_radii=&#8221;on|34px|34px|34px|34px&#8221; global_colors_info=&#8221;{}&#8221;][et_pb_social_media_follow_network social_network=&#8221;facebook&#8221; url=&#8221;https:\/\/www.facebook.com\/vmkveszprem?fref=ts&#8221; _builder_version=&#8221;4.16&#8243; background_color=&#8221;#fcb6ab&#8221; global_colors_info=&#8221;{}&#8221; follow_button=&#8221;off&#8221; url_new_window=&#8221;on&#8221;]facebook[\/et_pb_social_media_follow_network][et_pb_social_media_follow_network social_network=&#8221;instagram&#8221; url=&#8221;https:\/\/www.instagram.com\/explore\/locations\/1020400020\/agora-veszprem-kulturalis-kozpont&#8221; _builder_version=&#8221;4.16&#8243; background_color=&#8221;#fcb6ab&#8221; global_colors_info=&#8221;{}&#8221; follow_button=&#8221;off&#8221; url_new_window=&#8221;on&#8221;]instagram[\/et_pb_social_media_follow_network][\/et_pb_social_media_follow][\/et_pb_column][\/et_pb_row][\/et_pb_section]<\/p>\n","protected":false},"excerpt":{"rendered":"<p>L\u00e1togat\u00f3bar\u00e1t szolg\u00e1ltat\u00e1saink Az Ag\u00f3ra L\u00e1togat\u00f3bar\u00e1t Szempont\u00fa Fejleszt\u00e9se OC-AUD\/1-2022\/987137 Int\u00e9zm\u00e9ny\u00fcnk az akad\u00e1lyok lek\u00fczd\u00e9se (a csal\u00e1dok, biciklisek \u00e9s kuty\u00e1sok \u00e9rdek\u00e9ben), a Veszpr\u00e9m legyen a kir\u00e1lyn\u00e9k v\u00e1rosa, az online, a l\u00e1togat\u00f3menedzsment, a Legy\u00fcnk z\u00f6ldek, valamint az akad\u00e1lymentess\u00e9g t\u00e9mater\u00fcleten val\u00f3s\u00edtott meg fejleszt\u00e9seket. A p\u00e1ly\u00e1zat keret\u00e9ben b\u0151v\u00edtett\u00fck eszk\u00f6zk\u00e9szlet\u00fcnket. Az akad\u00e1lyok lek\u00fczd\u00e9se kapcs\u00e1n gyereksarkot hoztunk l\u00e9tre \u00e9s sz\u00e1mos gyerekbar\u00e1t eszk\u00f6zt v\u00e1s\u00e1roltunk: [&hellip;]<\/p>\n","protected":false},"author":1,"featured_media":0,"parent":0,"menu_order":0,"comment_status":"closed","ping_status":"closed","template":"","meta":{"_et_pb_use_builder":"on","_et_pb_old_content":"","_et_gb_content_width":"","footnotes":""},"class_list":["post-8173","page","type-page","status-publish","hentry"],"_links":{"self":[{"href":"https:\/\/agoraveszprem.hu\/eng\/wp-json\/wp\/v2\/pages\/8173","targetHints":{"allow":["GET"]}}],"collection":[{"href":"https:\/\/agoraveszprem.hu\/eng\/wp-json\/wp\/v2\/pages"}],"about":[{"href":"https:\/\/agoraveszprem.hu\/eng\/wp-json\/wp\/v2\/types\/page"}],"author":[{"embeddable":true,"href":"https:\/\/agoraveszprem.hu\/eng\/wp-json\/wp\/v2\/users\/1"}],"replies":[{"embeddable":true,"href":"https:\/\/agoraveszprem.hu\/eng\/wp-json\/wp\/v2\/comments?post=8173"}],"version-history":[{"count":40,"href":"https:\/\/agoraveszprem.hu\/eng\/wp-json\/wp\/v2\/pages\/8173\/revisions"}],"predecessor-version":[{"id":17650,"href":"https:\/\/agoraveszprem.hu\/eng\/wp-json\/wp\/v2\/pages\/8173\/revisions\/17650"}],"wp:attachment":[{"href":"https:\/\/agoraveszprem.hu\/eng\/wp-json\/wp\/v2\/media?parent=8173"}],"curies":[{"name":"wp","href":"https:\/\/api.w.org\/{rel}","templated":true}]}}