{"id":41398,"date":"2026-01-22T14:08:23","date_gmt":"2026-01-22T13:08:23","guid":{"rendered":"https:\/\/agoraveszprem.hu\/termek\/"},"modified":"2026-04-10T18:33:58","modified_gmt":"2026-04-10T17:33:58","slug":"mondjad-atikam-jozsef-attila-est-2026-04-10-pentek-19-30","status":"publish","type":"product","link":"https:\/\/agoraveszprem.hu\/eng\/product\/mondjad-atikam-jozsef-attila-est-2026-04-10-pentek-19-30\/","title":{"rendered":"Tell me, Atika! - Attila J\u00f3zsef Evening 2026.04. 10. friday 19:30"},"content":{"rendered":"<p><img loading=\"lazy\" decoding=\"async\" class=\"size-full wp-image-41399\" src=\"https:\/\/agoraveszprem.hu\/wp-content\/uploads\/2026\/01\/Ja_Vecsei.jpg\" alt=\"Ja_Vecsei\" width=\"1400\" height=\"800\" srcset=\"https:\/\/agoraveszprem.hu\/wp-content\/uploads\/2026\/01\/Ja_Vecsei.jpg 1400w, https:\/\/agoraveszprem.hu\/wp-content\/uploads\/2026\/01\/Ja_Vecsei-1280x731.jpg 1280w, https:\/\/agoraveszprem.hu\/wp-content\/uploads\/2026\/01\/Ja_Vecsei-980x560.jpg 980w, https:\/\/agoraveszprem.hu\/wp-content\/uploads\/2026\/01\/Ja_Vecsei-480x274.jpg 480w\" sizes=\"(min-width: 0px) and (max-width: 480px) 480px, (min-width: 481px) and (max-width: 980px) 980px, (min-width: 981px) and (max-width: 1280px) 1280px, (min-width: 1281px) 1400px, 100vw\" \/><\/p>\n<div class=\"et_pb_module et_pb_post_content et_pb_post_content_0_tb_body\">\n<div class=\"et_pb_module et_pb_post_content et_pb_post_content_0_tb_body\">\n<div class=\"et_pb_module et_pb_post_content et_pb_post_content_0_tb_body\">\n<div class=\"et_pb_module et_pb_post_content et_pb_post_content_0_tb_body\">\n<div class=\"et_pb_module et_pb_post_content et_pb_post_content_0_tb_body\">\n<div class=\"et_pb_module et_pb_post_content et_pb_post_content_0_tb_body\">\n<div class=\"et_pb_module et_pb_post_content et_pb_post_content_0_tb_body\">\n<div class=\"et_pb_module et_pb_post_content et_pb_post_content_0_tb_body\">\n<div class=\"et_pb_module et_pb_post_content et_pb_post_content_0_tb_body\">\n<div class=\"et_pb_module et_pb_post_content et_pb_post_content_0_tb_body\">\n<div class=\"et_pb_module et_pb_post_content et_pb_post_content_0_tb_body\">\n<div class=\"et_pb_module et_pb_post_content et_pb_post_content_0_tb_body\">\n<div class=\"et_pb_module et_pb_post_content et_pb_post_content_0_tb_body\">\n<div class=\"et_pb_module et_pb_post_title et_pb_post_title_1_tb_body et_pb_bg_layout_light et_pb_text_align_left\">\n<div class=\"et_pb_title_container\"><\/div>\n<\/div>\n<div class=\"et_pb_module et_pb_post_content et_pb_post_content_0_tb_body\">\n<div class=\"et_pb_module et_pb_post_title et_pb_post_title_1_tb_body et_pb_bg_layout_light et_pb_text_align_left\"><\/div>\n<div class=\"et_pb_module et_pb_post_content et_pb_post_content_0_tb_body\">\n<div class=\"et_pb_module et_pb_post_content et_pb_post_content_0_tb_body\">\n<div class=\"et_pb_module et_pb_post_title et_pb_post_title_1_tb_body et_pb_bg_layout_light et_pb_text_align_left\">\n<div class=\"et_pb_title_container\"><\/div>\n<\/div>\n<div class=\"et_pb_module et_pb_post_content et_pb_post_content_0_tb_body\">\n<div class=\"et_pb_module et_pb_post_title et_pb_post_title_1_tb_body et_pb_bg_layout_light et_pb_text_align_left\">\n<div class=\"et_pb_title_container\">\n<h1 class=\"entry-title\" data-wahfont=\"32\">Tell me, Atika! - J\u00f3zsef Attila-evening<\/h1>\n<\/div>\n<\/div>\n<div class=\"et_pb_module et_pb_post_content et_pb_post_content_0_tb_body\">\n<p data-wahfont=\"16\"><strong>- Mikl\u00f3s Vecsei H., Gerg\u0151 Balla (Platon Karataev)<br \/>\nOn the occasion of the Hungarian Poetry Day<\/strong><\/p>\n<p data-wahfont=\"16\">What does Attila J\u00f3zsef mean to us? We know his life. We have our favourite poems by him. We reinterpret and reinterpret his lines at different stages of our lives. But we rarely reflect on the devastating passion and desire to love that lived in him. \"Attila J\u00f3zsef, with the power of madness, sometimes reached deeper with a single word than anyone before him\", wrote S\u00e1ndor M\u00e1rai in his diary. It is from this depth that Mikl\u00f3s H. Vecsei draws, from which he tries to show the poet's life, his loves and his poetic passages.<\/p>\n<p data-wahfont=\"16\">Running time: 100 minutes without a break<\/p>\n<p data-wahfont=\"16\"><strong>Admission: 6.500 HUF<\/strong><\/p>\n<\/div>\n<\/div>\n<\/div>\n<\/div>\n<\/div>\n<\/div>\n<\/div>\n<\/div>\n<\/div>\n<\/div>\n<\/div>\n<\/div>\n<\/div>\n<\/div>\n<\/div>\n<\/div>\n<\/div>\n<\/div>","protected":false},"excerpt":{"rendered":"<p>10 April 2026 Friday 19.30 - 21.00<\/p>\n<p>Online or on site ticket price: 6500 HUF<\/p>\n            <button class=\"tc_seating_map_button\" data-seating-map-id=\"41403\" data-show_legend=\"true\" data-button_title=\"\u00dcl\u0151hely v\u00e1laszt\u00e1sa\" data-subtotal_title=\"\u00d6sszesen\" data-cart_title=\"Kos\u00e1r\">Choice of seat<\/button>","protected":false},"featured_media":32046,"template":"","meta":{"_et_pb_use_builder":"off","_et_pb_old_content":"<img class=\"wp-image-17890 aligncenter\" src=\"https:\/\/agoraveszprem.hu\/wp-content\/uploads\/2024\/04\/ferfi-hajomakettet-tart-a-kezeben-300x171.jpg\" alt=\"\" width=\"504\" height=\"287\" \/>\r\n\r\n\u00a0\r\n\r\nSv\u00e1jci-d\u00e1n v\u00edgj\u00e1t\u00e9k eredeti nyelven magyar felirattal, 92 perc, 2022<br class=\"html-br\" \/>Rendezte: Barbara Kulcsar<br class=\"html-br\" \/>Szerepl\u0151k: Esther Gemsch, Stefan Kurt, Ueli J\u00e4ggi, Gundi Ellert\r\n\r\nAz Arany\u00e9veink c\u00edm\u0171 sv\u00e1jci v\u00edgj\u00e1t\u00e9k egy frissen nyugd\u00edjba vonul\u00f3 h\u00e1zasp\u00e1r \u00fajrakezd\u00e9s\u00e9nek t\u00f6rt\u00e9net\u00e9t dolgozza fel, b\u00e1jos humorral, m\u00e9ly egy\u00fctt\u00e9rz\u00e9ssel, k\u00f6nnyeds\u00e9ge ellen\u00e9re is fontos, mindannyiunkat \u00e9rint\u0151 k\u00e9rd\u00e9sekkel. A magyar sz\u00e1rmaz\u00e1s\u00fa sv\u00e1jci rendez\u0151, Barbara Kulcsar filmje Sv\u00e1jcban k\u00f6z\u00f6ns\u00e9gkedvenc volt, de a n\u00e9met n\u00e9z\u0151k sz\u00edv\u00e9t is megh\u00f3d\u00edtotta. (JUNO11)\r\n\r\nKorhat\u00e1r: 16 \u00e9v\r\nBel\u00e9p\u0151d\u00edj: 1300 Ft","_et_gb_content_width":""},"product_brand":[],"product_cat":[39],"product_tag":[],"class_list":["post-41398","product","type-product","status-publish","has-post-thumbnail","product_cat-eticket","first","instock","virtual","taxable","purchasable","product-type-simple"],"_links":{"self":[{"href":"https:\/\/agoraveszprem.hu\/eng\/wp-json\/wp\/v2\/product\/41398","targetHints":{"allow":["GET"]}}],"collection":[{"href":"https:\/\/agoraveszprem.hu\/eng\/wp-json\/wp\/v2\/product"}],"about":[{"href":"https:\/\/agoraveszprem.hu\/eng\/wp-json\/wp\/v2\/types\/product"}],"wp:featuredmedia":[{"embeddable":true,"href":"https:\/\/agoraveszprem.hu\/eng\/wp-json\/wp\/v2\/media\/32046"}],"wp:attachment":[{"href":"https:\/\/agoraveszprem.hu\/eng\/wp-json\/wp\/v2\/media?parent=41398"}],"wp:term":[{"taxonomy":"product_brand","embeddable":true,"href":"https:\/\/agoraveszprem.hu\/eng\/wp-json\/wp\/v2\/product_brand?post=41398"},{"taxonomy":"product_cat","embeddable":true,"href":"https:\/\/agoraveszprem.hu\/eng\/wp-json\/wp\/v2\/product_cat?post=41398"},{"taxonomy":"product_tag","embeddable":true,"href":"https:\/\/agoraveszprem.hu\/eng\/wp-json\/wp\/v2\/product_tag?post=41398"}],"curies":[{"name":"wp","href":"https:\/\/api.w.org\/{rel}","templated":true}]}}