{"id":41981,"date":"2026-02-03T11:09:38","date_gmt":"2026-02-03T10:09:38","guid":{"rendered":"https:\/\/agoraveszprem.hu\/termek\/"},"modified":"2026-04-21T17:58:54","modified_gmt":"2026-04-21T16:58:54","slug":"pecsi-balett-carmen-2026-04-21-kedd-19-ora","status":"publish","type":"product","link":"https:\/\/agoraveszprem.hu\/eng\/product\/pecsi-balett-carmen-2026-04-21-kedd-19-ora\/","title":{"rendered":"P\u00e9cs Ballet: Carmen 21.04.2026 Tuesday, 21.04.2026 7 pm"},"content":{"rendered":"<p><img loading=\"lazy\" decoding=\"async\" class=\"size-full wp-image-41982\" src=\"https:\/\/agoraveszprem.hu\/wp-content\/uploads\/2026\/02\/Carmen_Borbas-Betti-Fb.jpg\" alt=\"Carmen\" width=\"1400\" height=\"800\" srcset=\"https:\/\/agoraveszprem.hu\/wp-content\/uploads\/2026\/02\/Carmen_Borbas-Betti-Fb.jpg 1400w, https:\/\/agoraveszprem.hu\/wp-content\/uploads\/2026\/02\/Carmen_Borbas-Betti-Fb-1280x731.jpg 1280w, https:\/\/agoraveszprem.hu\/wp-content\/uploads\/2026\/02\/Carmen_Borbas-Betti-Fb-980x560.jpg 980w, https:\/\/agoraveszprem.hu\/wp-content\/uploads\/2026\/02\/Carmen_Borbas-Betti-Fb-480x274.jpg 480w\" sizes=\"(min-width: 0px) and (max-width: 480px) 480px, (min-width: 481px) and (max-width: 980px) 980px, (min-width: 981px) and (max-width: 1280px) 1280px, (min-width: 1281px) 1400px, 100vw\" \/><\/p>\n<div class=\"et_pb_module et_pb_post_content et_pb_post_content_0_tb_body\">\n<div class=\"et_pb_module et_pb_post_content et_pb_post_content_0_tb_body\">\n<div class=\"et_pb_module et_pb_post_content et_pb_post_content_0_tb_body\">\n<div class=\"et_pb_module et_pb_post_content et_pb_post_content_0_tb_body\">\n<div class=\"et_pb_module et_pb_post_content et_pb_post_content_0_tb_body\">\n<div class=\"et_pb_module et_pb_post_content et_pb_post_content_0_tb_body\">\n<div class=\"et_pb_module et_pb_post_content et_pb_post_content_0_tb_body\">\n<div class=\"et_pb_module et_pb_post_content et_pb_post_content_0_tb_body\">\n<div class=\"et_pb_module et_pb_post_content et_pb_post_content_0_tb_body\">\n<div class=\"et_pb_module et_pb_post_content et_pb_post_content_0_tb_body\">\n<div class=\"et_pb_module et_pb_post_content et_pb_post_content_0_tb_body\">\n<div class=\"et_pb_module et_pb_post_content et_pb_post_content_0_tb_body\">\n<div class=\"et_pb_module et_pb_post_content et_pb_post_content_0_tb_body\">\n<div class=\"et_pb_module et_pb_post_title et_pb_post_title_1_tb_body et_pb_bg_layout_light et_pb_text_align_left\"><\/div>\n<div class=\"et_pb_module et_pb_post_content et_pb_post_content_0_tb_body\">\n<div class=\"et_pb_module et_pb_post_content et_pb_post_content_0_tb_body\">\n<div class=\"et_pb_module et_pb_post_content et_pb_post_content_0_tb_body\">\n<div class=\"et_pb_module et_pb_post_title et_pb_post_title_1_tb_body et_pb_bg_layout_light et_pb_text_align_left\"><\/div>\n<div class=\"et_pb_module et_pb_post_content et_pb_post_content_0_tb_body\">\n<div class=\"et_pb_module et_pb_post_content et_pb_post_content_0_tb_body\">\n<div class=\"et_pb_module et_pb_post_content et_pb_post_content_0_tb_body\">\n<div class=\"et_pb_module et_pb_post_title et_pb_post_title_1_tb_body et_pb_bg_layout_light et_pb_text_align_left\">\n<div class=\"et_pb_title_container\">\n<h1 class=\"entry-title\" data-wahfont=\"32\">P\u00e9cs Ballet: Carmen<\/h1>\n<\/div>\n<\/div>\n<div class=\"et_pb_module et_pb_post_content et_pb_post_content_0_tb_body\">\n<p data-wahfont=\"16\">Carmen is a symbol of freedom. Her story is a drama of unquenchable wild love.<\/p>\n<p data-wahfont=\"16\">\u201eThe story of Carmen, the extreme emotional world of the characters and Bizet's music are very powerful and inspiring. For me, the main inspiration comes from the sharp shifts between the story and the music. The unpredictability and abruptness of the characters, which comes from their emotional overheating, is close to me. How can you go from an idyllic state of calm to the brink of madness in an instant? How can passion take over rationality, where does the primordial force come from that leads us to tragedy, and why can't we fight it? Where is the line between love, passion and possessiveness? Is passionate love a fundamentally insane state?<\/p>\n<p data-wahfont=\"16\">To express Carmen's sensuality, to express the wild surge of her emotions in dance is a great opportunity. In my opinion, it is a greater challenge for the dancer to bring to life the complex character of Don Jos\u00e9, his change of character. For me, he is the central figure, he is the real drama. A simple and honest man with a pure heart, he is turned inside out by his mad love for Carmen. His desire overcomes the virtue in him, until finally, out of his mind, he commits the greatest crime of all: he takes Carmen's life when he can no longer have her. Don Jos\u00e9's spiritual agony is a passionate male drama. That is what I want to portray on stage.\u201d<\/p>\n<p data-wahfont=\"16\">- Bal\u00e1zs Vincze Harangoz\u00f3 Prize Winner Artist of Merit director-choreographer<\/p>\n<p data-wahfont=\"16\">A taste of the show:\u00a0<a role=\"link\" href=\"https:\/\/www.youtube.com\/watch?v=UhL7bDPA1DI\" data-wahfont=\"16\">https:\/\/www.youtube.com\/watch?v=UhL7bDPA1DI<\/a><\/p>\n<p data-wahfont=\"16\">Composed by G. Bizet - R. Scsedrin, Rich\u00e1rd Riederauer<br \/>\nDramaturg: Uhrik Teod\u00f3ra Kossuth Prize winner, B\u00f6hm Gy\u00f6rgy J\u00e1szai Prize winner<br \/>\nSet and costume designer: Zsuzsa Moln\u00e1r<br \/>\nAssistant to the choreographer: T\u00fcnde Czebe Harangoz\u00f3 Prize winner<br \/>\nTest leader: Zsolt Moln\u00e1r Harangoz\u00f3 Prize winner<br \/>\nDirector-choreographer: Bal\u00e1zs Vincze Harangoz\u00f3 Prize Winner Artist of Merit<\/p>\n<p data-wahfont=\"16\">They dance:<br \/>\nCarmen: Karin Iwata<br \/>\nDon Jos\u00e9: M\u00e1rton Szab\u00f3 Harangoz\u00f3 Prize winner<br \/>\nEscamillo: Jos\u00e9 Blasco Pastor<br \/>\nMicaela: M\u00f3nika K\u00f3csy<br \/>\nZuniga: D\u00e1vid Matola<br \/>\nand Edina Frank, Annam\u00e1ria R\u00e9ka Horv\u00e1th, Ilona Ajna Kakucs, Rebeka Pint\u00e9r,<br \/>\nCsongor Balogh, Krist\u00f3f Domj\u00e1n, Zsolt Moln\u00e1r Harangoz\u00f3 Prize winner, Zolt\u00e1n Levente Nagy, Szil\u00e1rd Tuboly, M\u00e1t\u00e9 Varga<br \/>\nand Frida Beh\u00e1n, student of the P\u00e9cs High School of Art<\/p>\n<p data-wahfont=\"16\">Duration: 70 minutes without a break<br \/>\nEntrance fee: 7 900 HUF<\/p>\n<\/div>\n<\/div>\n<\/div>\n<\/div>\n<\/div>\n<\/div>\n<\/div>\n<\/div>\n<\/div>\n<\/div>\n<\/div>\n<\/div>\n<\/div>\n<\/div>\n<\/div>\n<\/div>\n<\/div>\n<\/div>\n<\/div>\n<\/div>","protected":false},"excerpt":{"rendered":"<p>21 April 2026 Tuesday 19.00 - 20.15<\/p>\n<p>Online or on site ticket price: 7900 HUF<\/p>\n            <button class=\"tc_seating_map_button\" data-seating-map-id=\"41988\" data-show_legend=\"true\" data-button_title=\"\u00dcl\u0151hely v\u00e1laszt\u00e1sa\" data-subtotal_title=\"\u00d6sszesen\" data-cart_title=\"Kos\u00e1r\">Choice of seat<\/button>","protected":false},"featured_media":32046,"template":"","meta":{"_et_pb_use_builder":"off","_et_pb_old_content":"<img class=\"wp-image-17890 aligncenter\" src=\"https:\/\/agoraveszprem.hu\/wp-content\/uploads\/2024\/04\/ferfi-hajomakettet-tart-a-kezeben-300x171.jpg\" alt=\"\" width=\"504\" height=\"287\" \/>\r\n\r\n\u00a0\r\n\r\nSv\u00e1jci-d\u00e1n v\u00edgj\u00e1t\u00e9k eredeti nyelven magyar felirattal, 92 perc, 2022<br class=\"html-br\" \/>Rendezte: Barbara Kulcsar<br class=\"html-br\" \/>Szerepl\u0151k: Esther Gemsch, Stefan Kurt, Ueli J\u00e4ggi, Gundi Ellert\r\n\r\nAz Arany\u00e9veink c\u00edm\u0171 sv\u00e1jci v\u00edgj\u00e1t\u00e9k egy frissen nyugd\u00edjba vonul\u00f3 h\u00e1zasp\u00e1r \u00fajrakezd\u00e9s\u00e9nek t\u00f6rt\u00e9net\u00e9t dolgozza fel, b\u00e1jos humorral, m\u00e9ly egy\u00fctt\u00e9rz\u00e9ssel, k\u00f6nnyeds\u00e9ge ellen\u00e9re is fontos, mindannyiunkat \u00e9rint\u0151 k\u00e9rd\u00e9sekkel. A magyar sz\u00e1rmaz\u00e1s\u00fa sv\u00e1jci rendez\u0151, Barbara Kulcsar filmje Sv\u00e1jcban k\u00f6z\u00f6ns\u00e9gkedvenc volt, de a n\u00e9met n\u00e9z\u0151k sz\u00edv\u00e9t is megh\u00f3d\u00edtotta. (JUNO11)\r\n\r\nKorhat\u00e1r: 16 \u00e9v\r\nBel\u00e9p\u0151d\u00edj: 1300 Ft","_et_gb_content_width":""},"product_brand":[],"product_cat":[39],"product_tag":[],"class_list":["post-41981","product","type-product","status-publish","has-post-thumbnail","product_cat-eticket","first","instock","virtual","taxable","purchasable","product-type-simple"],"_links":{"self":[{"href":"https:\/\/agoraveszprem.hu\/eng\/wp-json\/wp\/v2\/product\/41981","targetHints":{"allow":["GET"]}}],"collection":[{"href":"https:\/\/agoraveszprem.hu\/eng\/wp-json\/wp\/v2\/product"}],"about":[{"href":"https:\/\/agoraveszprem.hu\/eng\/wp-json\/wp\/v2\/types\/product"}],"wp:featuredmedia":[{"embeddable":true,"href":"https:\/\/agoraveszprem.hu\/eng\/wp-json\/wp\/v2\/media\/32046"}],"wp:attachment":[{"href":"https:\/\/agoraveszprem.hu\/eng\/wp-json\/wp\/v2\/media?parent=41981"}],"wp:term":[{"taxonomy":"product_brand","embeddable":true,"href":"https:\/\/agoraveszprem.hu\/eng\/wp-json\/wp\/v2\/product_brand?post=41981"},{"taxonomy":"product_cat","embeddable":true,"href":"https:\/\/agoraveszprem.hu\/eng\/wp-json\/wp\/v2\/product_cat?post=41981"},{"taxonomy":"product_tag","embeddable":true,"href":"https:\/\/agoraveszprem.hu\/eng\/wp-json\/wp\/v2\/product_tag?post=41981"}],"curies":[{"name":"wp","href":"https:\/\/api.w.org\/{rel}","templated":true}]}}