{"id":43303,"date":"2026-02-23T13:26:33","date_gmt":"2026-02-23T12:26:33","guid":{"rendered":"https:\/\/agoraveszprem.hu\/termek\/"},"modified":"2026-03-25T13:34:05","modified_gmt":"2026-03-25T12:34:05","slug":"tavaszi-husveti-ajtodisz-keszito-workshop-2026-03-28-szombat-10-ora","status":"publish","type":"product","link":"https:\/\/agoraveszprem.hu\/eng\/product\/tavaszi-husveti-ajtodisz-keszito-workshop-2026-03-28-szombat-10-ora\/","title":{"rendered":"Spring-Easter door decoration workshop 2026.03. 28. saturday 10 am"},"content":{"rendered":"<p><img loading=\"lazy\" decoding=\"async\" class=\"size-full wp-image-43307\" src=\"https:\/\/agoraveszprem.hu\/wp-content\/uploads\/2026\/02\/Tavaszi-husveti-ajtodisz-FB.jpg\" alt=\"Tavaszi-h\u00fasv\u00e9ti ajt\u00f3d\u00edsz\" width=\"1400\" height=\"800\" srcset=\"https:\/\/agoraveszprem.hu\/wp-content\/uploads\/2026\/02\/Tavaszi-husveti-ajtodisz-FB.jpg 1400w, https:\/\/agoraveszprem.hu\/wp-content\/uploads\/2026\/02\/Tavaszi-husveti-ajtodisz-FB-1280x731.jpg 1280w, https:\/\/agoraveszprem.hu\/wp-content\/uploads\/2026\/02\/Tavaszi-husveti-ajtodisz-FB-980x560.jpg 980w, https:\/\/agoraveszprem.hu\/wp-content\/uploads\/2026\/02\/Tavaszi-husveti-ajtodisz-FB-480x274.jpg 480w\" sizes=\"(min-width: 0px) and (max-width: 480px) 480px, (min-width: 481px) and (max-width: 980px) 980px, (min-width: 981px) and (max-width: 1280px) 1280px, (min-width: 1281px) 1400px, 100vw\" \/><\/p>\n<div class=\"et_pb_module et_pb_post_content et_pb_post_content_0_tb_body\">\n<div class=\"et_pb_module et_pb_post_content et_pb_post_content_0_tb_body\">\n<div class=\"et_pb_module et_pb_post_content et_pb_post_content_0_tb_body\">\n<div class=\"et_pb_module et_pb_post_content et_pb_post_content_0_tb_body\">\n<div class=\"et_pb_module et_pb_post_content et_pb_post_content_0_tb_body\">\n<div class=\"et_pb_module et_pb_post_content et_pb_post_content_0_tb_body\">\n<div class=\"et_pb_module et_pb_post_content et_pb_post_content_0_tb_body\">\n<div class=\"et_pb_module et_pb_post_content et_pb_post_content_0_tb_body\">\n<div class=\"et_pb_module et_pb_post_content et_pb_post_content_0_tb_body\">\n<div class=\"et_pb_module et_pb_post_content et_pb_post_content_0_tb_body\">\n<div class=\"et_pb_module et_pb_post_content et_pb_post_content_0_tb_body\">\n<div class=\"et_pb_module et_pb_post_content et_pb_post_content_0_tb_body\">\n<div class=\"et_pb_module et_pb_post_content et_pb_post_content_0_tb_body\">\n<div class=\"et_pb_module et_pb_post_content et_pb_post_content_0_tb_body\">\n<div class=\"et_pb_module et_pb_post_content et_pb_post_content_0_tb_body\">\n<div class=\"et_pb_module et_pb_post_content et_pb_post_content_0_tb_body\">\n<div class=\"et_pb_module et_pb_post_content et_pb_post_content_0_tb_body\">\n<div class=\"et_pb_module et_pb_post_content et_pb_post_content_0_tb_body\">\n<div class=\"et_pb_module et_pb_post_content et_pb_post_content_0_tb_body\">\n<div class=\"et_pb_module et_pb_post_title et_pb_post_title_1_tb_body et_pb_bg_layout_light et_pb_text_align_left\">\n<div class=\"et_pb_title_container\">\n<h1 class=\"entry-title\" data-wahfont=\"32\">Spring-Easter door decoration workshop<\/h1>\n<\/div>\n<\/div>\n<div class=\"et_pb_module et_pb_post_content et_pb_post_content_0_tb_body\">\n<p data-wahfont=\"16\">Let's get in the mood for spring and Easter together in a creative, creative workshop!<\/p>\n<p data-wahfont=\"16\">During the session, participants will decorate a straw base with quality materials, dry fruits in different colours and shapes, silk flowers and special, unique acrylic and epoxy resin spring and Easter shaped ornaments. The composition can be decorated with a variety of wood and 3D printed or epoxy combined inscriptions, e.g. Sweet Home, Hello Spring, Welcome, Home, etc. The finished knocker will be approximately 25 cm in diameter.<\/p>\n<p data-wahfont=\"16\">Each participant can create a door decoration according to their own taste and style: they can choose a restrained, natural spring atmosphere or decorate their door with cheerful Easter motifs, eggs or bunnies.<\/p>\n<p data-wahfont=\"16\">During the workshop:<br \/>\n- the instructor will help you with the layout and recording,<br \/>\n- a good atmosphere and the joy of creating are guaranteed.<\/p>\n<p data-wahfont=\"16\">Unleash your creativity and come home with a door decoration of your own creation, decorated with special elements that will be a worthy decoration for your home this spring and Easter!<\/p>\n<p data-wahfont=\"16\">Participation fee: 14 900 HUF, which includes the necessary materials and the use of tools. No cancellation is possible after payment of the participation fee, but the right to participate is transferable. The workshop is open to adults (over 14 years)!<\/p>\n<p data-wahfont=\"16\">For more information, please contact Mrs. Katalin Jancsekn\u00e9 Zsebe at jancsekne.kati@agoraveszprem.hu or call 88-429-111.<\/p>\n<\/div>\n<\/div>\n<\/div>\n<\/div>\n<\/div>\n<\/div>\n<\/div>\n<\/div>\n<\/div>\n<\/div>\n<\/div>\n<\/div>\n<\/div>\n<\/div>\n<\/div>\n<\/div>\n<\/div>\n<\/div>\n<\/div>\n<\/div>","protected":false},"excerpt":{"rendered":"<p>28 March 2026 Saturday 10.00 - 14.00<\/p>\n<p>Online or on site ticket price: 14900 HUF<\/p>\n<p>&nbsp;<\/p>","protected":false},"featured_media":32048,"template":"","meta":{"_et_pb_use_builder":"off","_et_pb_old_content":"<img class=\"wp-image-17890 aligncenter\" src=\"https:\/\/agoraveszprem.hu\/wp-content\/uploads\/2024\/04\/ferfi-hajomakettet-tart-a-kezeben-300x171.jpg\" alt=\"\" width=\"504\" height=\"287\" \/>\r\n\r\n\u00a0\r\n\r\nSv\u00e1jci-d\u00e1n v\u00edgj\u00e1t\u00e9k eredeti nyelven magyar felirattal, 92 perc, 2022<br class=\"html-br\" \/>Rendezte: Barbara Kulcsar<br class=\"html-br\" \/>Szerepl\u0151k: Esther Gemsch, Stefan Kurt, Ueli J\u00e4ggi, Gundi Ellert\r\n\r\nAz Arany\u00e9veink c\u00edm\u0171 sv\u00e1jci v\u00edgj\u00e1t\u00e9k egy frissen nyugd\u00edjba vonul\u00f3 h\u00e1zasp\u00e1r \u00fajrakezd\u00e9s\u00e9nek t\u00f6rt\u00e9net\u00e9t dolgozza fel, b\u00e1jos humorral, m\u00e9ly egy\u00fctt\u00e9rz\u00e9ssel, k\u00f6nnyeds\u00e9ge ellen\u00e9re is fontos, mindannyiunkat \u00e9rint\u0151 k\u00e9rd\u00e9sekkel. A magyar sz\u00e1rmaz\u00e1s\u00fa sv\u00e1jci rendez\u0151, Barbara Kulcsar filmje Sv\u00e1jcban k\u00f6z\u00f6ns\u00e9gkedvenc volt, de a n\u00e9met n\u00e9z\u0151k sz\u00edv\u00e9t is megh\u00f3d\u00edtotta. (JUNO11)\r\n\r\nKorhat\u00e1r: 16 \u00e9v\r\nBel\u00e9p\u0151d\u00edj: 1300 Ft","_et_gb_content_width":""},"product_brand":[],"product_cat":[39],"product_tag":[],"class_list":["post-43303","product","type-product","status-publish","has-post-thumbnail","product_cat-eticket","first","instock","virtual","taxable","purchasable","product-type-simple"],"_links":{"self":[{"href":"https:\/\/agoraveszprem.hu\/eng\/wp-json\/wp\/v2\/product\/43303","targetHints":{"allow":["GET"]}}],"collection":[{"href":"https:\/\/agoraveszprem.hu\/eng\/wp-json\/wp\/v2\/product"}],"about":[{"href":"https:\/\/agoraveszprem.hu\/eng\/wp-json\/wp\/v2\/types\/product"}],"wp:featuredmedia":[{"embeddable":true,"href":"https:\/\/agoraveszprem.hu\/eng\/wp-json\/wp\/v2\/media\/32048"}],"wp:attachment":[{"href":"https:\/\/agoraveszprem.hu\/eng\/wp-json\/wp\/v2\/media?parent=43303"}],"wp:term":[{"taxonomy":"product_brand","embeddable":true,"href":"https:\/\/agoraveszprem.hu\/eng\/wp-json\/wp\/v2\/product_brand?post=43303"},{"taxonomy":"product_cat","embeddable":true,"href":"https:\/\/agoraveszprem.hu\/eng\/wp-json\/wp\/v2\/product_cat?post=43303"},{"taxonomy":"product_tag","embeddable":true,"href":"https:\/\/agoraveszprem.hu\/eng\/wp-json\/wp\/v2\/product_tag?post=43303"}],"curies":[{"name":"wp","href":"https:\/\/api.w.org\/{rel}","templated":true}]}}