{"id":48440,"date":"2026-06-01T10:06:22","date_gmt":"2026-06-01T09:06:22","guid":{"rendered":"https:\/\/agoraveszprem.hu\/termek\/"},"modified":"2026-06-10T06:50:48","modified_gmt":"2026-06-10T05:50:48","slug":"regisztracios-jegy-agatha-christie-gyilkossag-meghirdetve-2026-07-03","status":"publish","type":"product","link":"https:\/\/agoraveszprem.hu\/eng\/product\/regisztracios-jegy-agatha-christie-gyilkossag-meghirdetve-2026-07-03\/","title":{"rendered":"Registration ticket: Agatha Christie: MURDER MIRRORED Friday 03.07.2026 at 19:00"},"content":{"rendered":"<p><img loading=\"lazy\" decoding=\"async\" class=\"size-full wp-image-48441\" src=\"https:\/\/agoraveszprem.hu\/wp-content\/uploads\/2026\/06\/Gyilkossag-megh-FB.jpg\" alt=\"Gyilkoss\u00e1g megh\" width=\"1400\" height=\"800\" srcset=\"https:\/\/agoraveszprem.hu\/wp-content\/uploads\/2026\/06\/Gyilkossag-megh-FB.jpg 1400w, https:\/\/agoraveszprem.hu\/wp-content\/uploads\/2026\/06\/Gyilkossag-megh-FB-1280x731.jpg 1280w, https:\/\/agoraveszprem.hu\/wp-content\/uploads\/2026\/06\/Gyilkossag-megh-FB-980x560.jpg 980w, https:\/\/agoraveszprem.hu\/wp-content\/uploads\/2026\/06\/Gyilkossag-megh-FB-480x274.jpg 480w\" sizes=\"(min-width: 0px) and (max-width: 480px) 480px, (min-width: 481px) and (max-width: 980px) 980px, (min-width: 981px) and (max-width: 1280px) 1280px, (min-width: 1281px) 1400px, 100vw\" \/><\/p>\n<div class=\"et_pb_module et_pb_post_content et_pb_post_content_0_tb_body\">\n<div class=\"et_pb_module et_pb_post_content et_pb_post_content_0_tb_body\">\n<div class=\"et_pb_module et_pb_post_content et_pb_post_content_0_tb_body\">\n<div class=\"et_pb_module et_pb_post_content et_pb_post_content_0_tb_body\">\n<div class=\"et_pb_module et_pb_post_content et_pb_post_content_0_tb_body\">\n<div class=\"et_pb_module et_pb_post_content et_pb_post_content_0_tb_body\">\n<div class=\"et_pb_module et_pb_post_content et_pb_post_content_0_tb_body\">\n<div class=\"et_pb_module et_pb_post_content et_pb_post_content_0_tb_body\">\n<div class=\"et_pb_module et_pb_post_content et_pb_post_content_0_tb_body\">\n<div class=\"et_pb_module et_pb_post_content et_pb_post_content_0_tb_body\">\n<div class=\"et_pb_module et_pb_post_content et_pb_post_content_0_tb_body\">\n<div class=\"et_pb_module et_pb_post_content et_pb_post_content_0_tb_body\">\n<div class=\"et_pb_module et_pb_post_content et_pb_post_content_0_tb_body\">\n<div class=\"et_pb_module et_pb_post_content et_pb_post_content_0_tb_body\">\n<div class=\"et_pb_module et_pb_post_content et_pb_post_content_0_tb_body\">\n<div class=\"et_pb_module et_pb_post_content et_pb_post_content_0_tb_body\">\n<div class=\"et_pb_module et_pb_post_content et_pb_post_content_0_tb_body\">\n<div class=\"et_pb_module et_pb_post_content et_pb_post_content_0_tb_body\">\n<div class=\"et_pb_module et_pb_post_content et_pb_post_content_0_tb_body\">\n<div class=\"et_pb_module et_pb_post_content et_pb_post_content_0_tb_body\">\n<div class=\"et_pb_module et_pb_post_content et_pb_post_content_0_tb_body\">\n<div class=\"et_pb_module et_pb_post_content et_pb_post_content_0_tb_body\">\n<div class=\"et_pb_module et_pb_post_content et_pb_post_content_0_tb_body\">\n<div class=\"et_pb_module et_pb_post_content et_pb_post_content_0_tb_body\">\n<div class=\"et_pb_module et_pb_post_title et_pb_post_title_1_tb_body et_pb_bg_layout_light et_pb_text_align_left\">\n<div class=\"et_pb_title_container\">\n<h1 class=\"entry-title\" data-wahfont=\"26\">Agatha Christie: MURDER MURDERED<\/h1>\n<\/div>\n<\/div>\n<div class=\"et_pb_module et_pb_post_content et_pb_post_content_0_tb_body\">\n<p class=\"wp-block-paragraph\" data-wahfont=\"14\"><strong>crime thriller in two acts<\/strong><\/p>\n<p class=\"wp-block-paragraph\" data-wahfont=\"14\">The quiet little village of Chipping Cleghorn is rocked by a gruesome newspaper article about a pre-announced murder. To help the local police solve the crime, everyone knows and loves Miss Marple - can they solve the case? A performance by the adult group of the Podium Theatre Company.<\/p>\n<p data-wahfont=\"14\"><strong>Cast:<\/strong><br \/>\nJulia Simmons - Bocskai Kata<br \/>\nLetitia Blacklock - Melinda M\u00e1lik<br \/>\nDora Bunner - Eszter Garai<br \/>\nPatrick Simmons - M\u00e1rton K\u00f6nczey<br \/>\nMici - L\u00e1szl\u00f3 Lilla<br \/>\nMiss Marple - \u00c9va T\u00f3thn\u00e9 Kov\u00e1cs<br \/>\nPhillipa Haymes - Csavera Lili<br \/>\nMrs Swettenham - \u00c9va K\u00e1lm\u00e1n<br \/>\nEdmund Swettenham - Kriszti\u00e1n Fogl<br \/>\nRudi Scherz - \u00c1ron Baladincz<br \/>\nDetective Inspector Craddock - Gergely Ko\u00f3k<br \/>\nSergeant Mellors - Csaba P\u00e1ny-Bocs\u00e1nczi<\/p>\n<p class=\"wp-block-paragraph\" data-wahfont=\"14\"><strong>Admission is free, but registration is required!<\/strong><\/p>\n<\/div>\n<\/div>\n<\/div>\n<\/div>\n<\/div>\n<\/div>\n<\/div>\n<\/div>\n<\/div>\n<\/div>\n<\/div>\n<\/div>\n<\/div>\n<\/div>\n<\/div>\n<\/div>\n<\/div>\n<\/div>\n<\/div>\n<\/div>\n<\/div>\n<\/div>\n<\/div>\n<\/div>\n<\/div>","protected":false},"excerpt":{"rendered":"<p>03 July 2026 Friday 19.00 - 21.00<\/p>\n<p>Online or on-site ticket price: 0 HUF<\/p>\n<p>Reservations are made on a first-come, first-served basis.<\/p>","protected":false},"featured_media":32045,"template":"","meta":{"_et_pb_use_builder":"off","_et_pb_old_content":"<img class=\"wp-image-17890 aligncenter\" src=\"https:\/\/agoraveszprem.hu\/wp-content\/uploads\/2024\/04\/ferfi-hajomakettet-tart-a-kezeben-300x171.jpg\" alt=\"\" width=\"504\" height=\"287\" \/>\r\n\r\n\u00a0\r\n\r\nSv\u00e1jci-d\u00e1n v\u00edgj\u00e1t\u00e9k eredeti nyelven magyar felirattal, 92 perc, 2022<br class=\"html-br\" \/>Rendezte: Barbara Kulcsar<br class=\"html-br\" \/>Szerepl\u0151k: Esther Gemsch, Stefan Kurt, Ueli J\u00e4ggi, Gundi Ellert\r\n\r\nAz Arany\u00e9veink c\u00edm\u0171 sv\u00e1jci v\u00edgj\u00e1t\u00e9k egy frissen nyugd\u00edjba vonul\u00f3 h\u00e1zasp\u00e1r \u00fajrakezd\u00e9s\u00e9nek t\u00f6rt\u00e9net\u00e9t dolgozza fel, b\u00e1jos humorral, m\u00e9ly egy\u00fctt\u00e9rz\u00e9ssel, k\u00f6nnyeds\u00e9ge ellen\u00e9re is fontos, mindannyiunkat \u00e9rint\u0151 k\u00e9rd\u00e9sekkel. A magyar sz\u00e1rmaz\u00e1s\u00fa sv\u00e1jci rendez\u0151, Barbara Kulcsar filmje Sv\u00e1jcban k\u00f6z\u00f6ns\u00e9gkedvenc volt, de a n\u00e9met n\u00e9z\u0151k sz\u00edv\u00e9t is megh\u00f3d\u00edtotta. (JUNO11)\r\n\r\nKorhat\u00e1r: 16 \u00e9v\r\nBel\u00e9p\u0151d\u00edj: 1300 Ft","_et_gb_content_width":""},"product_brand":[],"product_cat":[39],"product_tag":[],"class_list":["post-48440","product","type-product","status-publish","has-post-thumbnail","product_cat-eticket","first","outofstock","virtual","taxable","purchasable","product-type-simple"],"_links":{"self":[{"href":"https:\/\/agoraveszprem.hu\/eng\/wp-json\/wp\/v2\/product\/48440","targetHints":{"allow":["GET"]}}],"collection":[{"href":"https:\/\/agoraveszprem.hu\/eng\/wp-json\/wp\/v2\/product"}],"about":[{"href":"https:\/\/agoraveszprem.hu\/eng\/wp-json\/wp\/v2\/types\/product"}],"wp:featuredmedia":[{"embeddable":true,"href":"https:\/\/agoraveszprem.hu\/eng\/wp-json\/wp\/v2\/media\/32045"}],"wp:attachment":[{"href":"https:\/\/agoraveszprem.hu\/eng\/wp-json\/wp\/v2\/media?parent=48440"}],"wp:term":[{"taxonomy":"product_brand","embeddable":true,"href":"https:\/\/agoraveszprem.hu\/eng\/wp-json\/wp\/v2\/product_brand?post=48440"},{"taxonomy":"product_cat","embeddable":true,"href":"https:\/\/agoraveszprem.hu\/eng\/wp-json\/wp\/v2\/product_cat?post=48440"},{"taxonomy":"product_tag","embeddable":true,"href":"https:\/\/agoraveszprem.hu\/eng\/wp-json\/wp\/v2\/product_tag?post=48440"}],"curies":[{"name":"wp","href":"https:\/\/api.w.org\/{rel}","templated":true}]}}