{"id":49429,"date":"2026-06-19T09:34:57","date_gmt":"2026-06-19T08:34:57","guid":{"rendered":"https:\/\/agoraveszprem.hu\/termek\/"},"modified":"2026-08-13T07:50:04","modified_gmt":"2026-08-13T06:50:04","slug":"kolyokmozi-rufus-2026-08-13","status":"publish","type":"product","link":"https:\/\/agoraveszprem.hu\/eng\/product\/kolyokmozi-rufus-2026-08-13\/","title":{"rendered":"K\u00f6ly\u00f6kmozi: Rufus, a legb\u00e1trabb tengeri sz\u00f6rny 2026. 08. 13. cs\u00fct\u00f6rt\u00f6k 10 \u00f3ra"},"content":{"rendered":"<p><img loading=\"lazy\" decoding=\"async\" class=\"size-full wp-image-49422 aligncenter\" src=\"https:\/\/agoraveszprem.hu\/wp-content\/uploads\/2026\/06\/Rufus-FB.jpg\" alt=\"Rufus FB\" width=\"1200\" height=\"628\" srcset=\"https:\/\/agoraveszprem.hu\/wp-content\/uploads\/2026\/06\/Rufus-FB.jpg 1200w, https:\/\/agoraveszprem.hu\/wp-content\/uploads\/2026\/06\/Rufus-FB-980x513.jpg 980w, https:\/\/agoraveszprem.hu\/wp-content\/uploads\/2026\/06\/Rufus-FB-480x251.jpg 480w\" sizes=\"(min-width: 0px) and (max-width: 480px) 480px, (min-width: 481px) and (max-width: 980px) 980px, (min-width: 981px) 1200px, 100vw\" \/><\/p>\n<div class=\"et_pb_module et_pb_post_content et_pb_post_content_0_tb_body\">\n<div class=\"et_pb_module et_pb_post_content et_pb_post_content_0_tb_body\">\n<div class=\"et_pb_module et_pb_post_content et_pb_post_content_0_tb_body\">\n<div class=\"et_pb_module et_pb_post_content et_pb_post_content_0_tb_body\">\n<div class=\"et_pb_module et_pb_post_content et_pb_post_content_0_tb_body\">\n<div class=\"et_pb_module et_pb_post_content et_pb_post_content_0_tb_body\">\n<div class=\"et_pb_module et_pb_post_content et_pb_post_content_0_tb_body\">\n<div class=\"et_pb_module et_pb_post_content et_pb_post_content_0_tb_body\">\n<div class=\"et_pb_module et_pb_post_content et_pb_post_content_0_tb_body\">\n<div class=\"et_pb_module et_pb_post_content et_pb_post_content_0_tb_body\">\n<div class=\"et_pb_module et_pb_post_content et_pb_post_content_0_tb_body\">\n<div class=\"et_pb_module et_pb_post_content et_pb_post_content_0_tb_body\">\n<div class=\"et_pb_module et_pb_post_content et_pb_post_content_0_tb_body\">\n<div class=\"et_pb_module et_pb_post_content et_pb_post_content_0_tb_body\">\n<div class=\"et_pb_module et_pb_post_content et_pb_post_content_0_tb_body\">\n<div class=\"et_pb_module et_pb_post_content et_pb_post_content_0_tb_body\">\n<div class=\"et_pb_module et_pb_post_content et_pb_post_content_0_tb_body\">\n<div class=\"et_pb_module et_pb_post_content et_pb_post_content_0_tb_body\">\n<div class=\"et_pb_module et_pb_post_content et_pb_post_content_0_tb_body\">\n<div class=\"et_pb_module et_pb_post_content et_pb_post_content_0_tb_body\">\n<div class=\"et_pb_module et_pb_post_content et_pb_post_content_0_tb_body\">\n<div class=\"et_pb_module et_pb_post_content et_pb_post_content_0_tb_body\">\n<div class=\"et_pb_module et_pb_post_title et_pb_post_title_1_tb_body et_pb_bg_layout_light et_pb_text_align_left\">\n<div class=\"et_pb_title_container\"><\/div>\n<\/div>\n<div class=\"et_pb_module et_pb_post_content et_pb_post_content_0_tb_body\">\n<div class=\"et_pb_module et_pb_post_title et_pb_post_title_1_tb_body et_pb_bg_layout_light et_pb_text_align_left\">\n<div class=\"et_pb_title_container\"><\/div>\n<\/div>\n<div class=\"et_pb_module et_pb_post_content et_pb_post_content_0_tb_body\">\n<div class=\"et_pb_module et_pb_post_title et_pb_post_title_1_tb_body et_pb_bg_layout_light et_pb_text_align_left\">\n<div class=\"et_pb_title_container\">\n<h1 class=\"entry-title\" data-wahfont=\"32\">K\u00f6ly\u00f6kmozi: Rufus, a legb\u00e1trabb tengeri sz\u00f6rny<\/h1>\n<\/div>\n<\/div>\n<div class=\"et_pb_module et_pb_post_content et_pb_post_content_0_tb_body\">\n<p class=\"wp-block-paragraph\" data-wahfont=\"16\">Szinkroniz\u00e1lt norv\u00e9g anim\u00e1ci\u00f3s, csal\u00e1di film, 80 perc, 2025<\/p>\n<p class=\"wp-block-paragraph\" data-wahfont=\"16\">Az \u00f3ce\u00e1n m\u00e9ly\u00e9n megb\u00fav\u00f3 titokzatos szigeten, a vil\u00e1gt\u00f3l elz\u00e1rva \u00e9l a tengeri k\u00edgy\u00f3k k\u00f6z\u00f6ss\u00e9ge. A szigetet Ludovic b\u00e1csi, egy f\u00e9lig tengeri sz\u00f6rny, f\u00e9lig s\u00e1rk\u00e1ny var\u00e1zslatos f\u00fcstje v\u00e9di. Ebben a k\u00f6z\u00f6ss\u00e9gben \u00e9l Rufus, egy fiatal tengeri k\u00edgy\u00f3, aki nem tal\u00e1lja a hely\u00e9t \u00e9s kil\u00f3g kort\u00e1rsai k\u00f6z\u00fcl, mivel nem tud \u00faszni. Amikor azonban bek\u00f6vetkezik a baj, \u00e9s Ludovic b\u00e1csi elvesz\u00edti a szigetet v\u00e9delmez\u0151 erej\u00e9t, Rufusra h\u00e1rul a feladat, hogy megmentse a csal\u00e1dj\u00e1t. De vajon k\u00e9pes lesz-e legy\u0151zni legm\u00e9lyebb f\u00e9lelm\u00e9t? (ADS Service)<\/p>\n<p class=\"wp-block-paragraph\" data-wahfont=\"16\">Age limit: 6 years<br \/>\nEntrance fee: 1500 Ft<br \/>\nA h\u00e1rom vet\u00edt\u00e9sre kedvezm\u00e9nyes, 3000 Ft-os b\u00e9rlet v\u00e1lthat\u00f3!<\/p>\n<\/div>\n<\/div>\n<\/div>\n<\/div>\n<\/div>\n<\/div>\n<\/div>\n<\/div>\n<\/div>\n<\/div>\n<\/div>\n<\/div>\n<\/div>\n<\/div>\n<\/div>\n<\/div>\n<\/div>\n<\/div>\n<\/div>\n<\/div>\n<\/div>\n<\/div>\n<\/div>\n<\/div>\n<\/div>","protected":false},"excerpt":{"rendered":"<p>2026. augusztus 13. Cs\u00fct\u00f6rt\u00f6k 10.00 \u2013 11.30<\/p>\n<p>Online or on site ticket price: 1500 HUF<\/p>\n<p>Reservations are made on a first-come, first-served basis.<\/p>","protected":false},"featured_media":32043,"template":"","meta":{"_et_pb_use_builder":"off","_et_pb_old_content":"<img class=\"wp-image-17890 aligncenter\" src=\"https:\/\/agoraveszprem.hu\/wp-content\/uploads\/2024\/04\/ferfi-hajomakettet-tart-a-kezeben-300x171.jpg\" alt=\"\" width=\"504\" height=\"287\" \/>\r\n\r\n\u00a0\r\n\r\nSv\u00e1jci-d\u00e1n v\u00edgj\u00e1t\u00e9k eredeti nyelven magyar felirattal, 92 perc, 2022<br class=\"html-br\" \/>Rendezte: Barbara Kulcsar<br class=\"html-br\" \/>Szerepl\u0151k: Esther Gemsch, Stefan Kurt, Ueli J\u00e4ggi, Gundi Ellert\r\n\r\nAz Arany\u00e9veink c\u00edm\u0171 sv\u00e1jci v\u00edgj\u00e1t\u00e9k egy frissen nyugd\u00edjba vonul\u00f3 h\u00e1zasp\u00e1r \u00fajrakezd\u00e9s\u00e9nek t\u00f6rt\u00e9net\u00e9t dolgozza fel, b\u00e1jos humorral, m\u00e9ly egy\u00fctt\u00e9rz\u00e9ssel, k\u00f6nnyeds\u00e9ge ellen\u00e9re is fontos, mindannyiunkat \u00e9rint\u0151 k\u00e9rd\u00e9sekkel. A magyar sz\u00e1rmaz\u00e1s\u00fa sv\u00e1jci rendez\u0151, Barbara Kulcsar filmje Sv\u00e1jcban k\u00f6z\u00f6ns\u00e9gkedvenc volt, de a n\u00e9met n\u00e9z\u0151k sz\u00edv\u00e9t is megh\u00f3d\u00edtotta. (JUNO11)\r\n\r\nKorhat\u00e1r: 16 \u00e9v\r\nBel\u00e9p\u0151d\u00edj: 1300 Ft","_et_gb_content_width":""},"product_brand":[],"product_cat":[39],"product_tag":[],"class_list":["post-49429","product","type-product","status-publish","has-post-thumbnail","product_cat-eticket","first","instock","virtual","taxable","purchasable","product-type-simple"],"_links":{"self":[{"href":"https:\/\/agoraveszprem.hu\/eng\/wp-json\/wp\/v2\/product\/49429","targetHints":{"allow":["GET"]}}],"collection":[{"href":"https:\/\/agoraveszprem.hu\/eng\/wp-json\/wp\/v2\/product"}],"about":[{"href":"https:\/\/agoraveszprem.hu\/eng\/wp-json\/wp\/v2\/types\/product"}],"wp:featuredmedia":[{"embeddable":true,"href":"https:\/\/agoraveszprem.hu\/eng\/wp-json\/wp\/v2\/media\/32043"}],"wp:attachment":[{"href":"https:\/\/agoraveszprem.hu\/eng\/wp-json\/wp\/v2\/media?parent=49429"}],"wp:term":[{"taxonomy":"product_brand","embeddable":true,"href":"https:\/\/agoraveszprem.hu\/eng\/wp-json\/wp\/v2\/product_brand?post=49429"},{"taxonomy":"product_cat","embeddable":true,"href":"https:\/\/agoraveszprem.hu\/eng\/wp-json\/wp\/v2\/product_cat?post=49429"},{"taxonomy":"product_tag","embeddable":true,"href":"https:\/\/agoraveszprem.hu\/eng\/wp-json\/wp\/v2\/product_tag?post=49429"}],"curies":[{"name":"wp","href":"https:\/\/api.w.org\/{rel}","templated":true}]}}