{"id":49666,"date":"2026-07-20T12:14:23","date_gmt":"2026-07-20T11:14:23","guid":{"rendered":"https:\/\/agoraveszprem.hu\/termek\/"},"modified":"2026-08-31T20:07:54","modified_gmt":"2026-08-31T19:07:54","slug":"lazar-tesok-2026-10-15","status":"publish","type":"product","link":"https:\/\/agoraveszprem.hu\/eng\/product\/lazar-tesok-2026-10-15\/","title":{"rendered":"L\u00c1Z\u00c1R TES\u00d3K 2026. 10. 15. cs\u00fct\u00f6rt\u00f6k 19 \u00f3ra"},"content":{"rendered":"<p><img loading=\"lazy\" decoding=\"async\" class=\"size-full wp-image-49667\" src=\"https:\/\/agoraveszprem.hu\/wp-content\/uploads\/2026\/07\/Lazar-Tesok-2-masolat.jpg\" alt=\"l\u00e1z\u00e1r tes\u00f3k\" width=\"1200\" height=\"627\" srcset=\"https:\/\/agoraveszprem.hu\/wp-content\/uploads\/2026\/07\/Lazar-Tesok-2-masolat.jpg 1200w, https:\/\/agoraveszprem.hu\/wp-content\/uploads\/2026\/07\/Lazar-Tesok-2-masolat-980x512.jpg 980w, https:\/\/agoraveszprem.hu\/wp-content\/uploads\/2026\/07\/Lazar-Tesok-2-masolat-480x251.jpg 480w\" sizes=\"(min-width: 0px) and (max-width: 480px) 480px, (min-width: 481px) and (max-width: 980px) 980px, (min-width: 981px) 1200px, 100vw\" \/><\/p>\n<div class=\"et_pb_module et_pb_post_content et_pb_post_content_0_tb_body\">\n<div class=\"et_pb_module et_pb_post_content et_pb_post_content_0_tb_body\">\n<div class=\"et_pb_module et_pb_post_content et_pb_post_content_0_tb_body\">\n<div class=\"et_pb_module et_pb_post_content et_pb_post_content_0_tb_body\">\n<div class=\"et_pb_module et_pb_post_content et_pb_post_content_0_tb_body\">\n<div class=\"et_pb_module et_pb_post_content et_pb_post_content_0_tb_body\">\n<div class=\"et_pb_module et_pb_post_content et_pb_post_content_0_tb_body\">\n<div class=\"et_pb_module et_pb_post_content et_pb_post_content_0_tb_body\">\n<div class=\"et_pb_module et_pb_post_content et_pb_post_content_0_tb_body\">\n<div class=\"et_pb_module et_pb_post_content et_pb_post_content_0_tb_body\">\n<div class=\"et_pb_module et_pb_post_content et_pb_post_content_0_tb_body\">\n<div class=\"et_pb_module et_pb_post_content et_pb_post_content_0_tb_body\">\n<div class=\"et_pb_module et_pb_post_content et_pb_post_content_0_tb_body\">\n<div class=\"et_pb_module et_pb_post_content et_pb_post_content_0_tb_body\">\n<div class=\"et_pb_module et_pb_post_content et_pb_post_content_0_tb_body\">\n<div class=\"et_pb_module et_pb_post_content et_pb_post_content_0_tb_body\">\n<div class=\"et_pb_module et_pb_post_content et_pb_post_content_0_tb_body\">\n<div class=\"et_pb_module et_pb_post_content et_pb_post_content_0_tb_body\">\n<div class=\"et_pb_module et_pb_post_content et_pb_post_content_0_tb_body\">\n<div class=\"et_pb_module et_pb_post_content et_pb_post_content_0_tb_body\">\n<div class=\"et_pb_module et_pb_post_content et_pb_post_content_0_tb_body\">\n<div class=\"et_pb_module et_pb_post_content et_pb_post_content_0_tb_body\">\n<div class=\"et_pb_module et_pb_post_content et_pb_post_content_0_tb_body\">\n<div class=\"et_pb_module et_pb_post_content et_pb_post_content_0_tb_body\">\n<div class=\"et_pb_module et_pb_post_content et_pb_post_content_0_tb_body\">\n<div class=\"et_pb_module et_pb_post_title et_pb_post_title_1_tb_body et_pb_bg_layout_light  et_pb_text_align_left\">\n<div class=\"et_pb_title_container\">\n<h1 class=\"entry-title\" data-wahfont=\"32\">L\u00c1Z\u00c1R TES\u00d3K<\/h1>\n<\/div>\n<\/div>\n<div class=\"et_pb_module et_pb_post_content et_pb_post_content_0_tb_body\">\n<p class=\"wp-block-paragraph\" data-wahfont=\"16\">\n<p class=\"wp-block-paragraph\" data-wahfont=\"16\">A L\u00e1z\u00e1r tes\u00f3k \u2013 nev\u00fckh\u00f6z h\u0171en \u2013 t\u00e9nyleg egy testv\u00e9rp\u00e1r. L\u00e1z\u00e1r Domokos \u00e9s \u00c1goston ismer\u0151s lehet az Esti Korn\u00e9lb\u00f3l \u00e9s a Pegazusok nem l\u00e9teznek zenekarokb\u00f3l is, \u00e1m hajtotta \u0151ket a v\u00e1gy, hogy ketten is alkossanak. Autentikus, bens\u0151s\u00e9ges, \u0151szinte vil\u00e1gukban megf\u00e9r egym\u00e1s mellett a melank\u00f3lia \u00e9s a humor, a szomor\u00fas\u00e1g \u00e9s az \u00f6r\u00f6m, a l\u00e9tez\u00e9s s\u00f6t\u00e9tebb \u00e9s f\u00e9nyesebb oldala is, mindezt letisztult, egyszer\u0171 \u00e9s sz\u00e9p form\u00e1kba \u00f6ntve hallhatjuk t\u0151l\u00fck.<br \/>\n2018-ban d\u00f6nt\u00f6tt\u00e9k el, hogy komolyan foglalkoznak ezzel a projekttel. 2020 \u0151sz\u00e9n jelent meg els\u0151 nagylemez\u00fck Hull\u00e1mt\u00f6r\u00e9s c\u00edmmel, melynek bemutat\u00f3ja 2021 janu\u00e1rj\u00e1ban volt a M\u00fcp\u00e1ban, majd 2021-2023-ban a lemez dalaival bej\u00e1rt\u00e1k az orsz\u00e1got.<br \/>\nM\u00e1sodik nagylemez\u00fck 2023 november\u00e9ben jelent meg Es\u0151 el\u0151tt c\u00edmmel, melyet dupla- telth\u00e1zas lemezbemutat\u00f3val \u00fcnnepeltek a M\u00dcP\u00c1-ban.<\/p>\n<p class=\"wp-block-paragraph\" data-wahfont=\"16\">2025-ben egy n\u00e9gyr\u00e9szes, negyed\u00e9vente megjelen\u0151 lemezcsokorral k\u00e9sz\u00fcltek, melynek els\u0151, \u2018Tavasz\u2019 c\u00edm\u0171 darabja m\u00e1rciusban dupla el\u0151ad\u00e1ssal deb\u00fct\u00e1lt a Magyar Zene H\u00e1z\u00e1ban. A m\u00e1sodik, \u201cNy\u00e1r\u201d c\u00edmet visel\u0151 kislemezt a budapesti Kobuci Kertben mutatt\u00e1k be 2025 j\u00fanius\u00e1ban, az \u201c\u0150sz\u201d lemez pedig az UP Rendezv\u00e9nyt\u00e9r sz\u00ednh\u00e1zterm\u00e9ben sz\u00f3lalt meg el\u0151sz\u00f6r \u00e9l\u0151ben. A T\u00e9l kislemez els\u0151k\u00e9nt az \u201c\u00c9vszakok\u201d el\u0151ad\u00e1s keret\u00e9ben, id\u00e9n m\u00e1rciusban volt hallhat\u00f3 a Magyar Zene H\u00e1z\u00e1ban.<\/p>\n<p class=\"wp-block-paragraph\" data-wahfont=\"16\">Mindezek ut\u00e1n 2026 okt\u00f3ber\u00e9ben Veszpr\u00e9mben, az Ag\u00f3ra sz\u00ednpad\u00e1n l\u00e1thatja a k\u00f6z\u00f6ns\u00e9g a testv\u00e9rp\u00e1rost.<\/p>\n<p class=\"wp-block-paragraph\" data-wahfont=\"16\">Venue: Ag\u00f3ra Veszpr\u00e9m Cultural Centre<\/p>\n<p data-wahfont=\"16\">YOUTUBE:\u00a0<a role=\"link\" href=\"https:\/\/www.youtube.com\/@lazartesok5178\" data-wahfont=\"16\">https:\/\/www.youtube.com\/@lazartesok5178<\/a><br \/>\nFACEBOOK:<a role=\"link\" href=\"https:\/\/www.facebook.com\/lazartesok\/\" data-wahfont=\"16\">https:\/\/www.facebook.com\/lazartesok\/<\/a><br \/>\nINSTAGRAM:\u00a0<a role=\"link\" href=\"https:\/\/www.instagram.com\/lazartesok\/\" data-wahfont=\"16\">https:\/\/www.instagram.com\/lazartesok\/<\/a><\/p>\n<p class=\"wp-block-paragraph\" data-wahfont=\"16\"><strong>Bel\u00e9p\u0151d\u00edj: 3.900.-<\/strong><\/p>\n<\/div>\n<\/div>\n<\/div>\n<\/div>\n<\/div>\n<\/div>\n<\/div>\n<\/div>\n<\/div>\n<\/div>\n<\/div>\n<\/div>\n<\/div>\n<\/div>\n<\/div>\n<\/div>\n<\/div>\n<\/div>\n<\/div>\n<\/div>\n<\/div>\n<\/div>\n<\/div>\n<\/div>\n<\/div>\n<\/div>","protected":false},"excerpt":{"rendered":"<p>2026. okt\u00f3ber 15. Cs\u00fct\u00f6rt\u00f6k 19.00 \u2013 20.30<\/p>\n<p>Online or on site ticket price: 3900 HUF<\/p>\n<p>Reservations are made on a first-come, first-served basis.<\/p>\n<p>&nbsp;<\/p>","protected":false},"featured_media":32046,"template":"","meta":{"_et_pb_use_builder":"off","_et_pb_old_content":"<img class=\"wp-image-17890 aligncenter\" src=\"https:\/\/agoraveszprem.hu\/wp-content\/uploads\/2024\/04\/ferfi-hajomakettet-tart-a-kezeben-300x171.jpg\" alt=\"\" width=\"504\" height=\"287\" \/>\r\n\r\n\u00a0\r\n\r\nSv\u00e1jci-d\u00e1n v\u00edgj\u00e1t\u00e9k eredeti nyelven magyar felirattal, 92 perc, 2022<br class=\"html-br\" \/>Rendezte: Barbara Kulcsar<br class=\"html-br\" \/>Szerepl\u0151k: Esther Gemsch, Stefan Kurt, Ueli J\u00e4ggi, Gundi Ellert\r\n\r\nAz Arany\u00e9veink c\u00edm\u0171 sv\u00e1jci v\u00edgj\u00e1t\u00e9k egy frissen nyugd\u00edjba vonul\u00f3 h\u00e1zasp\u00e1r \u00fajrakezd\u00e9s\u00e9nek t\u00f6rt\u00e9net\u00e9t dolgozza fel, b\u00e1jos humorral, m\u00e9ly egy\u00fctt\u00e9rz\u00e9ssel, k\u00f6nnyeds\u00e9ge ellen\u00e9re is fontos, mindannyiunkat \u00e9rint\u0151 k\u00e9rd\u00e9sekkel. A magyar sz\u00e1rmaz\u00e1s\u00fa sv\u00e1jci rendez\u0151, Barbara Kulcsar filmje Sv\u00e1jcban k\u00f6z\u00f6ns\u00e9gkedvenc volt, de a n\u00e9met n\u00e9z\u0151k sz\u00edv\u00e9t is megh\u00f3d\u00edtotta. (JUNO11)\r\n\r\nKorhat\u00e1r: 16 \u00e9v\r\nBel\u00e9p\u0151d\u00edj: 1300 Ft","_et_gb_content_width":""},"product_brand":[],"product_cat":[39],"product_tag":[],"class_list":["post-49666","product","type-product","status-publish","has-post-thumbnail","product_cat-eticket","first","instock","virtual","taxable","purchasable","product-type-simple"],"_links":{"self":[{"href":"https:\/\/agoraveszprem.hu\/eng\/wp-json\/wp\/v2\/product\/49666","targetHints":{"allow":["GET"]}}],"collection":[{"href":"https:\/\/agoraveszprem.hu\/eng\/wp-json\/wp\/v2\/product"}],"about":[{"href":"https:\/\/agoraveszprem.hu\/eng\/wp-json\/wp\/v2\/types\/product"}],"wp:featuredmedia":[{"embeddable":true,"href":"https:\/\/agoraveszprem.hu\/eng\/wp-json\/wp\/v2\/media\/32046"}],"wp:attachment":[{"href":"https:\/\/agoraveszprem.hu\/eng\/wp-json\/wp\/v2\/media?parent=49666"}],"wp:term":[{"taxonomy":"product_brand","embeddable":true,"href":"https:\/\/agoraveszprem.hu\/eng\/wp-json\/wp\/v2\/product_brand?post=49666"},{"taxonomy":"product_cat","embeddable":true,"href":"https:\/\/agoraveszprem.hu\/eng\/wp-json\/wp\/v2\/product_cat?post=49666"},{"taxonomy":"product_tag","embeddable":true,"href":"https:\/\/agoraveszprem.hu\/eng\/wp-json\/wp\/v2\/product_tag?post=49666"}],"curies":[{"name":"wp","href":"https:\/\/api.w.org\/{rel}","templated":true}]}}