{"id":49682,"date":"2026-07-23T13:29:38","date_gmt":"2026-07-23T12:29:38","guid":{"rendered":"https:\/\/agoraveszprem.hu\/?post_type=product&#038;p=49682"},"modified":"2026-09-01T09:29:20","modified_gmt":"2026-09-01T08:29:20","slug":"berlet-oszi-gyermekprogramok-az-agoraban","status":"publish","type":"product","link":"https:\/\/agoraveszprem.hu\/eng\/product\/berlet-oszi-gyermekprogramok-az-agoraban\/","title":{"rendered":"B\u00c9RLET\/\/ \u0150szi Gyermekprogramok az Ag\u00f3r\u00e1ban"},"content":{"rendered":"<p><img loading=\"lazy\" decoding=\"async\" class=\"wp-image-49679 aligncenter\" src=\"https:\/\/agoraveszprem.hu\/wp-content\/uploads\/2026\/07\/HalaszGryllusVuk-Fb-1024x536.jpg\" alt=\"Hal\u00e1szGryllusVuk Fb\" width=\"847\" height=\"443\" \/><\/p>\n<div class=\"et_pb_module et_pb_post_content et_pb_post_content_0_tb_body\">\n<div class=\"et_pb_module et_pb_post_title et_pb_post_title_1_tb_body et_pb_bg_layout_light et_pb_text_align_left\">\n<div class=\"et_pb_title_container\">\n<h1 data-wahfont=\"32\"><\/h1>\n<blockquote>\n<h1 class=\"entry-title\" data-wahfont=\"32\">B\u00c9RLET\/\/ \u0150szi Gyermekprogramok az Ag\u00f3r\u00e1ban<\/h1>\n<\/blockquote>\n<\/div>\n<\/div>\n<div class=\"et_pb_module et_pb_post_content et_pb_post_content_0_tb_body\">\n<p class=\"wp-block-paragraph\" data-wahfont=\"16\">A h\u00e1rom rendezv\u00e9nyre sz\u00f3l\u00f3, kedvezm\u00e9nyes \u00e1r\u00fa b\u00e9rlet 2026. szeptember 15-ig v\u00e1s\u00e1rolhat\u00f3 meg!<\/p>\n<p data-wahfont=\"16\"><strong>A b\u00e9rlet kiz\u00e1r\u00f3lag az al\u00e1bbi rendezv\u00e9nyekre \u00e9rv\u00e9nyes:<\/strong><\/p>\n<p data-wahfont=\"16\"><strong>\"Chiribiri\": performance by Judit Hal\u00e1sz<br \/>\n2026. okt\u00f3ber 18. (vas\u00e1rnap) 11.00<\/strong><\/p>\n<p data-wahfont=\"16\"><strong>INVERSEDANCE | Fodor Zolt\u00e1n T\u00e1rsulat: Vuk<br \/>\ngyermek t\u00e1ncj\u00e1t\u00e9k egy felvon\u00e1sban<br \/>\n2026. november 7. (szombat) 16.00<\/strong><\/p>\n<p data-wahfont=\"16\"><strong>Vilmos Gryllus: Santa Claus concert<br \/>\n2026. november 28. (szombat) 16.00<\/strong><\/p>\n<p data-wahfont=\"16\"><a href=\"https:\/\/agoraveszprem.hu\/eng\/tc-events\/berlet-oszi-gyermekprogramok-az-agoraban\/\">Esem\u00e9ny r\u00e9szletek &gt;<\/a><\/p>\n<p data-wahfont=\"16\">Az el\u0151ad\u00e1sok l\u00e1togat\u00e1sa 1 \u00e9ves kor alatti, \u00f6lben \u00fcl\u0151 gyermekeknek d\u00edjtalan.<\/p>\n<p data-wahfont=\"16\">B\u00e9rletv\u00e1s\u00e1rl\u00e1s eset\u00e9n a Veszpr\u00e9m K\u00e1rty\u00e1s kedvezm\u00e9ny nem \u00e9rv\u00e9nyes\u00edthet\u0151.<\/p>\n<p data-wahfont=\"16\">\n<\/div>\n<\/div>","protected":false},"excerpt":{"rendered":"<p><strong>2026. okt\u00f3ber 18. (vas\u00e1rnap) 11.00<\/strong><br \/>\n<strong>2026. november 7. (szombat) 16.00<\/strong><br \/>\n<strong>2026. november 28. (szombat) 16.00<\/strong><\/p>\n<p>Online vagy helysz\u00edni b\u00e9rlet \u00e1ra: 12.000 Ft<\/p>\n            <button class=\"tc_seating_map_button\" data-seating-map-id=\"49683\" data-show_legend=\"true\" data-button_title=\"\u00dcl\u0151hely v\u00e1laszt\u00e1sa\" data-subtotal_title=\"\u00d6sszesen\" data-cart_title=\"Kos\u00e1r\">Choice of seat<\/button>","protected":false},"featured_media":49433,"template":"","meta":{"_et_pb_use_builder":"off","_et_pb_old_content":"<img class=\"wp-image-17890 aligncenter\" src=\"https:\/\/agoraveszprem.hu\/wp-content\/uploads\/2024\/04\/ferfi-hajomakettet-tart-a-kezeben-300x171.jpg\" alt=\"\" width=\"504\" height=\"287\" \/>\r\n\r\n\u00a0\r\n\r\nSv\u00e1jci-d\u00e1n v\u00edgj\u00e1t\u00e9k eredeti nyelven magyar felirattal, 92 perc, 2022<br class=\"html-br\" \/>Rendezte: Barbara Kulcsar<br class=\"html-br\" \/>Szerepl\u0151k: Esther Gemsch, Stefan Kurt, Ueli J\u00e4ggi, Gundi Ellert\r\n\r\nAz Arany\u00e9veink c\u00edm\u0171 sv\u00e1jci v\u00edgj\u00e1t\u00e9k egy frissen nyugd\u00edjba vonul\u00f3 h\u00e1zasp\u00e1r \u00fajrakezd\u00e9s\u00e9nek t\u00f6rt\u00e9net\u00e9t dolgozza fel, b\u00e1jos humorral, m\u00e9ly egy\u00fctt\u00e9rz\u00e9ssel, k\u00f6nnyeds\u00e9ge ellen\u00e9re is fontos, mindannyiunkat \u00e9rint\u0151 k\u00e9rd\u00e9sekkel. A magyar sz\u00e1rmaz\u00e1s\u00fa sv\u00e1jci rendez\u0151, Barbara Kulcsar filmje Sv\u00e1jcban k\u00f6z\u00f6ns\u00e9gkedvenc volt, de a n\u00e9met n\u00e9z\u0151k sz\u00edv\u00e9t is megh\u00f3d\u00edtotta. (JUNO11)\r\n\r\nKorhat\u00e1r: 16 \u00e9v\r\nBel\u00e9p\u0151d\u00edj: 1300 Ft","_et_gb_content_width":""},"product_brand":[],"product_cat":[39],"product_tag":[],"class_list":["post-49682","product","type-product","status-publish","has-post-thumbnail","product_cat-eticket","first","instock","virtual","taxable","purchasable","product-type-simple"],"_links":{"self":[{"href":"https:\/\/agoraveszprem.hu\/eng\/wp-json\/wp\/v2\/product\/49682","targetHints":{"allow":["GET"]}}],"collection":[{"href":"https:\/\/agoraveszprem.hu\/eng\/wp-json\/wp\/v2\/product"}],"about":[{"href":"https:\/\/agoraveszprem.hu\/eng\/wp-json\/wp\/v2\/types\/product"}],"wp:featuredmedia":[{"embeddable":true,"href":"https:\/\/agoraveszprem.hu\/eng\/wp-json\/wp\/v2\/media\/49433"}],"wp:attachment":[{"href":"https:\/\/agoraveszprem.hu\/eng\/wp-json\/wp\/v2\/media?parent=49682"}],"wp:term":[{"taxonomy":"product_brand","embeddable":true,"href":"https:\/\/agoraveszprem.hu\/eng\/wp-json\/wp\/v2\/product_brand?post=49682"},{"taxonomy":"product_cat","embeddable":true,"href":"https:\/\/agoraveszprem.hu\/eng\/wp-json\/wp\/v2\/product_cat?post=49682"},{"taxonomy":"product_tag","embeddable":true,"href":"https:\/\/agoraveszprem.hu\/eng\/wp-json\/wp\/v2\/product_tag?post=49682"}],"curies":[{"name":"wp","href":"https:\/\/api.w.org\/{rel}","templated":true}]}}