{"id":49745,"date":"2026-07-24T13:23:30","date_gmt":"2026-07-24T12:23:30","guid":{"rendered":"https:\/\/agoraveszprem.hu\/termek\/"},"modified":"2026-08-26T19:15:54","modified_gmt":"2026-08-26T18:15:54","slug":"kovaszos-pizza-kurzus-2026-09-26","status":"publish","type":"product","link":"https:\/\/agoraveszprem.hu\/eng\/product\/kovaszos-pizza-kurzus-2026-09-26\/","title":{"rendered":"Kov\u00e1szos n\u00e1polyi pizza kurzus 2026. 09. 26. szombat 15 \u00f3ra"},"content":{"rendered":"<p><img loading=\"lazy\" decoding=\"async\" class=\"size-full wp-image-49742 aligncenter\" src=\"https:\/\/agoraveszprem.hu\/wp-content\/uploads\/2026\/07\/pizza.jpg\" alt=\"pizza\" width=\"1200\" height=\"628\" srcset=\"https:\/\/agoraveszprem.hu\/wp-content\/uploads\/2026\/07\/pizza.jpg 1200w, https:\/\/agoraveszprem.hu\/wp-content\/uploads\/2026\/07\/pizza-980x513.jpg 980w, https:\/\/agoraveszprem.hu\/wp-content\/uploads\/2026\/07\/pizza-480x251.jpg 480w\" sizes=\"(min-width: 0px) and (max-width: 480px) 480px, (min-width: 481px) and (max-width: 980px) 980px, (min-width: 981px) 1200px, 100vw\" \/><\/p>\n<div class=\"et_pb_module et_pb_post_content et_pb_post_content_0_tb_body\">\n<div class=\"et_pb_module et_pb_post_content et_pb_post_content_0_tb_body\">\n<div class=\"et_pb_module et_pb_post_content et_pb_post_content_0_tb_body\">\n<div class=\"et_pb_module et_pb_post_content et_pb_post_content_0_tb_body\">\n<div class=\"et_pb_module et_pb_post_content et_pb_post_content_0_tb_body\">\n<div class=\"et_pb_module et_pb_post_content et_pb_post_content_0_tb_body\">\n<div class=\"et_pb_module et_pb_post_content et_pb_post_content_0_tb_body\">\n<div class=\"et_pb_module et_pb_post_content et_pb_post_content_0_tb_body\">\n<div class=\"et_pb_module et_pb_post_content et_pb_post_content_0_tb_body\">\n<div class=\"et_pb_module et_pb_post_content et_pb_post_content_0_tb_body\">\n<div class=\"et_pb_module et_pb_post_content et_pb_post_content_0_tb_body\">\n<div class=\"et_pb_module et_pb_post_content et_pb_post_content_0_tb_body\">\n<div class=\"et_pb_module et_pb_post_content et_pb_post_content_0_tb_body\">\n<div class=\"et_pb_module et_pb_post_content et_pb_post_content_0_tb_body\">\n<div class=\"et_pb_module et_pb_post_content et_pb_post_content_0_tb_body\">\n<div class=\"et_pb_module et_pb_post_content et_pb_post_content_0_tb_body\">\n<div class=\"et_pb_module et_pb_post_content et_pb_post_content_0_tb_body\">\n<div class=\"et_pb_module et_pb_post_content et_pb_post_content_0_tb_body\">\n<div class=\"et_pb_module et_pb_post_content et_pb_post_content_0_tb_body\">\n<div class=\"et_pb_module et_pb_post_content et_pb_post_content_0_tb_body\">\n<div class=\"et_pb_module et_pb_post_content et_pb_post_content_0_tb_body\">\n<div class=\"et_pb_module et_pb_post_content et_pb_post_content_0_tb_body\">\n<div class=\"et_pb_module et_pb_post_title et_pb_post_title_1_tb_body et_pb_bg_layout_light et_pb_text_align_left\">\n<div class=\"et_pb_title_container\"><\/div>\n<\/div>\n<div class=\"et_pb_module et_pb_post_content et_pb_post_content_0_tb_body\">\n<div class=\"et_pb_module et_pb_post_title et_pb_post_title_1_tb_body et_pb_bg_layout_light et_pb_text_align_left\">\n<div class=\"et_pb_title_container\"><\/div>\n<\/div>\n<div class=\"et_pb_module et_pb_post_content et_pb_post_content_0_tb_body\">\n<div class=\"et_pb_module et_pb_post_title et_pb_post_title_1_tb_body et_pb_bg_layout_light et_pb_text_align_left\">\n<div class=\"et_pb_title_container\"><\/div>\n<\/div>\n<div class=\"et_pb_module et_pb_post_content et_pb_post_content_0_tb_body\">\n<div class=\"et_pb_module et_pb_post_title et_pb_post_title_1_tb_body et_pb_bg_layout_light et_pb_text_align_left\">\n<div class=\"et_pb_title_container\">\n<h1 class=\"entry-title\" data-wahfont=\"32\">Neapolitan pizza with sourdough<\/h1>\n<\/div>\n<\/div>\n<div class=\"et_pb_module et_pb_post_content et_pb_post_content_0_tb_body\">\n<p class=\"wp-block-paragraph\" data-wahfont=\"16\">S\u00f3 v\u00edz liszt, a pizza igazi lelke, meg persze a paradicsom, a mozzarella \u00e9s a bazsalikom. Mi kell a kov\u00e1szos n\u00e1polyi pizz\u00e1hoz? Egy nagy adag lelkesed\u00e9s \u00e9s n\u00e9h\u00e1ny j\u00f3 tr\u00fckk, amivel otthon is a lehet\u0151 legjobb pizz\u00e1t k\u00e9sz\u00edtheted.<\/p>\n<p class=\"wp-block-paragraph\" data-wahfont=\"16\">A program sor\u00e1n mindenki elsaj\u00e1t\u00edtja a pizza t\u00e9szta elk\u00e9sz\u00edt\u00e9s\u00e9nek l\u00e9p\u00e9seit: dagaszt\u00e1s, hajtogat\u00e1s \u00e9s buciz\u00e1s. A t\u00e9szta k\u00e9zi ny\u00fajt\u00e1s\u00e1t, hogyan lesz gy\u00f6ny\u00f6r\u0171 a cornicione, azaz a pizza sz\u00e9l. Minden r\u00e9sztvev\u0151 elk\u00e9sz\u00edti h\u00e1rom saj\u00e1t pizz\u00e1j\u00e1t, amib\u0151l haza is vihet. T\u00f6bb technik\u00e1t is megmutatunk az otthoni s\u00fct\u00e9s t\u00f6k\u00e9letes\u00edt\u00e9s\u00e9hez. Valamint a helysz\u00ednen kipr\u00f3b\u00e1lhat egy AVPN min\u0151s\u00edt\u00e9s\u0171 elektromos n\u00e1polyi kemenc\u00e9t, amiben sz\u00f3 szerint percek alatt k\u00e9sz\u00fcl el a pizza.<br \/>\nAt the end of the course, everyone can take home a prepared pizza dough, which thanks to the long rising time can be made the next day, their pizzas made during the course and a gift of a sourdough for further experimentation.<\/p>\n<p class=\"wp-block-paragraph\" data-wahfont=\"16\">A kurzust vezetik: Fecske Adri\u00e1n: pizza szak\u00e1cs, k\u00e9zm\u0171ves p\u00e9k, Pekarek Tekla<\/p>\n<p class=\"wp-block-paragraph\" data-wahfont=\"16\">R\u00e9szv\u00e9teli d\u00edj: 17.900.-<\/p>\n<\/div>\n<\/div>\n<\/div>\n<\/div>\n<\/div>\n<\/div>\n<\/div>\n<\/div>\n<\/div>\n<\/div>\n<\/div>\n<\/div>\n<\/div>\n<\/div>\n<\/div>\n<\/div>\n<\/div>\n<\/div>\n<\/div>\n<\/div>\n<\/div>\n<\/div>\n<\/div>\n<\/div>\n<\/div>\n<\/div>","protected":false},"excerpt":{"rendered":"<p>2026. szeptember 26. Szombat 15.00 \u2013 19.00<\/p>\n<p>Online vagy helysz\u00edni jegy\u00e1r: 17900 Ft<\/p>\n<p>&nbsp;<\/p>","protected":false},"featured_media":32048,"template":"","meta":{"_et_pb_use_builder":"off","_et_pb_old_content":"<img class=\"wp-image-17890 aligncenter\" src=\"https:\/\/agoraveszprem.hu\/wp-content\/uploads\/2024\/04\/ferfi-hajomakettet-tart-a-kezeben-300x171.jpg\" alt=\"\" width=\"504\" height=\"287\" \/>\r\n\r\n\u00a0\r\n\r\nSv\u00e1jci-d\u00e1n v\u00edgj\u00e1t\u00e9k eredeti nyelven magyar felirattal, 92 perc, 2022<br class=\"html-br\" \/>Rendezte: Barbara Kulcsar<br class=\"html-br\" \/>Szerepl\u0151k: Esther Gemsch, Stefan Kurt, Ueli J\u00e4ggi, Gundi Ellert\r\n\r\nAz Arany\u00e9veink c\u00edm\u0171 sv\u00e1jci v\u00edgj\u00e1t\u00e9k egy frissen nyugd\u00edjba vonul\u00f3 h\u00e1zasp\u00e1r \u00fajrakezd\u00e9s\u00e9nek t\u00f6rt\u00e9net\u00e9t dolgozza fel, b\u00e1jos humorral, m\u00e9ly egy\u00fctt\u00e9rz\u00e9ssel, k\u00f6nnyeds\u00e9ge ellen\u00e9re is fontos, mindannyiunkat \u00e9rint\u0151 k\u00e9rd\u00e9sekkel. A magyar sz\u00e1rmaz\u00e1s\u00fa sv\u00e1jci rendez\u0151, Barbara Kulcsar filmje Sv\u00e1jcban k\u00f6z\u00f6ns\u00e9gkedvenc volt, de a n\u00e9met n\u00e9z\u0151k sz\u00edv\u00e9t is megh\u00f3d\u00edtotta. (JUNO11)\r\n\r\nKorhat\u00e1r: 16 \u00e9v\r\nBel\u00e9p\u0151d\u00edj: 1300 Ft","_et_gb_content_width":""},"product_brand":[],"product_cat":[39],"product_tag":[],"class_list":["post-49745","product","type-product","status-publish","has-post-thumbnail","product_cat-eticket","first","instock","virtual","taxable","purchasable","product-type-simple"],"_links":{"self":[{"href":"https:\/\/agoraveszprem.hu\/eng\/wp-json\/wp\/v2\/product\/49745","targetHints":{"allow":["GET"]}}],"collection":[{"href":"https:\/\/agoraveszprem.hu\/eng\/wp-json\/wp\/v2\/product"}],"about":[{"href":"https:\/\/agoraveszprem.hu\/eng\/wp-json\/wp\/v2\/types\/product"}],"wp:featuredmedia":[{"embeddable":true,"href":"https:\/\/agoraveszprem.hu\/eng\/wp-json\/wp\/v2\/media\/32048"}],"wp:attachment":[{"href":"https:\/\/agoraveszprem.hu\/eng\/wp-json\/wp\/v2\/media?parent=49745"}],"wp:term":[{"taxonomy":"product_brand","embeddable":true,"href":"https:\/\/agoraveszprem.hu\/eng\/wp-json\/wp\/v2\/product_brand?post=49745"},{"taxonomy":"product_cat","embeddable":true,"href":"https:\/\/agoraveszprem.hu\/eng\/wp-json\/wp\/v2\/product_cat?post=49745"},{"taxonomy":"product_tag","embeddable":true,"href":"https:\/\/agoraveszprem.hu\/eng\/wp-json\/wp\/v2\/product_tag?post=49745"}],"curies":[{"name":"wp","href":"https:\/\/api.w.org\/{rel}","templated":true}]}}