{"id":49838,"date":"2026-08-03T17:14:37","date_gmt":"2026-08-03T16:14:37","guid":{"rendered":"https:\/\/agoraveszprem.hu\/?post_type=product&#038;p=49838"},"modified":"2026-09-01T14:18:13","modified_gmt":"2026-09-01T13:18:13","slug":"claude-magnier-oscar-2026-09-25-pentek-19-ora","status":"publish","type":"product","link":"https:\/\/agoraveszprem.hu\/eng\/product\/claude-magnier-oscar-2026-09-25-pentek-19-ora\/","title":{"rendered":"Claude Magnier: OSCAR 2026. 09. 25. p\u00e9ntek 19 \u00f3ra"},"content":{"rendered":"<p><img loading=\"lazy\" decoding=\"async\" class=\"wp-image-49832 aligncenter\" src=\"https:\/\/agoraveszprem.hu\/wp-content\/uploads\/2026\/08\/OSCAR-FB-1024x536.jpg\" alt=\"OSCAR FB\" width=\"742\" height=\"388\" \/><\/p>\n<div class=\"et_pb_module et_pb_post_content et_pb_post_content_0_tb_body\">\n<div class=\"et_pb_module et_pb_post_content et_pb_post_content_0_tb_body\">\n<div class=\"et_pb_module et_pb_post_content et_pb_post_content_0_tb_body\">\n<div class=\"et_pb_module et_pb_post_content et_pb_post_content_0_tb_body\">\n<div class=\"et_pb_module et_pb_post_content et_pb_post_content_0_tb_body\">\n<div class=\"et_pb_module et_pb_post_content et_pb_post_content_0_tb_body\">\n<div class=\"et_pb_module et_pb_post_title et_pb_post_title_1_tb_body et_pb_bg_layout_light et_pb_text_align_left\"><\/div>\n<div class=\"et_pb_module et_pb_post_content et_pb_post_content_0_tb_body\">\n<div class=\"et_pb_module et_pb_post_content et_pb_post_content_0_tb_body\">\n<div class=\"et_pb_module et_pb_post_title et_pb_post_title_1_tb_body et_pb_bg_layout_light et_pb_text_align_left\">\n<div class=\"et_pb_title_container\">\n<blockquote>\n<h1 class=\"entry-title\" data-wahfont=\"32\">A K\u00f6zjegyz\u0151k Sz\u00ednj\u00e1tsz\u00f3 K\u00f6r el\u0151ad\u00e1s\u00e1ban<\/h1>\n<h1 class=\"entry-title\" data-wahfont=\"32\">Claude Magnier: OSCAR<\/h1>\n<\/blockquote>\n<\/div>\n<\/div>\n<div class=\"et_pb_module et_pb_post_content et_pb_post_content_0_tb_body\">\n<p class=\"wp-block-paragraph\" data-wahfont=\"16\">v\u00edgj\u00e1t\u00e9k\u00e1t egy felvon\u00e1sban<\/p>\n<p class=\"wp-block-paragraph\" data-wahfont=\"16\">Bertrand Barnier francia szappangy\u00e1ros l\u00e1ny\u00e1nak szerelmi t\u00f6rt\u00e9nete ind\u00edtja el a v\u00edgj\u00e1t\u00e9kot, amely fokozatosan halad a meglep\u0151 v\u00e9gkifejletig: szerelmi t\u00f6rt\u00e9netekkel, eltitkolt gyerekkel. Mindehhez m\u00e9g az is hozz\u00e1j\u00e1rul, hogy a c\u00e9g alkalmazottja elsikkasztja a c\u00e9g vagyon\u00e1nak j\u00f3 r\u00e9sz\u00e9t. Elcser\u00e9lt t\u00e1sk\u00e1kkal, elveszett \u00e9kszerekkel \u00e9rkez\u00fcnk el a darab v\u00e9g\u00e9re. Claude Magnier v\u00edgj\u00e1t\u00e9ka franci\u00e1s k\u00f6nnyeds\u00e9ggel ny\u00fajt sz\u00f3rakoz\u00e1st n\u00e9z\u0151inek.<\/p>\n<p class=\"wp-block-paragraph\" data-wahfont=\"16\"><strong>Cast<\/strong><br \/>\nBertrand Barnier, szappangy\u00e1ros \u2013 Nagy J\u00e1nos<br \/>\nMadame Barnier, a feles\u00e9ge \u2013 Barta Melinda<br \/>\nChristian Martin, szappanmenedzser \u2013 Tirp\u00e1k Mil\u00e1n<br \/>\nColette, Barnier l\u00e1nya \u2013 Steinhof Orsolya<br \/>\nJacqueline, a hazud\u00f3s \u2013 Imre J\u00falia<br \/>\nPhilippe, massz\u0151r \u2013 Kardos Gyula<br \/>\nBernadette, szobal\u00e1ny, gr\u00f3fn\u00e9 \u2013 P\u00e1li Fatime Lejla<br \/>\nOscar, akit mindenki keres \u2013 J\u00e1szay Viktor<br \/>\nCharlotte, az \u00faj szobal\u00e1ny \u2013 Szalai N\u00f3ra<br \/>\nNyikita, a sof\u0151r \u2013 Kamocs\u00e1r L\u00e1szl\u00f3<\/p>\n<p class=\"wp-block-paragraph\" data-wahfont=\"16\">Rendez\u0151: T\u00f3th Levente<br \/>\nAsszisztens: T\u00f3thn\u00e9 Poczik Andrea<br \/>\nM\u0171v\u00e9szeti vezet\u0151: Rokolya G\u00e1bor<br \/>\nM\u0171v\u00e9szeti titk\u00e1r: Barta Melinda<\/p>\n<p class=\"wp-block-paragraph\" data-wahfont=\"16\">A sz\u00edndarab a HOFRA Sz\u00ednh\u00e1zi \u00e9s Irodalmi \u00dcgyn\u00f6ks\u00e9g k\u00f6zvet\u00edt\u00e9s\u00e9vel ker\u00fcl sz\u00ednre.<br \/>\nAz el\u0151ad\u00e1s t\u00e1mogat\u00f3ja a Magyar Orsz\u00e1gos K\u00f6zjegyz\u0151i Kamara.<\/p>\n<\/div>\n<\/div>\n<\/div>\n<\/div>\n<\/div>\n<\/div>\n<\/div>\n<\/div>\n<\/div>","protected":false},"excerpt":{"rendered":"<p>2026. szeptember 25. P\u00e9ntek 19.00 \u2013 20.30<\/p>\n<p>Online or on site ticket price: 1500 HUF<\/p>\n            <button class=\"tc_seating_map_button\" data-seating-map-id=\"49840\" data-show_legend=\"true\" data-button_title=\"\u00dcl\u0151hely v\u00e1laszt\u00e1sa\" data-subtotal_title=\"\u00d6sszesen\" data-cart_title=\"Kos\u00e1r\">Choice of seat<\/button>","protected":false},"featured_media":32046,"template":"","meta":{"_et_pb_use_builder":"off","_et_pb_old_content":"<img class=\"wp-image-17890 aligncenter\" src=\"https:\/\/agoraveszprem.hu\/wp-content\/uploads\/2024\/04\/ferfi-hajomakettet-tart-a-kezeben-300x171.jpg\" alt=\"\" width=\"504\" height=\"287\" \/>\r\n\r\n\u00a0\r\n\r\nSv\u00e1jci-d\u00e1n v\u00edgj\u00e1t\u00e9k eredeti nyelven magyar felirattal, 92 perc, 2022<br class=\"html-br\" \/>Rendezte: Barbara Kulcsar<br class=\"html-br\" \/>Szerepl\u0151k: Esther Gemsch, Stefan Kurt, Ueli J\u00e4ggi, Gundi Ellert\r\n\r\nAz Arany\u00e9veink c\u00edm\u0171 sv\u00e1jci v\u00edgj\u00e1t\u00e9k egy frissen nyugd\u00edjba vonul\u00f3 h\u00e1zasp\u00e1r \u00fajrakezd\u00e9s\u00e9nek t\u00f6rt\u00e9net\u00e9t dolgozza fel, b\u00e1jos humorral, m\u00e9ly egy\u00fctt\u00e9rz\u00e9ssel, k\u00f6nnyeds\u00e9ge ellen\u00e9re is fontos, mindannyiunkat \u00e9rint\u0151 k\u00e9rd\u00e9sekkel. A magyar sz\u00e1rmaz\u00e1s\u00fa sv\u00e1jci rendez\u0151, Barbara Kulcsar filmje Sv\u00e1jcban k\u00f6z\u00f6ns\u00e9gkedvenc volt, de a n\u00e9met n\u00e9z\u0151k sz\u00edv\u00e9t is megh\u00f3d\u00edtotta. (JUNO11)\r\n\r\nKorhat\u00e1r: 16 \u00e9v\r\nBel\u00e9p\u0151d\u00edj: 1300 Ft","_et_gb_content_width":""},"product_brand":[],"product_cat":[39],"product_tag":[],"class_list":["post-49838","product","type-product","status-publish","has-post-thumbnail","product_cat-eticket","first","instock","virtual","taxable","purchasable","product-type-simple"],"_links":{"self":[{"href":"https:\/\/agoraveszprem.hu\/eng\/wp-json\/wp\/v2\/product\/49838","targetHints":{"allow":["GET"]}}],"collection":[{"href":"https:\/\/agoraveszprem.hu\/eng\/wp-json\/wp\/v2\/product"}],"about":[{"href":"https:\/\/agoraveszprem.hu\/eng\/wp-json\/wp\/v2\/types\/product"}],"wp:featuredmedia":[{"embeddable":true,"href":"https:\/\/agoraveszprem.hu\/eng\/wp-json\/wp\/v2\/media\/32046"}],"wp:attachment":[{"href":"https:\/\/agoraveszprem.hu\/eng\/wp-json\/wp\/v2\/media?parent=49838"}],"wp:term":[{"taxonomy":"product_brand","embeddable":true,"href":"https:\/\/agoraveszprem.hu\/eng\/wp-json\/wp\/v2\/product_brand?post=49838"},{"taxonomy":"product_cat","embeddable":true,"href":"https:\/\/agoraveszprem.hu\/eng\/wp-json\/wp\/v2\/product_cat?post=49838"},{"taxonomy":"product_tag","embeddable":true,"href":"https:\/\/agoraveszprem.hu\/eng\/wp-json\/wp\/v2\/product_tag?post=49838"}],"curies":[{"name":"wp","href":"https:\/\/api.w.org\/{rel}","templated":true}]}}