{"id":50317,"date":"2026-08-31T09:30:51","date_gmt":"2026-08-31T08:30:51","guid":{"rendered":"https:\/\/agoraveszprem.hu\/termek\/"},"modified":"2026-09-01T13:21:36","modified_gmt":"2026-09-01T12:21:36","slug":"filmklub-miket-nem-beszelek-2026-09-07","status":"publish","type":"product","link":"https:\/\/agoraveszprem.hu\/eng\/product\/filmklub-miket-nem-beszelek-2026-09-07\/","title":{"rendered":"Filmklub: Miket nem besz\u00e9lek 2026. 09. 07. h\u00e9tf\u0151 18 \u00f3ra"},"content":{"rendered":"<p><img loading=\"lazy\" decoding=\"async\" class=\"size-full wp-image-50321\" src=\"https:\/\/agoraveszprem.hu\/wp-content\/uploads\/2026\/08\/Miket-nem-beszelek-fb.jpg\" alt=\"Miket nem besz\u00e9lek\" width=\"1200\" height=\"628\" srcset=\"https:\/\/agoraveszprem.hu\/wp-content\/uploads\/2026\/08\/Miket-nem-beszelek-fb.jpg 1200w, https:\/\/agoraveszprem.hu\/wp-content\/uploads\/2026\/08\/Miket-nem-beszelek-fb-980x513.jpg 980w, https:\/\/agoraveszprem.hu\/wp-content\/uploads\/2026\/08\/Miket-nem-beszelek-fb-480x251.jpg 480w\" sizes=\"(min-width: 0px) and (max-width: 480px) 480px, (min-width: 481px) and (max-width: 980px) 980px, (min-width: 981px) 1200px, 100vw\" \/><\/p>\n<div class=\"et_pb_module et_pb_post_content et_pb_post_content_0_tb_body\">\n<div class=\"et_pb_module et_pb_post_content et_pb_post_content_0_tb_body\">\n<div class=\"et_pb_module et_pb_post_content et_pb_post_content_0_tb_body\">\n<div class=\"et_pb_module et_pb_post_content et_pb_post_content_0_tb_body\">\n<div class=\"et_pb_module et_pb_post_content et_pb_post_content_0_tb_body\">\n<div class=\"et_pb_module et_pb_post_content et_pb_post_content_0_tb_body\">\n<div class=\"et_pb_module et_pb_post_title et_pb_post_title_1_tb_body et_pb_bg_layout_light et_pb_text_align_left\"><\/div>\n<div class=\"et_pb_module et_pb_post_content et_pb_post_content_0_tb_body\">\n<div class=\"et_pb_module et_pb_post_content et_pb_post_content_0_tb_body\">\n<div class=\"et_pb_module et_pb_post_title et_pb_post_title_1_tb_body et_pb_bg_layout_light et_pb_text_align_left\">\n<div class=\"et_pb_title_container\"><\/div>\n<\/div>\n<div class=\"et_pb_module et_pb_post_content et_pb_post_content_0_tb_body\">\n<div class=\"et_pb_module et_pb_post_title et_pb_post_title_1_tb_body et_pb_bg_layout_light et_pb_text_align_left\">\n<div class=\"et_pb_title_container\"><\/div>\n<\/div>\n<div class=\"et_pb_module et_pb_post_content et_pb_post_content_0_tb_body\">\n<div class=\"et_pb_module et_pb_post_title et_pb_post_title_1_tb_body et_pb_bg_layout_light  et_pb_text_align_left\">\n<div class=\"et_pb_title_container\">\n<h1 class=\"entry-title\">Filmklub: Miket nem besz\u00e9lek<\/h1>\n<\/div>\n<\/div>\n<div class=\"et_pb_module et_pb_post_content et_pb_post_content_0_tb_body\">\n<p class=\"wp-block-paragraph\">Feliratos sk\u00f3t dramedy, 120 perc, 2026<br \/>\nR.: Kirk Jones<br \/>\nSz.: Maxine Peake, Robert Aramayo, Somerled Campbell<\/p>\n<p class=\"wp-block-paragraph\">John Davidson m\u00e1r kamaszk\u00e9nt szembes\u00fcl azzal, hogy m\u00e1s, mint a t\u00f6bbiek: 15 \u00e9ves kor\u00e1ban Tourette-szindr\u00f3m\u00e1t diagnosztiz\u00e1lnak n\u00e1la. Az akkoriban alig ismert \u00e9s sokak \u00e1ltal f\u00e9lre\u00e9rtett betegs\u00e9g miatt az iskol\u00e1ban kik\u00f6z\u00f6s\u00edtik \u00e9s b\u00e1ntj\u00e1k \u0151t, mik\u00f6zben maga sem \u00e9rti m\u00e9g teljesen, mi t\u00f6rt\u00e9nik vele.<br \/>\nA neh\u00e9zs\u00e9gek ellen\u00e9re John nem adja fel. Feln\u0151ttk\u00e9nt elhat\u00e1rozza, hogy saj\u00e1t tapasztalatait felhaszn\u00e1lva harcol a Tourette-szindr\u00f3m\u00e1val \u00e9l\u0151k elfogad\u00e1s\u00e1\u00e9rt \u00e9s meg\u00e9rt\u00e9s\u00e9\u00e9rt. Szem\u00e9lyes k\u00fczdelme fokozatosan egy nagyobb k\u00fcldet\u00e9ss\u00e9 alakul: hangot ad azoknak, akiket a t\u00e1rsadalom sok\u00e1ig nem akart meghallani.<br \/>\nKirk Jones (Lott\u00f3zsongl\u0151r\u00f6k, Mindenki megvan) \u00faj filmje egy megt\u00f6rt\u00e9nt esem\u00e9nyeken alapul\u00f3, szerethet\u0151 humorral \u00e1tsz\u0151tt dramedy kitart\u00e1sr\u00f3l, identit\u00e1sr\u00f3l \u00e9s \u00f6nelfogad\u00e1sr\u00f3l. A Miket nem besz\u00e9lek a 2026-os BAFTA-g\u00e1la egyik nagy meglepet\u00e9se volt: a legjobb casting elismer\u00e9se mellett Robert Aramayo lett a legjobb f\u00e9rfi f\u0151szerepl\u0151, amivel t\u00f6bbek k\u00f6z\u00f6tt a k\u00e9s\u0151bbi Oscar-d\u00edjas Michael B. Jordan el\u0151l hozta el a Brit Filmakad\u00e9mia d\u00edj\u00e1t. (Magyarhangya)<\/p>\n<p class=\"wp-block-paragraph\">Age limit: 16 years<br \/>\nAdmission: 2000 Ft<br \/>\nDiscounted season tickets are available at our ticket office!<\/p>\n<\/div>\n<\/div>\n<\/div>\n<\/div>\n<\/div>\n<\/div>\n<\/div>\n<\/div>\n<\/div>\n<\/div>\n<\/div>","protected":false},"excerpt":{"rendered":"<p>2026. szeptember 07. H\u00e9tf\u0151 18:00-20:00<\/p>\n<p>Online or on site ticket price: 2000 HUF<\/p>\n<p>Reservations are made on a first-come, first-served basis.<\/p>","protected":false},"featured_media":32039,"template":"","meta":{"_et_pb_use_builder":"off","_et_pb_old_content":"<img class=\"wp-image-17890 aligncenter\" src=\"https:\/\/agoraveszprem.hu\/wp-content\/uploads\/2024\/04\/ferfi-hajomakettet-tart-a-kezeben-300x171.jpg\" alt=\"\" width=\"504\" height=\"287\" \/>\r\n\r\n\u00a0\r\n\r\nSv\u00e1jci-d\u00e1n v\u00edgj\u00e1t\u00e9k eredeti nyelven magyar felirattal, 92 perc, 2022<br class=\"html-br\" \/>Rendezte: Barbara Kulcsar<br class=\"html-br\" \/>Szerepl\u0151k: Esther Gemsch, Stefan Kurt, Ueli J\u00e4ggi, Gundi Ellert\r\n\r\nAz Arany\u00e9veink c\u00edm\u0171 sv\u00e1jci v\u00edgj\u00e1t\u00e9k egy frissen nyugd\u00edjba vonul\u00f3 h\u00e1zasp\u00e1r \u00fajrakezd\u00e9s\u00e9nek t\u00f6rt\u00e9net\u00e9t dolgozza fel, b\u00e1jos humorral, m\u00e9ly egy\u00fctt\u00e9rz\u00e9ssel, k\u00f6nnyeds\u00e9ge ellen\u00e9re is fontos, mindannyiunkat \u00e9rint\u0151 k\u00e9rd\u00e9sekkel. A magyar sz\u00e1rmaz\u00e1s\u00fa sv\u00e1jci rendez\u0151, Barbara Kulcsar filmje Sv\u00e1jcban k\u00f6z\u00f6ns\u00e9gkedvenc volt, de a n\u00e9met n\u00e9z\u0151k sz\u00edv\u00e9t is megh\u00f3d\u00edtotta. (JUNO11)\r\n\r\nKorhat\u00e1r: 16 \u00e9v\r\nBel\u00e9p\u0151d\u00edj: 1300 Ft","_et_gb_content_width":""},"product_brand":[],"product_cat":[39],"product_tag":[],"class_list":["post-50317","product","type-product","status-publish","has-post-thumbnail","product_cat-eticket","first","instock","virtual","taxable","purchasable","product-type-simple"],"_links":{"self":[{"href":"https:\/\/agoraveszprem.hu\/eng\/wp-json\/wp\/v2\/product\/50317","targetHints":{"allow":["GET"]}}],"collection":[{"href":"https:\/\/agoraveszprem.hu\/eng\/wp-json\/wp\/v2\/product"}],"about":[{"href":"https:\/\/agoraveszprem.hu\/eng\/wp-json\/wp\/v2\/types\/product"}],"wp:featuredmedia":[{"embeddable":true,"href":"https:\/\/agoraveszprem.hu\/eng\/wp-json\/wp\/v2\/media\/32039"}],"wp:attachment":[{"href":"https:\/\/agoraveszprem.hu\/eng\/wp-json\/wp\/v2\/media?parent=50317"}],"wp:term":[{"taxonomy":"product_brand","embeddable":true,"href":"https:\/\/agoraveszprem.hu\/eng\/wp-json\/wp\/v2\/product_brand?post=50317"},{"taxonomy":"product_cat","embeddable":true,"href":"https:\/\/agoraveszprem.hu\/eng\/wp-json\/wp\/v2\/product_cat?post=50317"},{"taxonomy":"product_tag","embeddable":true,"href":"https:\/\/agoraveszprem.hu\/eng\/wp-json\/wp\/v2\/product_tag?post=50317"}],"curies":[{"name":"wp","href":"https:\/\/api.w.org\/{rel}","templated":true}]}}