{"id":50326,"date":"2026-08-31T09:35:15","date_gmt":"2026-08-31T08:35:15","guid":{"rendered":"https:\/\/agoraveszprem.hu\/termek\/"},"modified":"2026-08-31T10:24:00","modified_gmt":"2026-08-31T09:24:00","slug":"filmklub-negy-anya-negy-fia-2026-09-14","status":"publish","type":"product","link":"https:\/\/agoraveszprem.hu\/eng\/product\/filmklub-negy-anya-negy-fia-2026-09-14\/","title":{"rendered":"Filmklub: N\u00e9gy anya n\u00e9gy fia 2026. 09. 14. h\u00e9tf\u0151 18 \u00f3ra"},"content":{"rendered":"<p><img loading=\"lazy\" decoding=\"async\" class=\"size-full wp-image-50322 aligncenter\" src=\"https:\/\/agoraveszprem.hu\/wp-content\/uploads\/2026\/08\/Negy-anya-negy-FB.jpg\" alt=\"N\u00e9gy anya n\u00e9gy\" width=\"1200\" height=\"628\" srcset=\"https:\/\/agoraveszprem.hu\/wp-content\/uploads\/2026\/08\/Negy-anya-negy-FB.jpg 1200w, https:\/\/agoraveszprem.hu\/wp-content\/uploads\/2026\/08\/Negy-anya-negy-FB-980x513.jpg 980w, https:\/\/agoraveszprem.hu\/wp-content\/uploads\/2026\/08\/Negy-anya-negy-FB-480x251.jpg 480w\" sizes=\"(min-width: 0px) and (max-width: 480px) 480px, (min-width: 481px) and (max-width: 980px) 980px, (min-width: 981px) 1200px, 100vw\" \/><\/p>\n<div class=\"et_pb_module et_pb_post_content et_pb_post_content_0_tb_body\">\n<div class=\"et_pb_module et_pb_post_content et_pb_post_content_0_tb_body\">\n<div class=\"et_pb_module et_pb_post_content et_pb_post_content_0_tb_body\">\n<div class=\"et_pb_module et_pb_post_content et_pb_post_content_0_tb_body\">\n<div class=\"et_pb_module et_pb_post_content et_pb_post_content_0_tb_body\">\n<div class=\"et_pb_module et_pb_post_content et_pb_post_content_0_tb_body\">\n<div class=\"et_pb_module et_pb_post_title et_pb_post_title_1_tb_body et_pb_bg_layout_light et_pb_text_align_left\"><\/div>\n<div class=\"et_pb_module et_pb_post_content et_pb_post_content_0_tb_body\">\n<div class=\"et_pb_module et_pb_post_content et_pb_post_content_0_tb_body\">\n<div class=\"et_pb_module et_pb_post_title et_pb_post_title_1_tb_body et_pb_bg_layout_light et_pb_text_align_left\">\n<div class=\"et_pb_title_container\"><\/div>\n<\/div>\n<div class=\"et_pb_module et_pb_post_content et_pb_post_content_0_tb_body\">\n<div class=\"et_pb_module et_pb_post_title et_pb_post_title_1_tb_body et_pb_bg_layout_light et_pb_text_align_left\">\n<div class=\"et_pb_title_container\"><\/div>\n<\/div>\n<div class=\"et_pb_module et_pb_post_content et_pb_post_content_0_tb_body\">\n<div class=\"et_pb_module et_pb_post_title et_pb_post_title_1_tb_body et_pb_bg_layout_light et_pb_text_align_left\">\n<div class=\"et_pb_title_container\">\n<h1 class=\"entry-title\">Filmklub: N\u00e9gy anya n\u00e9gy fia<\/h1>\n<\/div>\n<\/div>\n<div class=\"et_pb_module et_pb_post_content et_pb_post_content_0_tb_body\">\n<p class=\"wp-block-paragraph\">Feliratos \u00edr dr\u00e1ma, v\u00edgj\u00e1t\u00e9k, 89 perc, 2024<br \/>\nR.: Darren Thornton<br \/>\nSz.: Fionnula Flanagan, James McArdle, Niamh Cusack, Anne Nolan, Nicola Devine, Stella McCusker, Gordon Hickey<\/p>\n<p class=\"wp-block-paragraph\">Egy \u00faj reg\u00e9ny\u00e9nek kiad\u00e1s\u00e1ra k\u00e9sz\u00fcl\u0151 \u00edr\u00f3 k\u00e9nytelen h\u00e1rom k\u00fcl\u00f6nc id\u0151sebb n\u0151r\u0151l \u2013 \u00e9s saj\u00e1t \u00e9desanyj\u00e1r\u00f3l \u2013 gondoskodni egy kaotikus dublini h\u00e9tv\u00e9ge sor\u00e1n. (Pannonia Entertainment)<\/p>\n<p class=\"wp-block-paragraph\">Age limit: 18 years<br \/>\nAdmission: 2000 Ft<br \/>\nDiscounted season tickets are available at our ticket office!<\/p>\n<\/div>\n<\/div>\n<\/div>\n<\/div>\n<\/div>\n<\/div>\n<\/div>\n<\/div>\n<\/div>\n<\/div>\n<\/div>","protected":false},"excerpt":{"rendered":"<p>2026. szeptember 14. H\u00e9tf\u0151 18:00-19:30<\/p>\n<p>Online or on site ticket price: 2000 HUF<\/p>\n<p>Reservations are made on a first-come, first-served basis.<\/p>","protected":false},"featured_media":32039,"template":"","meta":{"_et_pb_use_builder":"off","_et_pb_old_content":"<img class=\"wp-image-17890 aligncenter\" src=\"https:\/\/agoraveszprem.hu\/wp-content\/uploads\/2024\/04\/ferfi-hajomakettet-tart-a-kezeben-300x171.jpg\" alt=\"\" width=\"504\" height=\"287\" \/>\r\n\r\n\u00a0\r\n\r\nSv\u00e1jci-d\u00e1n v\u00edgj\u00e1t\u00e9k eredeti nyelven magyar felirattal, 92 perc, 2022<br class=\"html-br\" \/>Rendezte: Barbara Kulcsar<br class=\"html-br\" \/>Szerepl\u0151k: Esther Gemsch, Stefan Kurt, Ueli J\u00e4ggi, Gundi Ellert\r\n\r\nAz Arany\u00e9veink c\u00edm\u0171 sv\u00e1jci v\u00edgj\u00e1t\u00e9k egy frissen nyugd\u00edjba vonul\u00f3 h\u00e1zasp\u00e1r \u00fajrakezd\u00e9s\u00e9nek t\u00f6rt\u00e9net\u00e9t dolgozza fel, b\u00e1jos humorral, m\u00e9ly egy\u00fctt\u00e9rz\u00e9ssel, k\u00f6nnyeds\u00e9ge ellen\u00e9re is fontos, mindannyiunkat \u00e9rint\u0151 k\u00e9rd\u00e9sekkel. A magyar sz\u00e1rmaz\u00e1s\u00fa sv\u00e1jci rendez\u0151, Barbara Kulcsar filmje Sv\u00e1jcban k\u00f6z\u00f6ns\u00e9gkedvenc volt, de a n\u00e9met n\u00e9z\u0151k sz\u00edv\u00e9t is megh\u00f3d\u00edtotta. (JUNO11)\r\n\r\nKorhat\u00e1r: 16 \u00e9v\r\nBel\u00e9p\u0151d\u00edj: 1300 Ft","_et_gb_content_width":""},"product_brand":[],"product_cat":[39],"product_tag":[],"class_list":["post-50326","product","type-product","status-publish","has-post-thumbnail","product_cat-eticket","first","instock","virtual","taxable","purchasable","product-type-simple"],"_links":{"self":[{"href":"https:\/\/agoraveszprem.hu\/eng\/wp-json\/wp\/v2\/product\/50326","targetHints":{"allow":["GET"]}}],"collection":[{"href":"https:\/\/agoraveszprem.hu\/eng\/wp-json\/wp\/v2\/product"}],"about":[{"href":"https:\/\/agoraveszprem.hu\/eng\/wp-json\/wp\/v2\/types\/product"}],"wp:featuredmedia":[{"embeddable":true,"href":"https:\/\/agoraveszprem.hu\/eng\/wp-json\/wp\/v2\/media\/32039"}],"wp:attachment":[{"href":"https:\/\/agoraveszprem.hu\/eng\/wp-json\/wp\/v2\/media?parent=50326"}],"wp:term":[{"taxonomy":"product_brand","embeddable":true,"href":"https:\/\/agoraveszprem.hu\/eng\/wp-json\/wp\/v2\/product_brand?post=50326"},{"taxonomy":"product_cat","embeddable":true,"href":"https:\/\/agoraveszprem.hu\/eng\/wp-json\/wp\/v2\/product_cat?post=50326"},{"taxonomy":"product_tag","embeddable":true,"href":"https:\/\/agoraveszprem.hu\/eng\/wp-json\/wp\/v2\/product_tag?post=50326"}],"curies":[{"name":"wp","href":"https:\/\/api.w.org\/{rel}","templated":true}]}}