{"id":50332,"date":"2026-08-31T09:39:58","date_gmt":"2026-08-31T08:39:58","guid":{"rendered":"https:\/\/agoraveszprem.hu\/termek\/"},"modified":"2026-08-31T11:21:21","modified_gmt":"2026-08-31T10:21:21","slug":"filmklub-ujra-nagyvasznon-adam-almai-2026-09-28","status":"publish","type":"product","link":"https:\/\/agoraveszprem.hu\/eng\/product\/filmklub-ujra-nagyvasznon-adam-almai-2026-09-28\/","title":{"rendered":"Filmklub: \u00dajra nagyv\u00e1sznon \u2013 \u00c1d\u00e1m alm\u00e1i 2026. 09. 28. h\u00e9tf\u0151 18 \u00f3ra"},"content":{"rendered":"<p><img loading=\"lazy\" decoding=\"async\" class=\"size-full wp-image-50318 aligncenter\" src=\"https:\/\/agoraveszprem.hu\/wp-content\/uploads\/2026\/08\/Adam-almai-fekvo.jpg\" alt=\"\u00c1d\u00e1m alm\u00e1i\" width=\"1200\" height=\"628\" srcset=\"https:\/\/agoraveszprem.hu\/wp-content\/uploads\/2026\/08\/Adam-almai-fekvo.jpg 1200w, https:\/\/agoraveszprem.hu\/wp-content\/uploads\/2026\/08\/Adam-almai-fekvo-980x513.jpg 980w, https:\/\/agoraveszprem.hu\/wp-content\/uploads\/2026\/08\/Adam-almai-fekvo-480x251.jpg 480w\" sizes=\"(min-width: 0px) and (max-width: 480px) 480px, (min-width: 481px) and (max-width: 980px) 980px, (min-width: 981px) 1200px, 100vw\" \/><\/p>\n<div class=\"et_pb_module et_pb_post_content et_pb_post_content_0_tb_body\">\n<div class=\"et_pb_module et_pb_post_content et_pb_post_content_0_tb_body\">\n<div class=\"et_pb_module et_pb_post_content et_pb_post_content_0_tb_body\">\n<div class=\"et_pb_module et_pb_post_content et_pb_post_content_0_tb_body\">\n<div class=\"et_pb_module et_pb_post_content et_pb_post_content_0_tb_body\">\n<div class=\"et_pb_module et_pb_post_content et_pb_post_content_0_tb_body\">\n<div class=\"et_pb_module et_pb_post_title et_pb_post_title_1_tb_body et_pb_bg_layout_light et_pb_text_align_left\"><\/div>\n<div class=\"et_pb_module et_pb_post_content et_pb_post_content_0_tb_body\">\n<div class=\"et_pb_module et_pb_post_content et_pb_post_content_0_tb_body\">\n<div class=\"et_pb_module et_pb_post_title et_pb_post_title_1_tb_body et_pb_bg_layout_light et_pb_text_align_left\">\n<div class=\"et_pb_title_container\"><\/div>\n<\/div>\n<div class=\"et_pb_module et_pb_post_content et_pb_post_content_0_tb_body\">\n<div class=\"et_pb_module et_pb_post_title et_pb_post_title_1_tb_body et_pb_bg_layout_light et_pb_text_align_left\">\n<div class=\"et_pb_title_container\"><\/div>\n<\/div>\n<div class=\"et_pb_module et_pb_post_content et_pb_post_content_0_tb_body\">\n<div class=\"et_pb_module et_pb_post_title et_pb_post_title_1_tb_body et_pb_bg_layout_light et_pb_text_align_left\">\n<div class=\"et_pb_title_container\">\n<h1 class=\"entry-title\">Filmklub: \u00dajra nagyv\u00e1sznon \u2013 \u00c1d\u00e1m alm\u00e1i<\/h1>\n<\/div>\n<\/div>\n<div class=\"et_pb_module et_pb_post_content et_pb_post_content_0_tb_body\">\n<p class=\"wp-block-paragraph\">Feliratos d\u00e1n v\u00edgj\u00e1t\u00e9k, krimi, 94 perc, 2005<br \/>\nR.: Anders Thomas Jensen<br \/>\nSz.: Ulrich Thomsen, Mads Mikkelsen, Paprika Steen, Nicolas Bro, Ali Kazim, Ole Thestrup, Nikolaj Lie Kaas<\/p>\n<p class=\"wp-block-paragraph\">Az Anders Thomas Jensen rendezte kultikus, 2005-ben k\u00e9sz\u00fclt d\u00e1n film f\u0151szerepl\u0151j\u00e9t, a sz\u00e9ls\u0151s\u00e9ges elveket vall\u00f3 Adamot 12 h\u00e9t k\u00f6zmunk\u00e1ra \u00edt\u00e9lik. A b\u00fcntet\u00e9st a j\u00f3lelk\u0171 pap, Ivan k\u00f6z\u00f6ss\u00e9g\u00e9ben kell let\u00f6ltenie. A csupa furcsa alakb\u00f3l \u00e1ll\u00f3 t\u00e1rsas\u00e1g k\u00edv\u00e1ncsian, nyitottan tekint a j\u00f6vev\u00e9nyre. A paplak kertj\u00e9nek b\u00fcszkes\u00e9g\u00e9t, az almaf\u00e1t b\u00edzz\u00e1k r\u00e1, hogy gondozza, majd gy\u00fcm\u00f6lcs\u00e9b\u0151l almatort\u00e1t s\u00fcss\u00f6n. \u00c1m hi\u00e1ba Adam elt\u00f6k\u00e9lts\u00e9ge, a legk\u00fcl\u00f6nb\u00f6z\u0151bb v\u00e9gzetes akad\u00e1lyok mer\u00fclnek fel a terv \u00fatj\u00e1ban. Ivan \u00fagy v\u00e9li, az \u00f6rd\u00f6g pack\u00e1zik vel\u00fck, Adam szerint viszont mindez Isten m\u0171ve, \u00e9s a gonosz tal\u00e1n nem is l\u00e9tezik.<br \/>\nMads Mikkelsen j\u00e1t\u00e9ka, a film saj\u00e1tos humora \u00e9s a forgat\u00f3k\u00f6nyv egyedi fordulatai az eredeti bemutat\u00f3 idej\u00e9ben eml\u00e9kezetes k\u00f6z\u00f6ns\u00e9gsikert hoztak. A 2026-os \u00fajrabemutat\u00f3 sor\u00e1n digit\u00e1lis k\u00f3pi\u00e1r\u00f3l tekinthet\u0151 meg a film a mozikban. (Cirko Film)<\/p>\n<p class=\"wp-block-paragraph\">Age limit: 16 years<br \/>\nAdmission: 2000 Ft<br \/>\nDiscounted season tickets are available at our ticket office!<\/p>\n<\/div>\n<\/div>\n<\/div>\n<\/div>\n<\/div>\n<\/div>\n<\/div>\n<\/div>\n<\/div>\n<\/div>\n<\/div>","protected":false},"excerpt":{"rendered":"<p>2026. szeptember 28. H\u00e9tf\u0151 18:00-19:45<\/p>\n<p>Online or on site ticket price: 2000 HUF<\/p>\n<p>Reservations are made on a first-come, first-served basis.<\/p>","protected":false},"featured_media":32039,"template":"","meta":{"_et_pb_use_builder":"off","_et_pb_old_content":"<img class=\"wp-image-17890 aligncenter\" src=\"https:\/\/agoraveszprem.hu\/wp-content\/uploads\/2024\/04\/ferfi-hajomakettet-tart-a-kezeben-300x171.jpg\" alt=\"\" width=\"504\" height=\"287\" \/>\r\n\r\n\u00a0\r\n\r\nSv\u00e1jci-d\u00e1n v\u00edgj\u00e1t\u00e9k eredeti nyelven magyar felirattal, 92 perc, 2022<br class=\"html-br\" \/>Rendezte: Barbara Kulcsar<br class=\"html-br\" \/>Szerepl\u0151k: Esther Gemsch, Stefan Kurt, Ueli J\u00e4ggi, Gundi Ellert\r\n\r\nAz Arany\u00e9veink c\u00edm\u0171 sv\u00e1jci v\u00edgj\u00e1t\u00e9k egy frissen nyugd\u00edjba vonul\u00f3 h\u00e1zasp\u00e1r \u00fajrakezd\u00e9s\u00e9nek t\u00f6rt\u00e9net\u00e9t dolgozza fel, b\u00e1jos humorral, m\u00e9ly egy\u00fctt\u00e9rz\u00e9ssel, k\u00f6nnyeds\u00e9ge ellen\u00e9re is fontos, mindannyiunkat \u00e9rint\u0151 k\u00e9rd\u00e9sekkel. A magyar sz\u00e1rmaz\u00e1s\u00fa sv\u00e1jci rendez\u0151, Barbara Kulcsar filmje Sv\u00e1jcban k\u00f6z\u00f6ns\u00e9gkedvenc volt, de a n\u00e9met n\u00e9z\u0151k sz\u00edv\u00e9t is megh\u00f3d\u00edtotta. (JUNO11)\r\n\r\nKorhat\u00e1r: 16 \u00e9v\r\nBel\u00e9p\u0151d\u00edj: 1300 Ft","_et_gb_content_width":""},"product_brand":[],"product_cat":[39],"product_tag":[],"class_list":["post-50332","product","type-product","status-publish","has-post-thumbnail","product_cat-eticket","first","instock","virtual","taxable","purchasable","product-type-simple"],"_links":{"self":[{"href":"https:\/\/agoraveszprem.hu\/eng\/wp-json\/wp\/v2\/product\/50332","targetHints":{"allow":["GET"]}}],"collection":[{"href":"https:\/\/agoraveszprem.hu\/eng\/wp-json\/wp\/v2\/product"}],"about":[{"href":"https:\/\/agoraveszprem.hu\/eng\/wp-json\/wp\/v2\/types\/product"}],"wp:featuredmedia":[{"embeddable":true,"href":"https:\/\/agoraveszprem.hu\/eng\/wp-json\/wp\/v2\/media\/32039"}],"wp:attachment":[{"href":"https:\/\/agoraveszprem.hu\/eng\/wp-json\/wp\/v2\/media?parent=50332"}],"wp:term":[{"taxonomy":"product_brand","embeddable":true,"href":"https:\/\/agoraveszprem.hu\/eng\/wp-json\/wp\/v2\/product_brand?post=50332"},{"taxonomy":"product_cat","embeddable":true,"href":"https:\/\/agoraveszprem.hu\/eng\/wp-json\/wp\/v2\/product_cat?post=50332"},{"taxonomy":"product_tag","embeddable":true,"href":"https:\/\/agoraveszprem.hu\/eng\/wp-json\/wp\/v2\/product_tag?post=50332"}],"curies":[{"name":"wp","href":"https:\/\/api.w.org\/{rel}","templated":true}]}}