{"id":50117,"date":"2026-08-13T10:40:16","date_gmt":"2026-08-13T09:40:16","guid":{"rendered":"https:\/\/agoraveszprem.hu\/?post_type=tc_events&#038;p=50117"},"modified":"2026-08-13T10:40:17","modified_gmt":"2026-08-13T09:40:17","slug":"a-szaszuni-jarat-en-vagyok-szaszuni-david","status":"publish","type":"tc_events","link":"https:\/\/agoraveszprem.hu\/eng\/tc-events\/a-szaszuni-jarat-en-vagyok-szaszuni-david\/","title":{"rendered":"A SZASZUNI J\u00c1RAT &#8211; \u00c9n vagyok Szaszuni D\u00e1vid"},"content":{"rendered":"<p class=\"wp-block-paragraph\">Mit keres egy \u00f3kori h\u0151s egy rep\u00fcl\u0151t\u00e9r tranzitv\u00e1r\u00f3j\u00e1ban, a k\u00e9s\u00e9sek, boarding passok \u00e9s duty free parf\u00fcm\u00f6k k\u00f6z\u00f6tt? Diramerj\u00e1n Artin id\u00e9n bemutatott, Veszpr\u00e9mben el\u0151sz\u00f6r l\u00e1that\u00f3 darabja az \u00f6rm\u00e9nys\u00e9g klasszikus ismer\u0151s legend\u00e1j\u00e1t emeli ki az eposzok vil\u00e1g\u00e1b\u00f3l, \u00e9s leteszi a v\u00e1r\u00f3 m\u0171anyag sz\u00e9keire. Az elveszett harcos itt nem ellens\u00e9ges seregekkel k\u00fczd, hanem Wi-Fi-jelsz\u00f3t \u00e9s t\u00f6lt\u0151t keres, mik\u00f6zben a hangosbemond\u00f3 pr\u00f3f\u00e9ci\u00e1kat suttog k\u00e9s\u0151 j\u00e1ratokr\u00f3l \u00e9s korunk abszurd val\u00f3s\u00e1ga telibe tal\u00e1lja. Vajon egy \u00fajabb, j\u00f3l kifund\u00e1lt, k\u00f6z\u00f6ss\u00e9gi m\u00e9di\u00e1s performansz tan\u00fai vagyunk, vagy t\u00e9r \u00e9s id\u0151 \u00f6sszegabalyodott? Ki is val\u00f3j\u00e1ban Szaszuni D\u00e1vid? Szerepj\u00e1t\u00e9kos, marketingzsongl\u0151r, sz\u00e9lh\u00e1mos \u2014 vagy t\u00e9nyleg egy id\u0151utaz\u00f3 t\u00e9vedt k\u00f6z\u00e9nk? \u00c9s egy\u00e1ltal\u00e1n kik vagyunk mi a legenda sz\u00f6vet\u00e9ben \u00e9s val\u00f3s\u00e1gunkban?<\/p>\n\n\n\n<p class=\"wp-block-paragraph\">Az egyfelvon\u00e1sos szat\u00edra j\u00e1t\u00e9kosan \u00e9s \u00e9lesen k\u00e9rdez r\u00e1 arra, mit kezd\u00fcnk ma a legend\u00e1kkal a szuperh\u0151s-franchise-ok \u00e9s az algoritmusok m\u00e9diazaj\u00e1ban, vagy minden m\u00edtosz csak addig \u00e9l, am\u00edg l\u00e1jkolj\u00e1k? A darab humorral \u00e9s ir\u00f3ni\u00e1val \u00fctk\u00f6zteti az \u00f6r\u00f6k t\u00f6rt\u00e9neteket a jelen felsz\u00ednes temp\u00f3j\u00e1val, mik\u00f6zben finoman provok\u00e1l: tal\u00e1n nem is a legend\u00e1k halv\u00e1nyultak el \u2014 hanem mi felejtett\u00fcnk el hinni benn\u00fck. \u201eA SZASZUNI J\u00c1RAT \u2013 \u00c9n vagyok Szaszuni D\u00e1vid\u201d premier el\u0151ad\u00e1sk\u00e9nt szerepel a Jelenl\u00e9t Nemzetis\u00e9gi Sz\u00ednh\u00e1zi Fesztiv\u00e1l programj\u00e1ban.<\/p>\n\n\n\n<p class=\"wp-block-paragraph\">Cast<br>Szaszuni D\u00e1vid \u2013 Haj\u00f3s Szil\u00e1rd<br>Istenalak \u2013 T\u00f3th Andr\u00e1s<br>N\u00e9gyfej\u0171 s\u00e1rk\u00e1ny: Goszp\u00e1t Gy\u0151z\u0151, Cs\u00e1rh\u00e1ti Bertalan, Sz\u00fcti P\u00e9ter, Marcell M\u00e1rk \u2013 Ill\u00e9s D\u00e1niel<br>Sr\u00e1c a tranzitban \u2013 ifj. Diramerj\u00e1n Artin<br>Civil nyomoz\u00f3 \u2013 S\u00f6r\u00f6s Mikl\u00f3s<br>Pultos, Parf\u00fcm\u00e1rus l\u00e1ny: Libor Laura<br>Tranzit Security \u2013 H\u00e9dl Szab\u00f3 D\u00e1niel<br>AI : Haik Vikt\u00f3ria<\/p>\n\n\n\n<p class=\"wp-block-paragraph\">Hovhannesz Tumanjan m\u0171ve alapj\u00e1n<\/p>\n\n\n\n<p class=\"wp-block-paragraph\">Written and directed by Diramerj\u00e1n Artin<br>t\u00e1rsrendez\u0151: Kov\u00e1cs Olga<\/p>\n\n\n\n<p class=\"wp-block-paragraph\">Kar, Rept\u00e9ri szem\u00e9lyzet: Lang\u00f3 Bernadett, Szir\u00e1ky G\u00e1bor, Lang\u00f3 Nikolett&nbsp;<\/p>","protected":false},"featured_media":50119,"template":"","event_category":[54,55],"class_list":["post-50117","tc_events","type-tc_events","status-publish","has-post-thumbnail","hentry","event_category-rendezvenyek","event_category-szinhaz"],"_links":{"self":[{"href":"https:\/\/agoraveszprem.hu\/eng\/wp-json\/wp\/v2\/tc_events\/50117","targetHints":{"allow":["GET"]}}],"collection":[{"href":"https:\/\/agoraveszprem.hu\/eng\/wp-json\/wp\/v2\/tc_events"}],"about":[{"href":"https:\/\/agoraveszprem.hu\/eng\/wp-json\/wp\/v2\/types\/tc_events"}],"wp:featuredmedia":[{"embeddable":true,"href":"https:\/\/agoraveszprem.hu\/eng\/wp-json\/wp\/v2\/media\/50119"}],"wp:attachment":[{"href":"https:\/\/agoraveszprem.hu\/eng\/wp-json\/wp\/v2\/media?parent=50117"}],"wp:term":[{"taxonomy":"event_category","embeddable":true,"href":"https:\/\/agoraveszprem.hu\/eng\/wp-json\/wp\/v2\/event_category?post=50117"}],"curies":[{"name":"wp","href":"https:\/\/api.w.org\/{rel}","templated":true}]}}