{"id":50345,"date":"2026-08-31T10:05:13","date_gmt":"2026-08-31T09:05:13","guid":{"rendered":"https:\/\/agoraveszprem.hu\/?post_type=tc_events&#038;p=50345"},"modified":"2026-08-31T10:05:42","modified_gmt":"2026-08-31T09:05:42","slug":"mindentudo-haz-filmvetites","status":"publish","type":"tc_events","link":"https:\/\/agoraveszprem.hu\/eng\/tc-events\/mindentudo-haz-filmvetites\/","title":{"rendered":"Mindentud\u00f3 h\u00e1z \/\/ FILMVET\u00cdT\u00c9S"},"content":{"rendered":"<p class=\"wp-block-paragraph\">Exhibition on Screen: Caravaggio  <br>Feliratos angol dokumentumfilm, 100 perc, 2025<br>R.: David Bickerstaff, Phil Grabsky<\/p>\n\n\n\n<p class=\"wp-block-paragraph\">Rendhagy\u00f3 filmvet\u00edt\u00e9sre invit\u00e1ljuk a m\u0171v\u00e9szett\u00f6rt\u00e9net ir\u00e1nt fog\u00e9kony vend\u00e9geinket a Mindentud\u00f3 H\u00e1zba.<br>\u00d6t \u00e9v alatt k\u00e9sz\u00fclt el ez a forradalmi m\u0171v\u00e9szr\u0151l sz\u00f3l\u00f3, valaha k\u00e9sz\u00fclt leg\u00e1tfog\u00f3bb film. A fest\u0151 saj\u00e1t, rejt\u00e9lyes elt\u0171n\u00e9se el\u0151tti napon adott els\u0151 k\u00e9zb\u0151l sz\u00e1rmaz\u00f3 tan\u00favallom\u00e1s\u00e1val ez a film soha nem l\u00e1tott m\u00f3don mutatja be Caravaggi\u00f3t. Remekm\u0171vek sorozat\u00e1nak \u00e9s a vil\u00e1g vezet\u0151 szak\u00e9rt\u0151i tan\u00favallom\u00e1sainak h\u00e1la a n\u00e9z\u0151k belemer\u00fclhetnek a barokk zseni \u00e9let\u00e9nek ismeretlen t\u00f6rt\u00e9neteibe, \u00f6sszerakva a p\u00e1ratlan m\u0171v\u00e9szet\u00e9ben rejl\u0151 nyomokat.<br>Caravaggio remekm\u0171vei a legismertebb k\u00e9pz\u0151m\u0171v\u00e9szeti alkot\u00e1sok k\u00f6z\u00e9 tartoznak. Senki m\u00e1s nem haszn\u00e1lja az \u0151 jellegzetes m\u00f3dj\u00e1n a dr\u00e1mai f\u00e9nyt, az intenz\u00edv naturalizmust \u00e9s a mer\u00e9sz, felt\u0171n\u0151 alakokat. Leny\u0171g\u00f6z\u0151 festm\u00e9nyei \u00e9vsz\u00e1zadok \u00f3ta elb\u0171v\u00f6lik a k\u00f6z\u00f6ns\u00e9get. De van egy m\u00e9lyebb rejt\u00e9ly is, amely m\u00e9g mindig tov\u00e1bbi k\u00e9rd\u00e9sek feltev\u00e9s\u00e9re sarkall minket. Mit \u00e1rulnak el ezek a remekm\u0171vek a fest\u0151r\u0151l? Az alkot\u00e1sai k\u00f6zt tal\u00e1lhat\u00f3 \u00e9rdekes \u00f6narck\u00e9pek \u2013 n\u00e9ha burkoltan, n\u00e9ha ny\u00edltan \u2013 ritka bepillant\u00e1st engednek lelk\u00e9be \u00e9s szem\u00e9lyes k\u00fczdelmeibe. Csatlakozzon hozz\u00e1nk, \u00e9s fedezze fel vel\u00fcnk a m\u0171v\u00e9szett\u00f6rt\u00e9net egyik legragyog\u00f3bb, leg\u00f6sszetettebb \u00e9s legvitatottabb alakj\u00e1nak \u00e9lett\u00f6rt\u00e9net\u00e9t \u00e9s p\u00e1lyak\u00e9p\u00e9t! (Pannonia Entertainment)<\/p>\n\n\n\n<p class=\"wp-block-paragraph\">Age limit: 12 years<\/p>\n\n\n\n<p class=\"wp-block-paragraph\">Entrance to the event is free of charge!<\/p>","protected":false},"featured_media":50319,"template":"","event_category":[59],"class_list":["post-50345","tc_events","type-tc_events","status-publish","has-post-thumbnail","hentry","event_category-filmvetites"],"_links":{"self":[{"href":"https:\/\/agoraveszprem.hu\/eng\/wp-json\/wp\/v2\/tc_events\/50345","targetHints":{"allow":["GET"]}}],"collection":[{"href":"https:\/\/agoraveszprem.hu\/eng\/wp-json\/wp\/v2\/tc_events"}],"about":[{"href":"https:\/\/agoraveszprem.hu\/eng\/wp-json\/wp\/v2\/types\/tc_events"}],"wp:featuredmedia":[{"embeddable":true,"href":"https:\/\/agoraveszprem.hu\/eng\/wp-json\/wp\/v2\/media\/50319"}],"wp:attachment":[{"href":"https:\/\/agoraveszprem.hu\/eng\/wp-json\/wp\/v2\/media?parent=50345"}],"wp:term":[{"taxonomy":"event_category","embeddable":true,"href":"https:\/\/agoraveszprem.hu\/eng\/wp-json\/wp\/v2\/event_category?post=50345"}],"curies":[{"name":"wp","href":"https:\/\/api.w.org\/{rel}","templated":true}]}}